{"id":5903,"date":"2025-11-01T10:00:45","date_gmt":"2025-11-01T10:00:45","guid":{"rendered":"https:\/\/tradidancas.pt\/?page_id=5903"},"modified":"2025-11-01T10:02:04","modified_gmt":"2025-11-01T10:02:04","slug":"laboratorio-da-tradicao-2025","status":"publish","type":"page","link":"https:\/\/tradidancas.pt\/en\/edicao2025\/laboratorio-da-tradicao-2025\/","title":{"rendered":"Laborat\u00f3rio da Tradi\u00e7\u00e3o 2025"},"content":{"rendered":"<div class=\"wp-block-uagb-container uagb-block-85748696 alignfull uagb-is-root-container\"><div class=\"uagb-container-inner-blocks-wrap\">\n<div class=\"wp-block-uagb-advanced-heading uagb-block-3ad1b6af\"><h2 class=\"uagb-heading-text\"><strong>LABORATORY OF TRADITION<\/strong> 2025<\/h2><\/div>\n<\/div><\/div>\n\n\n\n<div style=\"height:100px\" aria-hidden=\"true\" class=\"wp-block-spacer\"><\/div>\n\n\n\n<div class=\"wp-block-uagb-container uag-hide-desktop uag-hide-tab uag-hide-mob uagb-block-5364dcd5 alignfull uagb-is-root-container\"><div class=\"uagb-container-inner-blocks-wrap\">\n<div class=\"wp-block-uagb-advanced-heading uagb-block-1278d352\"><h2 class=\"uagb-heading-text\">Edi\u00e7\u00e3o 2025 dispon\u00edvel em breve.<\/h2><\/div>\n<\/div><\/div>\n\n\n\n<div class=\"wp-block-uagb-container animated fadeIn uagb-block-9e106033 alignfull uagb-is-root-container\"><div class=\"uagb-container-inner-blocks-wrap\">\n<div class=\"wp-block-uagb-container uag-hide-mob uagb-block-ea91a5f5\">\n<div class=\"wp-block-uagb-container uagb-block-ea916811\">\n<div class=\"wp-block-uagb-container uagb-block-75705e9b\">\n<div class=\"wp-block-uagb-advanced-heading uagb-block-2a97c14a\"><h2 class=\"uagb-heading-text\"><strong>Ana Salazar<\/strong><\/h2><\/div>\n\n\n\n<p>Ana Salazar orienta uma oficina de macram\u00e9 onde ensina os n\u00f3s base e convida cada participante a criar uma pe\u00e7a \u00fanica e intuitiva com algod\u00e3o natural.<br>Numa sess\u00e3o demonstrativa de tecelagem, partilha o seu processo art\u00edstico, mostrando como cria composi\u00e7\u00f5es texturais com fibras e tons neutros.<\/p>\n<\/div>\n\n\n\n<div class=\"wp-block-uagb-container uagb-block-df501050\">\n<div class=\"wp-block-uagb-image uagb-block-051d07e2 wp-block-uagb-image--layout-default wp-block-uagb-image--effect-zoomin wp-block-uagb-image--align-none\"><figure class=\"wp-block-uagb-image__figure\"><img decoding=\"async\" srcset=\"https:\/\/tradidancas.pt\/wp-content\/uploads\/2025\/07\/ana-post.webp ,https:\/\/tradidancas.pt\/wp-content\/uploads\/2025\/07\/ana-post.webp 780w, https:\/\/tradidancas.pt\/wp-content\/uploads\/2025\/07\/ana-post.webp 360w\" sizes=\"auto, (max-width: 480px) 150px\" src=\"https:\/\/tradidancas.pt\/wp-content\/uploads\/2025\/07\/ana-post.webp\" alt=\"\" class=\"uag-image-5257\" width=\"600\" height=\"480\" title=\"ana post\" loading=\"lazy\" role=\"img\"\/><\/figure><\/div>\n\n\n\n<div style=\"height:25px\" aria-hidden=\"true\" class=\"wp-block-spacer\"><\/div>\n\n\n\n<ul class=\"wp-block-social-links is-content-justification-center is-layout-flex wp-container-core-social-links-is-layout-a89b3969 wp-block-social-links-is-layout-flex\"><li class=\"wp-social-link wp-social-link-instagram  wp-block-social-link\"><a rel=\"noopener nofollow\" target=\"_blank\" href=\"https:\/\/www.instagram.com\/anasalazar.atelier?igsh=MXV4ZjR2cWN4M2syOQ==\" class=\"wp-block-social-link-anchor\"><svg width=\"24\" height=\"24\" viewbox=\"0 0 24 24\" version=\"1.1\" xmlns=\"http:\/\/www.w3.org\/2000\/svg\" aria-hidden=\"true\" focusable=\"false\"><path d=\"M12,4.622c2.403,0,2.688,0.009,3.637,0.052c0.877,0.04,1.354,0.187,1.671,0.31c0.42,0.163,0.72,0.358,1.035,0.673 c0.315,0.315,0.51,0.615,0.673,1.035c0.123,0.317,0.27,0.794,0.31,1.671c0.043,0.949,0.052,1.234,0.052,3.637 s-0.009,2.688-0.052,3.637c-0.04,0.877-0.187,1.354-0.31,1.671c-0.163,0.42-0.358,0.72-0.673,1.035 c-0.315,0.315-0.615,0.51-1.035,0.673c-0.317,0.123-0.794,0.27-1.671,0.31c-0.949,0.043-1.233,0.052-3.637,0.052 s-2.688-0.009-3.637-0.052c-0.877-0.04-1.354-0.187-1.671-0.31c-0.42-0.163-0.72-0.358-1.035-0.673 c-0.315-0.315-0.51-0.615-0.673-1.035c-0.123-0.317-0.27-0.794-0.31-1.671C4.631,14.688,4.622,14.403,4.622,12 s0.009-2.688,0.052-3.637c0.04-0.877,0.187-1.354,0.31-1.671c0.163-0.42,0.358-0.72,0.673-1.035 c0.315-0.315,0.615-0.51,1.035-0.673c0.317-0.123,0.794-0.27,1.671-0.31C9.312,4.631,9.597,4.622,12,4.622 M12,3 C9.556,3,9.249,3.01,8.289,3.054C7.331,3.098,6.677,3.25,6.105,3.472C5.513,3.702,5.011,4.01,4.511,4.511 c-0.5,0.5-0.808,1.002-1.038,1.594C3.25,6.677,3.098,7.331,3.054,8.289C3.01,9.249,3,9.556,3,12c0,2.444,0.01,2.751,0.054,3.711 c0.044,0.958,0.196,1.612,0.418,2.185c0.23,0.592,0.538,1.094,1.038,1.594c0.5,0.5,1.002,0.808,1.594,1.038 c0.572,0.222,1.227,0.375,2.185,0.418C9.249,20.99,9.556,21,12,21s2.751-0.01,3.711-0.054c0.958-0.044,1.612-0.196,2.185-0.418 c0.592-0.23,1.094-0.538,1.594-1.038c0.5-0.5,0.808-1.002,1.038-1.594c0.222-0.572,0.375-1.227,0.418-2.185 C20.99,14.751,21,14.444,21,12s-0.01-2.751-0.054-3.711c-0.044-0.958-0.196-1.612-0.418-2.185c-0.23-0.592-0.538-1.094-1.038-1.594 c-0.5-0.5-1.002-0.808-1.594-1.038c-0.572-0.222-1.227-0.375-2.185-0.418C14.751,3.01,14.444,3,12,3L12,3z M12,7.378 c-2.552,0-4.622,2.069-4.622,4.622S9.448,16.622,12,16.622s4.622-2.069,4.622-4.622S14.552,7.378,12,7.378z M12,15 c-1.657,0-3-1.343-3-3s1.343-3,3-3s3,1.343,3,3S13.657,15,12,15z M16.804,6.116c-0.596,0-1.08,0.484-1.08,1.08 s0.484,1.08,1.08,1.08c0.596,0,1.08-0.484,1.08-1.08S17.401,6.116,16.804,6.116z\"><\/path><\/svg><span class=\"wp-block-social-link-label screen-reader-text\">Instagram<\/span><\/a><\/li><\/ul>\n<\/div>\n<\/div>\n\n\n\n<div style=\"height:100px\" aria-hidden=\"true\" class=\"wp-block-spacer\"><\/div>\n<\/div>\n\n\n\n<div class=\"wp-block-uagb-container uag-hide-desktop uag-hide-tab uagb-block-133354a9\">\n<div class=\"wp-block-uagb-container uagb-block-04c353aa\">\n<div class=\"wp-block-uagb-advanced-heading uagb-block-85cdefbb\"><h2 class=\"uagb-heading-text\"><strong><strong>Ana Salazar<\/strong><\/strong><\/h2><\/div>\n\n\n\n<div class=\"wp-block-uagb-container uagb-block-6a6dd624\">\n<div class=\"wp-block-uagb-image uagb-block-ab0e9eae wp-block-uagb-image--layout-default wp-block-uagb-image--effect-zoomin wp-block-uagb-image--align-none\"><figure class=\"wp-block-uagb-image__figure\"><img decoding=\"async\" srcset=\"https:\/\/tradidancas.pt\/wp-content\/uploads\/2025\/07\/ana-post.webp ,https:\/\/tradidancas.pt\/wp-content\/uploads\/2025\/07\/ana-post.webp 780w, https:\/\/tradidancas.pt\/wp-content\/uploads\/2025\/07\/ana-post.webp 360w\" sizes=\"auto, (max-width: 480px) 150px\" src=\"https:\/\/tradidancas.pt\/wp-content\/uploads\/2025\/07\/ana-post.webp\" alt=\"\" class=\"uag-image-5257\" width=\"900\" height=\"506\" title=\"ana post\" loading=\"lazy\" role=\"img\"\/><\/figure><\/div>\n\n\n\n<div style=\"height:25px\" aria-hidden=\"true\" class=\"wp-block-spacer\"><\/div>\n<\/div>\n\n\n\n<div class=\"wp-block-uagb-container uagb-block-41f1cda0\">\n<p>Ana Salazar orienta uma oficina de macram\u00e9 onde ensina os n\u00f3s base e convida cada participante a criar uma pe\u00e7a \u00fanica e intuitiva com algod\u00e3o natural.<br>Numa sess\u00e3o demonstrativa de tecelagem, partilha o seu processo art\u00edstico, mostrando como cria composi\u00e7\u00f5es texturais com fibras e tons neutros.<\/p>\n\n\n\n<ul class=\"wp-block-social-links is-content-justification-center is-layout-flex wp-container-core-social-links-is-layout-5c862ccd wp-block-social-links-is-layout-flex\" style=\"margin-top:35px\"><li class=\"wp-social-link wp-social-link-instagram  wp-block-social-link\"><a rel=\"noopener nofollow\" target=\"_blank\" href=\"https:\/\/www.instagram.com\/anasalazar.atelier?igsh=MXV4ZjR2cWN4M2syOQ==\" class=\"wp-block-social-link-anchor\"><svg width=\"24\" height=\"24\" viewbox=\"0 0 24 24\" version=\"1.1\" xmlns=\"http:\/\/www.w3.org\/2000\/svg\" aria-hidden=\"true\" focusable=\"false\"><path d=\"M12,4.622c2.403,0,2.688,0.009,3.637,0.052c0.877,0.04,1.354,0.187,1.671,0.31c0.42,0.163,0.72,0.358,1.035,0.673 c0.315,0.315,0.51,0.615,0.673,1.035c0.123,0.317,0.27,0.794,0.31,1.671c0.043,0.949,0.052,1.234,0.052,3.637 s-0.009,2.688-0.052,3.637c-0.04,0.877-0.187,1.354-0.31,1.671c-0.163,0.42-0.358,0.72-0.673,1.035 c-0.315,0.315-0.615,0.51-1.035,0.673c-0.317,0.123-0.794,0.27-1.671,0.31c-0.949,0.043-1.233,0.052-3.637,0.052 s-2.688-0.009-3.637-0.052c-0.877-0.04-1.354-0.187-1.671-0.31c-0.42-0.163-0.72-0.358-1.035-0.673 c-0.315-0.315-0.51-0.615-0.673-1.035c-0.123-0.317-0.27-0.794-0.31-1.671C4.631,14.688,4.622,14.403,4.622,12 s0.009-2.688,0.052-3.637c0.04-0.877,0.187-1.354,0.31-1.671c0.163-0.42,0.358-0.72,0.673-1.035 c0.315-0.315,0.615-0.51,1.035-0.673c0.317-0.123,0.794-0.27,1.671-0.31C9.312,4.631,9.597,4.622,12,4.622 M12,3 C9.556,3,9.249,3.01,8.289,3.054C7.331,3.098,6.677,3.25,6.105,3.472C5.513,3.702,5.011,4.01,4.511,4.511 c-0.5,0.5-0.808,1.002-1.038,1.594C3.25,6.677,3.098,7.331,3.054,8.289C3.01,9.249,3,9.556,3,12c0,2.444,0.01,2.751,0.054,3.711 c0.044,0.958,0.196,1.612,0.418,2.185c0.23,0.592,0.538,1.094,1.038,1.594c0.5,0.5,1.002,0.808,1.594,1.038 c0.572,0.222,1.227,0.375,2.185,0.418C9.249,20.99,9.556,21,12,21s2.751-0.01,3.711-0.054c0.958-0.044,1.612-0.196,2.185-0.418 c0.592-0.23,1.094-0.538,1.594-1.038c0.5-0.5,0.808-1.002,1.038-1.594c0.222-0.572,0.375-1.227,0.418-2.185 C20.99,14.751,21,14.444,21,12s-0.01-2.751-0.054-3.711c-0.044-0.958-0.196-1.612-0.418-2.185c-0.23-0.592-0.538-1.094-1.038-1.594 c-0.5-0.5-1.002-0.808-1.594-1.038c-0.572-0.222-1.227-0.375-2.185-0.418C14.751,3.01,14.444,3,12,3L12,3z M12,7.378 c-2.552,0-4.622,2.069-4.622,4.622S9.448,16.622,12,16.622s4.622-2.069,4.622-4.622S14.552,7.378,12,7.378z M12,15 c-1.657,0-3-1.343-3-3s1.343-3,3-3s3,1.343,3,3S13.657,15,12,15z M16.804,6.116c-0.596,0-1.08,0.484-1.08,1.08 s0.484,1.08,1.08,1.08c0.596,0,1.08-0.484,1.08-1.08S17.401,6.116,16.804,6.116z\"><\/path><\/svg><span class=\"wp-block-social-link-label screen-reader-text\">Instagram<\/span><\/a><\/li><\/ul>\n<\/div>\n<\/div>\n\n\n\n<div style=\"height:100px\" aria-hidden=\"true\" class=\"wp-block-spacer\"><\/div>\n<\/div>\n<\/div><\/div>\n\n\n\n<div class=\"wp-block-uagb-container animated fadeIn uagb-block-74c2d1fe alignfull uagb-is-root-container\"><div class=\"uagb-container-inner-blocks-wrap\">\n<div class=\"wp-block-uagb-container uag-hide-mob uagb-block-12d075dc\">\n<div class=\"wp-block-uagb-container uagb-block-0aca0f2a\">\n<div class=\"wp-block-uagb-container uagb-block-5d024a0c\">\n<div class=\"wp-block-uagb-advanced-heading uagb-block-14186b2b\"><h2 class=\"uagb-heading-text\"><strong>Viagens em mim e Ser em Processo<\/strong><\/h2><\/div>\n\n\n\n<p>Postais Bordados<br>Um espa\u00e7o de explora\u00e7\u00e3o de pontos de bordado em cart\u00e3o, com foco na reutiliza\u00e7\u00e3o. Num momento de conv\u00edvio, cria\u00e7\u00e3o e conex\u00e3o com a natureza, cruzamos a pintura com o bordado de elementos naturais.<\/p>\n\n\n\n<p>Espa\u00e7o de cria\u00e7\u00e3o de bordados em cart\u00e3o,<br>Este \u00e9 um espa\u00e7o de encontro e conex\u00e3o atrav\u00e9s de artes manuais e de tradi\u00e7\u00f5es ancestrais.<br>Convidamos-te a desfrutar do momento presente, conectar com o corpo, as tradi\u00e7\u00f5es, a natureza, contigo e com o que te rodeia.<\/p>\n<\/div>\n\n\n\n<div class=\"wp-block-uagb-container uagb-block-585f9ef4\">\n<div class=\"wp-block-uagb-image uagb-block-0f2dbc00 wp-block-uagb-image--layout-default wp-block-uagb-image--effect-zoomin wp-block-uagb-image--align-none\"><figure class=\"wp-block-uagb-image__figure\"><img decoding=\"async\" srcset=\"https:\/\/tradidancas.pt\/wp-content\/uploads\/2025\/07\/viagens-post.webp ,https:\/\/tradidancas.pt\/wp-content\/uploads\/2025\/07\/viagens-post.webp 780w, https:\/\/tradidancas.pt\/wp-content\/uploads\/2025\/07\/viagens-post.webp 360w\" sizes=\"auto, (max-width: 480px) 150px\" src=\"https:\/\/tradidancas.pt\/wp-content\/uploads\/2025\/07\/viagens-post.webp\" alt=\"\" class=\"uag-image-5333\" width=\"600\" height=\"480\" title=\"viagens post\" loading=\"lazy\" role=\"img\"\/><\/figure><\/div>\n\n\n\n<div style=\"height:25px\" aria-hidden=\"true\" class=\"wp-block-spacer\"><\/div>\n\n\n\n<ul class=\"wp-block-social-links is-content-justification-center is-layout-flex wp-container-core-social-links-is-layout-a89b3969 wp-block-social-links-is-layout-flex\"><li class=\"wp-social-link wp-social-link-instagram  wp-block-social-link\"><a rel=\"noopener nofollow\" target=\"_blank\" href=\"https:\/\/www.instagram.com\/viagens.em.mim\/\" class=\"wp-block-social-link-anchor\"><svg width=\"24\" height=\"24\" viewbox=\"0 0 24 24\" version=\"1.1\" xmlns=\"http:\/\/www.w3.org\/2000\/svg\" aria-hidden=\"true\" focusable=\"false\"><path d=\"M12,4.622c2.403,0,2.688,0.009,3.637,0.052c0.877,0.04,1.354,0.187,1.671,0.31c0.42,0.163,0.72,0.358,1.035,0.673 c0.315,0.315,0.51,0.615,0.673,1.035c0.123,0.317,0.27,0.794,0.31,1.671c0.043,0.949,0.052,1.234,0.052,3.637 s-0.009,2.688-0.052,3.637c-0.04,0.877-0.187,1.354-0.31,1.671c-0.163,0.42-0.358,0.72-0.673,1.035 c-0.315,0.315-0.615,0.51-1.035,0.673c-0.317,0.123-0.794,0.27-1.671,0.31c-0.949,0.043-1.233,0.052-3.637,0.052 s-2.688-0.009-3.637-0.052c-0.877-0.04-1.354-0.187-1.671-0.31c-0.42-0.163-0.72-0.358-1.035-0.673 c-0.315-0.315-0.51-0.615-0.673-1.035c-0.123-0.317-0.27-0.794-0.31-1.671C4.631,14.688,4.622,14.403,4.622,12 s0.009-2.688,0.052-3.637c0.04-0.877,0.187-1.354,0.31-1.671c0.163-0.42,0.358-0.72,0.673-1.035 c0.315-0.315,0.615-0.51,1.035-0.673c0.317-0.123,0.794-0.27,1.671-0.31C9.312,4.631,9.597,4.622,12,4.622 M12,3 C9.556,3,9.249,3.01,8.289,3.054C7.331,3.098,6.677,3.25,6.105,3.472C5.513,3.702,5.011,4.01,4.511,4.511 c-0.5,0.5-0.808,1.002-1.038,1.594C3.25,6.677,3.098,7.331,3.054,8.289C3.01,9.249,3,9.556,3,12c0,2.444,0.01,2.751,0.054,3.711 c0.044,0.958,0.196,1.612,0.418,2.185c0.23,0.592,0.538,1.094,1.038,1.594c0.5,0.5,1.002,0.808,1.594,1.038 c0.572,0.222,1.227,0.375,2.185,0.418C9.249,20.99,9.556,21,12,21s2.751-0.01,3.711-0.054c0.958-0.044,1.612-0.196,2.185-0.418 c0.592-0.23,1.094-0.538,1.594-1.038c0.5-0.5,0.808-1.002,1.038-1.594c0.222-0.572,0.375-1.227,0.418-2.185 C20.99,14.751,21,14.444,21,12s-0.01-2.751-0.054-3.711c-0.044-0.958-0.196-1.612-0.418-2.185c-0.23-0.592-0.538-1.094-1.038-1.594 c-0.5-0.5-1.002-0.808-1.594-1.038c-0.572-0.222-1.227-0.375-2.185-0.418C14.751,3.01,14.444,3,12,3L12,3z M12,7.378 c-2.552,0-4.622,2.069-4.622,4.622S9.448,16.622,12,16.622s4.622-2.069,4.622-4.622S14.552,7.378,12,7.378z M12,15 c-1.657,0-3-1.343-3-3s1.343-3,3-3s3,1.343,3,3S13.657,15,12,15z M16.804,6.116c-0.596,0-1.08,0.484-1.08,1.08 s0.484,1.08,1.08,1.08c0.596,0,1.08-0.484,1.08-1.08S17.401,6.116,16.804,6.116z\"><\/path><\/svg><span class=\"wp-block-social-link-label screen-reader-text\">Instagram<\/span><\/a><\/li><\/ul>\n<\/div>\n<\/div>\n\n\n\n<div style=\"height:100px\" aria-hidden=\"true\" class=\"wp-block-spacer\"><\/div>\n<\/div>\n\n\n\n<div class=\"wp-block-uagb-container uag-hide-desktop uag-hide-tab uagb-block-8ea12725\">\n<div class=\"wp-block-uagb-container uagb-block-7ea2eae1\">\n<div class=\"wp-block-uagb-advanced-heading uagb-block-871b0373\"><h2 class=\"uagb-heading-text\"><strong><strong>Viagens em mim e Ser em Processo<\/strong><\/strong><\/h2><\/div>\n\n\n\n<div class=\"wp-block-uagb-container uagb-block-f315b933\">\n<div class=\"wp-block-uagb-image uagb-block-812fb5f5 wp-block-uagb-image--layout-default wp-block-uagb-image--effect-zoomin wp-block-uagb-image--align-none\"><figure class=\"wp-block-uagb-image__figure\"><img decoding=\"async\" srcset=\"https:\/\/tradidancas.pt\/wp-content\/uploads\/2025\/07\/viagens-post.webp ,https:\/\/tradidancas.pt\/wp-content\/uploads\/2025\/07\/viagens-post.webp 780w, https:\/\/tradidancas.pt\/wp-content\/uploads\/2025\/07\/viagens-post.webp 360w\" sizes=\"auto, (max-width: 480px) 150px\" src=\"https:\/\/tradidancas.pt\/wp-content\/uploads\/2025\/07\/viagens-post.webp\" alt=\"\" class=\"uag-image-5333\" width=\"900\" height=\"506\" title=\"viagens post\" loading=\"lazy\" role=\"img\"\/><\/figure><\/div>\n\n\n\n<div style=\"height:25px\" aria-hidden=\"true\" class=\"wp-block-spacer\"><\/div>\n<\/div>\n\n\n\n<div class=\"wp-block-uagb-container uagb-block-fb73a926\">\n<p>Postais Bordados<br>Um espa\u00e7o de explora\u00e7\u00e3o de pontos de bordado em cart\u00e3o, com foco na reutiliza\u00e7\u00e3o. Num momento de conv\u00edvio, cria\u00e7\u00e3o e conex\u00e3o com a natureza, cruzamos a pintura com o bordado de elementos naturais.<\/p>\n\n\n\n<p>Espa\u00e7o de cria\u00e7\u00e3o de bordados em cart\u00e3o,<br>Este \u00e9 um espa\u00e7o de encontro e conex\u00e3o atrav\u00e9s de artes manuais e de tradi\u00e7\u00f5es ancestrais.<br>Convidamos-te a desfrutar do momento presente, conectar com o corpo, as tradi\u00e7\u00f5es, a natureza, contigo e com o que te rodeia.<\/p>\n\n\n\n<ul class=\"wp-block-social-links is-content-justification-center is-layout-flex wp-container-core-social-links-is-layout-5c862ccd wp-block-social-links-is-layout-flex\" style=\"margin-top:35px\"><li class=\"wp-social-link wp-social-link-instagram  wp-block-social-link\"><a rel=\"noopener nofollow\" target=\"_blank\" href=\"https:\/\/www.instagram.com\/viagens.em.mim\/\" class=\"wp-block-social-link-anchor\"><svg width=\"24\" height=\"24\" viewbox=\"0 0 24 24\" version=\"1.1\" xmlns=\"http:\/\/www.w3.org\/2000\/svg\" aria-hidden=\"true\" focusable=\"false\"><path d=\"M12,4.622c2.403,0,2.688,0.009,3.637,0.052c0.877,0.04,1.354,0.187,1.671,0.31c0.42,0.163,0.72,0.358,1.035,0.673 c0.315,0.315,0.51,0.615,0.673,1.035c0.123,0.317,0.27,0.794,0.31,1.671c0.043,0.949,0.052,1.234,0.052,3.637 s-0.009,2.688-0.052,3.637c-0.04,0.877-0.187,1.354-0.31,1.671c-0.163,0.42-0.358,0.72-0.673,1.035 c-0.315,0.315-0.615,0.51-1.035,0.673c-0.317,0.123-0.794,0.27-1.671,0.31c-0.949,0.043-1.233,0.052-3.637,0.052 s-2.688-0.009-3.637-0.052c-0.877-0.04-1.354-0.187-1.671-0.31c-0.42-0.163-0.72-0.358-1.035-0.673 c-0.315-0.315-0.51-0.615-0.673-1.035c-0.123-0.317-0.27-0.794-0.31-1.671C4.631,14.688,4.622,14.403,4.622,12 s0.009-2.688,0.052-3.637c0.04-0.877,0.187-1.354,0.31-1.671c0.163-0.42,0.358-0.72,0.673-1.035 c0.315-0.315,0.615-0.51,1.035-0.673c0.317-0.123,0.794-0.27,1.671-0.31C9.312,4.631,9.597,4.622,12,4.622 M12,3 C9.556,3,9.249,3.01,8.289,3.054C7.331,3.098,6.677,3.25,6.105,3.472C5.513,3.702,5.011,4.01,4.511,4.511 c-0.5,0.5-0.808,1.002-1.038,1.594C3.25,6.677,3.098,7.331,3.054,8.289C3.01,9.249,3,9.556,3,12c0,2.444,0.01,2.751,0.054,3.711 c0.044,0.958,0.196,1.612,0.418,2.185c0.23,0.592,0.538,1.094,1.038,1.594c0.5,0.5,1.002,0.808,1.594,1.038 c0.572,0.222,1.227,0.375,2.185,0.418C9.249,20.99,9.556,21,12,21s2.751-0.01,3.711-0.054c0.958-0.044,1.612-0.196,2.185-0.418 c0.592-0.23,1.094-0.538,1.594-1.038c0.5-0.5,0.808-1.002,1.038-1.594c0.222-0.572,0.375-1.227,0.418-2.185 C20.99,14.751,21,14.444,21,12s-0.01-2.751-0.054-3.711c-0.044-0.958-0.196-1.612-0.418-2.185c-0.23-0.592-0.538-1.094-1.038-1.594 c-0.5-0.5-1.002-0.808-1.594-1.038c-0.572-0.222-1.227-0.375-2.185-0.418C14.751,3.01,14.444,3,12,3L12,3z M12,7.378 c-2.552,0-4.622,2.069-4.622,4.622S9.448,16.622,12,16.622s4.622-2.069,4.622-4.622S14.552,7.378,12,7.378z M12,15 c-1.657,0-3-1.343-3-3s1.343-3,3-3s3,1.343,3,3S13.657,15,12,15z M16.804,6.116c-0.596,0-1.08,0.484-1.08,1.08 s0.484,1.08,1.08,1.08c0.596,0,1.08-0.484,1.08-1.08S17.401,6.116,16.804,6.116z\"><\/path><\/svg><span class=\"wp-block-social-link-label screen-reader-text\">Instagram<\/span><\/a><\/li><\/ul>\n<\/div>\n<\/div>\n\n\n\n<div style=\"height:100px\" aria-hidden=\"true\" class=\"wp-block-spacer\"><\/div>\n<\/div>\n<\/div><\/div>\n\n\n\n<div class=\"wp-block-uagb-container animated fadeIn uagb-block-4e6d3faf alignfull uagb-is-root-container\"><div class=\"uagb-container-inner-blocks-wrap\">\n<div class=\"wp-block-uagb-advanced-heading uagb-block-4332a883\"><h2 class=\"uagb-heading-text\"><strong><strong>F\u00e1tima Rodrigues e Mariana Amorim<\/strong><\/strong><\/h2><\/div>\n\n\n\n<div class=\"wp-block-uagb-container uagb-block-7b9b212d\">\n<div class=\"wp-block-uagb-container uagb-block-3aa0bc35\">\n<p>No Laborat\u00f3rio da Tradi\u00e7\u00e3o vai ser apresentado todo o ciclo da l\u00e3, com a possibilidade de experimentar algumas fases do ciclo, em especial a fia\u00e7\u00e3o. A demonstra\u00e7\u00e3o vai ser enriquecida com o contexto hist\u00f3rico e o conhecimento sobre as ovelhas e o uso da l\u00e3.<\/p>\n<\/div>\n\n\n\n<div class=\"wp-block-uagb-container uagb-block-97cb8af2\">\n<div class=\"wp-block-uagb-image uagb-block-c13c8904 wp-block-uagb-image--layout-default wp-block-uagb-image--effect-zoomin wp-block-uagb-image--align-none\"><figure class=\"wp-block-uagb-image__figure\"><img decoding=\"async\" srcset=\"https:\/\/tradidancas.pt\/wp-content\/uploads\/2025\/07\/fatima-e-mariana-post.webp ,https:\/\/tradidancas.pt\/wp-content\/uploads\/2025\/07\/fatima-e-mariana-post.webp 780w, https:\/\/tradidancas.pt\/wp-content\/uploads\/2025\/07\/fatima-e-mariana-post.webp 360w\" sizes=\"auto, (max-width: 480px) 150px\" src=\"https:\/\/tradidancas.pt\/wp-content\/uploads\/2025\/07\/fatima-e-mariana-post.webp\" alt=\"\" class=\"uag-image-5472\" width=\"600\" height=\"480\" title=\"fa\u0301tima e mariana post\" loading=\"lazy\" role=\"img\"\/><\/figure><\/div>\n\n\n\n<div style=\"height:25px\" aria-hidden=\"true\" class=\"wp-block-spacer\"><\/div>\n\n\n\n<ul class=\"wp-block-social-links is-content-justification-center is-layout-flex wp-container-core-social-links-is-layout-a89b3969 wp-block-social-links-is-layout-flex\"><li class=\"wp-social-link wp-social-link-instagram  wp-block-social-link\"><a rel=\"noopener nofollow\" target=\"_blank\" href=\"https:\/\/instagram.com\/fatimafiandeira\" class=\"wp-block-social-link-anchor\"><svg width=\"24\" height=\"24\" viewbox=\"0 0 24 24\" version=\"1.1\" xmlns=\"http:\/\/www.w3.org\/2000\/svg\" aria-hidden=\"true\" focusable=\"false\"><path d=\"M12,4.622c2.403,0,2.688,0.009,3.637,0.052c0.877,0.04,1.354,0.187,1.671,0.31c0.42,0.163,0.72,0.358,1.035,0.673 c0.315,0.315,0.51,0.615,0.673,1.035c0.123,0.317,0.27,0.794,0.31,1.671c0.043,0.949,0.052,1.234,0.052,3.637 s-0.009,2.688-0.052,3.637c-0.04,0.877-0.187,1.354-0.31,1.671c-0.163,0.42-0.358,0.72-0.673,1.035 c-0.315,0.315-0.615,0.51-1.035,0.673c-0.317,0.123-0.794,0.27-1.671,0.31c-0.949,0.043-1.233,0.052-3.637,0.052 s-2.688-0.009-3.637-0.052c-0.877-0.04-1.354-0.187-1.671-0.31c-0.42-0.163-0.72-0.358-1.035-0.673 c-0.315-0.315-0.51-0.615-0.673-1.035c-0.123-0.317-0.27-0.794-0.31-1.671C4.631,14.688,4.622,14.403,4.622,12 s0.009-2.688,0.052-3.637c0.04-0.877,0.187-1.354,0.31-1.671c0.163-0.42,0.358-0.72,0.673-1.035 c0.315-0.315,0.615-0.51,1.035-0.673c0.317-0.123,0.794-0.27,1.671-0.31C9.312,4.631,9.597,4.622,12,4.622 M12,3 C9.556,3,9.249,3.01,8.289,3.054C7.331,3.098,6.677,3.25,6.105,3.472C5.513,3.702,5.011,4.01,4.511,4.511 c-0.5,0.5-0.808,1.002-1.038,1.594C3.25,6.677,3.098,7.331,3.054,8.289C3.01,9.249,3,9.556,3,12c0,2.444,0.01,2.751,0.054,3.711 c0.044,0.958,0.196,1.612,0.418,2.185c0.23,0.592,0.538,1.094,1.038,1.594c0.5,0.5,1.002,0.808,1.594,1.038 c0.572,0.222,1.227,0.375,2.185,0.418C9.249,20.99,9.556,21,12,21s2.751-0.01,3.711-0.054c0.958-0.044,1.612-0.196,2.185-0.418 c0.592-0.23,1.094-0.538,1.594-1.038c0.5-0.5,0.808-1.002,1.038-1.594c0.222-0.572,0.375-1.227,0.418-2.185 C20.99,14.751,21,14.444,21,12s-0.01-2.751-0.054-3.711c-0.044-0.958-0.196-1.612-0.418-2.185c-0.23-0.592-0.538-1.094-1.038-1.594 c-0.5-0.5-1.002-0.808-1.594-1.038c-0.572-0.222-1.227-0.375-2.185-0.418C14.751,3.01,14.444,3,12,3L12,3z M12,7.378 c-2.552,0-4.622,2.069-4.622,4.622S9.448,16.622,12,16.622s4.622-2.069,4.622-4.622S14.552,7.378,12,7.378z M12,15 c-1.657,0-3-1.343-3-3s1.343-3,3-3s3,1.343,3,3S13.657,15,12,15z M16.804,6.116c-0.596,0-1.08,0.484-1.08,1.08 s0.484,1.08,1.08,1.08c0.596,0,1.08-0.484,1.08-1.08S17.401,6.116,16.804,6.116z\"><\/path><\/svg><span class=\"wp-block-social-link-label screen-reader-text\">Instagram<\/span><\/a><\/li><\/ul>\n<\/div>\n<\/div>\n<\/div><\/div>\n\n\n\n<div class=\"wp-block-uagb-container animated fadeIn uagb-block-00ea8384 alignfull uagb-is-root-container\"><div class=\"uagb-container-inner-blocks-wrap\">\n<div class=\"wp-block-uagb-advanced-heading uagb-block-96ac367a\"><h2 class=\"uagb-heading-text\"><strong><strong>Maria de Lurdes Bragan\u00e7a<\/strong><\/strong><\/h2><\/div>\n\n\n\n<div class=\"wp-block-uagb-container uagb-block-30631b43\">\n<div class=\"wp-block-uagb-container uagb-block-47a2898e\">\n<p>Recria\u00e7\u00e3o de uma receita familiar ancestral &#8211; o P\u00e3o de L\u00f3 de Oliveira do Sul<\/p>\n<\/div>\n\n\n\n<div class=\"wp-block-uagb-container uagb-block-64cd99b4\">\n<div class=\"wp-block-uagb-image uagb-block-e069d9cb wp-block-uagb-image--layout-default wp-block-uagb-image--effect-zoomin wp-block-uagb-image--align-none\"><figure class=\"wp-block-uagb-image__figure\"><img decoding=\"async\" srcset=\"https:\/\/tradidancas.pt\/wp-content\/uploads\/2025\/07\/maria-lurdes-post.webp ,https:\/\/tradidancas.pt\/wp-content\/uploads\/2025\/07\/maria-lurdes-post.webp 780w, https:\/\/tradidancas.pt\/wp-content\/uploads\/2025\/07\/maria-lurdes-post.webp 360w\" sizes=\"auto, (max-width: 480px) 150px\" src=\"https:\/\/tradidancas.pt\/wp-content\/uploads\/2025\/07\/maria-lurdes-post.webp\" alt=\"\" class=\"uag-image-5585\" width=\"600\" height=\"480\" title=\"maria lurdes post\" loading=\"lazy\" role=\"img\"\/><\/figure><\/div>\n\n\n\n<div style=\"height:25px\" aria-hidden=\"true\" class=\"wp-block-spacer\"><\/div>\n\n\n\n<ul class=\"wp-block-social-links is-content-justification-center is-layout-flex wp-container-core-social-links-is-layout-a89b3969 wp-block-social-links-is-layout-flex\"><\/ul>\n<\/div>\n<\/div>\n<\/div><\/div>","protected":false},"excerpt":{"rendered":"<p>LABORAT\u00d3RIO DA TRADI\u00c7\u00c3O 2025 Edi\u00e7\u00e3o 2025 dispon\u00edvel em breve. Ana Salazar Ana Salazar orienta uma oficina de macram\u00e9 onde ensina os n\u00f3s base e convida cada participante a criar uma pe\u00e7a \u00fanica e intuitiva com algod\u00e3o natural.Numa sess\u00e3o demonstrativa de tecelagem, partilha o seu processo art\u00edstico, mostrando como cria composi\u00e7\u00f5es texturais com fibras e tons [&hellip;]<\/p>\n","protected":false},"author":1,"featured_media":0,"parent":5888,"menu_order":0,"comment_status":"closed","ping_status":"closed","template":"","meta":{"_uag_custom_page_level_css":"","site-sidebar-layout":"default","site-content-layout":"","ast-site-content-layout":"default","site-content-style":"default","site-sidebar-style":"default","ast-global-header-display":"","ast-banner-title-visibility":"","ast-main-header-display":"","ast-hfb-above-header-display":"","ast-hfb-below-header-display":"","ast-hfb-mobile-header-display":"","site-post-title":"disabled","ast-breadcrumbs-content":"","ast-featured-img":"","footer-sml-layout":"","ast-disable-related-posts":"","theme-transparent-header-meta":"","adv-header-id-meta":"","stick-header-meta":"","header-above-stick-meta":"","header-main-stick-meta":"","header-below-stick-meta":"","astra-migrate-meta-layouts":"set","ast-page-background-enabled":"default","ast-page-background-meta":{"desktop":{"background-color":"var(--ast-global-color-4)","background-image":"","background-repeat":"repeat","background-position":"center center","background-size":"auto","background-attachment":"scroll","background-type":"","background-media":"","overlay-type":"","overlay-color":"","overlay-opacity":"","overlay-gradient":""},"tablet":{"background-color":"","background-image":"","background-repeat":"repeat","background-position":"center center","background-size":"auto","background-attachment":"scroll","background-type":"","background-media":"","overlay-type":"","overlay-color":"","overlay-opacity":"","overlay-gradient":""},"mobile":{"background-color":"","background-image":"","background-repeat":"repeat","background-position":"center center","background-size":"auto","background-attachment":"scroll","background-type":"","background-media":"","overlay-type":"","overlay-color":"","overlay-opacity":"","overlay-gradient":""}},"ast-content-background-meta":{"desktop":{"background-color":"var(--ast-global-color-5)","background-image":"","background-repeat":"repeat","background-position":"center center","background-size":"auto","background-attachment":"scroll","background-type":"","background-media":"","overlay-type":"","overlay-color":"","overlay-opacity":"","overlay-gradient":""},"tablet":{"background-color":"var(--ast-global-color-5)","background-image":"","background-repeat":"repeat","background-position":"center center","background-size":"auto","background-attachment":"scroll","background-type":"","background-media":"","overlay-type":"","overlay-color":"","overlay-opacity":"","overlay-gradient":""},"mobile":{"background-color":"var(--ast-global-color-5)","background-image":"","background-repeat":"repeat","background-position":"center center","background-size":"auto","background-attachment":"scroll","background-type":"","background-media":"","overlay-type":"","overlay-color":"","overlay-opacity":"","overlay-gradient":""}},"footnotes":""},"class_list":["post-5903","page","type-page","status-publish","hentry"],"uagb_featured_image_src":{"full":false,"thumbnail":false,"medium":false,"medium_large":false,"large":false,"1536x1536":false,"2048x2048":false,"trp-custom-language-flag":false,"woocommerce_thumbnail":false,"woocommerce_single":false,"woocommerce_gallery_thumbnail":false},"uagb_author_info":{"display_name":"atsa_fest-dancas-","author_link":"https:\/\/tradidancas.pt\/en\/author\/atsa_fest-dancas\/"},"uagb_comment_info":0,"uagb_excerpt":"LABORAT\u00d3RIO DA TRADI\u00c7\u00c3O 2025 Edi\u00e7\u00e3o 2025 dispon\u00edvel em breve. Ana Salazar Ana Salazar orienta uma oficina de macram\u00e9 onde ensina os n\u00f3s base e convida cada participante a criar uma pe\u00e7a \u00fanica e intuitiva com algod\u00e3o natural.Numa sess\u00e3o demonstrativa de tecelagem, partilha o seu processo art\u00edstico, mostrando como cria composi\u00e7\u00f5es texturais com fibras e tons&hellip;","_links":{"self":[{"href":"https:\/\/tradidancas.pt\/en\/wp-json\/wp\/v2\/pages\/5903","targetHints":{"allow":["GET"]}}],"collection":[{"href":"https:\/\/tradidancas.pt\/en\/wp-json\/wp\/v2\/pages"}],"about":[{"href":"https:\/\/tradidancas.pt\/en\/wp-json\/wp\/v2\/types\/page"}],"author":[{"embeddable":true,"href":"https:\/\/tradidancas.pt\/en\/wp-json\/wp\/v2\/users\/1"}],"replies":[{"embeddable":true,"href":"https:\/\/tradidancas.pt\/en\/wp-json\/wp\/v2\/comments?post=5903"}],"version-history":[{"count":1,"href":"https:\/\/tradidancas.pt\/en\/wp-json\/wp\/v2\/pages\/5903\/revisions"}],"predecessor-version":[{"id":5904,"href":"https:\/\/tradidancas.pt\/en\/wp-json\/wp\/v2\/pages\/5903\/revisions\/5904"}],"up":[{"embeddable":true,"href":"https:\/\/tradidancas.pt\/en\/wp-json\/wp\/v2\/pages\/5888"}],"wp:attachment":[{"href":"https:\/\/tradidancas.pt\/en\/wp-json\/wp\/v2\/media?parent=5903"}],"curies":[{"name":"wp","href":"https:\/\/api.w.org\/{rel}","templated":true}]}}