{"id":3028,"date":"2023-12-15T10:35:43","date_gmt":"2023-12-15T10:35:43","guid":{"rendered":"https:\/\/tradidancas.pt\/?page_id=3028"},"modified":"2023-12-15T11:20:23","modified_gmt":"2023-12-15T11:20:23","slug":"oficina-de-dancas-e-bailes-2023","status":"publish","type":"page","link":"https:\/\/tradidancas.pt\/en\/edicao2023\/oficina-de-dancas-e-bailes-2023\/","title":{"rendered":"Oficina de dan\u00e7as e bailes 2023"},"content":{"rendered":"\n<div class=\"wp-block-uagb-container uagb-block-26efe917 alignfull uagb-is-root-container\"><div class=\"uagb-container-inner-blocks-wrap\">\n<div class=\"wp-block-uagb-advanced-heading uagb-block-2820ed72\"><h2 class=\"uagb-heading-text\"><strong>O<\/strong>FICINA DE DAN\u00c7A E BAILES 2023<\/h2><\/div>\n<\/div><\/div>\n\n\n\n<div style=\"height:100px\" aria-hidden=\"true\" class=\"wp-block-spacer\"><\/div>\n\n\n\n<div data-aos= \"slide-right\" data-aos-duration=\"400\" data-aos-delay=\"0\" data-aos-easing=\"ease\" data-aos-once=\"true\" class=\"wp-block-uagb-container uag-hide-mob uagb-block-6796c14f alignfull uagb-is-root-container\"><div class=\"uagb-container-inner-blocks-wrap\">\n<div class=\"wp-block-uagb-container uagb-block-d8f3be49\">\n<div class=\"wp-block-uagb-container uagb-block-c0436678\">\n<div class=\"wp-block-uagb-advanced-heading uagb-block-cce9afbb\"><h2 class=\"uagb-heading-text\"><strong><strong><strong>Quarteto Nuno Carpinteiro<\/strong><\/strong><\/strong><\/h2><\/div>\n\n\n\n<p>Nuno Carpinteiro apresenta em 2022 o seu segundo \u00e1lbum \u201cViagem\u201d que conta com Jo\u00e3o Novais no contrabaixo, David Rodrigues na viola ac\u00fastica, Diogo Sousa na bateria e a participa\u00e7\u00e3o especial d\u2019O Gajo\u2019 na viola campani\u00e7a e S\u00e9rgio Miendes guitarra el\u00e9ctrica e teclados. A simplicidade, o sil\u00eancio e, ao mesmo tempo, a complexa harmonia que encontra nas caminhadas pelo campo refletem-se nas suas composi\u00e7\u00f5es. Em 2019 lan\u00e7ou o seu primeiro disco \u201cA Montanha\u201d, um trabalho de m\u00fasicas instrumentais, onde o acorde\u00e3o, a viola e a guitarra el\u00e9ctrica se unem numa viagem sonora por temas de natureza tradicional, com arranjos contempor\u00e2neos. Entre 2018 e 2009 toca com Jo\u00e3o da Ilha com quem gravou tr\u00eas \u00e1lbuns e outros tr\u00eas EP\u2019s. Em 2014 participa no trio ac\u00fastico \u2018Sons de Bruma\u2019 dedicado a can\u00e7\u00f5es da tradi\u00e7\u00e3o A\u00e7oriana.<br><br><\/p>\n\n\n\n<p>O quarteto \u00e9 composto por:<br>Manu Teixeira Bateria<br>Jo\u00e3o Novais Contrabaixo<br>David Rodrigues Guitarra el\u00e9ctrica<br>Nuno Carpinteiro Acorde\u00e3o<\/p>\n\n\n\n<p>Nas dan\u00e7as: Ana Andrade<\/p>\n<\/div>\n\n\n\n<div class=\"wp-block-uagb-container uagb-block-2167fac6\">\n<div class=\"wp-block-uagb-image uagb-block-0bdf90c3 wp-block-uagb-image--layout-default wp-block-uagb-image--effect-zoomin wp-block-uagb-image--align-none\"><figure class=\"wp-block-uagb-image__figure\"><img decoding=\"async\" srcset=\"https:\/\/tradidancas.pt\/wp-content\/uploads\/2023\/05\/foto-quarteto.webp , https:\/\/tradidancas.pt\/wp-content\/uploads\/2023\/05\/foto-quarteto.webp 360w\" sizes=\"auto, (max-width: 480px) 150px\" src=\"https:\/\/tradidancas.pt\/wp-content\/uploads\/2023\/05\/foto-quarteto.webp\" alt=\"\" class=\"uag-image-2329\" width=\"900\" height=\"506\" title=\"\" loading=\"lazy\"\/><\/figure><\/div>\n\n\n\n<div style=\"height:25px\" aria-hidden=\"true\" class=\"wp-block-spacer\"><\/div>\n\n\n\n<ul class=\"wp-block-social-links is-content-justification-right is-layout-flex wp-container-core-social-links-is-layout-d445cf74 wp-block-social-links-is-layout-flex\"><li class=\"wp-social-link wp-social-link-youtube  wp-block-social-link\"><a rel=\"noopener nofollow\" target=\"_blank\" href=\"https:\/\/www.youtube.com\/@nunofcarpinteiromusic\" class=\"wp-block-social-link-anchor\"><svg width=\"24\" height=\"24\" viewBox=\"0 0 24 24\" version=\"1.1\" xmlns=\"http:\/\/www.w3.org\/2000\/svg\" aria-hidden=\"true\" focusable=\"false\"><path d=\"M21.8,8.001c0,0-0.195-1.378-0.795-1.985c-0.76-0.797-1.613-0.801-2.004-0.847c-2.799-0.202-6.997-0.202-6.997-0.202 h-0.009c0,0-4.198,0-6.997,0.202C4.608,5.216,3.756,5.22,2.995,6.016C2.395,6.623,2.2,8.001,2.2,8.001S2,9.62,2,11.238v1.517 c0,1.618,0.2,3.237,0.2,3.237s0.195,1.378,0.795,1.985c0.761,0.797,1.76,0.771,2.205,0.855c1.6,0.153,6.8,0.201,6.8,0.201 s4.203-0.006,7.001-0.209c0.391-0.047,1.243-0.051,2.004-0.847c0.6-0.607,0.795-1.985,0.795-1.985s0.2-1.618,0.2-3.237v-1.517 C22,9.62,21.8,8.001,21.8,8.001z M9.935,14.594l-0.001-5.62l5.404,2.82L9.935,14.594z\"><\/path><\/svg><span class=\"wp-block-social-link-label screen-reader-text\">YouTube<\/span><\/a><\/li>\n\n<li class=\"wp-social-link wp-social-link-spotify  wp-block-social-link\"><a rel=\"noopener nofollow\" target=\"_blank\" href=\"https:\/\/open.spotify.com\/artist\/4xNbGxUD3jbiSAgCnXZjba\" class=\"wp-block-social-link-anchor\"><svg width=\"24\" height=\"24\" viewBox=\"0 0 24 24\" version=\"1.1\" xmlns=\"http:\/\/www.w3.org\/2000\/svg\" aria-hidden=\"true\" focusable=\"false\"><path d=\"M12,2C6.477,2,2,6.477,2,12c0,5.523,4.477,10,10,10c5.523,0,10-4.477,10-10C22,6.477,17.523,2,12,2 M16.586,16.424 c-0.18,0.295-0.563,0.387-0.857,0.207c-2.348-1.435-5.304-1.76-8.785-0.964c-0.335,0.077-0.67-0.133-0.746-0.469 c-0.077-0.335,0.132-0.67,0.469-0.746c3.809-0.871,7.077-0.496,9.713,1.115C16.673,15.746,16.766,16.13,16.586,16.424 M17.81,13.7 c-0.226,0.367-0.706,0.482-1.072,0.257c-2.687-1.652-6.785-2.131-9.965-1.166C6.36,12.917,5.925,12.684,5.8,12.273 C5.675,11.86,5.908,11.425,6.32,11.3c3.632-1.102,8.147-0.568,11.234,1.328C17.92,12.854,18.035,13.335,17.81,13.7 M17.915,10.865 c-3.223-1.914-8.54-2.09-11.618-1.156C5.804,9.859,5.281,9.58,5.131,9.086C4.982,8.591,5.26,8.069,5.755,7.919 c3.532-1.072,9.404-0.865,13.115,1.338c0.445,0.264,0.59,0.838,0.327,1.282C18.933,10.983,18.359,11.129,17.915,10.865\"><\/path><\/svg><span class=\"wp-block-social-link-label screen-reader-text\">Spotify<\/span><\/a><\/li>\n\n<li class=\"wp-social-link wp-social-link-facebook  wp-block-social-link\"><a rel=\"noopener nofollow\" target=\"_blank\" href=\"https:\/\/www.facebook.com\/nunofontouracarpinteiro\" class=\"wp-block-social-link-anchor\"><svg width=\"24\" height=\"24\" viewBox=\"0 0 24 24\" version=\"1.1\" xmlns=\"http:\/\/www.w3.org\/2000\/svg\" aria-hidden=\"true\" focusable=\"false\"><path d=\"M12 2C6.5 2 2 6.5 2 12c0 5 3.7 9.1 8.4 9.9v-7H7.9V12h2.5V9.8c0-2.5 1.5-3.9 3.8-3.9 1.1 0 2.2.2 2.2.2v2.5h-1.3c-1.2 0-1.6.8-1.6 1.6V12h2.8l-.4 2.9h-2.3v7C18.3 21.1 22 17 22 12c0-5.5-4.5-10-10-10z\"><\/path><\/svg><span class=\"wp-block-social-link-label screen-reader-text\">Facebook<\/span><\/a><\/li>\n\n<li class=\"wp-social-link wp-social-link-instagram  wp-block-social-link\"><a rel=\"noopener nofollow\" target=\"_blank\" href=\"https:\/\/www.instagram.com\/nunocarpinteiro\/\" class=\"wp-block-social-link-anchor\"><svg width=\"24\" height=\"24\" viewBox=\"0 0 24 24\" version=\"1.1\" xmlns=\"http:\/\/www.w3.org\/2000\/svg\" aria-hidden=\"true\" focusable=\"false\"><path d=\"M12,4.622c2.403,0,2.688,0.009,3.637,0.052c0.877,0.04,1.354,0.187,1.671,0.31c0.42,0.163,0.72,0.358,1.035,0.673 c0.315,0.315,0.51,0.615,0.673,1.035c0.123,0.317,0.27,0.794,0.31,1.671c0.043,0.949,0.052,1.234,0.052,3.637 s-0.009,2.688-0.052,3.637c-0.04,0.877-0.187,1.354-0.31,1.671c-0.163,0.42-0.358,0.72-0.673,1.035 c-0.315,0.315-0.615,0.51-1.035,0.673c-0.317,0.123-0.794,0.27-1.671,0.31c-0.949,0.043-1.233,0.052-3.637,0.052 s-2.688-0.009-3.637-0.052c-0.877-0.04-1.354-0.187-1.671-0.31c-0.42-0.163-0.72-0.358-1.035-0.673 c-0.315-0.315-0.51-0.615-0.673-1.035c-0.123-0.317-0.27-0.794-0.31-1.671C4.631,14.688,4.622,14.403,4.622,12 s0.009-2.688,0.052-3.637c0.04-0.877,0.187-1.354,0.31-1.671c0.163-0.42,0.358-0.72,0.673-1.035 c0.315-0.315,0.615-0.51,1.035-0.673c0.317-0.123,0.794-0.27,1.671-0.31C9.312,4.631,9.597,4.622,12,4.622 M12,3 C9.556,3,9.249,3.01,8.289,3.054C7.331,3.098,6.677,3.25,6.105,3.472C5.513,3.702,5.011,4.01,4.511,4.511 c-0.5,0.5-0.808,1.002-1.038,1.594C3.25,6.677,3.098,7.331,3.054,8.289C3.01,9.249,3,9.556,3,12c0,2.444,0.01,2.751,0.054,3.711 c0.044,0.958,0.196,1.612,0.418,2.185c0.23,0.592,0.538,1.094,1.038,1.594c0.5,0.5,1.002,0.808,1.594,1.038 c0.572,0.222,1.227,0.375,2.185,0.418C9.249,20.99,9.556,21,12,21s2.751-0.01,3.711-0.054c0.958-0.044,1.612-0.196,2.185-0.418 c0.592-0.23,1.094-0.538,1.594-1.038c0.5-0.5,0.808-1.002,1.038-1.594c0.222-0.572,0.375-1.227,0.418-2.185 C20.99,14.751,21,14.444,21,12s-0.01-2.751-0.054-3.711c-0.044-0.958-0.196-1.612-0.418-2.185c-0.23-0.592-0.538-1.094-1.038-1.594 c-0.5-0.5-1.002-0.808-1.594-1.038c-0.572-0.222-1.227-0.375-2.185-0.418C14.751,3.01,14.444,3,12,3L12,3z M12,7.378 c-2.552,0-4.622,2.069-4.622,4.622S9.448,16.622,12,16.622s4.622-2.069,4.622-4.622S14.552,7.378,12,7.378z M12,15 c-1.657,0-3-1.343-3-3s1.343-3,3-3s3,1.343,3,3S13.657,15,12,15z M16.804,6.116c-0.596,0-1.08,0.484-1.08,1.08 s0.484,1.08,1.08,1.08c0.596,0,1.08-0.484,1.08-1.08S17.401,6.116,16.804,6.116z\"><\/path><\/svg><span class=\"wp-block-social-link-label screen-reader-text\">Instagram<\/span><\/a><\/li><\/ul>\n<\/div>\n<\/div>\n\n\n\n<div style=\"height:100px\" aria-hidden=\"true\" class=\"wp-block-spacer\"><\/div>\n<\/div><\/div>\n\n\n\n<div data-aos= \"slide-right\" data-aos-duration=\"400\" data-aos-delay=\"0\" data-aos-easing=\"ease\" data-aos-once=\"true\" class=\"wp-block-uagb-container uag-hide-desktop uag-hide-tab uagb-block-49a90cf4 alignfull uagb-is-root-container\"><div class=\"uagb-container-inner-blocks-wrap\">\n<div class=\"wp-block-uagb-container uagb-block-5940aed8\">\n<div class=\"wp-block-uagb-advanced-heading uagb-block-0a739c04\"><h2 class=\"uagb-heading-text\"><strong><strong><strong>Quarteto Nuno Carpinteiro<\/strong><\/strong><\/strong><\/h2><\/div>\n\n\n\n<div class=\"wp-block-uagb-container uagb-block-a3961247\">\n<div class=\"wp-block-uagb-image uagb-block-ebc6f3e0 wp-block-uagb-image--layout-default wp-block-uagb-image--effect-zoomin wp-block-uagb-image--align-none\"><figure class=\"wp-block-uagb-image__figure\"><img decoding=\"async\" srcset=\"https:\/\/tradidancas.pt\/wp-content\/uploads\/2023\/05\/foto-quarteto.webp , https:\/\/tradidancas.pt\/wp-content\/uploads\/2023\/05\/foto-quarteto.webp 360w\" sizes=\"auto, (max-width: 480px) 150px\" src=\"https:\/\/tradidancas.pt\/wp-content\/uploads\/2023\/05\/foto-quarteto.webp\" alt=\"\" class=\"uag-image-2329\" width=\"900\" height=\"506\" title=\"\" loading=\"lazy\"\/><\/figure><\/div>\n\n\n\n<div style=\"height:25px\" aria-hidden=\"true\" class=\"wp-block-spacer\"><\/div>\n<\/div>\n\n\n\n<div class=\"wp-block-uagb-container uagb-block-18c18c6c\">\n<p>Nuno Carpinteiro apresenta em 2022 o seu segundo \u00e1lbum \u201cViagem\u201d que conta com Jo\u00e3o Novais no contrabaixo, David Rodrigues na viola ac\u00fastica, Diogo Sousa na bateria e a participa\u00e7\u00e3o especial d\u2019O Gajo\u2019 na viola campani\u00e7a e S\u00e9rgio Miendes guitarra el\u00e9ctrica e teclados. A simplicidade, o sil\u00eancio e, ao mesmo tempo, a complexa harmonia que encontra nas caminhadas pelo campo refletem-se nas suas composi\u00e7\u00f5es. Em 2019 lan\u00e7ou o seu primeiro disco \u201cA Montanha\u201d, um trabalho de m\u00fasicas instrumentais, onde o acorde\u00e3o, a viola e a guitarra el\u00e9ctrica se unem numa viagem sonora por temas de natureza tradicional, com arranjos contempor\u00e2neos. Entre 2018 e 2009 toca com Jo\u00e3o da Ilha com quem gravou tr\u00eas \u00e1lbuns e outros tr\u00eas EP\u2019s. Em 2014 participa no trio ac\u00fastico \u2018Sons de Bruma\u2019 dedicado a can\u00e7\u00f5es da tradi\u00e7\u00e3o A\u00e7oriana.<\/p>\n\n\n\n<p><br>O quarteto \u00e9 composto por:<br>Manu Teixeira Bateria<br>Jo\u00e3o Novais Contrabaixo<br>David Rodrigues Guitarra el\u00e9ctrica<br>Nuno Carpinteiro Acorde\u00e3o<\/p>\n\n\n\n<p>Nas dan\u00e7as: Ana Andrade<\/p>\n\n\n\n<ul class=\"wp-block-social-links is-content-justification-center is-layout-flex wp-container-core-social-links-is-layout-5c862ccd wp-block-social-links-is-layout-flex\" style=\"margin-top:35px\"><li class=\"wp-social-link wp-social-link-youtube  wp-block-social-link\"><a rel=\"noopener nofollow\" target=\"_blank\" href=\"https:\/\/www.youtube.com\/@nunofcarpinteiromusic\" class=\"wp-block-social-link-anchor\"><svg width=\"24\" height=\"24\" viewBox=\"0 0 24 24\" version=\"1.1\" xmlns=\"http:\/\/www.w3.org\/2000\/svg\" aria-hidden=\"true\" focusable=\"false\"><path d=\"M21.8,8.001c0,0-0.195-1.378-0.795-1.985c-0.76-0.797-1.613-0.801-2.004-0.847c-2.799-0.202-6.997-0.202-6.997-0.202 h-0.009c0,0-4.198,0-6.997,0.202C4.608,5.216,3.756,5.22,2.995,6.016C2.395,6.623,2.2,8.001,2.2,8.001S2,9.62,2,11.238v1.517 c0,1.618,0.2,3.237,0.2,3.237s0.195,1.378,0.795,1.985c0.761,0.797,1.76,0.771,2.205,0.855c1.6,0.153,6.8,0.201,6.8,0.201 s4.203-0.006,7.001-0.209c0.391-0.047,1.243-0.051,2.004-0.847c0.6-0.607,0.795-1.985,0.795-1.985s0.2-1.618,0.2-3.237v-1.517 C22,9.62,21.8,8.001,21.8,8.001z M9.935,14.594l-0.001-5.62l5.404,2.82L9.935,14.594z\"><\/path><\/svg><span class=\"wp-block-social-link-label screen-reader-text\">YouTube<\/span><\/a><\/li>\n\n<li class=\"wp-social-link wp-social-link-spotify  wp-block-social-link\"><a rel=\"noopener nofollow\" target=\"_blank\" href=\"https:\/\/open.spotify.com\/artist\/4xNbGxUD3jbiSAgCnXZjba\" class=\"wp-block-social-link-anchor\"><svg width=\"24\" height=\"24\" viewBox=\"0 0 24 24\" version=\"1.1\" xmlns=\"http:\/\/www.w3.org\/2000\/svg\" aria-hidden=\"true\" focusable=\"false\"><path d=\"M12,2C6.477,2,2,6.477,2,12c0,5.523,4.477,10,10,10c5.523,0,10-4.477,10-10C22,6.477,17.523,2,12,2 M16.586,16.424 c-0.18,0.295-0.563,0.387-0.857,0.207c-2.348-1.435-5.304-1.76-8.785-0.964c-0.335,0.077-0.67-0.133-0.746-0.469 c-0.077-0.335,0.132-0.67,0.469-0.746c3.809-0.871,7.077-0.496,9.713,1.115C16.673,15.746,16.766,16.13,16.586,16.424 M17.81,13.7 c-0.226,0.367-0.706,0.482-1.072,0.257c-2.687-1.652-6.785-2.131-9.965-1.166C6.36,12.917,5.925,12.684,5.8,12.273 C5.675,11.86,5.908,11.425,6.32,11.3c3.632-1.102,8.147-0.568,11.234,1.328C17.92,12.854,18.035,13.335,17.81,13.7 M17.915,10.865 c-3.223-1.914-8.54-2.09-11.618-1.156C5.804,9.859,5.281,9.58,5.131,9.086C4.982,8.591,5.26,8.069,5.755,7.919 c3.532-1.072,9.404-0.865,13.115,1.338c0.445,0.264,0.59,0.838,0.327,1.282C18.933,10.983,18.359,11.129,17.915,10.865\"><\/path><\/svg><span class=\"wp-block-social-link-label screen-reader-text\">Spotify<\/span><\/a><\/li>\n\n<li class=\"wp-social-link wp-social-link-facebook  wp-block-social-link\"><a rel=\"noopener nofollow\" target=\"_blank\" href=\"https:\/\/www.facebook.com\/nunofontouracarpinteiro\" class=\"wp-block-social-link-anchor\"><svg width=\"24\" height=\"24\" viewBox=\"0 0 24 24\" version=\"1.1\" xmlns=\"http:\/\/www.w3.org\/2000\/svg\" aria-hidden=\"true\" focusable=\"false\"><path d=\"M12 2C6.5 2 2 6.5 2 12c0 5 3.7 9.1 8.4 9.9v-7H7.9V12h2.5V9.8c0-2.5 1.5-3.9 3.8-3.9 1.1 0 2.2.2 2.2.2v2.5h-1.3c-1.2 0-1.6.8-1.6 1.6V12h2.8l-.4 2.9h-2.3v7C18.3 21.1 22 17 22 12c0-5.5-4.5-10-10-10z\"><\/path><\/svg><span class=\"wp-block-social-link-label screen-reader-text\">Facebook<\/span><\/a><\/li>\n\n<li class=\"wp-social-link wp-social-link-instagram  wp-block-social-link\"><a rel=\"noopener nofollow\" target=\"_blank\" href=\"https:\/\/www.instagram.com\/nunocarpinteiro\/\" class=\"wp-block-social-link-anchor\"><svg width=\"24\" height=\"24\" viewBox=\"0 0 24 24\" version=\"1.1\" xmlns=\"http:\/\/www.w3.org\/2000\/svg\" aria-hidden=\"true\" focusable=\"false\"><path d=\"M12,4.622c2.403,0,2.688,0.009,3.637,0.052c0.877,0.04,1.354,0.187,1.671,0.31c0.42,0.163,0.72,0.358,1.035,0.673 c0.315,0.315,0.51,0.615,0.673,1.035c0.123,0.317,0.27,0.794,0.31,1.671c0.043,0.949,0.052,1.234,0.052,3.637 s-0.009,2.688-0.052,3.637c-0.04,0.877-0.187,1.354-0.31,1.671c-0.163,0.42-0.358,0.72-0.673,1.035 c-0.315,0.315-0.615,0.51-1.035,0.673c-0.317,0.123-0.794,0.27-1.671,0.31c-0.949,0.043-1.233,0.052-3.637,0.052 s-2.688-0.009-3.637-0.052c-0.877-0.04-1.354-0.187-1.671-0.31c-0.42-0.163-0.72-0.358-1.035-0.673 c-0.315-0.315-0.51-0.615-0.673-1.035c-0.123-0.317-0.27-0.794-0.31-1.671C4.631,14.688,4.622,14.403,4.622,12 s0.009-2.688,0.052-3.637c0.04-0.877,0.187-1.354,0.31-1.671c0.163-0.42,0.358-0.72,0.673-1.035 c0.315-0.315,0.615-0.51,1.035-0.673c0.317-0.123,0.794-0.27,1.671-0.31C9.312,4.631,9.597,4.622,12,4.622 M12,3 C9.556,3,9.249,3.01,8.289,3.054C7.331,3.098,6.677,3.25,6.105,3.472C5.513,3.702,5.011,4.01,4.511,4.511 c-0.5,0.5-0.808,1.002-1.038,1.594C3.25,6.677,3.098,7.331,3.054,8.289C3.01,9.249,3,9.556,3,12c0,2.444,0.01,2.751,0.054,3.711 c0.044,0.958,0.196,1.612,0.418,2.185c0.23,0.592,0.538,1.094,1.038,1.594c0.5,0.5,1.002,0.808,1.594,1.038 c0.572,0.222,1.227,0.375,2.185,0.418C9.249,20.99,9.556,21,12,21s2.751-0.01,3.711-0.054c0.958-0.044,1.612-0.196,2.185-0.418 c0.592-0.23,1.094-0.538,1.594-1.038c0.5-0.5,0.808-1.002,1.038-1.594c0.222-0.572,0.375-1.227,0.418-2.185 C20.99,14.751,21,14.444,21,12s-0.01-2.751-0.054-3.711c-0.044-0.958-0.196-1.612-0.418-2.185c-0.23-0.592-0.538-1.094-1.038-1.594 c-0.5-0.5-1.002-0.808-1.594-1.038c-0.572-0.222-1.227-0.375-2.185-0.418C14.751,3.01,14.444,3,12,3L12,3z M12,7.378 c-2.552,0-4.622,2.069-4.622,4.622S9.448,16.622,12,16.622s4.622-2.069,4.622-4.622S14.552,7.378,12,7.378z M12,15 c-1.657,0-3-1.343-3-3s1.343-3,3-3s3,1.343,3,3S13.657,15,12,15z M16.804,6.116c-0.596,0-1.08,0.484-1.08,1.08 s0.484,1.08,1.08,1.08c0.596,0,1.08-0.484,1.08-1.08S17.401,6.116,16.804,6.116z\"><\/path><\/svg><span class=\"wp-block-social-link-label screen-reader-text\">Instagram<\/span><\/a><\/li><\/ul>\n<\/div>\n<\/div>\n\n\n\n<div style=\"height:100px\" aria-hidden=\"true\" class=\"wp-block-spacer\"><\/div>\n<\/div><\/div>\n\n\n\n<div data-aos= \"slide-right\" data-aos-duration=\"400\" data-aos-delay=\"0\" data-aos-easing=\"ease\" data-aos-once=\"true\" class=\"wp-block-uagb-container uag-hide-mob uagb-block-a88047bd alignfull uagb-is-root-container\"><div class=\"uagb-container-inner-blocks-wrap\">\n<div class=\"wp-block-uagb-container uagb-block-dbcf0825\">\n<div class=\"wp-block-uagb-container uagb-block-f9a7311a\">\n<div class=\"wp-block-uagb-advanced-heading uagb-block-cb050b03\"><h2 class=\"uagb-heading-text\"><strong><strong><strong>LITA<\/strong><\/strong><\/strong><\/h2><\/div>\n\n\n\n<p>Grupo de m\u00fasica tradicional e canto aut\u00eantico ucraniano.<\/p>\n\n\n\n<p>Apesar de ainda jovens, os Lita carregam nas suas vozes toda a sabedoria dos seus antepassados. Numa vibra\u00e7\u00e3o inexplicavelmente poderosa t\u00eam a capacidade de nos fazer conectar com as nossas origens.&nbsp;<\/p>\n\n\n\n<p>Cantares polif\u00f3nicos sobre amor, destino e humor. S\u00e3o can\u00e7\u00f5es recolhidas em expedi\u00e7\u00f5es etnogr\u00e1ficas que prometem tocar a alma e fazer sorrir o cora\u00e7\u00e3o.<\/p>\n\n\n\n<p>No Tradidan\u00e7as, far\u00e3o:<\/p>\n\n\n\n<p>&#8211; Baile e oficina de dan\u00e7as ucranianas:<\/p>\n\n\n\n<p>Dan\u00e7as de roda e a pares carregadas de divers\u00e3o e magia. Hretchaneke, balamut, oira, hopak, s\u00e3o os nomes de algumas das dan\u00e7as que ir\u00e3o ser guiadas durante o baile.&nbsp;<\/p>\n\n\n\n<p>&nbsp;&#8211; Master class de canto tradicional ucraniano:<\/p>\n\n\n\n<p>O caminho mais tradicional, e tamb\u00e9m mais eficaz, de experienciar o canto aut\u00eantico, passa atrav\u00e9s da participa\u00e7\u00e3o ativa na sua aprendizagem oral.&nbsp;<\/p>\n\n\n\n<p>Ao aprender can\u00e7\u00f5es antigas, ter\u00e1 a oportunidade de sentir o poder da m\u00fasica ucraniana, esculpida durante s\u00e9culos, atrav\u00e9s da sua pr\u00f3pria voz.&nbsp;<\/p>\n\n\n\n<p>&#8211; Concerto de canto aut\u00eantico ucraniano:<\/p>\n\n\n\n<p>Cantares polif\u00f3nicos sobre amor, destino e humor. Can\u00e7\u00f5es hist\u00f3ricas dos cossacos nas quais v\u00e3o sentir o poder do povo ucraniano.&nbsp;<\/p>\n\n\n\n<p>S\u00e3o can\u00e7\u00f5es recolhidas em expedi\u00e7\u00f5es etnogr\u00e1ficas que prometem tocar a alma.&nbsp;<\/p>\n\n\n\n<p><br>Membros:&nbsp;<\/p>\n\n\n\n<p>Kateryna Sidelnikova, Ivanna Korzh, Sofiya Tsyvinska &#8211; vozes, flautas, violino e baixo&nbsp;<\/p>\n\n\n\n<p>Danylo Kliutsko &#8211; bandura, voz e percuss\u00e3o&nbsp;<\/p>\n\n\n\n<p>&amp;&nbsp;<\/p>\n\n\n\n<p>Denys Stetsenko &#8211; orienta\u00e7\u00e3o das dan\u00e7as e violino.<\/p>\n<\/div>\n\n\n\n<div class=\"wp-block-uagb-container uagb-block-f1ef9114\">\n<div class=\"wp-block-uagb-image uagb-block-143ecce3 wp-block-uagb-image--layout-default wp-block-uagb-image--effect-zoomin wp-block-uagb-image--align-none\"><figure class=\"wp-block-uagb-image__figure\"><img decoding=\"async\" srcset=\"https:\/\/tradidancas.pt\/wp-content\/uploads\/2023\/06\/foto-lita-1024x576.webp \" sizes=\"auto, (max-width: 480px) 150px\" src=\"https:\/\/tradidancas.pt\/wp-content\/uploads\/2023\/06\/foto-lita-1024x576.webp\" alt=\"\" class=\"uag-image-2457\" width=\"1024\" height=\"576\" title=\"\" loading=\"lazy\"\/><\/figure><\/div>\n\n\n\n<div style=\"height:25px\" aria-hidden=\"true\" class=\"wp-block-spacer\"><\/div>\n\n\n\n<ul class=\"wp-block-social-links is-content-justification-right is-layout-flex wp-container-core-social-links-is-layout-d445cf74 wp-block-social-links-is-layout-flex\"><li class=\"wp-social-link wp-social-link-facebook  wp-block-social-link\"><a rel=\"noopener nofollow\" target=\"_blank\" href=\"https:\/\/www.facebook.com\/groups\/379112411040959%20\" class=\"wp-block-social-link-anchor\"><svg width=\"24\" height=\"24\" viewBox=\"0 0 24 24\" version=\"1.1\" xmlns=\"http:\/\/www.w3.org\/2000\/svg\" aria-hidden=\"true\" focusable=\"false\"><path d=\"M12 2C6.5 2 2 6.5 2 12c0 5 3.7 9.1 8.4 9.9v-7H7.9V12h2.5V9.8c0-2.5 1.5-3.9 3.8-3.9 1.1 0 2.2.2 2.2.2v2.5h-1.3c-1.2 0-1.6.8-1.6 1.6V12h2.8l-.4 2.9h-2.3v7C18.3 21.1 22 17 22 12c0-5.5-4.5-10-10-10z\"><\/path><\/svg><span class=\"wp-block-social-link-label screen-reader-text\">Facebook<\/span><\/a><\/li>\n\n<li class=\"wp-social-link wp-social-link-instagram  wp-block-social-link\"><a rel=\"noopener nofollow\" target=\"_blank\" href=\"https:\/\/instagram.com\/folk.band_lita_\" class=\"wp-block-social-link-anchor\"><svg width=\"24\" height=\"24\" viewBox=\"0 0 24 24\" version=\"1.1\" xmlns=\"http:\/\/www.w3.org\/2000\/svg\" aria-hidden=\"true\" focusable=\"false\"><path d=\"M12,4.622c2.403,0,2.688,0.009,3.637,0.052c0.877,0.04,1.354,0.187,1.671,0.31c0.42,0.163,0.72,0.358,1.035,0.673 c0.315,0.315,0.51,0.615,0.673,1.035c0.123,0.317,0.27,0.794,0.31,1.671c0.043,0.949,0.052,1.234,0.052,3.637 s-0.009,2.688-0.052,3.637c-0.04,0.877-0.187,1.354-0.31,1.671c-0.163,0.42-0.358,0.72-0.673,1.035 c-0.315,0.315-0.615,0.51-1.035,0.673c-0.317,0.123-0.794,0.27-1.671,0.31c-0.949,0.043-1.233,0.052-3.637,0.052 s-2.688-0.009-3.637-0.052c-0.877-0.04-1.354-0.187-1.671-0.31c-0.42-0.163-0.72-0.358-1.035-0.673 c-0.315-0.315-0.51-0.615-0.673-1.035c-0.123-0.317-0.27-0.794-0.31-1.671C4.631,14.688,4.622,14.403,4.622,12 s0.009-2.688,0.052-3.637c0.04-0.877,0.187-1.354,0.31-1.671c0.163-0.42,0.358-0.72,0.673-1.035 c0.315-0.315,0.615-0.51,1.035-0.673c0.317-0.123,0.794-0.27,1.671-0.31C9.312,4.631,9.597,4.622,12,4.622 M12,3 C9.556,3,9.249,3.01,8.289,3.054C7.331,3.098,6.677,3.25,6.105,3.472C5.513,3.702,5.011,4.01,4.511,4.511 c-0.5,0.5-0.808,1.002-1.038,1.594C3.25,6.677,3.098,7.331,3.054,8.289C3.01,9.249,3,9.556,3,12c0,2.444,0.01,2.751,0.054,3.711 c0.044,0.958,0.196,1.612,0.418,2.185c0.23,0.592,0.538,1.094,1.038,1.594c0.5,0.5,1.002,0.808,1.594,1.038 c0.572,0.222,1.227,0.375,2.185,0.418C9.249,20.99,9.556,21,12,21s2.751-0.01,3.711-0.054c0.958-0.044,1.612-0.196,2.185-0.418 c0.592-0.23,1.094-0.538,1.594-1.038c0.5-0.5,0.808-1.002,1.038-1.594c0.222-0.572,0.375-1.227,0.418-2.185 C20.99,14.751,21,14.444,21,12s-0.01-2.751-0.054-3.711c-0.044-0.958-0.196-1.612-0.418-2.185c-0.23-0.592-0.538-1.094-1.038-1.594 c-0.5-0.5-1.002-0.808-1.594-1.038c-0.572-0.222-1.227-0.375-2.185-0.418C14.751,3.01,14.444,3,12,3L12,3z M12,7.378 c-2.552,0-4.622,2.069-4.622,4.622S9.448,16.622,12,16.622s4.622-2.069,4.622-4.622S14.552,7.378,12,7.378z M12,15 c-1.657,0-3-1.343-3-3s1.343-3,3-3s3,1.343,3,3S13.657,15,12,15z M16.804,6.116c-0.596,0-1.08,0.484-1.08,1.08 s0.484,1.08,1.08,1.08c0.596,0,1.08-0.484,1.08-1.08S17.401,6.116,16.804,6.116z\"><\/path><\/svg><span class=\"wp-block-social-link-label screen-reader-text\">Instagram<\/span><\/a><\/li><\/ul>\n<\/div>\n<\/div>\n\n\n\n<div style=\"height:100px\" aria-hidden=\"true\" class=\"wp-block-spacer\"><\/div>\n<\/div><\/div>\n\n\n\n<div data-aos= \"slide-right\" data-aos-duration=\"400\" data-aos-delay=\"0\" data-aos-easing=\"ease\" data-aos-once=\"true\" class=\"wp-block-uagb-container uag-hide-desktop uag-hide-tab uagb-block-583e3e3d alignfull uagb-is-root-container\"><div class=\"uagb-container-inner-blocks-wrap\">\n<div class=\"wp-block-uagb-container uagb-block-989a95c6\">\n<div class=\"wp-block-uagb-advanced-heading uagb-block-58475cc0\"><h2 class=\"uagb-heading-text\"><strong><strong><strong><strong><strong>LITA<\/strong><\/strong><\/strong><\/strong><\/strong><\/h2><\/div>\n\n\n\n<div class=\"wp-block-uagb-container uagb-block-083f3c3a\">\n<div class=\"wp-block-uagb-image uagb-block-ebc681c2 wp-block-uagb-image--layout-default wp-block-uagb-image--effect-zoomin wp-block-uagb-image--align-none\"><figure class=\"wp-block-uagb-image__figure\"><img decoding=\"async\" srcset=\"https:\/\/tradidancas.pt\/wp-content\/uploads\/2023\/06\/foto-lita-1024x576.webp , https:\/\/tradidancas.pt\/wp-content\/uploads\/2023\/06\/foto-lita-1024x576.webp 360w\" sizes=\"auto, (max-width: 480px) 150px\" src=\"https:\/\/tradidancas.pt\/wp-content\/uploads\/2023\/06\/foto-lita-1024x576.webp\" alt=\"\" class=\"uag-image-2457\" width=\"1024\" height=\"576\" title=\"\" loading=\"lazy\"\/><\/figure><\/div>\n\n\n\n<div style=\"height:25px\" aria-hidden=\"true\" class=\"wp-block-spacer\"><\/div>\n<\/div>\n\n\n\n<div class=\"wp-block-uagb-container uagb-block-61e2c70a\">\n<p>rupo de m\u00fasica tradicional e canto aut\u00eantico ucraniano.<\/p>\n\n\n\n<p>Apesar de ainda jovens, os Lita carregam nas suas vozes toda a sabedoria dos seus antepassados. Numa vibra\u00e7\u00e3o inexplicavelmente poderosa t\u00eam a capacidade de nos fazer conectar com as nossas origens.&nbsp;<\/p>\n\n\n\n<p>Cantares polif\u00f3nicos sobre amor, destino e humor. S\u00e3o can\u00e7\u00f5es recolhidas em expedi\u00e7\u00f5es etnogr\u00e1ficas que prometem tocar a alma e fazer sorrir o cora\u00e7\u00e3o.<\/p>\n\n\n\n<p>No Tradidan\u00e7as, far\u00e3o:<\/p>\n\n\n\n<p>&#8211; Baile e oficina de dan\u00e7as ucranianas:<\/p>\n\n\n\n<p>Dan\u00e7as de roda e a pares carregadas de divers\u00e3o e magia. Hretchaneke, balamut, oira, hopak, s\u00e3o os nomes de algumas das dan\u00e7as que ir\u00e3o ser guiadas durante o baile.&nbsp;<\/p>\n\n\n\n<p>&nbsp;&#8211; Master class de canto tradicional ucraniano:<\/p>\n\n\n\n<p>O caminho mais tradicional, e tamb\u00e9m mais eficaz, de experienciar o canto aut\u00eantico, passa atrav\u00e9s da participa\u00e7\u00e3o ativa na sua aprendizagem oral.&nbsp;<\/p>\n\n\n\n<p>Ao aprender can\u00e7\u00f5es antigas, ter\u00e1 a oportunidade de sentir o poder da m\u00fasica ucraniana, esculpida durante s\u00e9culos, atrav\u00e9s da sua pr\u00f3pria voz.&nbsp;<\/p>\n\n\n\n<p>&#8211; Concerto de canto aut\u00eantico ucraniano:<\/p>\n\n\n\n<p>Cantares polif\u00f3nicos sobre amor, destino e humor. Can\u00e7\u00f5es hist\u00f3ricas dos cossacos nas quais v\u00e3o sentir o poder do povo ucraniano.&nbsp;<\/p>\n\n\n\n<p>S\u00e3o can\u00e7\u00f5es recolhidas em expedi\u00e7\u00f5es etnogr\u00e1ficas que prometem tocar a alma.&nbsp;<\/p>\n\n\n\n<p><br>Membros:&nbsp;<\/p>\n\n\n\n<p>Kateryna Sidelnikova, Ivanna Korzh, Sofiya Tsyvinska &#8211; vozes, flautas, violino e baixo&nbsp;<\/p>\n\n\n\n<p>Danylo Kliutsko &#8211; bandura, voz e percuss\u00e3o&nbsp;<\/p>\n\n\n\n<p>&amp;&nbsp;<\/p>\n\n\n\n<p>Denys Stetsenko &#8211; orienta\u00e7\u00e3o das dan\u00e7as e violino.<\/p>\n\n\n\n<ul class=\"wp-block-social-links is-content-justification-center is-layout-flex wp-container-core-social-links-is-layout-5c862ccd wp-block-social-links-is-layout-flex\" style=\"margin-top:35px\"><li class=\"wp-social-link wp-social-link-facebook  wp-block-social-link\"><a rel=\"noopener nofollow\" target=\"_blank\" href=\"https:\/\/www.facebook.com\/groups\/379112411040959%20\" class=\"wp-block-social-link-anchor\"><svg width=\"24\" height=\"24\" viewBox=\"0 0 24 24\" version=\"1.1\" xmlns=\"http:\/\/www.w3.org\/2000\/svg\" aria-hidden=\"true\" focusable=\"false\"><path d=\"M12 2C6.5 2 2 6.5 2 12c0 5 3.7 9.1 8.4 9.9v-7H7.9V12h2.5V9.8c0-2.5 1.5-3.9 3.8-3.9 1.1 0 2.2.2 2.2.2v2.5h-1.3c-1.2 0-1.6.8-1.6 1.6V12h2.8l-.4 2.9h-2.3v7C18.3 21.1 22 17 22 12c0-5.5-4.5-10-10-10z\"><\/path><\/svg><span class=\"wp-block-social-link-label screen-reader-text\">Facebook<\/span><\/a><\/li>\n\n<li class=\"wp-social-link wp-social-link-instagram  wp-block-social-link\"><a rel=\"noopener nofollow\" target=\"_blank\" href=\"https:\/\/instagram.com\/folk.band_lita_\" class=\"wp-block-social-link-anchor\"><svg width=\"24\" height=\"24\" viewBox=\"0 0 24 24\" version=\"1.1\" xmlns=\"http:\/\/www.w3.org\/2000\/svg\" aria-hidden=\"true\" focusable=\"false\"><path d=\"M12,4.622c2.403,0,2.688,0.009,3.637,0.052c0.877,0.04,1.354,0.187,1.671,0.31c0.42,0.163,0.72,0.358,1.035,0.673 c0.315,0.315,0.51,0.615,0.673,1.035c0.123,0.317,0.27,0.794,0.31,1.671c0.043,0.949,0.052,1.234,0.052,3.637 s-0.009,2.688-0.052,3.637c-0.04,0.877-0.187,1.354-0.31,1.671c-0.163,0.42-0.358,0.72-0.673,1.035 c-0.315,0.315-0.615,0.51-1.035,0.673c-0.317,0.123-0.794,0.27-1.671,0.31c-0.949,0.043-1.233,0.052-3.637,0.052 s-2.688-0.009-3.637-0.052c-0.877-0.04-1.354-0.187-1.671-0.31c-0.42-0.163-0.72-0.358-1.035-0.673 c-0.315-0.315-0.51-0.615-0.673-1.035c-0.123-0.317-0.27-0.794-0.31-1.671C4.631,14.688,4.622,14.403,4.622,12 s0.009-2.688,0.052-3.637c0.04-0.877,0.187-1.354,0.31-1.671c0.163-0.42,0.358-0.72,0.673-1.035 c0.315-0.315,0.615-0.51,1.035-0.673c0.317-0.123,0.794-0.27,1.671-0.31C9.312,4.631,9.597,4.622,12,4.622 M12,3 C9.556,3,9.249,3.01,8.289,3.054C7.331,3.098,6.677,3.25,6.105,3.472C5.513,3.702,5.011,4.01,4.511,4.511 c-0.5,0.5-0.808,1.002-1.038,1.594C3.25,6.677,3.098,7.331,3.054,8.289C3.01,9.249,3,9.556,3,12c0,2.444,0.01,2.751,0.054,3.711 c0.044,0.958,0.196,1.612,0.418,2.185c0.23,0.592,0.538,1.094,1.038,1.594c0.5,0.5,1.002,0.808,1.594,1.038 c0.572,0.222,1.227,0.375,2.185,0.418C9.249,20.99,9.556,21,12,21s2.751-0.01,3.711-0.054c0.958-0.044,1.612-0.196,2.185-0.418 c0.592-0.23,1.094-0.538,1.594-1.038c0.5-0.5,0.808-1.002,1.038-1.594c0.222-0.572,0.375-1.227,0.418-2.185 C20.99,14.751,21,14.444,21,12s-0.01-2.751-0.054-3.711c-0.044-0.958-0.196-1.612-0.418-2.185c-0.23-0.592-0.538-1.094-1.038-1.594 c-0.5-0.5-1.002-0.808-1.594-1.038c-0.572-0.222-1.227-0.375-2.185-0.418C14.751,3.01,14.444,3,12,3L12,3z M12,7.378 c-2.552,0-4.622,2.069-4.622,4.622S9.448,16.622,12,16.622s4.622-2.069,4.622-4.622S14.552,7.378,12,7.378z M12,15 c-1.657,0-3-1.343-3-3s1.343-3,3-3s3,1.343,3,3S13.657,15,12,15z M16.804,6.116c-0.596,0-1.08,0.484-1.08,1.08 s0.484,1.08,1.08,1.08c0.596,0,1.08-0.484,1.08-1.08S17.401,6.116,16.804,6.116z\"><\/path><\/svg><span class=\"wp-block-social-link-label screen-reader-text\">Instagram<\/span><\/a><\/li><\/ul>\n<\/div>\n<\/div>\n\n\n\n<div style=\"height:100px\" aria-hidden=\"true\" class=\"wp-block-spacer\"><\/div>\n<\/div><\/div>\n\n\n\n<div id=\"ciderhouse\" class=\"wp-block-uagb-container uagb-block-f8e6300f alignfull uagb-is-root-container\"><div class=\"uagb-container-inner-blocks-wrap\">\n<div data-aos= \"slide-right\" data-aos-duration=\"400\" data-aos-delay=\"0\" data-aos-easing=\"ease\" data-aos-once=\"true\" class=\"wp-block-uagb-container uag-hide-mob uagb-block-d2dce439\">\n<div class=\"wp-block-uagb-container uagb-block-055b600d\">\n<div class=\"wp-block-uagb-container uagb-block-06637d95\">\n<div class=\"wp-block-uagb-advanced-heading uagb-block-e13fd8bf\"><h2 class=\"uagb-heading-text\"><strong><strong><strong><strong>The Ciderhouse Rebellion<\/strong><\/strong><\/strong><\/strong><\/h2><\/div>\n\n\n\n<p>Profundo e eloquente, \u00e9pico, assombroso e dram\u00e1tico, The Ciderhouse Rebellion junta os aclamados m\u00fasicos Adam Summerhayes e Murray Grainger para produzir incr\u00edveis tape\u00e7arias de sons.<br><br>A dupla especializou-se em criar m\u00fasica improvisada no momento, inspirando-se em melodias tradicionais ou nas suas pr\u00f3prias composi\u00e7\u00f5es &#8211; muitas vezes surgindo de uma \u00fanica nota, tom, f\u00f3rmula de compasso ou emo\u00e7\u00e3o. Este foco na improvisa\u00e7\u00e3o \u00e9 extraordinariamente fora do comum e totalmente m\u00e1gico. Procuram criar m\u00fasica desprovida de pensamento consciente entre a conce\u00e7\u00e3o e a execu\u00e7\u00e3o \u2013 sempre em busca do inesperado e da possibilidade de cria\u00e7\u00e3o de uma profunda narrativa sonora que transporte o p\u00fablico.<br><br>Vencedores do \u00c1lbum Instrumental 2022 \u2013 Fatea<\/p>\n<\/div>\n\n\n\n<div class=\"wp-block-uagb-container uagb-block-84b6e057\">\n<div class=\"wp-block-uagb-image uagb-block-049912c3 wp-block-uagb-image--layout-default wp-block-uagb-image--effect-zoomin wp-block-uagb-image--align-none\"><figure class=\"wp-block-uagb-image__figure\"><img decoding=\"async\" srcset=\"https:\/\/tradidancas.pt\/wp-content\/uploads\/2023\/06\/THE-CIDERHOUSE.webp \" sizes=\"auto, (max-width: 480px) 150px\" src=\"https:\/\/tradidancas.pt\/wp-content\/uploads\/2023\/06\/THE-CIDERHOUSE.webp\" alt=\"\" class=\"uag-image-2551\" width=\"900\" height=\"506\" title=\"\" loading=\"lazy\"\/><\/figure><\/div>\n\n\n\n<div style=\"height:25px\" aria-hidden=\"true\" class=\"wp-block-spacer\"><\/div>\n\n\n\n<ul class=\"wp-block-social-links is-content-justification-right is-layout-flex wp-container-core-social-links-is-layout-d445cf74 wp-block-social-links-is-layout-flex\"><li class=\"wp-social-link wp-social-link-chain  wp-block-social-link\"><a rel=\"noopener nofollow\" target=\"_blank\" href=\"https:\/\/theciderhouserebellion.com\/\" class=\"wp-block-social-link-anchor\"><svg width=\"24\" height=\"24\" viewBox=\"0 0 24 24\" version=\"1.1\" xmlns=\"http:\/\/www.w3.org\/2000\/svg\" aria-hidden=\"true\" focusable=\"false\"><path d=\"M15.6,7.2H14v1.5h1.6c2,0,3.7,1.7,3.7,3.7s-1.7,3.7-3.7,3.7H14v1.5h1.6c2.8,0,5.2-2.3,5.2-5.2,0-2.9-2.3-5.2-5.2-5.2zM4.7,12.4c0-2,1.7-3.7,3.7-3.7H10V7.2H8.4c-2.9,0-5.2,2.3-5.2,5.2,0,2.9,2.3,5.2,5.2,5.2H10v-1.5H8.4c-2,0-3.7-1.7-3.7-3.7zm4.6.9h5.3v-1.5H9.3v1.5z\"><\/path><\/svg><span class=\"wp-block-social-link-label screen-reader-text\">Link<\/span><\/a><\/li>\n\n<li class=\"wp-social-link wp-social-link-youtube  wp-block-social-link\"><a rel=\"noopener nofollow\" target=\"_blank\" href=\"https:\/\/www.youtube.com\/channel\/UCxsAuhX9oL3FU-dp14q9Icw\" class=\"wp-block-social-link-anchor\"><svg width=\"24\" height=\"24\" viewBox=\"0 0 24 24\" version=\"1.1\" xmlns=\"http:\/\/www.w3.org\/2000\/svg\" aria-hidden=\"true\" focusable=\"false\"><path d=\"M21.8,8.001c0,0-0.195-1.378-0.795-1.985c-0.76-0.797-1.613-0.801-2.004-0.847c-2.799-0.202-6.997-0.202-6.997-0.202 h-0.009c0,0-4.198,0-6.997,0.202C4.608,5.216,3.756,5.22,2.995,6.016C2.395,6.623,2.2,8.001,2.2,8.001S2,9.62,2,11.238v1.517 c0,1.618,0.2,3.237,0.2,3.237s0.195,1.378,0.795,1.985c0.761,0.797,1.76,0.771,2.205,0.855c1.6,0.153,6.8,0.201,6.8,0.201 s4.203-0.006,7.001-0.209c0.391-0.047,1.243-0.051,2.004-0.847c0.6-0.607,0.795-1.985,0.795-1.985s0.2-1.618,0.2-3.237v-1.517 C22,9.62,21.8,8.001,21.8,8.001z M9.935,14.594l-0.001-5.62l5.404,2.82L9.935,14.594z\"><\/path><\/svg><span class=\"wp-block-social-link-label screen-reader-text\">YouTube<\/span><\/a><\/li>\n\n<li class=\"wp-social-link wp-social-link-spotify  wp-block-social-link\"><a rel=\"noopener nofollow\" target=\"_blank\" href=\"https:\/\/open.spotify.com\/artist\/6FCbCsDvvlXf6X392fPYVm?si=iGWVGmoSSFWvg4PGYEAz3g\" class=\"wp-block-social-link-anchor\"><svg width=\"24\" height=\"24\" viewBox=\"0 0 24 24\" version=\"1.1\" xmlns=\"http:\/\/www.w3.org\/2000\/svg\" aria-hidden=\"true\" focusable=\"false\"><path d=\"M12,2C6.477,2,2,6.477,2,12c0,5.523,4.477,10,10,10c5.523,0,10-4.477,10-10C22,6.477,17.523,2,12,2 M16.586,16.424 c-0.18,0.295-0.563,0.387-0.857,0.207c-2.348-1.435-5.304-1.76-8.785-0.964c-0.335,0.077-0.67-0.133-0.746-0.469 c-0.077-0.335,0.132-0.67,0.469-0.746c3.809-0.871,7.077-0.496,9.713,1.115C16.673,15.746,16.766,16.13,16.586,16.424 M17.81,13.7 c-0.226,0.367-0.706,0.482-1.072,0.257c-2.687-1.652-6.785-2.131-9.965-1.166C6.36,12.917,5.925,12.684,5.8,12.273 C5.675,11.86,5.908,11.425,6.32,11.3c3.632-1.102,8.147-0.568,11.234,1.328C17.92,12.854,18.035,13.335,17.81,13.7 M17.915,10.865 c-3.223-1.914-8.54-2.09-11.618-1.156C5.804,9.859,5.281,9.58,5.131,9.086C4.982,8.591,5.26,8.069,5.755,7.919 c3.532-1.072,9.404-0.865,13.115,1.338c0.445,0.264,0.59,0.838,0.327,1.282C18.933,10.983,18.359,11.129,17.915,10.865\"><\/path><\/svg><span class=\"wp-block-social-link-label screen-reader-text\">Spotify<\/span><\/a><\/li>\n\n<li class=\"wp-social-link wp-social-link-facebook  wp-block-social-link\"><a rel=\"noopener nofollow\" target=\"_blank\" href=\"https:\/\/www.facebook.com\/TheCiderhouseRebellion\/\" class=\"wp-block-social-link-anchor\"><svg width=\"24\" height=\"24\" viewBox=\"0 0 24 24\" version=\"1.1\" xmlns=\"http:\/\/www.w3.org\/2000\/svg\" aria-hidden=\"true\" focusable=\"false\"><path d=\"M12 2C6.5 2 2 6.5 2 12c0 5 3.7 9.1 8.4 9.9v-7H7.9V12h2.5V9.8c0-2.5 1.5-3.9 3.8-3.9 1.1 0 2.2.2 2.2.2v2.5h-1.3c-1.2 0-1.6.8-1.6 1.6V12h2.8l-.4 2.9h-2.3v7C18.3 21.1 22 17 22 12c0-5.5-4.5-10-10-10z\"><\/path><\/svg><span class=\"wp-block-social-link-label screen-reader-text\">Facebook<\/span><\/a><\/li>\n\n<li class=\"wp-social-link wp-social-link-twitter  wp-block-social-link\"><a rel=\"noopener nofollow\" target=\"_blank\" href=\"https:\/\/twitter.com\/ciderhousereb\" class=\"wp-block-social-link-anchor\"><svg width=\"24\" height=\"24\" viewBox=\"0 0 24 24\" version=\"1.1\" xmlns=\"http:\/\/www.w3.org\/2000\/svg\" aria-hidden=\"true\" focusable=\"false\"><path d=\"M22.23,5.924c-0.736,0.326-1.527,0.547-2.357,0.646c0.847-0.508,1.498-1.312,1.804-2.27 c-0.793,0.47-1.671,0.812-2.606,0.996C18.324,4.498,17.257,4,16.077,4c-2.266,0-4.103,1.837-4.103,4.103 c0,0.322,0.036,0.635,0.106,0.935C8.67,8.867,5.647,7.234,3.623,4.751C3.27,5.357,3.067,6.062,3.067,6.814 c0,1.424,0.724,2.679,1.825,3.415c-0.673-0.021-1.305-0.206-1.859-0.513c0,0.017,0,0.034,0,0.052c0,1.988,1.414,3.647,3.292,4.023 c-0.344,0.094-0.707,0.144-1.081,0.144c-0.264,0-0.521-0.026-0.772-0.074c0.522,1.63,2.038,2.816,3.833,2.85 c-1.404,1.1-3.174,1.756-5.096,1.756c-0.331,0-0.658-0.019-0.979-0.057c1.816,1.164,3.973,1.843,6.29,1.843 c7.547,0,11.675-6.252,11.675-11.675c0-0.178-0.004-0.355-0.012-0.531C20.985,7.47,21.68,6.747,22.23,5.924z\"><\/path><\/svg><span class=\"wp-block-social-link-label screen-reader-text\">Twitter<\/span><\/a><\/li><\/ul>\n<\/div>\n<\/div>\n\n\n\n<div style=\"height:100px\" aria-hidden=\"true\" class=\"wp-block-spacer\"><\/div>\n<\/div>\n\n\n\n<div data-aos= \"slide-right\" data-aos-duration=\"400\" data-aos-delay=\"0\" data-aos-easing=\"ease\" data-aos-once=\"true\" class=\"wp-block-uagb-container uag-hide-desktop uag-hide-tab uagb-block-180a4387\">\n<div class=\"wp-block-uagb-container uagb-block-99408018\">\n<div class=\"wp-block-uagb-advanced-heading uagb-block-1327ab26\"><h2 class=\"uagb-heading-text\"><strong><strong><strong><strong><strong><strong>The Ciderhouse Rebellion<\/strong><\/strong><\/strong><\/strong><\/strong><\/strong><\/h2><\/div>\n\n\n\n<div class=\"wp-block-uagb-container uagb-block-3759fe79\">\n<div class=\"wp-block-uagb-image uagb-block-09dc6bcb wp-block-uagb-image--layout-default wp-block-uagb-image--effect-zoomin wp-block-uagb-image--align-none\"><figure class=\"wp-block-uagb-image__figure\"><img decoding=\"async\" srcset=\"https:\/\/tradidancas.pt\/wp-content\/uploads\/2023\/06\/THE-CIDERHOUSE.webp \" sizes=\"auto, (max-width: 480px) 150px\" src=\"https:\/\/tradidancas.pt\/wp-content\/uploads\/2023\/06\/THE-CIDERHOUSE.webp\" alt=\"\" class=\"uag-image-2551\" width=\"900\" height=\"506\" title=\"\" loading=\"lazy\"\/><\/figure><\/div>\n\n\n\n<div style=\"height:25px\" aria-hidden=\"true\" class=\"wp-block-spacer\"><\/div>\n<\/div>\n\n\n\n<div class=\"wp-block-uagb-container uagb-block-0e92170a\">\n<p>Profundo e eloquente, \u00e9pico, assombroso e dram\u00e1tico, The Ciderhouse Rebellion junta os aclamados m\u00fasicos Adam Summerhayes e Murray Grainger para produzir incr\u00edveis tape\u00e7arias de sons.<br><br>A dupla especializou-se em criar m\u00fasica improvisada no momento, inspirando-se em melodias tradicionais ou nas suas pr\u00f3prias composi\u00e7\u00f5es &#8211; muitas vezes surgindo de uma \u00fanica nota, tom, f\u00f3rmula de compasso ou emo\u00e7\u00e3o. Este foco na improvisa\u00e7\u00e3o \u00e9 extraordinariamente fora do comum e totalmente m\u00e1gico. Procuram criar m\u00fasica desprovida de pensamento consciente entre a conce\u00e7\u00e3o e a execu\u00e7\u00e3o \u2013 sempre em busca do inesperado e da possibilidade de cria\u00e7\u00e3o de uma profunda narrativa sonora que transporte o p\u00fablico.<br><br>Vencedores do \u00c1lbum Instrumental 2022 \u2013 Fatea<\/p>\n\n\n\n<ul class=\"wp-block-social-links is-content-justification-center is-layout-flex wp-container-core-social-links-is-layout-5c862ccd wp-block-social-links-is-layout-flex\" style=\"margin-top:35px\"><li class=\"wp-social-link wp-social-link-chain  wp-block-social-link\"><a rel=\"noopener nofollow\" target=\"_blank\" href=\"https:\/\/theciderhouserebellion.com\/\" class=\"wp-block-social-link-anchor\"><svg width=\"24\" height=\"24\" viewBox=\"0 0 24 24\" version=\"1.1\" xmlns=\"http:\/\/www.w3.org\/2000\/svg\" aria-hidden=\"true\" focusable=\"false\"><path d=\"M15.6,7.2H14v1.5h1.6c2,0,3.7,1.7,3.7,3.7s-1.7,3.7-3.7,3.7H14v1.5h1.6c2.8,0,5.2-2.3,5.2-5.2,0-2.9-2.3-5.2-5.2-5.2zM4.7,12.4c0-2,1.7-3.7,3.7-3.7H10V7.2H8.4c-2.9,0-5.2,2.3-5.2,5.2,0,2.9,2.3,5.2,5.2,5.2H10v-1.5H8.4c-2,0-3.7-1.7-3.7-3.7zm4.6.9h5.3v-1.5H9.3v1.5z\"><\/path><\/svg><span class=\"wp-block-social-link-label screen-reader-text\">Link<\/span><\/a><\/li>\n\n<li class=\"wp-social-link wp-social-link-youtube  wp-block-social-link\"><a rel=\"noopener nofollow\" target=\"_blank\" href=\"https:\/\/www.youtube.com\/channel\/UCxsAuhX9oL3FU-dp14q9Icw\" class=\"wp-block-social-link-anchor\"><svg width=\"24\" height=\"24\" viewBox=\"0 0 24 24\" version=\"1.1\" xmlns=\"http:\/\/www.w3.org\/2000\/svg\" aria-hidden=\"true\" focusable=\"false\"><path d=\"M21.8,8.001c0,0-0.195-1.378-0.795-1.985c-0.76-0.797-1.613-0.801-2.004-0.847c-2.799-0.202-6.997-0.202-6.997-0.202 h-0.009c0,0-4.198,0-6.997,0.202C4.608,5.216,3.756,5.22,2.995,6.016C2.395,6.623,2.2,8.001,2.2,8.001S2,9.62,2,11.238v1.517 c0,1.618,0.2,3.237,0.2,3.237s0.195,1.378,0.795,1.985c0.761,0.797,1.76,0.771,2.205,0.855c1.6,0.153,6.8,0.201,6.8,0.201 s4.203-0.006,7.001-0.209c0.391-0.047,1.243-0.051,2.004-0.847c0.6-0.607,0.795-1.985,0.795-1.985s0.2-1.618,0.2-3.237v-1.517 C22,9.62,21.8,8.001,21.8,8.001z M9.935,14.594l-0.001-5.62l5.404,2.82L9.935,14.594z\"><\/path><\/svg><span class=\"wp-block-social-link-label screen-reader-text\">YouTube<\/span><\/a><\/li>\n\n<li class=\"wp-social-link wp-social-link-spotify  wp-block-social-link\"><a rel=\"noopener nofollow\" target=\"_blank\" href=\"https:\/\/open.spotify.com\/artist\/6FCbCsDvvlXf6X392fPYVm?si=iGWVGmoSSFWvg4PGYEAz3g\" class=\"wp-block-social-link-anchor\"><svg width=\"24\" height=\"24\" viewBox=\"0 0 24 24\" version=\"1.1\" xmlns=\"http:\/\/www.w3.org\/2000\/svg\" aria-hidden=\"true\" focusable=\"false\"><path d=\"M12,2C6.477,2,2,6.477,2,12c0,5.523,4.477,10,10,10c5.523,0,10-4.477,10-10C22,6.477,17.523,2,12,2 M16.586,16.424 c-0.18,0.295-0.563,0.387-0.857,0.207c-2.348-1.435-5.304-1.76-8.785-0.964c-0.335,0.077-0.67-0.133-0.746-0.469 c-0.077-0.335,0.132-0.67,0.469-0.746c3.809-0.871,7.077-0.496,9.713,1.115C16.673,15.746,16.766,16.13,16.586,16.424 M17.81,13.7 c-0.226,0.367-0.706,0.482-1.072,0.257c-2.687-1.652-6.785-2.131-9.965-1.166C6.36,12.917,5.925,12.684,5.8,12.273 C5.675,11.86,5.908,11.425,6.32,11.3c3.632-1.102,8.147-0.568,11.234,1.328C17.92,12.854,18.035,13.335,17.81,13.7 M17.915,10.865 c-3.223-1.914-8.54-2.09-11.618-1.156C5.804,9.859,5.281,9.58,5.131,9.086C4.982,8.591,5.26,8.069,5.755,7.919 c3.532-1.072,9.404-0.865,13.115,1.338c0.445,0.264,0.59,0.838,0.327,1.282C18.933,10.983,18.359,11.129,17.915,10.865\"><\/path><\/svg><span class=\"wp-block-social-link-label screen-reader-text\">Spotify<\/span><\/a><\/li>\n\n<li class=\"wp-social-link wp-social-link-facebook  wp-block-social-link\"><a rel=\"noopener nofollow\" target=\"_blank\" href=\"https:\/\/www.facebook.com\/TheCiderhouseRebellion\/\" class=\"wp-block-social-link-anchor\"><svg width=\"24\" height=\"24\" viewBox=\"0 0 24 24\" version=\"1.1\" xmlns=\"http:\/\/www.w3.org\/2000\/svg\" aria-hidden=\"true\" focusable=\"false\"><path d=\"M12 2C6.5 2 2 6.5 2 12c0 5 3.7 9.1 8.4 9.9v-7H7.9V12h2.5V9.8c0-2.5 1.5-3.9 3.8-3.9 1.1 0 2.2.2 2.2.2v2.5h-1.3c-1.2 0-1.6.8-1.6 1.6V12h2.8l-.4 2.9h-2.3v7C18.3 21.1 22 17 22 12c0-5.5-4.5-10-10-10z\"><\/path><\/svg><span class=\"wp-block-social-link-label screen-reader-text\">Facebook<\/span><\/a><\/li>\n\n<li class=\"wp-social-link wp-social-link-twitter  wp-block-social-link\"><a rel=\"noopener nofollow\" target=\"_blank\" href=\"https:\/\/twitter.com\/ciderhousereb\" class=\"wp-block-social-link-anchor\"><svg width=\"24\" height=\"24\" viewBox=\"0 0 24 24\" version=\"1.1\" xmlns=\"http:\/\/www.w3.org\/2000\/svg\" aria-hidden=\"true\" focusable=\"false\"><path d=\"M22.23,5.924c-0.736,0.326-1.527,0.547-2.357,0.646c0.847-0.508,1.498-1.312,1.804-2.27 c-0.793,0.47-1.671,0.812-2.606,0.996C18.324,4.498,17.257,4,16.077,4c-2.266,0-4.103,1.837-4.103,4.103 c0,0.322,0.036,0.635,0.106,0.935C8.67,8.867,5.647,7.234,3.623,4.751C3.27,5.357,3.067,6.062,3.067,6.814 c0,1.424,0.724,2.679,1.825,3.415c-0.673-0.021-1.305-0.206-1.859-0.513c0,0.017,0,0.034,0,0.052c0,1.988,1.414,3.647,3.292,4.023 c-0.344,0.094-0.707,0.144-1.081,0.144c-0.264,0-0.521-0.026-0.772-0.074c0.522,1.63,2.038,2.816,3.833,2.85 c-1.404,1.1-3.174,1.756-5.096,1.756c-0.331,0-0.658-0.019-0.979-0.057c1.816,1.164,3.973,1.843,6.29,1.843 c7.547,0,11.675-6.252,11.675-11.675c0-0.178-0.004-0.355-0.012-0.531C20.985,7.47,21.68,6.747,22.23,5.924z\"><\/path><\/svg><span class=\"wp-block-social-link-label screen-reader-text\">Twitter<\/span><\/a><\/li><\/ul>\n<\/div>\n<\/div>\n\n\n\n<div style=\"height:100px\" aria-hidden=\"true\" class=\"wp-block-spacer\"><\/div>\n<\/div>\n<\/div><\/div>\n\n\n\n<div id=\"dj-gaiteirinho\" class=\"wp-block-uagb-container uagb-block-cb158f63 alignfull uagb-is-root-container\"><div class=\"uagb-container-inner-blocks-wrap\">\n<div data-aos= \"slide-right\" data-aos-duration=\"400\" data-aos-delay=\"0\" data-aos-easing=\"ease\" data-aos-once=\"true\" class=\"wp-block-uagb-container uag-hide-mob uagb-block-de18ab48\">\n<div class=\"wp-block-uagb-container uagb-block-95a77368\">\n<div class=\"wp-block-uagb-container uagb-block-38a50bdf\">\n<div class=\"wp-block-uagb-advanced-heading uagb-block-090b63ad\"><h2 class=\"uagb-heading-text\"><strong><strong><strong><strong>DJ Gaiteirinho<\/strong><\/strong><\/strong><\/strong><\/h2><\/div>\n\n\n\n<p>M\u00fasico e DJ \u00e9 bastante conhecido por trazer aos palcos de festivais, bares e festas, os sons da World Music e Folk, levando o publico a viajar por paisagens sonoras que v\u00e3o desde a Folk Europeia \u00e0 m\u00fasica dos Balc\u00e3s, Africa, Oriente, Am\u00e9rica, etc.. S\u00e3o Sets de muita m\u00fasica variada dedicada sempre ao evento e com momentos onde introduz os seus instrumentos, tocando ao vivo.<\/p>\n<\/div>\n\n\n\n<div class=\"wp-block-uagb-container uagb-block-92368403\">\n<div class=\"wp-block-uagb-image uagb-block-dd5493b3 wp-block-uagb-image--layout-default wp-block-uagb-image--effect-zoomin wp-block-uagb-image--align-none\"><figure class=\"wp-block-uagb-image__figure\"><img decoding=\"async\" srcset=\"https:\/\/tradidancas.pt\/wp-content\/uploads\/2023\/06\/dj-gaiteirinho-foto.webp , https:\/\/tradidancas.pt\/wp-content\/uploads\/2023\/06\/dj-gaiteirinho-foto.webp 360w\" sizes=\"auto, (max-width: 480px) 150px\" src=\"https:\/\/tradidancas.pt\/wp-content\/uploads\/2023\/06\/dj-gaiteirinho-foto.webp\" alt=\"\" class=\"uag-image-2564\" width=\"900\" height=\"506\" title=\"\" loading=\"lazy\"\/><\/figure><\/div>\n\n\n\n<div style=\"height:25px\" aria-hidden=\"true\" class=\"wp-block-spacer\"><\/div>\n<\/div>\n<\/div>\n\n\n\n<div style=\"height:100px\" aria-hidden=\"true\" class=\"wp-block-spacer\"><\/div>\n<\/div>\n\n\n\n<div data-aos= \"slide-right\" data-aos-duration=\"400\" data-aos-delay=\"0\" data-aos-easing=\"ease\" data-aos-once=\"true\" class=\"wp-block-uagb-container uag-hide-desktop uag-hide-tab uagb-block-b177f914\">\n<div class=\"wp-block-uagb-container uagb-block-52b14724\">\n<div class=\"wp-block-uagb-advanced-heading uagb-block-7408e34b\"><h2 class=\"uagb-heading-text\"><strong><strong><strong><strong><strong><strong>DJ Gaiteirinho<\/strong><\/strong><\/strong><\/strong><\/strong><\/strong><\/h2><\/div>\n\n\n\n<div class=\"wp-block-uagb-container uagb-block-fb5ba1eb\">\n<div class=\"wp-block-uagb-image uagb-block-72cc28b2 wp-block-uagb-image--layout-default wp-block-uagb-image--effect-zoomin wp-block-uagb-image--align-none\"><figure class=\"wp-block-uagb-image__figure\"><img decoding=\"async\" srcset=\"https:\/\/tradidancas.pt\/wp-content\/uploads\/2023\/06\/dj-gaiteirinho-foto.webp \" sizes=\"auto, (max-width: 480px) 150px\" src=\"https:\/\/tradidancas.pt\/wp-content\/uploads\/2023\/06\/dj-gaiteirinho-foto.webp\" alt=\"\" class=\"uag-image-2564\" width=\"900\" height=\"506\" title=\"\" loading=\"lazy\"\/><\/figure><\/div>\n\n\n\n<div style=\"height:25px\" aria-hidden=\"true\" class=\"wp-block-spacer\"><\/div>\n<\/div>\n\n\n\n<div class=\"wp-block-uagb-container uagb-block-46bd082e\">\n<p>M\u00fasico e DJ \u00e9 bastante conhecido por trazer aos palcos de festivais, bares e festas, os sons da World Music e Folk, levando o publico a viajar por paisagens sonoras que v\u00e3o desde a Folk Europeia \u00e0 m\u00fasica dos Balc\u00e3s, Africa, Oriente, Am\u00e9rica, etc.. S\u00e3o Sets de muita m\u00fasica variada dedicada sempre ao evento e com momentos onde introduz os seus instrumentos, tocando ao vivo.<\/p>\n<\/div>\n<\/div>\n\n\n\n<div style=\"height:100px\" aria-hidden=\"true\" class=\"wp-block-spacer\"><\/div>\n<\/div>\n<\/div><\/div>\n\n\n\n<div id=\"Laefty-lo\" class=\"wp-block-uagb-container uagb-block-2811a670 alignfull uagb-is-root-container\"><div class=\"uagb-container-inner-blocks-wrap\">\n<div data-aos= \"slide-right\" data-aos-duration=\"400\" data-aos-delay=\"0\" data-aos-easing=\"ease\" data-aos-once=\"true\" class=\"wp-block-uagb-container uag-hide-mob uagb-block-ca65bcfd\">\n<div class=\"wp-block-uagb-container uagb-block-70617e04\">\n<div class=\"wp-block-uagb-container uagb-block-dc475b57\">\n<div class=\"wp-block-uagb-advanced-heading uagb-block-5fcc5e33\"><h2 class=\"uagb-heading-text\"><strong><strong><strong><strong><strong>Laefty Lo<\/strong><\/strong><\/strong><\/strong><\/strong><\/h2><\/div>\n\n\n\n<p>Quadrilhas, rodas, filas, posi\u00e7\u00f5es solit\u00e1rias, gestos livres, deambula\u00e7\u00f5es, explos\u00f5es sem tempo e dan\u00e7as de pares. \u00c9 assim que os Laefty Lo, desde 2008, recriam a matriz rural de v\u00e1rios pa\u00edses e de v\u00e1rias \u00e9pocas. Mas \u00e9 com coreografias e m\u00fasicas originais que os Laefty Lo moldam um imagin\u00e1rio europeu que mant\u00e9m vivas v\u00e1rias tradi\u00e7\u00f5es.<\/p>\n\n\n\n<p>Ana Domingas, no violoncelo;<\/p>\n\n\n\n<p>Andr\u00e9 Correia nas percuss\u00f5es;<\/p>\n\n\n\n<p>Jorge Anacleto na guitarra folk;<\/p>\n\n\n\n<p>Patr\u00edcia Vieira no ensino das coreografias; e&nbsp;&nbsp;<\/p>\n\n\n\n<p>V\u00edtor Cordeiro nas flautas de bisel, gaitas de fole e concertina.<\/p>\n<\/div>\n\n\n\n<div class=\"wp-block-uagb-container uagb-block-d0f9760b\">\n<div class=\"wp-block-uagb-image uagb-block-46a244e8 wp-block-uagb-image--layout-default wp-block-uagb-image--effect-zoomin wp-block-uagb-image--align-none\"><figure class=\"wp-block-uagb-image__figure\"><img decoding=\"async\" srcset=\"https:\/\/tradidancas.pt\/wp-content\/uploads\/2023\/07\/laefty-foto.webp , https:\/\/tradidancas.pt\/wp-content\/uploads\/2023\/07\/laefty-foto.webp 360w\" sizes=\"auto, (max-width: 480px) 150px\" src=\"https:\/\/tradidancas.pt\/wp-content\/uploads\/2023\/07\/laefty-foto.webp\" alt=\"\" class=\"uag-image-2568\" width=\"900\" height=\"506\" title=\"\" loading=\"lazy\"\/><\/figure><\/div>\n\n\n\n<div style=\"height:25px\" aria-hidden=\"true\" class=\"wp-block-spacer\"><\/div>\n\n\n\n<ul class=\"wp-block-social-links is-content-justification-right is-layout-flex wp-container-core-social-links-is-layout-d445cf74 wp-block-social-links-is-layout-flex\"><li class=\"wp-social-link wp-social-link-youtube  wp-block-social-link\"><a rel=\"noopener nofollow\" target=\"_blank\" href=\"https:\/\/www.youtube.com\/watch?v=alpiNf_IPgI\" class=\"wp-block-social-link-anchor\"><svg width=\"24\" height=\"24\" viewBox=\"0 0 24 24\" version=\"1.1\" xmlns=\"http:\/\/www.w3.org\/2000\/svg\" aria-hidden=\"true\" focusable=\"false\"><path d=\"M21.8,8.001c0,0-0.195-1.378-0.795-1.985c-0.76-0.797-1.613-0.801-2.004-0.847c-2.799-0.202-6.997-0.202-6.997-0.202 h-0.009c0,0-4.198,0-6.997,0.202C4.608,5.216,3.756,5.22,2.995,6.016C2.395,6.623,2.2,8.001,2.2,8.001S2,9.62,2,11.238v1.517 c0,1.618,0.2,3.237,0.2,3.237s0.195,1.378,0.795,1.985c0.761,0.797,1.76,0.771,2.205,0.855c1.6,0.153,6.8,0.201,6.8,0.201 s4.203-0.006,7.001-0.209c0.391-0.047,1.243-0.051,2.004-0.847c0.6-0.607,0.795-1.985,0.795-1.985s0.2-1.618,0.2-3.237v-1.517 C22,9.62,21.8,8.001,21.8,8.001z M9.935,14.594l-0.001-5.62l5.404,2.82L9.935,14.594z\"><\/path><\/svg><span class=\"wp-block-social-link-label screen-reader-text\">YouTube<\/span><\/a><\/li><\/ul>\n<\/div>\n<\/div>\n\n\n\n<div style=\"height:100px\" aria-hidden=\"true\" class=\"wp-block-spacer\"><\/div>\n<\/div>\n\n\n\n<div data-aos= \"slide-right\" data-aos-duration=\"400\" data-aos-delay=\"0\" data-aos-easing=\"ease\" data-aos-once=\"true\" class=\"wp-block-uagb-container uag-hide-desktop uag-hide-tab uagb-block-f87cd331\">\n<div class=\"wp-block-uagb-container uagb-block-42a4a4b1\">\n<div class=\"wp-block-uagb-advanced-heading uagb-block-f25c512d\"><h2 class=\"uagb-heading-text\"><strong><strong><strong><strong><strong><strong><strong>Laefty Lo<\/strong><\/strong><\/strong><\/strong><\/strong><\/strong><\/strong><\/h2><\/div>\n\n\n\n<div class=\"wp-block-uagb-container uagb-block-8ed074f0\">\n<div class=\"wp-block-uagb-image uagb-block-be1f4a69 wp-block-uagb-image--layout-default wp-block-uagb-image--effect-zoomin wp-block-uagb-image--align-none\"><figure class=\"wp-block-uagb-image__figure\"><img decoding=\"async\" srcset=\"https:\/\/tradidancas.pt\/wp-content\/uploads\/2023\/07\/laefty-foto.webp \" sizes=\"auto, (max-width: 480px) 150px\" src=\"https:\/\/tradidancas.pt\/wp-content\/uploads\/2023\/07\/laefty-foto.webp\" alt=\"\" class=\"uag-image-2568\" width=\"900\" height=\"506\" title=\"\" loading=\"lazy\"\/><\/figure><\/div>\n\n\n\n<div style=\"height:25px\" aria-hidden=\"true\" class=\"wp-block-spacer\"><\/div>\n<\/div>\n\n\n\n<div class=\"wp-block-uagb-container uagb-block-d505215d\">\n<p>Quadrilhas, rodas, filas, posi\u00e7\u00f5es solit\u00e1rias, gestos livres, deambula\u00e7\u00f5es, explos\u00f5es sem tempo e dan\u00e7as de pares. \u00c9 assim que os Laefty Lo, desde 2008, recriam a matriz rural de v\u00e1rios pa\u00edses e de v\u00e1rias \u00e9pocas. Mas \u00e9 com coreografias e m\u00fasicas originais que os Laefty Lo moldam um imagin\u00e1rio europeu que mant\u00e9m vivas v\u00e1rias tradi\u00e7\u00f5es.<\/p>\n\n\n\n<p>Ana Domingas, no violoncelo;<\/p>\n\n\n\n<p>Andr\u00e9 Correia nas percuss\u00f5es;<\/p>\n\n\n\n<p>Jorge Anacleto na guitarra folk;<\/p>\n\n\n\n<p>Patr\u00edcia Vieira no ensino das coreografias; e&nbsp;&nbsp;<\/p>\n\n\n\n<p>V\u00edtor Cordeiro nas flautas de bisel, gaitas de fole e concertina.<\/p>\n\n\n\n<ul class=\"wp-block-social-links is-content-justification-center is-layout-flex wp-container-core-social-links-is-layout-5c862ccd wp-block-social-links-is-layout-flex\" style=\"margin-top:35px\"><li class=\"wp-social-link wp-social-link-youtube  wp-block-social-link\"><a rel=\"noopener nofollow\" target=\"_blank\" href=\"https:\/\/www.youtube.com\/watch?v=alpiNf_IPgI\" class=\"wp-block-social-link-anchor\"><svg width=\"24\" height=\"24\" viewBox=\"0 0 24 24\" version=\"1.1\" xmlns=\"http:\/\/www.w3.org\/2000\/svg\" aria-hidden=\"true\" focusable=\"false\"><path d=\"M21.8,8.001c0,0-0.195-1.378-0.795-1.985c-0.76-0.797-1.613-0.801-2.004-0.847c-2.799-0.202-6.997-0.202-6.997-0.202 h-0.009c0,0-4.198,0-6.997,0.202C4.608,5.216,3.756,5.22,2.995,6.016C2.395,6.623,2.2,8.001,2.2,8.001S2,9.62,2,11.238v1.517 c0,1.618,0.2,3.237,0.2,3.237s0.195,1.378,0.795,1.985c0.761,0.797,1.76,0.771,2.205,0.855c1.6,0.153,6.8,0.201,6.8,0.201 s4.203-0.006,7.001-0.209c0.391-0.047,1.243-0.051,2.004-0.847c0.6-0.607,0.795-1.985,0.795-1.985s0.2-1.618,0.2-3.237v-1.517 C22,9.62,21.8,8.001,21.8,8.001z M9.935,14.594l-0.001-5.62l5.404,2.82L9.935,14.594z\"><\/path><\/svg><span class=\"wp-block-social-link-label screen-reader-text\">YouTube<\/span><\/a><\/li><\/ul>\n<\/div>\n<\/div>\n\n\n\n<div style=\"height:100px\" aria-hidden=\"true\" class=\"wp-block-spacer\"><\/div>\n<\/div>\n<\/div><\/div>\n\n\n\n<div id=\"Flow-On\" class=\"wp-block-uagb-container uagb-block-dd142890 alignfull uagb-is-root-container\"><div class=\"uagb-container-inner-blocks-wrap\">\n<div data-aos= \"slide-right\" data-aos-duration=\"400\" data-aos-delay=\"0\" data-aos-easing=\"ease\" data-aos-once=\"true\" class=\"wp-block-uagb-container uag-hide-mob uagb-block-443c006a\">\n<div class=\"wp-block-uagb-container uagb-block-8ddc552c\">\n<div class=\"wp-block-uagb-container uagb-block-facb9795\">\n<div class=\"wp-block-uagb-advanced-heading uagb-block-eb9a79ff\"><h2 class=\"uagb-heading-text\"><strong><strong><strong><strong><strong><strong>Flow On<\/strong><\/strong><\/strong><\/strong><\/strong><\/strong><\/h2><\/div>\n\n\n\n<p>O projeto Flow On consiste na cria\u00e7\u00e3o de uma abordagem alternativa e inovadora \u00e0 pr\u00e1tica de movimento &#8211; parkour. A esta abordagem cham\u00e1mos Parkour Dance.&nbsp;<\/p>\n\n\n\n<p>Somos um casal de atletas de parkour com uma vis\u00e3o revolucion\u00e1ria para esta pr\u00e1tica: queremos acrescentar teatro, coreografia, performance e anima\u00e7\u00e3o a esta modalidade com infinitas possibilidades de explora\u00e7\u00e3o.&nbsp;<\/p>\n\n\n\n<p>Parkour \u00e9 a pr\u00e1tica de movimentos eficazes no meio ambiente que nos rodeia. Parkour Dance \u00e9 a pr\u00e1tica desses movimentos de uma forma mais criativa e art\u00edstica. Acreditamos que toda a gente poder\u00e1 beneficiar da explora\u00e7\u00e3o e conhecimento do seu pr\u00f3prio corpo e porque n\u00e3o assim o fazer com uma abordagem super divertida e din\u00e2mica?<\/p>\n<\/div>\n\n\n\n<div class=\"wp-block-uagb-container uagb-block-0ef552b9\">\n<div class=\"wp-block-uagb-image uagb-block-693bd709 wp-block-uagb-image--layout-default wp-block-uagb-image--effect-zoomin wp-block-uagb-image--align-none\"><figure class=\"wp-block-uagb-image__figure\"><img decoding=\"async\" srcset=\"https:\/\/tradidancas.pt\/wp-content\/uploads\/2023\/07\/moldura-fLOW-ON.webp , https:\/\/tradidancas.pt\/wp-content\/uploads\/2023\/07\/laefty-foto.webp 360w\" sizes=\"auto, (max-width: 480px) 150px\" src=\"https:\/\/tradidancas.pt\/wp-content\/uploads\/2023\/07\/moldura-fLOW-ON.webp\" alt=\"\" class=\"uag-image-2574\" width=\"900\" height=\"506\" title=\"\" loading=\"lazy\"\/><\/figure><\/div>\n\n\n\n<div style=\"height:25px\" aria-hidden=\"true\" class=\"wp-block-spacer\"><\/div>\n\n\n\n<ul class=\"wp-block-social-links is-content-justification-right is-layout-flex wp-container-core-social-links-is-layout-d445cf74 wp-block-social-links-is-layout-flex\"><li class=\"wp-social-link wp-social-link-instagram  wp-block-social-link\"><a rel=\"noopener nofollow\" target=\"_blank\" href=\"https:\/\/instagram.com\/flowonproject?igshid=MzRlODBiNWFlZA==\" class=\"wp-block-social-link-anchor\"><svg width=\"24\" height=\"24\" viewBox=\"0 0 24 24\" version=\"1.1\" xmlns=\"http:\/\/www.w3.org\/2000\/svg\" aria-hidden=\"true\" focusable=\"false\"><path d=\"M12,4.622c2.403,0,2.688,0.009,3.637,0.052c0.877,0.04,1.354,0.187,1.671,0.31c0.42,0.163,0.72,0.358,1.035,0.673 c0.315,0.315,0.51,0.615,0.673,1.035c0.123,0.317,0.27,0.794,0.31,1.671c0.043,0.949,0.052,1.234,0.052,3.637 s-0.009,2.688-0.052,3.637c-0.04,0.877-0.187,1.354-0.31,1.671c-0.163,0.42-0.358,0.72-0.673,1.035 c-0.315,0.315-0.615,0.51-1.035,0.673c-0.317,0.123-0.794,0.27-1.671,0.31c-0.949,0.043-1.233,0.052-3.637,0.052 s-2.688-0.009-3.637-0.052c-0.877-0.04-1.354-0.187-1.671-0.31c-0.42-0.163-0.72-0.358-1.035-0.673 c-0.315-0.315-0.51-0.615-0.673-1.035c-0.123-0.317-0.27-0.794-0.31-1.671C4.631,14.688,4.622,14.403,4.622,12 s0.009-2.688,0.052-3.637c0.04-0.877,0.187-1.354,0.31-1.671c0.163-0.42,0.358-0.72,0.673-1.035 c0.315-0.315,0.615-0.51,1.035-0.673c0.317-0.123,0.794-0.27,1.671-0.31C9.312,4.631,9.597,4.622,12,4.622 M12,3 C9.556,3,9.249,3.01,8.289,3.054C7.331,3.098,6.677,3.25,6.105,3.472C5.513,3.702,5.011,4.01,4.511,4.511 c-0.5,0.5-0.808,1.002-1.038,1.594C3.25,6.677,3.098,7.331,3.054,8.289C3.01,9.249,3,9.556,3,12c0,2.444,0.01,2.751,0.054,3.711 c0.044,0.958,0.196,1.612,0.418,2.185c0.23,0.592,0.538,1.094,1.038,1.594c0.5,0.5,1.002,0.808,1.594,1.038 c0.572,0.222,1.227,0.375,2.185,0.418C9.249,20.99,9.556,21,12,21s2.751-0.01,3.711-0.054c0.958-0.044,1.612-0.196,2.185-0.418 c0.592-0.23,1.094-0.538,1.594-1.038c0.5-0.5,0.808-1.002,1.038-1.594c0.222-0.572,0.375-1.227,0.418-2.185 C20.99,14.751,21,14.444,21,12s-0.01-2.751-0.054-3.711c-0.044-0.958-0.196-1.612-0.418-2.185c-0.23-0.592-0.538-1.094-1.038-1.594 c-0.5-0.5-1.002-0.808-1.594-1.038c-0.572-0.222-1.227-0.375-2.185-0.418C14.751,3.01,14.444,3,12,3L12,3z M12,7.378 c-2.552,0-4.622,2.069-4.622,4.622S9.448,16.622,12,16.622s4.622-2.069,4.622-4.622S14.552,7.378,12,7.378z M12,15 c-1.657,0-3-1.343-3-3s1.343-3,3-3s3,1.343,3,3S13.657,15,12,15z M16.804,6.116c-0.596,0-1.08,0.484-1.08,1.08 s0.484,1.08,1.08,1.08c0.596,0,1.08-0.484,1.08-1.08S17.401,6.116,16.804,6.116z\"><\/path><\/svg><span class=\"wp-block-social-link-label screen-reader-text\">Instagram<\/span><\/a><\/li><\/ul>\n<\/div>\n<\/div>\n\n\n\n<div style=\"height:100px\" aria-hidden=\"true\" class=\"wp-block-spacer\"><\/div>\n<\/div>\n\n\n\n<div data-aos= \"slide-right\" data-aos-duration=\"400\" data-aos-delay=\"0\" data-aos-easing=\"ease\" data-aos-once=\"true\" class=\"wp-block-uagb-container uag-hide-desktop uag-hide-tab uagb-block-78d8c1ab\">\n<div class=\"wp-block-uagb-container uagb-block-3b2bf509\">\n<div class=\"wp-block-uagb-advanced-heading uagb-block-acd03dfb\"><h2 class=\"uagb-heading-text\"><strong><strong><strong><strong><strong><strong><strong><strong>Flow On<\/strong><\/strong><\/strong><\/strong><\/strong><\/strong><\/strong><\/strong><\/h2><\/div>\n\n\n\n<div class=\"wp-block-uagb-container uagb-block-52387ffd\">\n<div class=\"wp-block-uagb-image uagb-block-a740c9a5 wp-block-uagb-image--layout-default wp-block-uagb-image--effect-zoomin wp-block-uagb-image--align-none\"><figure class=\"wp-block-uagb-image__figure\"><img decoding=\"async\" srcset=\"https:\/\/tradidancas.pt\/wp-content\/uploads\/2023\/07\/moldura-fLOW-ON.webp \" sizes=\"auto, (max-width: 480px) 150px\" src=\"https:\/\/tradidancas.pt\/wp-content\/uploads\/2023\/07\/moldura-fLOW-ON.webp\" alt=\"\" class=\"uag-image-2574\" width=\"900\" height=\"506\" title=\"\" loading=\"lazy\"\/><\/figure><\/div>\n\n\n\n<div style=\"height:25px\" aria-hidden=\"true\" class=\"wp-block-spacer\"><\/div>\n<\/div>\n\n\n\n<div class=\"wp-block-uagb-container uagb-block-58cd1dfe\">\n<p>O projeto Flow On consiste na cria\u00e7\u00e3o de uma abordagem alternativa e inovadora \u00e0 pr\u00e1tica de movimento &#8211; parkour. A esta abordagem cham\u00e1mos Parkour Dance.&nbsp;<\/p>\n\n\n\n<p>Somos um casal de atletas de parkour com uma vis\u00e3o revolucion\u00e1ria para esta pr\u00e1tica: queremos acrescentar teatro, coreografia, performance e anima\u00e7\u00e3o a esta modalidade com infinitas possibilidades de explora\u00e7\u00e3o.&nbsp;<\/p>\n\n\n\n<p>Parkour \u00e9 a pr\u00e1tica de movimentos eficazes no meio ambiente que nos rodeia. Parkour Dance \u00e9 a pr\u00e1tica desses movimentos de uma forma mais criativa e art\u00edstica. Acreditamos que toda a gente poder\u00e1 beneficiar da explora\u00e7\u00e3o e conhecimento do seu pr\u00f3prio corpo e porque n\u00e3o assim o fazer com uma abordagem super divertida e din\u00e2mica?<\/p>\n\n\n\n<ul class=\"wp-block-social-links is-content-justification-center is-layout-flex wp-container-core-social-links-is-layout-5c862ccd wp-block-social-links-is-layout-flex\" style=\"margin-top:35px\"><li class=\"wp-social-link wp-social-link-instagram  wp-block-social-link\"><a rel=\"noopener nofollow\" target=\"_blank\" href=\"https:\/\/instagram.com\/flowonproject?igshid=MzRlODBiNWFlZA==\" class=\"wp-block-social-link-anchor\"><svg width=\"24\" height=\"24\" viewBox=\"0 0 24 24\" version=\"1.1\" xmlns=\"http:\/\/www.w3.org\/2000\/svg\" aria-hidden=\"true\" focusable=\"false\"><path d=\"M12,4.622c2.403,0,2.688,0.009,3.637,0.052c0.877,0.04,1.354,0.187,1.671,0.31c0.42,0.163,0.72,0.358,1.035,0.673 c0.315,0.315,0.51,0.615,0.673,1.035c0.123,0.317,0.27,0.794,0.31,1.671c0.043,0.949,0.052,1.234,0.052,3.637 s-0.009,2.688-0.052,3.637c-0.04,0.877-0.187,1.354-0.31,1.671c-0.163,0.42-0.358,0.72-0.673,1.035 c-0.315,0.315-0.615,0.51-1.035,0.673c-0.317,0.123-0.794,0.27-1.671,0.31c-0.949,0.043-1.233,0.052-3.637,0.052 s-2.688-0.009-3.637-0.052c-0.877-0.04-1.354-0.187-1.671-0.31c-0.42-0.163-0.72-0.358-1.035-0.673 c-0.315-0.315-0.51-0.615-0.673-1.035c-0.123-0.317-0.27-0.794-0.31-1.671C4.631,14.688,4.622,14.403,4.622,12 s0.009-2.688,0.052-3.637c0.04-0.877,0.187-1.354,0.31-1.671c0.163-0.42,0.358-0.72,0.673-1.035 c0.315-0.315,0.615-0.51,1.035-0.673c0.317-0.123,0.794-0.27,1.671-0.31C9.312,4.631,9.597,4.622,12,4.622 M12,3 C9.556,3,9.249,3.01,8.289,3.054C7.331,3.098,6.677,3.25,6.105,3.472C5.513,3.702,5.011,4.01,4.511,4.511 c-0.5,0.5-0.808,1.002-1.038,1.594C3.25,6.677,3.098,7.331,3.054,8.289C3.01,9.249,3,9.556,3,12c0,2.444,0.01,2.751,0.054,3.711 c0.044,0.958,0.196,1.612,0.418,2.185c0.23,0.592,0.538,1.094,1.038,1.594c0.5,0.5,1.002,0.808,1.594,1.038 c0.572,0.222,1.227,0.375,2.185,0.418C9.249,20.99,9.556,21,12,21s2.751-0.01,3.711-0.054c0.958-0.044,1.612-0.196,2.185-0.418 c0.592-0.23,1.094-0.538,1.594-1.038c0.5-0.5,0.808-1.002,1.038-1.594c0.222-0.572,0.375-1.227,0.418-2.185 C20.99,14.751,21,14.444,21,12s-0.01-2.751-0.054-3.711c-0.044-0.958-0.196-1.612-0.418-2.185c-0.23-0.592-0.538-1.094-1.038-1.594 c-0.5-0.5-1.002-0.808-1.594-1.038c-0.572-0.222-1.227-0.375-2.185-0.418C14.751,3.01,14.444,3,12,3L12,3z M12,7.378 c-2.552,0-4.622,2.069-4.622,4.622S9.448,16.622,12,16.622s4.622-2.069,4.622-4.622S14.552,7.378,12,7.378z M12,15 c-1.657,0-3-1.343-3-3s1.343-3,3-3s3,1.343,3,3S13.657,15,12,15z M16.804,6.116c-0.596,0-1.08,0.484-1.08,1.08 s0.484,1.08,1.08,1.08c0.596,0,1.08-0.484,1.08-1.08S17.401,6.116,16.804,6.116z\"><\/path><\/svg><span class=\"wp-block-social-link-label screen-reader-text\">Instagram<\/span><\/a><\/li><\/ul>\n<\/div>\n<\/div>\n\n\n\n<div style=\"height:100px\" aria-hidden=\"true\" class=\"wp-block-spacer\"><\/div>\n<\/div>\n<\/div><\/div>\n\n\n\n<div id=\"Kritika-Thakur\" class=\"wp-block-uagb-container uagb-block-4286d289 alignfull uagb-is-root-container\"><div class=\"uagb-container-inner-blocks-wrap\">\n<div data-aos= \"slide-right\" data-aos-duration=\"400\" data-aos-delay=\"0\" data-aos-easing=\"ease\" data-aos-once=\"true\" class=\"wp-block-uagb-container uag-hide-mob uagb-block-659f3ada\">\n<div class=\"wp-block-uagb-container uagb-block-dbe0ee55\">\n<div class=\"wp-block-uagb-container uagb-block-040f9a6d\">\n<div class=\"wp-block-uagb-advanced-heading uagb-block-ed2970d1\"><h2 class=\"uagb-heading-text\"><strong><strong><strong><strong><strong><strong><strong>Kritika Thakur<\/strong><\/strong><\/strong><\/strong><\/strong><\/strong><\/strong><\/h2><\/div>\n\n\n\n<p>Kritika Thakur \u00e9 uma professora de dan\u00e7a indiana, core\u00f3grafa e performer com uma experi\u00eancia de 12 anos em v\u00e1rios estilos de dan\u00e7a indiana e ocidental, como Bollywood, dan\u00e7as folcl\u00f3ricas indianas (Ghoomar, Kalbeliya, Garba, Dandiya, Bhangra, etc), semi-cl\u00e1ssicas Kathak e Bharatanatyam, Jazz, Ballet, Contempor\u00e2neo, Latinas, Hip Hop, Dancehall, High Heels, etc. J\u00e1 atuou em mais de 1000 espet\u00e1culos ao vivo na \u00cdndia e em muitos outros pa\u00edses como Egito, China, R\u00fassia, Dubai, Espanha, Fran\u00e7a, It\u00e1lia, Alemanha, Su\u00ed\u00e7a, Andorra e Sri Lanka. Trabalhou na ind\u00fastria de BOLLYWOOD em Mumbai, \u00cdndia, como performer e core\u00f3grafa. E tamb\u00e9m atuou como artista feminina principal em 3 produ\u00e7\u00f5es musicais de Bollywood. \u00c9 filha de professores profissionais de Yoga, praticando Yoga desde a inf\u00e2ncia, algo que contribuiu para a sua forma\u00e7\u00e3o em dan\u00e7a.<\/p>\n\n\n\n<p>Mudou-se para Portugal em 2017 depois de casar com um m\u00fasico portugu\u00eas e, desde ent\u00e3,o tem vindo a espalhar a sua arte e cultura por todo o pa\u00eds e Europa. Abriu a sua pr\u00f3pria companhia de dan\u00e7a &#8220;Zariya Indian Performing Arts &#8221; sob sua dire\u00e7\u00e3o art\u00edstica e gest\u00e3o. O projeto Zariya j\u00e1 se apresentou em v\u00e1rios eventos culturais e festivais em Portugal e na Europa, incluindo eventos com a Embaixada da \u00cdndia em Lisboa, e festivais como Tradidan\u00e7as, Rock in Rio (Portugal), Outono Quente, Momentus, Fim de Semana Alternativa (Ferreira do Alentejo), etc. Zariya foi tamb\u00e9m v\u00e1rias vezes convidado para atuar em canais de televis\u00e3o nacionais RTP1 e TVI (Pra\u00e7a da Alegria, Temos Artista Especial Tradi\u00e7\u00f5es, Cristina com Vida, Em Fam\u00edlia). Kritika Thakur foi ainda uma das juradas em concursos de dan\u00e7a All Dance Portugal, All Dance International e Portugal a Dan\u00e7ar. J\u00e1 deu aulas e workshops de dan\u00e7a a milhares de pessoas por todo o pa\u00eds e continua a divulgar o seu trabalho.<\/p>\n<\/div>\n\n\n\n<div class=\"wp-block-uagb-container uagb-block-839796f7\">\n<div class=\"wp-block-uagb-image uagb-block-7c218f12 wp-block-uagb-image--layout-default wp-block-uagb-image--effect-zoomin wp-block-uagb-image--align-none\"><figure class=\"wp-block-uagb-image__figure\"><img decoding=\"async\" srcset=\"https:\/\/tradidancas.pt\/wp-content\/uploads\/2023\/07\/KRTITIKA-FOTO.webp , https:\/\/tradidancas.pt\/wp-content\/uploads\/2023\/07\/laefty-foto.webp 360w\" sizes=\"auto, (max-width: 480px) 150px\" src=\"https:\/\/tradidancas.pt\/wp-content\/uploads\/2023\/07\/KRTITIKA-FOTO.webp\" alt=\"\" class=\"uag-image-2633\" width=\"900\" height=\"506\" title=\"\" loading=\"lazy\"\/><\/figure><\/div>\n\n\n\n<div style=\"height:25px\" aria-hidden=\"true\" class=\"wp-block-spacer\"><\/div>\n\n\n\n<ul class=\"wp-block-social-links is-content-justification-right is-layout-flex wp-container-core-social-links-is-layout-d445cf74 wp-block-social-links-is-layout-flex\"><li class=\"wp-social-link wp-social-link-instagram  wp-block-social-link\"><a rel=\"noopener nofollow\" target=\"_blank\" href=\"https:\/\/www.instagram.com\/kritikathakur.artist\/\" class=\"wp-block-social-link-anchor\"><svg width=\"24\" height=\"24\" viewBox=\"0 0 24 24\" version=\"1.1\" xmlns=\"http:\/\/www.w3.org\/2000\/svg\" aria-hidden=\"true\" focusable=\"false\"><path d=\"M12,4.622c2.403,0,2.688,0.009,3.637,0.052c0.877,0.04,1.354,0.187,1.671,0.31c0.42,0.163,0.72,0.358,1.035,0.673 c0.315,0.315,0.51,0.615,0.673,1.035c0.123,0.317,0.27,0.794,0.31,1.671c0.043,0.949,0.052,1.234,0.052,3.637 s-0.009,2.688-0.052,3.637c-0.04,0.877-0.187,1.354-0.31,1.671c-0.163,0.42-0.358,0.72-0.673,1.035 c-0.315,0.315-0.615,0.51-1.035,0.673c-0.317,0.123-0.794,0.27-1.671,0.31c-0.949,0.043-1.233,0.052-3.637,0.052 s-2.688-0.009-3.637-0.052c-0.877-0.04-1.354-0.187-1.671-0.31c-0.42-0.163-0.72-0.358-1.035-0.673 c-0.315-0.315-0.51-0.615-0.673-1.035c-0.123-0.317-0.27-0.794-0.31-1.671C4.631,14.688,4.622,14.403,4.622,12 s0.009-2.688,0.052-3.637c0.04-0.877,0.187-1.354,0.31-1.671c0.163-0.42,0.358-0.72,0.673-1.035 c0.315-0.315,0.615-0.51,1.035-0.673c0.317-0.123,0.794-0.27,1.671-0.31C9.312,4.631,9.597,4.622,12,4.622 M12,3 C9.556,3,9.249,3.01,8.289,3.054C7.331,3.098,6.677,3.25,6.105,3.472C5.513,3.702,5.011,4.01,4.511,4.511 c-0.5,0.5-0.808,1.002-1.038,1.594C3.25,6.677,3.098,7.331,3.054,8.289C3.01,9.249,3,9.556,3,12c0,2.444,0.01,2.751,0.054,3.711 c0.044,0.958,0.196,1.612,0.418,2.185c0.23,0.592,0.538,1.094,1.038,1.594c0.5,0.5,1.002,0.808,1.594,1.038 c0.572,0.222,1.227,0.375,2.185,0.418C9.249,20.99,9.556,21,12,21s2.751-0.01,3.711-0.054c0.958-0.044,1.612-0.196,2.185-0.418 c0.592-0.23,1.094-0.538,1.594-1.038c0.5-0.5,0.808-1.002,1.038-1.594c0.222-0.572,0.375-1.227,0.418-2.185 C20.99,14.751,21,14.444,21,12s-0.01-2.751-0.054-3.711c-0.044-0.958-0.196-1.612-0.418-2.185c-0.23-0.592-0.538-1.094-1.038-1.594 c-0.5-0.5-1.002-0.808-1.594-1.038c-0.572-0.222-1.227-0.375-2.185-0.418C14.751,3.01,14.444,3,12,3L12,3z M12,7.378 c-2.552,0-4.622,2.069-4.622,4.622S9.448,16.622,12,16.622s4.622-2.069,4.622-4.622S14.552,7.378,12,7.378z M12,15 c-1.657,0-3-1.343-3-3s1.343-3,3-3s3,1.343,3,3S13.657,15,12,15z M16.804,6.116c-0.596,0-1.08,0.484-1.08,1.08 s0.484,1.08,1.08,1.08c0.596,0,1.08-0.484,1.08-1.08S17.401,6.116,16.804,6.116z\"><\/path><\/svg><span class=\"wp-block-social-link-label screen-reader-text\">Instagram<\/span><\/a><\/li><\/ul>\n<\/div>\n<\/div>\n\n\n\n<div style=\"height:100px\" aria-hidden=\"true\" class=\"wp-block-spacer\"><\/div>\n<\/div>\n\n\n\n<div data-aos= \"slide-right\" data-aos-duration=\"400\" data-aos-delay=\"0\" data-aos-easing=\"ease\" data-aos-once=\"true\" class=\"wp-block-uagb-container uag-hide-desktop uag-hide-tab uagb-block-4acb4c65\">\n<div class=\"wp-block-uagb-container uagb-block-071c904f\">\n<div class=\"wp-block-uagb-advanced-heading uagb-block-acc4c44b\"><h2 class=\"uagb-heading-text\"><strong><strong><strong><strong><strong><strong><strong><strong><strong>Kritika Thakur<\/strong><\/strong><\/strong><\/strong><\/strong><\/strong><\/strong><\/strong><\/strong><\/h2><\/div>\n\n\n\n<div class=\"wp-block-uagb-container uagb-block-bc556c00\">\n<div class=\"wp-block-uagb-image uagb-block-9a16e03e wp-block-uagb-image--layout-default wp-block-uagb-image--effect-zoomin wp-block-uagb-image--align-none\"><figure class=\"wp-block-uagb-image__figure\"><img decoding=\"async\" srcset=\"https:\/\/tradidancas.pt\/wp-content\/uploads\/2023\/07\/KRTITIKA-FOTO.webp \" sizes=\"auto, (max-width: 480px) 150px\" src=\"https:\/\/tradidancas.pt\/wp-content\/uploads\/2023\/07\/KRTITIKA-FOTO.webp\" alt=\"\" class=\"uag-image-2633\" width=\"900\" height=\"506\" title=\"\" loading=\"lazy\"\/><\/figure><\/div>\n\n\n\n<div style=\"height:25px\" aria-hidden=\"true\" class=\"wp-block-spacer\"><\/div>\n<\/div>\n\n\n\n<div class=\"wp-block-uagb-container uagb-block-4d951a78\">\n<p>Kritika Thakur \u00e9 uma professora de dan\u00e7a indiana, core\u00f3grafa e performer com uma experi\u00eancia de 12 anos em v\u00e1rios estilos de dan\u00e7a indiana e ocidental, como Bollywood, dan\u00e7as folcl\u00f3ricas indianas (Ghoomar, Kalbeliya, Garba, Dandiya, Bhangra, etc), semi-cl\u00e1ssicas Kathak e Bharatanatyam, Jazz, Ballet, Contempor\u00e2neo, Latinas, Hip Hop, Dancehall, High Heels, etc. J\u00e1 atuou em mais de 1000 espet\u00e1culos ao vivo na \u00cdndia e em muitos outros pa\u00edses como Egito, China, R\u00fassia, Dubai, Espanha, Fran\u00e7a, It\u00e1lia, Alemanha, Su\u00ed\u00e7a, Andorra e Sri Lanka. Trabalhou na ind\u00fastria de BOLLYWOOD em Mumbai, \u00cdndia, como performer e core\u00f3grafa. E tamb\u00e9m atuou como artista feminina principal em 3 produ\u00e7\u00f5es musicais de Bollywood. \u00c9 filha de professores profissionais de Yoga, praticando Yoga desde a inf\u00e2ncia, algo que contribuiu para a sua forma\u00e7\u00e3o em dan\u00e7a.<\/p>\n\n\n\n<p>Mudou-se para Portugal em 2017 depois de casar com um m\u00fasico portugu\u00eas e, desde ent\u00e3,o tem vindo a espalhar a sua arte e cultura por todo o pa\u00eds e Europa. Abriu a sua pr\u00f3pria companhia de dan\u00e7a &#8220;Zariya Indian Performing Arts &#8221; sob sua dire\u00e7\u00e3o art\u00edstica e gest\u00e3o. O projeto Zariya j\u00e1 se apresentou em v\u00e1rios eventos culturais e festivais em Portugal e na Europa, incluindo eventos com a Embaixada da \u00cdndia em Lisboa, e festivais como Tradidan\u00e7as, Rock in Rio (Portugal), Outono Quente, Momentus, Fim de Semana Alternativa (Ferreira do Alentejo), etc. Zariya foi tamb\u00e9m v\u00e1rias vezes convidado para atuar em canais de televis\u00e3o nacionais RTP1 e TVI (Pra\u00e7a da Alegria, Temos Artista Especial Tradi\u00e7\u00f5es, Cristina com Vida, Em Fam\u00edlia). Kritika Thakur foi ainda uma das juradas em concursos de dan\u00e7a All Dance Portugal, All Dance International e Portugal a Dan\u00e7ar. J\u00e1 deu aulas e workshops de dan\u00e7a a milhares de pessoas por todo o pa\u00eds e continua a divulgar o seu trabalho.<\/p>\n\n\n\n<ul class=\"wp-block-social-links is-content-justification-center is-layout-flex wp-container-core-social-links-is-layout-5c862ccd wp-block-social-links-is-layout-flex\" style=\"margin-top:35px\"><li class=\"wp-social-link wp-social-link-instagram  wp-block-social-link\"><a rel=\"noopener nofollow\" target=\"_blank\" href=\"https:\/\/www.instagram.com\/kritikathakur.artist\/\" class=\"wp-block-social-link-anchor\"><svg width=\"24\" height=\"24\" viewBox=\"0 0 24 24\" version=\"1.1\" xmlns=\"http:\/\/www.w3.org\/2000\/svg\" aria-hidden=\"true\" focusable=\"false\"><path d=\"M12,4.622c2.403,0,2.688,0.009,3.637,0.052c0.877,0.04,1.354,0.187,1.671,0.31c0.42,0.163,0.72,0.358,1.035,0.673 c0.315,0.315,0.51,0.615,0.673,1.035c0.123,0.317,0.27,0.794,0.31,1.671c0.043,0.949,0.052,1.234,0.052,3.637 s-0.009,2.688-0.052,3.637c-0.04,0.877-0.187,1.354-0.31,1.671c-0.163,0.42-0.358,0.72-0.673,1.035 c-0.315,0.315-0.615,0.51-1.035,0.673c-0.317,0.123-0.794,0.27-1.671,0.31c-0.949,0.043-1.233,0.052-3.637,0.052 s-2.688-0.009-3.637-0.052c-0.877-0.04-1.354-0.187-1.671-0.31c-0.42-0.163-0.72-0.358-1.035-0.673 c-0.315-0.315-0.51-0.615-0.673-1.035c-0.123-0.317-0.27-0.794-0.31-1.671C4.631,14.688,4.622,14.403,4.622,12 s0.009-2.688,0.052-3.637c0.04-0.877,0.187-1.354,0.31-1.671c0.163-0.42,0.358-0.72,0.673-1.035 c0.315-0.315,0.615-0.51,1.035-0.673c0.317-0.123,0.794-0.27,1.671-0.31C9.312,4.631,9.597,4.622,12,4.622 M12,3 C9.556,3,9.249,3.01,8.289,3.054C7.331,3.098,6.677,3.25,6.105,3.472C5.513,3.702,5.011,4.01,4.511,4.511 c-0.5,0.5-0.808,1.002-1.038,1.594C3.25,6.677,3.098,7.331,3.054,8.289C3.01,9.249,3,9.556,3,12c0,2.444,0.01,2.751,0.054,3.711 c0.044,0.958,0.196,1.612,0.418,2.185c0.23,0.592,0.538,1.094,1.038,1.594c0.5,0.5,1.002,0.808,1.594,1.038 c0.572,0.222,1.227,0.375,2.185,0.418C9.249,20.99,9.556,21,12,21s2.751-0.01,3.711-0.054c0.958-0.044,1.612-0.196,2.185-0.418 c0.592-0.23,1.094-0.538,1.594-1.038c0.5-0.5,0.808-1.002,1.038-1.594c0.222-0.572,0.375-1.227,0.418-2.185 C20.99,14.751,21,14.444,21,12s-0.01-2.751-0.054-3.711c-0.044-0.958-0.196-1.612-0.418-2.185c-0.23-0.592-0.538-1.094-1.038-1.594 c-0.5-0.5-1.002-0.808-1.594-1.038c-0.572-0.222-1.227-0.375-2.185-0.418C14.751,3.01,14.444,3,12,3L12,3z M12,7.378 c-2.552,0-4.622,2.069-4.622,4.622S9.448,16.622,12,16.622s4.622-2.069,4.622-4.622S14.552,7.378,12,7.378z M12,15 c-1.657,0-3-1.343-3-3s1.343-3,3-3s3,1.343,3,3S13.657,15,12,15z M16.804,6.116c-0.596,0-1.08,0.484-1.08,1.08 s0.484,1.08,1.08,1.08c0.596,0,1.08-0.484,1.08-1.08S17.401,6.116,16.804,6.116z\"><\/path><\/svg><span class=\"wp-block-social-link-label screen-reader-text\">Instagram<\/span><\/a><\/li><\/ul>\n<\/div>\n<\/div>\n\n\n\n<div style=\"height:100px\" aria-hidden=\"true\" class=\"wp-block-spacer\"><\/div>\n<\/div>\n<\/div><\/div>\n\n\n\n<div id=\"Fol&amp;ar\" class=\"wp-block-uagb-container uagb-block-7fc42c16 alignfull uagb-is-root-container\"><div class=\"uagb-container-inner-blocks-wrap\">\n<div data-aos= \"slide-right\" data-aos-duration=\"400\" data-aos-delay=\"0\" data-aos-easing=\"ease\" data-aos-once=\"true\" class=\"wp-block-uagb-container uag-hide-mob uagb-block-a7ec66d8\">\n<div class=\"wp-block-uagb-container uagb-block-991bba59\">\n<div class=\"wp-block-uagb-container uagb-block-0075f00c\">\n<div class=\"wp-block-uagb-advanced-heading uagb-block-359e01d0\"><h2 class=\"uagb-heading-text\"><strong>Fol&amp;ar<\/strong><\/h2><\/div>\n\n\n\n<p>O projeto fol&amp;ar nasce em 2006 juntando um conjunto de instrumentos com vontade pr\u00f3pria a um conjunto de m\u00fasicos apaixonados pela dan\u00e7a e m\u00fasica tradicional. Com temas baseados em dan\u00e7as de toda a Europa, fomos apresentando o nosso projeto de<br>baile. \u00c0 sonoridade caracter\u00edstica de cada um dos instrumentos junta-se a partilha do ambiente intimista de cada m\u00fasica. Da alegria do malh\u00e3o ao arrastar c\u00famplice da mazurca, cri\u00e1mos um conjunto de temas que identificam simultaneamente cada um de n\u00f3s e o som que nos caracteriza como um todo.<\/p>\n\n\n\n<p>Surgindo inequivocamente na linha da frente da m\u00fasica de inspira\u00e7\u00e3o folk e de tradi\u00e7\u00e3o europeia<br>em Portugal, protagonizaram um papel fundamental na divulga\u00e7\u00e3o e difus\u00e3o deste g\u00eanero musical. Nas suas atua\u00e7\u00f5es ao vivo, os fol&amp;ar despertaram grande entusiasmo e curiosidade, tendo criado um p\u00fablico pr\u00f3prio.<\/p>\n<\/div>\n\n\n\n<div class=\"wp-block-uagb-container uagb-block-e284a429\">\n<div class=\"wp-block-uagb-image uagb-block-405e391e wp-block-uagb-image--layout-default wp-block-uagb-image--effect-zoomin wp-block-uagb-image--align-none\"><figure class=\"wp-block-uagb-image__figure\"><img decoding=\"async\" srcset=\"https:\/\/tradidancas.pt\/wp-content\/uploads\/2023\/07\/moldura-folear.webp , https:\/\/tradidancas.pt\/wp-content\/uploads\/2023\/07\/laefty-foto.webp 360w\" sizes=\"auto, (max-width: 480px) 150px\" src=\"https:\/\/tradidancas.pt\/wp-content\/uploads\/2023\/07\/moldura-folear.webp\" alt=\"\" class=\"uag-image-2636\" width=\"900\" height=\"506\" title=\"\" loading=\"lazy\"\/><\/figure><\/div>\n\n\n\n<div style=\"height:25px\" aria-hidden=\"true\" class=\"wp-block-spacer\"><\/div>\n\n\n\n<ul class=\"wp-block-social-links is-content-justification-right is-layout-flex wp-container-core-social-links-is-layout-d445cf74 wp-block-social-links-is-layout-flex\"><li class=\"wp-social-link wp-social-link-facebook  wp-block-social-link\"><a rel=\"noopener nofollow\" target=\"_blank\" href=\"https:\/\/www.facebook.com\/people\/folar\/100063629857996\/\" class=\"wp-block-social-link-anchor\"><svg width=\"24\" height=\"24\" viewBox=\"0 0 24 24\" version=\"1.1\" xmlns=\"http:\/\/www.w3.org\/2000\/svg\" aria-hidden=\"true\" focusable=\"false\"><path d=\"M12 2C6.5 2 2 6.5 2 12c0 5 3.7 9.1 8.4 9.9v-7H7.9V12h2.5V9.8c0-2.5 1.5-3.9 3.8-3.9 1.1 0 2.2.2 2.2.2v2.5h-1.3c-1.2 0-1.6.8-1.6 1.6V12h2.8l-.4 2.9h-2.3v7C18.3 21.1 22 17 22 12c0-5.5-4.5-10-10-10z\"><\/path><\/svg><span class=\"wp-block-social-link-label screen-reader-text\">Facebook<\/span><\/a><\/li><\/ul>\n<\/div>\n<\/div>\n\n\n\n<div style=\"height:100px\" aria-hidden=\"true\" class=\"wp-block-spacer\"><\/div>\n<\/div>\n\n\n\n<div data-aos= \"slide-right\" data-aos-duration=\"400\" data-aos-delay=\"0\" data-aos-easing=\"ease\" data-aos-once=\"true\" class=\"wp-block-uagb-container uag-hide-desktop uag-hide-tab uagb-block-f741f408\">\n<div class=\"wp-block-uagb-container uagb-block-eaad8df9\">\n<div class=\"wp-block-uagb-advanced-heading uagb-block-d5edfaaa\"><h2 class=\"uagb-heading-text\"><strong><strong><strong><strong><strong><strong><strong><strong><strong><strong>Fol&amp;ar<\/strong><\/strong><\/strong><\/strong><\/strong><\/strong><\/strong><\/strong><\/strong><\/strong><\/h2><\/div>\n\n\n\n<div class=\"wp-block-uagb-container uagb-block-665b1128\">\n<div class=\"wp-block-uagb-image uagb-block-8b0c3a6e wp-block-uagb-image--layout-default wp-block-uagb-image--effect-zoomin wp-block-uagb-image--align-none\"><figure class=\"wp-block-uagb-image__figure\"><img decoding=\"async\" srcset=\"https:\/\/tradidancas.pt\/wp-content\/uploads\/2023\/07\/moldura-folear.webp \" sizes=\"auto, (max-width: 480px) 150px\" src=\"https:\/\/tradidancas.pt\/wp-content\/uploads\/2023\/07\/moldura-folear.webp\" alt=\"\" class=\"uag-image-2636\" width=\"900\" height=\"506\" title=\"\" loading=\"lazy\"\/><\/figure><\/div>\n\n\n\n<div style=\"height:25px\" aria-hidden=\"true\" class=\"wp-block-spacer\"><\/div>\n<\/div>\n\n\n\n<div class=\"wp-block-uagb-container uagb-block-808d137f\">\n<p>O projeto fol&amp;ar nasce em 2006 juntando um conjunto de instrumentos com vontade pr\u00f3pria a um conjunto de m\u00fasicos apaixonados pela dan\u00e7a e m\u00fasica tradicional. Com temas baseados em dan\u00e7as de toda a Europa, fomos apresentando o nosso projeto de<br>baile. \u00c0 sonoridade caracter\u00edstica de cada um dos instrumentos junta-se a partilha do ambiente intimista de cada m\u00fasica. Da alegria do malh\u00e3o ao arrastar c\u00famplice da mazurca, cri\u00e1mos um conjunto de temas que identificam simultaneamente cada um de n\u00f3s e o som que nos caracteriza como um todo.<\/p>\n\n\n\n<p>Surgindo inequivocamente na linha da frente da m\u00fasica de inspira\u00e7\u00e3o folk e de tradi\u00e7\u00e3o europeia<br>em Portugal, protagonizaram um papel fundamental na divulga\u00e7\u00e3o e difus\u00e3o deste g\u00eanero musical. Nas suas atua\u00e7\u00f5es ao vivo, os fol&amp;ar despertaram grande entusiasmo e curiosidade, tendo criado um p\u00fablico pr\u00f3prio.<\/p>\n\n\n\n<ul class=\"wp-block-social-links is-content-justification-center is-layout-flex wp-container-core-social-links-is-layout-5c862ccd wp-block-social-links-is-layout-flex\" style=\"margin-top:35px\"><li class=\"wp-social-link wp-social-link-facebook  wp-block-social-link\"><a rel=\"noopener nofollow\" target=\"_blank\" href=\"https:\/\/www.facebook.com\/people\/folar\/100063629857996\/\" class=\"wp-block-social-link-anchor\"><svg width=\"24\" height=\"24\" viewBox=\"0 0 24 24\" version=\"1.1\" xmlns=\"http:\/\/www.w3.org\/2000\/svg\" aria-hidden=\"true\" focusable=\"false\"><path d=\"M12 2C6.5 2 2 6.5 2 12c0 5 3.7 9.1 8.4 9.9v-7H7.9V12h2.5V9.8c0-2.5 1.5-3.9 3.8-3.9 1.1 0 2.2.2 2.2.2v2.5h-1.3c-1.2 0-1.6.8-1.6 1.6V12h2.8l-.4 2.9h-2.3v7C18.3 21.1 22 17 22 12c0-5.5-4.5-10-10-10z\"><\/path><\/svg><span class=\"wp-block-social-link-label screen-reader-text\">Facebook<\/span><\/a><\/li><\/ul>\n<\/div>\n<\/div>\n\n\n\n<div style=\"height:100px\" aria-hidden=\"true\" class=\"wp-block-spacer\"><\/div>\n<\/div>\n<\/div><\/div>\n\n\n\n<div id=\"DJ-Com-Fus\u00e3o\" class=\"wp-block-uagb-container uagb-block-92d6bf04 alignfull uagb-is-root-container\"><div class=\"uagb-container-inner-blocks-wrap\">\n<div data-aos= \"slide-right\" data-aos-duration=\"400\" data-aos-delay=\"0\" data-aos-easing=\"ease\" data-aos-once=\"true\" class=\"wp-block-uagb-container uag-hide-mob uagb-block-c5c5e1ec\">\n<div class=\"wp-block-uagb-container uagb-block-f5a358c0\">\n<div class=\"wp-block-uagb-container uagb-block-cf1cb4b2\">\n<div class=\"wp-block-uagb-advanced-heading uagb-block-26b697c1\"><h2 class=\"uagb-heading-text\"><strong><strong>DJ Com Fus\u00e3o<\/strong><\/strong><\/h2><\/div>\n\n\n\n<p>Vem dan\u00e7ar numa viagem divertida \u00e0 volta do mundo em 80 ritmos, na fus\u00e3o do Folclore internacional e de batidas multi\u00e9tnicas&#8230;<\/p>\n<\/div>\n\n\n\n<div class=\"wp-block-uagb-container uagb-block-d5976c43\">\n<div class=\"wp-block-uagb-image uagb-block-316b03da wp-block-uagb-image--layout-default wp-block-uagb-image--effect-zoomin wp-block-uagb-image--align-none\"><figure class=\"wp-block-uagb-image__figure\"><img decoding=\"async\" srcset=\"https:\/\/tradidancas.pt\/wp-content\/uploads\/2023\/07\/moldura-dj-com-fusao.webp , https:\/\/tradidancas.pt\/wp-content\/uploads\/2023\/07\/laefty-foto.webp 360w\" sizes=\"auto, (max-width: 480px) 150px\" src=\"https:\/\/tradidancas.pt\/wp-content\/uploads\/2023\/07\/moldura-dj-com-fusao.webp\" alt=\"\" class=\"uag-image-2639\" width=\"900\" height=\"506\" title=\"\" loading=\"lazy\"\/><\/figure><\/div>\n\n\n\n<div style=\"height:25px\" aria-hidden=\"true\" class=\"wp-block-spacer\"><\/div>\n<\/div>\n<\/div>\n\n\n\n<div style=\"height:100px\" aria-hidden=\"true\" class=\"wp-block-spacer\"><\/div>\n<\/div>\n\n\n\n<div data-aos= \"slide-right\" data-aos-duration=\"400\" data-aos-delay=\"0\" data-aos-easing=\"ease\" data-aos-once=\"true\" class=\"wp-block-uagb-container uag-hide-desktop uag-hide-tab uagb-block-27860d5b\">\n<div class=\"wp-block-uagb-container uagb-block-7151a3be\">\n<div class=\"wp-block-uagb-advanced-heading uagb-block-d8762f4c\"><h2 class=\"uagb-heading-text\"><strong><strong><strong><strong><strong><strong><strong><strong><strong><strong><strong>DJ Com Fus\u00e3o<\/strong><\/strong><\/strong><\/strong><\/strong><\/strong><\/strong><\/strong><\/strong><\/strong><\/strong><\/h2><\/div>\n\n\n\n<div class=\"wp-block-uagb-container uagb-block-9f92c25a\">\n<div class=\"wp-block-uagb-image uagb-block-f0a170e2 wp-block-uagb-image--layout-default wp-block-uagb-image--effect-zoomin wp-block-uagb-image--align-none\"><figure class=\"wp-block-uagb-image__figure\"><img decoding=\"async\" srcset=\"https:\/\/tradidancas.pt\/wp-content\/uploads\/2023\/07\/moldura-dj-com-fusao.webp \" sizes=\"auto, (max-width: 480px) 150px\" src=\"https:\/\/tradidancas.pt\/wp-content\/uploads\/2023\/07\/moldura-dj-com-fusao.webp\" alt=\"\" class=\"uag-image-2639\" width=\"900\" height=\"506\" title=\"\" loading=\"lazy\"\/><\/figure><\/div>\n\n\n\n<div style=\"height:25px\" aria-hidden=\"true\" class=\"wp-block-spacer\"><\/div>\n<\/div>\n\n\n\n<div class=\"wp-block-uagb-container uagb-block-2b5af4a4\">\n<p>Vem dan\u00e7ar numa viagem divertida \u00e0 volta do mundo em 80 ritmos, na fus\u00e3o do Folclore internacional e de batidas multi\u00e9tnicas&#8230;<\/p>\n\n\n\n<ul class=\"wp-block-social-links is-layout-flex wp-block-social-links-is-layout-flex\" style=\"margin-top:35px\"><\/ul>\n<\/div>\n<\/div>\n\n\n\n<div style=\"height:100px\" aria-hidden=\"true\" class=\"wp-block-spacer\"><\/div>\n<\/div>\n<\/div><\/div>\n\n\n\n<div id=\"H\u00e9lio-Santos\" class=\"wp-block-uagb-container uagb-block-2bf4960f alignfull uagb-is-root-container\"><div class=\"uagb-container-inner-blocks-wrap\">\n<div data-aos= \"slide-right\" data-aos-duration=\"400\" data-aos-delay=\"0\" data-aos-easing=\"ease\" data-aos-once=\"true\" class=\"wp-block-uagb-container uag-hide-mob uagb-block-f36c3356\">\n<div class=\"wp-block-uagb-container uagb-block-fa16bb84\">\n<div class=\"wp-block-uagb-container uagb-block-439787ff\">\n<div class=\"wp-block-uagb-advanced-heading uagb-block-9b9c85ce\"><h2 class=\"uagb-heading-text\"><strong><strong>H\u00e9lio Santos<\/strong><\/strong><\/h2><\/div>\n\n\n\n<p>WORKSHOP \u2013 FUNAN\u00c1:<\/p>\n\n\n\n<p>\u00abSomos\u00bb, e enraizamos; conectamos com a terra, ao ch\u00e3o, a for\u00e7a que vem de abaixo\u2026 Sentimos as ra\u00edzes que entram profundamente no ch\u00e3o, para nutrir o nosso corpo inteiro.<br>Com os movimentos da Funan\u00e1, vais restabelecer o equil\u00edbrio f\u00edsico, psicol\u00f3gico, emocional e espiritual, criando uma liga\u00e7\u00e3o e harmonia entre ti e o cosmos; vais encontrar a fonte do teu poder pessoal.<\/p>\n\n\n\n<p><br>KIZOMBA INNER JOURNEY \u2013 WORKSHOP<\/p>\n\n\n\n<p>Um projecto que nasce da paix\u00e3o de H\u00e9lio Santos de partilhar a ess\u00eancia desta dan\u00e7a e ao mesmo tempo de explorar uma parte mais org\u00e2nica e profunda do nosso &#8220;eu&#8221;. Consci\u00eancia de movimento, musicalidade, ritmo, improvisa\u00e7\u00e3o e conex\u00e3o com o corpo s\u00e3o algumas das \u00e1reas que poder\u00e1s descobrir nesta aula.<\/p>\n\n\n\n<p><br>DAN\u00c7AS AFRICANAS:<\/p>\n\n\n\n<p>Nas \u201cDan\u00e7as Africanas\u201d de H\u00e9lio Santos, cada participante experimentar\u00e1 momentos de partilha cultural, bem como dan\u00e7a, canto e uma diversidade de movimentos, em que H\u00e9lio leva as pessoas por jornadas de autoconsci\u00eancia e inclus\u00e3o.<\/p>\n\n\n\n<p>\u00c9 um encontro de uni\u00e3o e conex\u00e3o entre pessoas e culturas atrav\u00e9s de Dan\u00e7as Africana, C\u00e2nticos e Consci\u00eancia Colectiva. A oficina de &#8220;Dan\u00e7as Africanas (Connection)&#8221; visiona o trabalho do desenvolvimento Humano atrav\u00e9s do conhecimento do corpo, do &#8220;Eu&#8221; nesse corpo e do &#8220;Eu&#8221; na comunidade.<\/p>\n<\/div>\n\n\n\n<div class=\"wp-block-uagb-container uagb-block-f19ee9e2\">\n<div class=\"wp-block-uagb-image uagb-block-c404f0b8 wp-block-uagb-image--layout-default wp-block-uagb-image--effect-zoomin wp-block-uagb-image--align-none\"><figure class=\"wp-block-uagb-image__figure\"><img decoding=\"async\" srcset=\"https:\/\/tradidancas.pt\/wp-content\/uploads\/2023\/07\/HELIO-SANTOS.webp , https:\/\/tradidancas.pt\/wp-content\/uploads\/2023\/07\/HELIO-SANTOS.webp 360w\" sizes=\"auto, (max-width: 480px) 150px\" src=\"https:\/\/tradidancas.pt\/wp-content\/uploads\/2023\/07\/HELIO-SANTOS.webp\" alt=\"\" class=\"uag-image-2644\" width=\"900\" height=\"506\" title=\"\" loading=\"lazy\"\/><\/figure><\/div>\n\n\n\n<div style=\"height:25px\" aria-hidden=\"true\" class=\"wp-block-spacer\"><\/div>\n\n\n\n<ul class=\"wp-block-social-links is-content-justification-right is-layout-flex wp-container-core-social-links-is-layout-d445cf74 wp-block-social-links-is-layout-flex\"><li class=\"wp-social-link wp-social-link-chain  wp-block-social-link\"><a rel=\"noopener nofollow\" target=\"_blank\" href=\"https:\/\/www.helio-santos.com\/\" class=\"wp-block-social-link-anchor\"><svg width=\"24\" height=\"24\" viewBox=\"0 0 24 24\" version=\"1.1\" xmlns=\"http:\/\/www.w3.org\/2000\/svg\" aria-hidden=\"true\" focusable=\"false\"><path d=\"M15.6,7.2H14v1.5h1.6c2,0,3.7,1.7,3.7,3.7s-1.7,3.7-3.7,3.7H14v1.5h1.6c2.8,0,5.2-2.3,5.2-5.2,0-2.9-2.3-5.2-5.2-5.2zM4.7,12.4c0-2,1.7-3.7,3.7-3.7H10V7.2H8.4c-2.9,0-5.2,2.3-5.2,5.2,0,2.9,2.3,5.2,5.2,5.2H10v-1.5H8.4c-2,0-3.7-1.7-3.7-3.7zm4.6.9h5.3v-1.5H9.3v1.5z\"><\/path><\/svg><span class=\"wp-block-social-link-label screen-reader-text\">Link<\/span><\/a><\/li>\n\n<li class=\"wp-social-link wp-social-link-instagram  wp-block-social-link\"><a rel=\"noopener nofollow\" target=\"_blank\" href=\"https:\/\/www.instagram.com\/heliosantosofficial\/\" class=\"wp-block-social-link-anchor\"><svg width=\"24\" height=\"24\" viewBox=\"0 0 24 24\" version=\"1.1\" xmlns=\"http:\/\/www.w3.org\/2000\/svg\" aria-hidden=\"true\" focusable=\"false\"><path d=\"M12,4.622c2.403,0,2.688,0.009,3.637,0.052c0.877,0.04,1.354,0.187,1.671,0.31c0.42,0.163,0.72,0.358,1.035,0.673 c0.315,0.315,0.51,0.615,0.673,1.035c0.123,0.317,0.27,0.794,0.31,1.671c0.043,0.949,0.052,1.234,0.052,3.637 s-0.009,2.688-0.052,3.637c-0.04,0.877-0.187,1.354-0.31,1.671c-0.163,0.42-0.358,0.72-0.673,1.035 c-0.315,0.315-0.615,0.51-1.035,0.673c-0.317,0.123-0.794,0.27-1.671,0.31c-0.949,0.043-1.233,0.052-3.637,0.052 s-2.688-0.009-3.637-0.052c-0.877-0.04-1.354-0.187-1.671-0.31c-0.42-0.163-0.72-0.358-1.035-0.673 c-0.315-0.315-0.51-0.615-0.673-1.035c-0.123-0.317-0.27-0.794-0.31-1.671C4.631,14.688,4.622,14.403,4.622,12 s0.009-2.688,0.052-3.637c0.04-0.877,0.187-1.354,0.31-1.671c0.163-0.42,0.358-0.72,0.673-1.035 c0.315-0.315,0.615-0.51,1.035-0.673c0.317-0.123,0.794-0.27,1.671-0.31C9.312,4.631,9.597,4.622,12,4.622 M12,3 C9.556,3,9.249,3.01,8.289,3.054C7.331,3.098,6.677,3.25,6.105,3.472C5.513,3.702,5.011,4.01,4.511,4.511 c-0.5,0.5-0.808,1.002-1.038,1.594C3.25,6.677,3.098,7.331,3.054,8.289C3.01,9.249,3,9.556,3,12c0,2.444,0.01,2.751,0.054,3.711 c0.044,0.958,0.196,1.612,0.418,2.185c0.23,0.592,0.538,1.094,1.038,1.594c0.5,0.5,1.002,0.808,1.594,1.038 c0.572,0.222,1.227,0.375,2.185,0.418C9.249,20.99,9.556,21,12,21s2.751-0.01,3.711-0.054c0.958-0.044,1.612-0.196,2.185-0.418 c0.592-0.23,1.094-0.538,1.594-1.038c0.5-0.5,0.808-1.002,1.038-1.594c0.222-0.572,0.375-1.227,0.418-2.185 C20.99,14.751,21,14.444,21,12s-0.01-2.751-0.054-3.711c-0.044-0.958-0.196-1.612-0.418-2.185c-0.23-0.592-0.538-1.094-1.038-1.594 c-0.5-0.5-1.002-0.808-1.594-1.038c-0.572-0.222-1.227-0.375-2.185-0.418C14.751,3.01,14.444,3,12,3L12,3z M12,7.378 c-2.552,0-4.622,2.069-4.622,4.622S9.448,16.622,12,16.622s4.622-2.069,4.622-4.622S14.552,7.378,12,7.378z M12,15 c-1.657,0-3-1.343-3-3s1.343-3,3-3s3,1.343,3,3S13.657,15,12,15z M16.804,6.116c-0.596,0-1.08,0.484-1.08,1.08 s0.484,1.08,1.08,1.08c0.596,0,1.08-0.484,1.08-1.08S17.401,6.116,16.804,6.116z\"><\/path><\/svg><span class=\"wp-block-social-link-label screen-reader-text\">Instagram<\/span><\/a><\/li><\/ul>\n<\/div>\n<\/div>\n\n\n\n<div style=\"height:100px\" aria-hidden=\"true\" class=\"wp-block-spacer\"><\/div>\n<\/div>\n\n\n\n<div data-aos= \"slide-right\" data-aos-duration=\"400\" data-aos-delay=\"0\" data-aos-easing=\"ease\" data-aos-once=\"true\" class=\"wp-block-uagb-container uag-hide-desktop uag-hide-tab uagb-block-302799d4\">\n<div class=\"wp-block-uagb-container uagb-block-adbc4c19\">\n<div class=\"wp-block-uagb-advanced-heading uagb-block-ff136127\"><h2 class=\"uagb-heading-text\"><strong><strong><strong><strong><strong><strong><strong><strong><strong><strong><strong>H\u00e9lio Santos<\/strong><\/strong><\/strong><\/strong><\/strong><\/strong><\/strong><\/strong><\/strong><\/strong><\/strong><\/h2><\/div>\n\n\n\n<div class=\"wp-block-uagb-container uagb-block-080baa40\">\n<div class=\"wp-block-uagb-image uagb-block-36f37d64 wp-block-uagb-image--layout-default wp-block-uagb-image--effect-zoomin wp-block-uagb-image--align-none\"><figure class=\"wp-block-uagb-image__figure\"><img decoding=\"async\" srcset=\"https:\/\/tradidancas.pt\/wp-content\/uploads\/2023\/07\/HELIO-SANTOS.webp \" sizes=\"auto, (max-width: 480px) 150px\" src=\"https:\/\/tradidancas.pt\/wp-content\/uploads\/2023\/07\/HELIO-SANTOS.webp\" alt=\"\" class=\"uag-image-2644\" width=\"900\" height=\"506\" title=\"\" loading=\"lazy\"\/><\/figure><\/div>\n\n\n\n<div style=\"height:25px\" aria-hidden=\"true\" class=\"wp-block-spacer\"><\/div>\n<\/div>\n\n\n\n<div class=\"wp-block-uagb-container uagb-block-4a560743\">\n<p>WORKSHOP \u2013 FUNAN\u00c1:<\/p>\n\n\n\n<p>\u00abSomos\u00bb, e enraizamos; conectamos com a terra, ao ch\u00e3o, a for\u00e7a que vem de abaixo\u2026 Sentimos as ra\u00edzes que entram profundamente no ch\u00e3o, para nutrir o nosso corpo inteiro.<br>Com os movimentos da Funan\u00e1, vais restabelecer o equil\u00edbrio f\u00edsico, psicol\u00f3gico, emocional e espiritual, criando uma liga\u00e7\u00e3o e harmonia entre ti e o cosmos; vais encontrar a fonte do teu poder pessoal.<\/p>\n\n\n\n<p><br>KIZOMBA INNER JOURNEY \u2013 WORKSHOP<\/p>\n\n\n\n<p>Um projecto que nasce da paix\u00e3o de H\u00e9lio Santos de partilhar a ess\u00eancia desta dan\u00e7a e ao mesmo tempo de explorar uma parte mais org\u00e2nica e profunda do nosso &#8220;eu&#8221;. Consci\u00eancia de movimento, musicalidade, ritmo, improvisa\u00e7\u00e3o e conex\u00e3o com o corpo s\u00e3o algumas das \u00e1reas que poder\u00e1s descobrir nesta aula.<\/p>\n\n\n\n<p><br>DAN\u00c7AS AFRICANAS:<\/p>\n\n\n\n<p>Nas \u201cDan\u00e7as Africanas\u201d de H\u00e9lio Santos, cada participante experimentar\u00e1 momentos de partilha cultural, bem como dan\u00e7a, canto e uma diversidade de movimentos, em que H\u00e9lio leva as pessoas por jornadas de autoconsci\u00eancia e inclus\u00e3o.<\/p>\n\n\n\n<p>\u00c9 um encontro de uni\u00e3o e conex\u00e3o entre pessoas e culturas atrav\u00e9s de Dan\u00e7as Africana, C\u00e2nticos e Consci\u00eancia Colectiva. A oficina de &#8220;Dan\u00e7as Africanas (Connection)&#8221; visiona o trabalho do desenvolvimento Humano atrav\u00e9s do conhecimento do corpo, do &#8220;Eu&#8221; nesse corpo e do &#8220;Eu&#8221; na comunidade.<\/p>\n\n\n\n<ul class=\"wp-block-social-links is-content-justification-center is-layout-flex wp-container-core-social-links-is-layout-5c862ccd wp-block-social-links-is-layout-flex\" style=\"margin-top:35px\"><li class=\"wp-social-link wp-social-link-chain  wp-block-social-link\"><a rel=\"noopener nofollow\" target=\"_blank\" href=\"https:\/\/www.helio-santos.com\/\" class=\"wp-block-social-link-anchor\"><svg width=\"24\" height=\"24\" viewBox=\"0 0 24 24\" version=\"1.1\" xmlns=\"http:\/\/www.w3.org\/2000\/svg\" aria-hidden=\"true\" focusable=\"false\"><path d=\"M15.6,7.2H14v1.5h1.6c2,0,3.7,1.7,3.7,3.7s-1.7,3.7-3.7,3.7H14v1.5h1.6c2.8,0,5.2-2.3,5.2-5.2,0-2.9-2.3-5.2-5.2-5.2zM4.7,12.4c0-2,1.7-3.7,3.7-3.7H10V7.2H8.4c-2.9,0-5.2,2.3-5.2,5.2,0,2.9,2.3,5.2,5.2,5.2H10v-1.5H8.4c-2,0-3.7-1.7-3.7-3.7zm4.6.9h5.3v-1.5H9.3v1.5z\"><\/path><\/svg><span class=\"wp-block-social-link-label screen-reader-text\">Link<\/span><\/a><\/li>\n\n<li class=\"wp-social-link wp-social-link-instagram  wp-block-social-link\"><a rel=\"noopener nofollow\" target=\"_blank\" href=\"https:\/\/www.instagram.com\/heliosantosofficial\/\" class=\"wp-block-social-link-anchor\"><svg width=\"24\" height=\"24\" viewBox=\"0 0 24 24\" version=\"1.1\" xmlns=\"http:\/\/www.w3.org\/2000\/svg\" aria-hidden=\"true\" focusable=\"false\"><path d=\"M12,4.622c2.403,0,2.688,0.009,3.637,0.052c0.877,0.04,1.354,0.187,1.671,0.31c0.42,0.163,0.72,0.358,1.035,0.673 c0.315,0.315,0.51,0.615,0.673,1.035c0.123,0.317,0.27,0.794,0.31,1.671c0.043,0.949,0.052,1.234,0.052,3.637 s-0.009,2.688-0.052,3.637c-0.04,0.877-0.187,1.354-0.31,1.671c-0.163,0.42-0.358,0.72-0.673,1.035 c-0.315,0.315-0.615,0.51-1.035,0.673c-0.317,0.123-0.794,0.27-1.671,0.31c-0.949,0.043-1.233,0.052-3.637,0.052 s-2.688-0.009-3.637-0.052c-0.877-0.04-1.354-0.187-1.671-0.31c-0.42-0.163-0.72-0.358-1.035-0.673 c-0.315-0.315-0.51-0.615-0.673-1.035c-0.123-0.317-0.27-0.794-0.31-1.671C4.631,14.688,4.622,14.403,4.622,12 s0.009-2.688,0.052-3.637c0.04-0.877,0.187-1.354,0.31-1.671c0.163-0.42,0.358-0.72,0.673-1.035 c0.315-0.315,0.615-0.51,1.035-0.673c0.317-0.123,0.794-0.27,1.671-0.31C9.312,4.631,9.597,4.622,12,4.622 M12,3 C9.556,3,9.249,3.01,8.289,3.054C7.331,3.098,6.677,3.25,6.105,3.472C5.513,3.702,5.011,4.01,4.511,4.511 c-0.5,0.5-0.808,1.002-1.038,1.594C3.25,6.677,3.098,7.331,3.054,8.289C3.01,9.249,3,9.556,3,12c0,2.444,0.01,2.751,0.054,3.711 c0.044,0.958,0.196,1.612,0.418,2.185c0.23,0.592,0.538,1.094,1.038,1.594c0.5,0.5,1.002,0.808,1.594,1.038 c0.572,0.222,1.227,0.375,2.185,0.418C9.249,20.99,9.556,21,12,21s2.751-0.01,3.711-0.054c0.958-0.044,1.612-0.196,2.185-0.418 c0.592-0.23,1.094-0.538,1.594-1.038c0.5-0.5,0.808-1.002,1.038-1.594c0.222-0.572,0.375-1.227,0.418-2.185 C20.99,14.751,21,14.444,21,12s-0.01-2.751-0.054-3.711c-0.044-0.958-0.196-1.612-0.418-2.185c-0.23-0.592-0.538-1.094-1.038-1.594 c-0.5-0.5-1.002-0.808-1.594-1.038c-0.572-0.222-1.227-0.375-2.185-0.418C14.751,3.01,14.444,3,12,3L12,3z M12,7.378 c-2.552,0-4.622,2.069-4.622,4.622S9.448,16.622,12,16.622s4.622-2.069,4.622-4.622S14.552,7.378,12,7.378z M12,15 c-1.657,0-3-1.343-3-3s1.343-3,3-3s3,1.343,3,3S13.657,15,12,15z M16.804,6.116c-0.596,0-1.08,0.484-1.08,1.08 s0.484,1.08,1.08,1.08c0.596,0,1.08-0.484,1.08-1.08S17.401,6.116,16.804,6.116z\"><\/path><\/svg><span class=\"wp-block-social-link-label screen-reader-text\">Instagram<\/span><\/a><\/li><\/ul>\n<\/div>\n<\/div>\n\n\n\n<div style=\"height:100px\" aria-hidden=\"true\" class=\"wp-block-spacer\"><\/div>\n<\/div>\n<\/div><\/div>\n\n\n\n<div id=\"Jamicion\u00e1rio\" class=\"wp-block-uagb-container uagb-block-b464a340 alignfull uagb-is-root-container\"><div class=\"uagb-container-inner-blocks-wrap\">\n<div data-aos= \"slide-right\" data-aos-duration=\"400\" data-aos-delay=\"0\" data-aos-easing=\"ease\" data-aos-once=\"true\" class=\"wp-block-uagb-container uag-hide-mob uagb-block-e4792bbc\">\n<div class=\"wp-block-uagb-container uagb-block-558b969b\">\n<div class=\"wp-block-uagb-container uagb-block-12c121e4\">\n<div class=\"wp-block-uagb-advanced-heading uagb-block-e4927506\"><h2 class=\"uagb-heading-text\"><strong><strong><strong>Jamicion\u00e1rio<\/strong><\/strong><\/strong><\/h2><\/div>\n\n\n\n<p>Jo\u00e3o Valente nasceu e cresceu num vai-e-vem entre o Porto e a ria de Aveiro. Estudou, praticou e pratica arquitetura, embora com permanentes desvios pela m\u00fasica e pela banda desenhada. Numa incurs\u00e3o musical teve a sorte de viajar com um violino \u00e0s costas pela costa Oeste Irlandesa e descobrir como \u00e9 que a m\u00fasica pode ser tocada, aprendida e partilhada de uma forma oposta ao ensino musical institucionalizado e individualista que at\u00e9 a\u00ed teve acesso. A partir desse momento o foco da sua deriva violon\u00edstica \u00e9 a componente social da m\u00fasica: a aprendizagem oral das m\u00fasicas, a m\u00fasica de dan\u00e7a em di\u00e1logo com os bailadores e as jam sessions. Pssst &#8230; vens \u00e0 jam?<\/p>\n<\/div>\n\n\n\n<div class=\"wp-block-uagb-container uagb-block-bfc61a27\">\n<div class=\"wp-block-uagb-image uagb-block-c7222986 wp-block-uagb-image--layout-default wp-block-uagb-image--effect-zoomin wp-block-uagb-image--align-none\"><figure class=\"wp-block-uagb-image__figure\"><img decoding=\"async\" srcset=\"https:\/\/tradidancas.pt\/wp-content\/uploads\/2023\/07\/moldura-foto-JAMICIONARIO.webp , https:\/\/tradidancas.pt\/wp-content\/uploads\/2023\/07\/moldura-foto-JAMICIONARIO.webp 360w\" sizes=\"auto, (max-width: 480px) 150px\" src=\"https:\/\/tradidancas.pt\/wp-content\/uploads\/2023\/07\/moldura-foto-JAMICIONARIO.webp\" alt=\"\" class=\"uag-image-2653\" width=\"900\" height=\"506\" title=\"\" loading=\"lazy\"\/><\/figure><\/div>\n\n\n\n<div style=\"height:25px\" aria-hidden=\"true\" class=\"wp-block-spacer\"><\/div>\n\n\n\n<ul class=\"wp-block-social-links is-content-justification-right is-layout-flex wp-container-core-social-links-is-layout-d445cf74 wp-block-social-links-is-layout-flex\"><li class=\"wp-social-link wp-social-link-youtube  wp-block-social-link\"><a rel=\"noopener nofollow\" target=\"_blank\" href=\"https:\/\/www.youtube.com\/watch?v=2tpVOpMvbIA\" class=\"wp-block-social-link-anchor\"><svg width=\"24\" height=\"24\" viewBox=\"0 0 24 24\" version=\"1.1\" xmlns=\"http:\/\/www.w3.org\/2000\/svg\" aria-hidden=\"true\" focusable=\"false\"><path d=\"M21.8,8.001c0,0-0.195-1.378-0.795-1.985c-0.76-0.797-1.613-0.801-2.004-0.847c-2.799-0.202-6.997-0.202-6.997-0.202 h-0.009c0,0-4.198,0-6.997,0.202C4.608,5.216,3.756,5.22,2.995,6.016C2.395,6.623,2.2,8.001,2.2,8.001S2,9.62,2,11.238v1.517 c0,1.618,0.2,3.237,0.2,3.237s0.195,1.378,0.795,1.985c0.761,0.797,1.76,0.771,2.205,0.855c1.6,0.153,6.8,0.201,6.8,0.201 s4.203-0.006,7.001-0.209c0.391-0.047,1.243-0.051,2.004-0.847c0.6-0.607,0.795-1.985,0.795-1.985s0.2-1.618,0.2-3.237v-1.517 C22,9.62,21.8,8.001,21.8,8.001z M9.935,14.594l-0.001-5.62l5.404,2.82L9.935,14.594z\"><\/path><\/svg><span class=\"wp-block-social-link-label screen-reader-text\">YouTube<\/span><\/a><\/li>\n\n<li class=\"wp-social-link wp-social-link-facebook  wp-block-social-link\"><a rel=\"noopener nofollow\" target=\"_blank\" href=\"https:\/\/www.facebook.com\/johnloopx\" class=\"wp-block-social-link-anchor\"><svg width=\"24\" height=\"24\" viewBox=\"0 0 24 24\" version=\"1.1\" xmlns=\"http:\/\/www.w3.org\/2000\/svg\" aria-hidden=\"true\" focusable=\"false\"><path d=\"M12 2C6.5 2 2 6.5 2 12c0 5 3.7 9.1 8.4 9.9v-7H7.9V12h2.5V9.8c0-2.5 1.5-3.9 3.8-3.9 1.1 0 2.2.2 2.2.2v2.5h-1.3c-1.2 0-1.6.8-1.6 1.6V12h2.8l-.4 2.9h-2.3v7C18.3 21.1 22 17 22 12c0-5.5-4.5-10-10-10z\"><\/path><\/svg><span class=\"wp-block-social-link-label screen-reader-text\">Facebook<\/span><\/a><\/li>\n\n<li class=\"wp-social-link wp-social-link-instagram  wp-block-social-link\"><a rel=\"noopener nofollow\" target=\"_blank\" href=\"https:\/\/www.instagram.com\/joraro_varenete\" class=\"wp-block-social-link-anchor\"><svg width=\"24\" height=\"24\" viewBox=\"0 0 24 24\" version=\"1.1\" xmlns=\"http:\/\/www.w3.org\/2000\/svg\" aria-hidden=\"true\" focusable=\"false\"><path d=\"M12,4.622c2.403,0,2.688,0.009,3.637,0.052c0.877,0.04,1.354,0.187,1.671,0.31c0.42,0.163,0.72,0.358,1.035,0.673 c0.315,0.315,0.51,0.615,0.673,1.035c0.123,0.317,0.27,0.794,0.31,1.671c0.043,0.949,0.052,1.234,0.052,3.637 s-0.009,2.688-0.052,3.637c-0.04,0.877-0.187,1.354-0.31,1.671c-0.163,0.42-0.358,0.72-0.673,1.035 c-0.315,0.315-0.615,0.51-1.035,0.673c-0.317,0.123-0.794,0.27-1.671,0.31c-0.949,0.043-1.233,0.052-3.637,0.052 s-2.688-0.009-3.637-0.052c-0.877-0.04-1.354-0.187-1.671-0.31c-0.42-0.163-0.72-0.358-1.035-0.673 c-0.315-0.315-0.51-0.615-0.673-1.035c-0.123-0.317-0.27-0.794-0.31-1.671C4.631,14.688,4.622,14.403,4.622,12 s0.009-2.688,0.052-3.637c0.04-0.877,0.187-1.354,0.31-1.671c0.163-0.42,0.358-0.72,0.673-1.035 c0.315-0.315,0.615-0.51,1.035-0.673c0.317-0.123,0.794-0.27,1.671-0.31C9.312,4.631,9.597,4.622,12,4.622 M12,3 C9.556,3,9.249,3.01,8.289,3.054C7.331,3.098,6.677,3.25,6.105,3.472C5.513,3.702,5.011,4.01,4.511,4.511 c-0.5,0.5-0.808,1.002-1.038,1.594C3.25,6.677,3.098,7.331,3.054,8.289C3.01,9.249,3,9.556,3,12c0,2.444,0.01,2.751,0.054,3.711 c0.044,0.958,0.196,1.612,0.418,2.185c0.23,0.592,0.538,1.094,1.038,1.594c0.5,0.5,1.002,0.808,1.594,1.038 c0.572,0.222,1.227,0.375,2.185,0.418C9.249,20.99,9.556,21,12,21s2.751-0.01,3.711-0.054c0.958-0.044,1.612-0.196,2.185-0.418 c0.592-0.23,1.094-0.538,1.594-1.038c0.5-0.5,0.808-1.002,1.038-1.594c0.222-0.572,0.375-1.227,0.418-2.185 C20.99,14.751,21,14.444,21,12s-0.01-2.751-0.054-3.711c-0.044-0.958-0.196-1.612-0.418-2.185c-0.23-0.592-0.538-1.094-1.038-1.594 c-0.5-0.5-1.002-0.808-1.594-1.038c-0.572-0.222-1.227-0.375-2.185-0.418C14.751,3.01,14.444,3,12,3L12,3z M12,7.378 c-2.552,0-4.622,2.069-4.622,4.622S9.448,16.622,12,16.622s4.622-2.069,4.622-4.622S14.552,7.378,12,7.378z M12,15 c-1.657,0-3-1.343-3-3s1.343-3,3-3s3,1.343,3,3S13.657,15,12,15z M16.804,6.116c-0.596,0-1.08,0.484-1.08,1.08 s0.484,1.08,1.08,1.08c0.596,0,1.08-0.484,1.08-1.08S17.401,6.116,16.804,6.116z\"><\/path><\/svg><span class=\"wp-block-social-link-label screen-reader-text\">Instagram<\/span><\/a><\/li><\/ul>\n<\/div>\n<\/div>\n\n\n\n<div style=\"height:100px\" aria-hidden=\"true\" class=\"wp-block-spacer\"><\/div>\n<\/div>\n\n\n\n<div data-aos= \"slide-right\" data-aos-duration=\"400\" data-aos-delay=\"0\" data-aos-easing=\"ease\" data-aos-once=\"true\" class=\"wp-block-uagb-container uag-hide-desktop uag-hide-tab uagb-block-122f127e\">\n<div class=\"wp-block-uagb-container uagb-block-93c92fad\">\n<div class=\"wp-block-uagb-advanced-heading uagb-block-a61540f6\"><h2 class=\"uagb-heading-text\"><strong><strong><strong><strong><strong><strong><strong><strong><strong><strong><strong><strong>Jamicion\u00e1rio<\/strong><\/strong><\/strong><\/strong><\/strong><\/strong><\/strong><\/strong><\/strong><\/strong><\/strong><\/strong><\/h2><\/div>\n\n\n\n<div class=\"wp-block-uagb-container uagb-block-0c44694d\">\n<div class=\"wp-block-uagb-image uagb-block-01e97df1 wp-block-uagb-image--layout-default wp-block-uagb-image--effect-zoomin wp-block-uagb-image--align-none\"><figure class=\"wp-block-uagb-image__figure\"><img decoding=\"async\" srcset=\"https:\/\/tradidancas.pt\/wp-content\/uploads\/2023\/07\/moldura-foto-JAMICIONARIO.webp \" sizes=\"auto, (max-width: 480px) 150px\" src=\"https:\/\/tradidancas.pt\/wp-content\/uploads\/2023\/07\/moldura-foto-JAMICIONARIO.webp\" alt=\"\" class=\"uag-image-2653\" width=\"900\" height=\"506\" title=\"\" loading=\"lazy\"\/><\/figure><\/div>\n\n\n\n<div style=\"height:25px\" aria-hidden=\"true\" class=\"wp-block-spacer\"><\/div>\n<\/div>\n\n\n\n<div class=\"wp-block-uagb-container uagb-block-d26dd3d1\">\n<p>Jo\u00e3o Valente nasceu e cresceu num vai-e-vem entre o Porto e a ria de Aveiro. Estudou, praticou e pratica arquitetura, embora com permanentes desvios pela m\u00fasica e pela banda desenhada. Numa incurs\u00e3o musical teve a sorte de viajar com um violino \u00e0s costas pela costa Oeste Irlandesa e descobrir como \u00e9 que a m\u00fasica pode ser tocada, aprendida e partilhada de uma forma oposta ao ensino musical institucionalizado e individualista que at\u00e9 a\u00ed teve acesso. A partir desse momento o foco da sua deriva violon\u00edstica \u00e9 a componente social da m\u00fasica: a aprendizagem oral das m\u00fasicas, a m\u00fasica de dan\u00e7a em di\u00e1logo com os bailadores e as jam sessions. Pssst &#8230; vens \u00e0 jam?<\/p>\n\n\n\n<ul class=\"wp-block-social-links is-content-justification-center is-layout-flex wp-container-core-social-links-is-layout-5c862ccd wp-block-social-links-is-layout-flex\" style=\"margin-top:35px\"><li class=\"wp-social-link wp-social-link-youtube  wp-block-social-link\"><a rel=\"noopener nofollow\" target=\"_blank\" href=\"https:\/\/www.youtube.com\/watch?v=2tpVOpMvbIA\" class=\"wp-block-social-link-anchor\"><svg width=\"24\" height=\"24\" viewBox=\"0 0 24 24\" version=\"1.1\" xmlns=\"http:\/\/www.w3.org\/2000\/svg\" aria-hidden=\"true\" focusable=\"false\"><path d=\"M21.8,8.001c0,0-0.195-1.378-0.795-1.985c-0.76-0.797-1.613-0.801-2.004-0.847c-2.799-0.202-6.997-0.202-6.997-0.202 h-0.009c0,0-4.198,0-6.997,0.202C4.608,5.216,3.756,5.22,2.995,6.016C2.395,6.623,2.2,8.001,2.2,8.001S2,9.62,2,11.238v1.517 c0,1.618,0.2,3.237,0.2,3.237s0.195,1.378,0.795,1.985c0.761,0.797,1.76,0.771,2.205,0.855c1.6,0.153,6.8,0.201,6.8,0.201 s4.203-0.006,7.001-0.209c0.391-0.047,1.243-0.051,2.004-0.847c0.6-0.607,0.795-1.985,0.795-1.985s0.2-1.618,0.2-3.237v-1.517 C22,9.62,21.8,8.001,21.8,8.001z M9.935,14.594l-0.001-5.62l5.404,2.82L9.935,14.594z\"><\/path><\/svg><span class=\"wp-block-social-link-label screen-reader-text\">YouTube<\/span><\/a><\/li>\n\n<li class=\"wp-social-link wp-social-link-facebook  wp-block-social-link\"><a rel=\"noopener nofollow\" target=\"_blank\" href=\"https:\/\/www.facebook.com\/johnloopx\" class=\"wp-block-social-link-anchor\"><svg width=\"24\" height=\"24\" viewBox=\"0 0 24 24\" version=\"1.1\" xmlns=\"http:\/\/www.w3.org\/2000\/svg\" aria-hidden=\"true\" focusable=\"false\"><path d=\"M12 2C6.5 2 2 6.5 2 12c0 5 3.7 9.1 8.4 9.9v-7H7.9V12h2.5V9.8c0-2.5 1.5-3.9 3.8-3.9 1.1 0 2.2.2 2.2.2v2.5h-1.3c-1.2 0-1.6.8-1.6 1.6V12h2.8l-.4 2.9h-2.3v7C18.3 21.1 22 17 22 12c0-5.5-4.5-10-10-10z\"><\/path><\/svg><span class=\"wp-block-social-link-label screen-reader-text\">Facebook<\/span><\/a><\/li>\n\n<li class=\"wp-social-link wp-social-link-instagram  wp-block-social-link\"><a rel=\"noopener nofollow\" target=\"_blank\" href=\"https:\/\/www.instagram.com\/joraro_varenete\" class=\"wp-block-social-link-anchor\"><svg width=\"24\" height=\"24\" viewBox=\"0 0 24 24\" version=\"1.1\" xmlns=\"http:\/\/www.w3.org\/2000\/svg\" aria-hidden=\"true\" focusable=\"false\"><path d=\"M12,4.622c2.403,0,2.688,0.009,3.637,0.052c0.877,0.04,1.354,0.187,1.671,0.31c0.42,0.163,0.72,0.358,1.035,0.673 c0.315,0.315,0.51,0.615,0.673,1.035c0.123,0.317,0.27,0.794,0.31,1.671c0.043,0.949,0.052,1.234,0.052,3.637 s-0.009,2.688-0.052,3.637c-0.04,0.877-0.187,1.354-0.31,1.671c-0.163,0.42-0.358,0.72-0.673,1.035 c-0.315,0.315-0.615,0.51-1.035,0.673c-0.317,0.123-0.794,0.27-1.671,0.31c-0.949,0.043-1.233,0.052-3.637,0.052 s-2.688-0.009-3.637-0.052c-0.877-0.04-1.354-0.187-1.671-0.31c-0.42-0.163-0.72-0.358-1.035-0.673 c-0.315-0.315-0.51-0.615-0.673-1.035c-0.123-0.317-0.27-0.794-0.31-1.671C4.631,14.688,4.622,14.403,4.622,12 s0.009-2.688,0.052-3.637c0.04-0.877,0.187-1.354,0.31-1.671c0.163-0.42,0.358-0.72,0.673-1.035 c0.315-0.315,0.615-0.51,1.035-0.673c0.317-0.123,0.794-0.27,1.671-0.31C9.312,4.631,9.597,4.622,12,4.622 M12,3 C9.556,3,9.249,3.01,8.289,3.054C7.331,3.098,6.677,3.25,6.105,3.472C5.513,3.702,5.011,4.01,4.511,4.511 c-0.5,0.5-0.808,1.002-1.038,1.594C3.25,6.677,3.098,7.331,3.054,8.289C3.01,9.249,3,9.556,3,12c0,2.444,0.01,2.751,0.054,3.711 c0.044,0.958,0.196,1.612,0.418,2.185c0.23,0.592,0.538,1.094,1.038,1.594c0.5,0.5,1.002,0.808,1.594,1.038 c0.572,0.222,1.227,0.375,2.185,0.418C9.249,20.99,9.556,21,12,21s2.751-0.01,3.711-0.054c0.958-0.044,1.612-0.196,2.185-0.418 c0.592-0.23,1.094-0.538,1.594-1.038c0.5-0.5,0.808-1.002,1.038-1.594c0.222-0.572,0.375-1.227,0.418-2.185 C20.99,14.751,21,14.444,21,12s-0.01-2.751-0.054-3.711c-0.044-0.958-0.196-1.612-0.418-2.185c-0.23-0.592-0.538-1.094-1.038-1.594 c-0.5-0.5-1.002-0.808-1.594-1.038c-0.572-0.222-1.227-0.375-2.185-0.418C14.751,3.01,14.444,3,12,3L12,3z M12,7.378 c-2.552,0-4.622,2.069-4.622,4.622S9.448,16.622,12,16.622s4.622-2.069,4.622-4.622S14.552,7.378,12,7.378z M12,15 c-1.657,0-3-1.343-3-3s1.343-3,3-3s3,1.343,3,3S13.657,15,12,15z M16.804,6.116c-0.596,0-1.08,0.484-1.08,1.08 s0.484,1.08,1.08,1.08c0.596,0,1.08-0.484,1.08-1.08S17.401,6.116,16.804,6.116z\"><\/path><\/svg><span class=\"wp-block-social-link-label screen-reader-text\">Instagram<\/span><\/a><\/li><\/ul>\n<\/div>\n<\/div>\n\n\n\n<div style=\"height:100px\" aria-hidden=\"true\" class=\"wp-block-spacer\"><\/div>\n<\/div>\n<\/div><\/div>\n\n\n\n<div id=\"hora-de-punto\" class=\"wp-block-uagb-container uagb-block-2d0a008d alignfull uagb-is-root-container\"><div class=\"uagb-container-inner-blocks-wrap\">\n<div data-aos= \"slide-right\" data-aos-duration=\"400\" data-aos-delay=\"0\" data-aos-easing=\"ease\" data-aos-once=\"true\" class=\"wp-block-uagb-container uag-hide-mob uagb-block-b6c81d0b\">\n<div class=\"wp-block-uagb-container uagb-block-530300b6\">\n<div class=\"wp-block-uagb-container uagb-block-734940ad\">\n<div class=\"wp-block-uagb-advanced-heading uagb-block-6df8a1e9\"><h2 class=\"uagb-heading-text\"><strong><strong><strong><strong>Hora de Punto<\/strong><\/strong><\/strong><\/strong><\/h2><\/div>\n\n\n\n<p>Em HORA DE PUNTO, 5 companheiros fizeram PUNTARIA uns aos outros e juntaram-se para tocar e bailar. N\u00e3o chegaram tarde nem cedo, porque quando se toca e baila o PUNTO DE VISTA muda: o rel\u00f3gio gira ao contr\u00e1rio e ningu\u00e9m sabe a quantas anda.<\/p>\n\n\n\n<p>O PUNTO DE PARTIDA foram as dan\u00e7as galegas, com puntos bem punteados, voltas bem volteadas e descansos bem descansados. As dan\u00e7as portuguesas marcaram uma reuni\u00e3o de PUNTO DE SITUA\u00c7\u00c3O e decidiram entrar tamb\u00e9m na roda, com viras bem virados, repasseados bem passeados, corridinhos bem corridos e fados bem batidos.<\/p>\n\n\n\n<p>O Tradidan\u00e7as ser\u00e1 o pr\u00f3ximo PUNTO DE ENCONTRO desta vontade de estar junto em forma de baile.<\/p>\n\n\n\n<p>M\u00fasicos:<\/p>\n\n\n\n<p>Ana Taipas &#8211; dan\u00e7as, pandeireta<\/p>\n\n\n\n<p>Gustavo Portela &#8211; gaitas-de-foles, flauta de tamborileiro<\/p>\n\n\n\n<p>Joana Gui &#8211; dan\u00e7as, pandeireta<\/p>\n\n\n\n<p>Mike Sim\u00f5es &#8211; bouzouki, cavaquinho<\/p>\n\n\n\n<p>Ricardo Falc\u00e3o &#8211; percuss\u00e3o, flauta de tamborileiro<\/p>\n<\/div>\n\n\n\n<div class=\"wp-block-uagb-container uagb-block-5f282c18\">\n<div class=\"wp-block-uagb-image uagb-block-87d7197a wp-block-uagb-image--layout-default wp-block-uagb-image--effect-zoomin wp-block-uagb-image--align-none\"><figure class=\"wp-block-uagb-image__figure\"><img decoding=\"async\" srcset=\"https:\/\/tradidancas.pt\/wp-content\/uploads\/2023\/07\/moldura-foto-Hora-de-Punto.webp , https:\/\/tradidancas.pt\/wp-content\/uploads\/2023\/07\/moldura-foto-JAMICIONARIO.webp 360w\" sizes=\"auto, (max-width: 480px) 150px\" src=\"https:\/\/tradidancas.pt\/wp-content\/uploads\/2023\/07\/moldura-foto-Hora-de-Punto.webp\" alt=\"\" class=\"uag-image-2677\" width=\"900\" height=\"506\" title=\"\" loading=\"lazy\"\/><\/figure><\/div>\n\n\n\n<div style=\"height:25px\" aria-hidden=\"true\" class=\"wp-block-spacer\"><\/div>\n\n\n\n<ul class=\"wp-block-social-links is-content-justification-right is-layout-flex wp-container-core-social-links-is-layout-d445cf74 wp-block-social-links-is-layout-flex\"><\/ul>\n<\/div>\n<\/div>\n\n\n\n<div style=\"height:100px\" aria-hidden=\"true\" class=\"wp-block-spacer\"><\/div>\n<\/div>\n\n\n\n<div data-aos= \"slide-right\" data-aos-duration=\"400\" data-aos-delay=\"0\" data-aos-easing=\"ease\" data-aos-once=\"true\" class=\"wp-block-uagb-container uag-hide-desktop uag-hide-tab uagb-block-5df64e27\">\n<div class=\"wp-block-uagb-container uagb-block-13fc14c0\">\n<div class=\"wp-block-uagb-advanced-heading uagb-block-02f41494\"><h2 class=\"uagb-heading-text\"><strong><strong><strong><strong><strong><strong><strong><strong><strong><strong><strong><strong>Hora de Punto<\/strong><\/strong><\/strong><\/strong><\/strong><\/strong><\/strong><\/strong><\/strong><\/strong><\/strong><\/strong><\/h2><\/div>\n\n\n\n<div class=\"wp-block-uagb-container uagb-block-50aa9893\">\n<div class=\"wp-block-uagb-image uagb-block-c2760a5d wp-block-uagb-image--layout-default wp-block-uagb-image--effect-zoomin wp-block-uagb-image--align-none\"><figure class=\"wp-block-uagb-image__figure\"><img decoding=\"async\" srcset=\"https:\/\/tradidancas.pt\/wp-content\/uploads\/2023\/07\/moldura-foto-Hora-de-Punto.webp \" sizes=\"auto, (max-width: 480px) 150px\" src=\"https:\/\/tradidancas.pt\/wp-content\/uploads\/2023\/07\/moldura-foto-Hora-de-Punto.webp\" alt=\"\" class=\"uag-image-2677\" width=\"900\" height=\"506\" title=\"\" loading=\"lazy\"\/><\/figure><\/div>\n\n\n\n<div style=\"height:25px\" aria-hidden=\"true\" class=\"wp-block-spacer\"><\/div>\n<\/div>\n\n\n\n<div class=\"wp-block-uagb-container uagb-block-22bacdb8\">\n<p>Em HORA DE PUNTO, 5 companheiros fizeram PUNTARIA uns aos outros e juntaram-se para tocar e bailar. N\u00e3o chegaram tarde nem cedo, porque quando se toca e baila o PUNTO DE VISTA muda: o rel\u00f3gio gira ao contr\u00e1rio e ningu\u00e9m sabe a quantas anda.<\/p>\n\n\n\n<p>O PUNTO DE PARTIDA foram as dan\u00e7as galegas, com puntos bem punteados, voltas bem volteadas e descansos bem descansados. As dan\u00e7as portuguesas marcaram uma reuni\u00e3o de PUNTO DE SITUA\u00c7\u00c3O e decidiram entrar tamb\u00e9m na roda, com viras bem virados, repasseados bem passeados, corridinhos bem corridos e fados bem batidos.<\/p>\n\n\n\n<p>O Tradidan\u00e7as ser\u00e1 o pr\u00f3ximo PUNTO DE ENCONTRO desta vontade de estar junto em forma de baile.<\/p>\n\n\n\n<p>M\u00fasicos:<\/p>\n\n\n\n<p>Ana Taipas &#8211; dan\u00e7as, pandeireta<\/p>\n\n\n\n<p>Gustavo Portela &#8211; gaitas-de-foles, flauta de tamborileiro<\/p>\n\n\n\n<p>Joana Gui &#8211; dan\u00e7as, pandeireta<\/p>\n\n\n\n<p>Mike Sim\u00f5es &#8211; bouzouki, cavaquinho<\/p>\n\n\n\n<p>Ricardo Falc\u00e3o &#8211; percuss\u00e3o, flauta de tamborileiro<\/p>\n\n\n\n<ul class=\"wp-block-social-links is-layout-flex wp-block-social-links-is-layout-flex\" style=\"margin-top:35px\"><\/ul>\n<\/div>\n<\/div>\n\n\n\n<div style=\"height:100px\" aria-hidden=\"true\" class=\"wp-block-spacer\"><\/div>\n<\/div>\n<\/div><\/div>\n\n\n\n<div id=\"ze-oliveira\" class=\"wp-block-uagb-container uagb-block-894855dd alignfull uagb-is-root-container\"><div class=\"uagb-container-inner-blocks-wrap\">\n<div data-aos= \"slide-right\" data-aos-duration=\"400\" data-aos-delay=\"0\" data-aos-easing=\"ease\" data-aos-once=\"true\" class=\"wp-block-uagb-container uag-hide-mob uagb-block-6bd5af68\">\n<div class=\"wp-block-uagb-container uagb-block-4566f0d8\">\n<div class=\"wp-block-uagb-container uagb-block-9626c3df\">\n<div class=\"wp-block-uagb-advanced-heading uagb-block-fff6cb83\"><h2 class=\"uagb-heading-text\"><strong><strong><strong><strong><strong>Z\u00e9 Oliveira<\/strong><\/strong><\/strong><\/strong><\/strong><\/h2><\/div>\n\n\n\n<p>Z\u00e9 Oliveira reinterpreta a m\u00fasica tradicional. Nas suas pr\u00f3prias composi\u00e7\u00f5es e interpreta\u00e7\u00f5es, incorpora elementos de jazz, blues, musette, tango, funk ou world music.&nbsp; Aqui vem apresentar um baile ecl\u00e9tico com temas de dan\u00e7as de Norte a Sul da Europa e da Lusofonia. Acompanhado da sua concertina e alguns outros objectos sonoros como um caixa de m\u00fasica anal\u00f3gica e a sua flauta de harm\u00f3nicos, pontuado por alguns elementos sonoros do mundo digital.<strong><em>&nbsp;<\/em><\/strong>Um &#8220;One Man Band&#8221; cheio de sensibilidade e poesia, pot\u00eancia e energia contagiante.<\/p>\n<\/div>\n\n\n\n<div class=\"wp-block-uagb-container uagb-block-04021ade\">\n<div class=\"wp-block-uagb-image uagb-block-b5688784 wp-block-uagb-image--layout-default wp-block-uagb-image--effect-zoomin wp-block-uagb-image--align-none\"><figure class=\"wp-block-uagb-image__figure\"><img decoding=\"async\" srcset=\"https:\/\/tradidancas.pt\/wp-content\/uploads\/2023\/07\/moldura-foto-ze-oliveira.webp , https:\/\/tradidancas.pt\/wp-content\/uploads\/2023\/07\/moldura-foto-JAMICIONARIO.webp 360w\" sizes=\"auto, (max-width: 480px) 150px\" src=\"https:\/\/tradidancas.pt\/wp-content\/uploads\/2023\/07\/moldura-foto-ze-oliveira.webp\" alt=\"\" class=\"uag-image-2680\" width=\"900\" height=\"506\" title=\"\" loading=\"lazy\"\/><\/figure><\/div>\n\n\n\n<div style=\"height:25px\" aria-hidden=\"true\" class=\"wp-block-spacer\"><\/div>\n\n\n\n<ul class=\"wp-block-social-links is-content-justification-right is-layout-flex wp-container-core-social-links-is-layout-d445cf74 wp-block-social-links-is-layout-flex\"><\/ul>\n<\/div>\n<\/div>\n\n\n\n<div style=\"height:100px\" aria-hidden=\"true\" class=\"wp-block-spacer\"><\/div>\n<\/div>\n\n\n\n<div data-aos= \"slide-right\" data-aos-duration=\"400\" data-aos-delay=\"0\" data-aos-easing=\"ease\" data-aos-once=\"true\" class=\"wp-block-uagb-container uag-hide-desktop uag-hide-tab uagb-block-62e02d75\">\n<div class=\"wp-block-uagb-container uagb-block-5788c43a\">\n<div class=\"wp-block-uagb-advanced-heading uagb-block-d09f1b71\"><h2 class=\"uagb-heading-text\"><strong><strong><strong><strong><strong><strong><strong><strong><strong><strong><strong><strong><strong>Z\u00e9 Oliveira<\/strong><\/strong><\/strong><\/strong><\/strong><\/strong><\/strong><\/strong><\/strong><\/strong><\/strong><\/strong><\/strong><\/h2><\/div>\n\n\n\n<div class=\"wp-block-uagb-container uagb-block-74422e4d\">\n<div class=\"wp-block-uagb-image uagb-block-de76e5bb wp-block-uagb-image--layout-default wp-block-uagb-image--effect-zoomin wp-block-uagb-image--align-none\"><figure class=\"wp-block-uagb-image__figure\"><img decoding=\"async\" srcset=\"https:\/\/tradidancas.pt\/wp-content\/uploads\/2023\/07\/moldura-foto-ze-oliveira.webp \" sizes=\"auto, (max-width: 480px) 150px\" src=\"https:\/\/tradidancas.pt\/wp-content\/uploads\/2023\/07\/moldura-foto-ze-oliveira.webp\" alt=\"\" class=\"uag-image-2680\" width=\"900\" height=\"506\" title=\"\" loading=\"lazy\"\/><\/figure><\/div>\n\n\n\n<div style=\"height:25px\" aria-hidden=\"true\" class=\"wp-block-spacer\"><\/div>\n<\/div>\n\n\n\n<div class=\"wp-block-uagb-container uagb-block-b9f10e43\">\n<p>Z\u00e9 Oliveira reinterpreta a m\u00fasica tradicional. Nas suas pr\u00f3prias composi\u00e7\u00f5es e interpreta\u00e7\u00f5es, incorpora elementos de jazz, blues, musette, tango, funk ou world music.&nbsp; Aqui vem apresentar um baile ecl\u00e9tico com temas de dan\u00e7as de Norte a Sul da Europa e da Lusofonia. Acompanhado da sua concertina e alguns outros objectos sonoros como um caixa de m\u00fasica anal\u00f3gica e a sua flauta de harm\u00f3nicos, pontuado por alguns elementos sonoros do mundo digital.<strong><em>&nbsp;<\/em><\/strong>Um &#8220;One Man Band&#8221; cheio de sensibilidade e poesia, pot\u00eancia e energia contagiante.<\/p>\n\n\n\n<ul class=\"wp-block-social-links is-layout-flex wp-block-social-links-is-layout-flex\" style=\"margin-top:35px\"><\/ul>\n<\/div>\n<\/div>\n\n\n\n<div style=\"height:100px\" aria-hidden=\"true\" class=\"wp-block-spacer\"><\/div>\n<\/div>\n<\/div><\/div>\n\n\n\n<div id=\"chulada-da-ponte-velha\" class=\"wp-block-uagb-container uagb-block-a30ce0f1 alignfull uagb-is-root-container\"><div class=\"uagb-container-inner-blocks-wrap\">\n<div data-aos= \"slide-right\" data-aos-duration=\"400\" data-aos-delay=\"0\" data-aos-easing=\"ease\" data-aos-once=\"true\" class=\"wp-block-uagb-container uag-hide-mob uagb-block-8bf27da3\">\n<div class=\"wp-block-uagb-container uagb-block-21297d95\">\n<div class=\"wp-block-uagb-container uagb-block-9f97fbc7\">\n<div class=\"wp-block-uagb-advanced-heading uagb-block-caad3d35\"><h2 class=\"uagb-heading-text\"><strong><strong><strong><strong><strong><strong>Chulada da Ponte Velha<\/strong><\/strong><\/strong><\/strong><\/strong><\/strong><\/h2><\/div>\n\n\n\n<p>A Chulada da Ponte Velha \u00e9 um projeto resultado do interesse de v\u00e1rios m\u00fasicos em retomar e fundir as pr\u00e1ticas musicais do passado com o presente, em especial as chulas dos descantes do Douro. O uso de bombos, de ferrinhos, de violas populares como a braguesa e a amarantina, da rabeca chuleira e do viol\u00e3o ponteado, caracterizam o som desta banda. Em 2020 lan\u00e7ou o CD \u201cSempre a Ramaldar\u201d.<\/p>\n\n\n\n<p>M\u00fasicos:<\/p>\n\n\n\n<p>Paulo Silva: Percuss\u00f5es<\/p>\n\n\n\n<p>Napole\u00e3o Ribeiro: viola amarantina e gaita-de-fole<\/p>\n\n\n\n<p>Rafael Gomes: viol\u00e3o e viola braguesa<\/p>\n\n\n\n<p>Nuno Dias: rabeca chuleira e gaita-de-fole<\/p>\n\n\n\n<p>Pedro Almeida: percuss\u00f5es e flautas<\/p>\n<\/div>\n\n\n\n<div class=\"wp-block-uagb-container uagb-block-232b5b2e\">\n<div class=\"wp-block-uagb-image uagb-block-d5225518 wp-block-uagb-image--layout-default wp-block-uagb-image--effect-zoomin wp-block-uagb-image--align-none\"><figure class=\"wp-block-uagb-image__figure\"><img decoding=\"async\" srcset=\"https:\/\/tradidancas.pt\/wp-content\/uploads\/2023\/07\/moldura-foto-Chulada-da-Ponte-Velha.webp , https:\/\/tradidancas.pt\/wp-content\/uploads\/2023\/07\/moldura-foto-Chulada-da-Ponte-Velha.webp 360w\" sizes=\"auto, (max-width: 480px) 150px\" src=\"https:\/\/tradidancas.pt\/wp-content\/uploads\/2023\/07\/moldura-foto-Chulada-da-Ponte-Velha.webp\" alt=\"\" class=\"uag-image-2681\" width=\"900\" height=\"506\" title=\"\" loading=\"lazy\"\/><\/figure><\/div>\n\n\n\n<div style=\"height:25px\" aria-hidden=\"true\" class=\"wp-block-spacer\"><\/div>\n\n\n\n<ul class=\"wp-block-social-links is-content-justification-right is-layout-flex wp-container-core-social-links-is-layout-d445cf74 wp-block-social-links-is-layout-flex\"><li class=\"wp-social-link wp-social-link-youtube  wp-block-social-link\"><a rel=\"noopener nofollow\" target=\"_blank\" href=\"https:\/\/www.youtube.com\/watch?v=AaYltKkCnN8\" class=\"wp-block-social-link-anchor\"><svg width=\"24\" height=\"24\" viewBox=\"0 0 24 24\" version=\"1.1\" xmlns=\"http:\/\/www.w3.org\/2000\/svg\" aria-hidden=\"true\" focusable=\"false\"><path d=\"M21.8,8.001c0,0-0.195-1.378-0.795-1.985c-0.76-0.797-1.613-0.801-2.004-0.847c-2.799-0.202-6.997-0.202-6.997-0.202 h-0.009c0,0-4.198,0-6.997,0.202C4.608,5.216,3.756,5.22,2.995,6.016C2.395,6.623,2.2,8.001,2.2,8.001S2,9.62,2,11.238v1.517 c0,1.618,0.2,3.237,0.2,3.237s0.195,1.378,0.795,1.985c0.761,0.797,1.76,0.771,2.205,0.855c1.6,0.153,6.8,0.201,6.8,0.201 s4.203-0.006,7.001-0.209c0.391-0.047,1.243-0.051,2.004-0.847c0.6-0.607,0.795-1.985,0.795-1.985s0.2-1.618,0.2-3.237v-1.517 C22,9.62,21.8,8.001,21.8,8.001z M9.935,14.594l-0.001-5.62l5.404,2.82L9.935,14.594z\"><\/path><\/svg><span class=\"wp-block-social-link-label screen-reader-text\">YouTube<\/span><\/a><\/li>\n\n<li class=\"wp-social-link wp-social-link-facebook  wp-block-social-link\"><a rel=\"noopener nofollow\" target=\"_blank\" href=\"https:\/\/www.facebook.com\/Chulada-da-Ponte-Velha-434894406667496\/timeline\/\" class=\"wp-block-social-link-anchor\"><svg width=\"24\" height=\"24\" viewBox=\"0 0 24 24\" version=\"1.1\" xmlns=\"http:\/\/www.w3.org\/2000\/svg\" aria-hidden=\"true\" focusable=\"false\"><path d=\"M12 2C6.5 2 2 6.5 2 12c0 5 3.7 9.1 8.4 9.9v-7H7.9V12h2.5V9.8c0-2.5 1.5-3.9 3.8-3.9 1.1 0 2.2.2 2.2.2v2.5h-1.3c-1.2 0-1.6.8-1.6 1.6V12h2.8l-.4 2.9h-2.3v7C18.3 21.1 22 17 22 12c0-5.5-4.5-10-10-10z\"><\/path><\/svg><span class=\"wp-block-social-link-label screen-reader-text\">Facebook<\/span><\/a><\/li><\/ul>\n<\/div>\n<\/div>\n\n\n\n<div style=\"height:100px\" aria-hidden=\"true\" class=\"wp-block-spacer\"><\/div>\n<\/div>\n\n\n\n<div data-aos= \"slide-right\" data-aos-duration=\"400\" data-aos-delay=\"0\" data-aos-easing=\"ease\" data-aos-once=\"true\" class=\"wp-block-uagb-container uag-hide-desktop uag-hide-tab uagb-block-0b90578e\">\n<div class=\"wp-block-uagb-container uagb-block-b44bc448\">\n<div class=\"wp-block-uagb-advanced-heading uagb-block-51783039\"><h2 class=\"uagb-heading-text\"><strong><strong><strong><strong><strong><strong><strong><strong><strong><strong><strong><strong><strong><strong>Chulada da Ponte Velha<\/strong><\/strong><\/strong><\/strong><\/strong><\/strong><\/strong><\/strong><\/strong><\/strong><\/strong><\/strong><\/strong><\/strong><\/h2><\/div>\n\n\n\n<div class=\"wp-block-uagb-container uagb-block-3405c8b0\">\n<div class=\"wp-block-uagb-image uagb-block-752ae382 wp-block-uagb-image--layout-default wp-block-uagb-image--effect-zoomin wp-block-uagb-image--align-none\"><figure class=\"wp-block-uagb-image__figure\"><img decoding=\"async\" srcset=\"https:\/\/tradidancas.pt\/wp-content\/uploads\/2023\/07\/moldura-foto-Chulada-da-Ponte-Velha.webp , https:\/\/tradidancas.pt\/wp-content\/uploads\/2023\/07\/moldura-foto-Chulada-da-Ponte-Velha.webp 360w\" sizes=\"auto, (max-width: 480px) 150px\" src=\"https:\/\/tradidancas.pt\/wp-content\/uploads\/2023\/07\/moldura-foto-Chulada-da-Ponte-Velha.webp\" alt=\"\" class=\"uag-image-2681\" width=\"900\" height=\"506\" title=\"\" loading=\"lazy\"\/><\/figure><\/div>\n\n\n\n<div style=\"height:25px\" aria-hidden=\"true\" class=\"wp-block-spacer\"><\/div>\n<\/div>\n\n\n\n<div class=\"wp-block-uagb-container uagb-block-ee8c7e9c\">\n<p>A Chulada da Ponte Velha \u00e9 um projeto resultado do interesse de v\u00e1rios m\u00fasicos em retomar e fundir as pr\u00e1ticas musicais do passado com o presente, em especial as chulas dos descantes do Douro. O uso de bombos, de ferrinhos, de violas populares como a braguesa e a amarantina, da rabeca chuleira e do viol\u00e3o ponteado, caracterizam o som desta banda. Em 2020 lan\u00e7ou o CD \u201cSempre a Ramaldar\u201d.<\/p>\n\n\n\n<p>M\u00fasicos:<\/p>\n\n\n\n<p>Paulo Silva: Percuss\u00f5es<\/p>\n\n\n\n<p>Napole\u00e3o Ribeiro: viola amarantina e gaita-de-fole<\/p>\n\n\n\n<p>Rafael Gomes: viol\u00e3o e viola braguesa<\/p>\n\n\n\n<p>Nuno Dias: rabeca chuleira e gaita-de-fole<\/p>\n\n\n\n<p>Pedro Almeida: percuss\u00f5es e flautas<\/p>\n\n\n\n<ul class=\"wp-block-social-links is-content-justification-center is-layout-flex wp-container-core-social-links-is-layout-5c862ccd wp-block-social-links-is-layout-flex\" style=\"margin-top:35px\"><li class=\"wp-social-link wp-social-link-youtube  wp-block-social-link\"><a rel=\"noopener nofollow\" target=\"_blank\" href=\"https:\/\/www.youtube.com\/watch?v=AaYltKkCnN8\" class=\"wp-block-social-link-anchor\"><svg width=\"24\" height=\"24\" viewBox=\"0 0 24 24\" version=\"1.1\" xmlns=\"http:\/\/www.w3.org\/2000\/svg\" aria-hidden=\"true\" focusable=\"false\"><path d=\"M21.8,8.001c0,0-0.195-1.378-0.795-1.985c-0.76-0.797-1.613-0.801-2.004-0.847c-2.799-0.202-6.997-0.202-6.997-0.202 h-0.009c0,0-4.198,0-6.997,0.202C4.608,5.216,3.756,5.22,2.995,6.016C2.395,6.623,2.2,8.001,2.2,8.001S2,9.62,2,11.238v1.517 c0,1.618,0.2,3.237,0.2,3.237s0.195,1.378,0.795,1.985c0.761,0.797,1.76,0.771,2.205,0.855c1.6,0.153,6.8,0.201,6.8,0.201 s4.203-0.006,7.001-0.209c0.391-0.047,1.243-0.051,2.004-0.847c0.6-0.607,0.795-1.985,0.795-1.985s0.2-1.618,0.2-3.237v-1.517 C22,9.62,21.8,8.001,21.8,8.001z M9.935,14.594l-0.001-5.62l5.404,2.82L9.935,14.594z\"><\/path><\/svg><span class=\"wp-block-social-link-label screen-reader-text\">YouTube<\/span><\/a><\/li>\n\n<li class=\"wp-social-link wp-social-link-facebook  wp-block-social-link\"><a rel=\"noopener nofollow\" target=\"_blank\" href=\"https:\/\/www.facebook.com\/Chulada-da-Ponte-Velha-434894406667496\/timeline\/\" class=\"wp-block-social-link-anchor\"><svg width=\"24\" height=\"24\" viewBox=\"0 0 24 24\" version=\"1.1\" xmlns=\"http:\/\/www.w3.org\/2000\/svg\" aria-hidden=\"true\" focusable=\"false\"><path d=\"M12 2C6.5 2 2 6.5 2 12c0 5 3.7 9.1 8.4 9.9v-7H7.9V12h2.5V9.8c0-2.5 1.5-3.9 3.8-3.9 1.1 0 2.2.2 2.2.2v2.5h-1.3c-1.2 0-1.6.8-1.6 1.6V12h2.8l-.4 2.9h-2.3v7C18.3 21.1 22 17 22 12c0-5.5-4.5-10-10-10z\"><\/path><\/svg><span class=\"wp-block-social-link-label screen-reader-text\">Facebook<\/span><\/a><\/li><\/ul>\n<\/div>\n<\/div>\n\n\n\n<div style=\"height:100px\" aria-hidden=\"true\" class=\"wp-block-spacer\"><\/div>\n<\/div>\n<\/div><\/div>\n\n\n\n<div id=\"forro-giro\" class=\"wp-block-uagb-container uagb-block-43e4ca3a alignfull uagb-is-root-container\"><div class=\"uagb-container-inner-blocks-wrap\">\n<div data-aos= \"slide-right\" data-aos-duration=\"400\" data-aos-delay=\"0\" data-aos-easing=\"ease\" data-aos-once=\"true\" class=\"wp-block-uagb-container uag-hide-mob uagb-block-94ee6710\">\n<div class=\"wp-block-uagb-container uagb-block-df26de29\">\n<div class=\"wp-block-uagb-container uagb-block-7b6f553e\">\n<div class=\"wp-block-uagb-advanced-heading uagb-block-268a6b49\"><h2 class=\"uagb-heading-text\"><strong>Forr\u00f3 Giro<\/strong><\/h2><\/div>\n\n\n\n<p>FORR\u00d3 GiRO nasceu em Aveiro, Portugal, mas tem as suas ra\u00edzes na m\u00fasica nordestina brasileira. Fazem amigos por onde passam, e espalham a m\u00fasica de Dominguinhos, Luis Gonzaga, Sivuca, Acioly Neto, Alceu Valen\u00e7a e tantos outros mestres que fundaram o forr\u00f3, o bai\u00e3o e o xote. Mas n\u00e3o \u00e9 s\u00f3 com brasileiros que se faz m\u00fasica brasileira. O FORR\u00d3 GiRO \u00e9 uma mistura de Brasil (de norte a sul) e Portugal. Um encontro bonito entre m\u00fasicos desses dois pa\u00edses que se encontraram para levar o nordeste brasileiro para o outro lado do Atl\u00e2ntico. No fim das contas, s\u00e3o portugueses e brasileiros fazendo m\u00fasica para dan\u00e7ar, cantar e se divertir.<\/p>\n<\/div>\n\n\n\n<div class=\"wp-block-uagb-container uagb-block-e42e1b9c\">\n<div class=\"wp-block-uagb-image uagb-block-6a31e465 wp-block-uagb-image--layout-default wp-block-uagb-image--effect-zoomin wp-block-uagb-image--align-none\"><figure class=\"wp-block-uagb-image__figure\"><img decoding=\"async\" srcset=\"https:\/\/tradidancas.pt\/wp-content\/uploads\/2023\/07\/moldura-foto-forro.webp , https:\/\/tradidancas.pt\/wp-content\/uploads\/2023\/07\/moldura-foto-Chulada-da-Ponte-Velha.webp 360w\" sizes=\"auto, (max-width: 480px) 150px\" src=\"https:\/\/tradidancas.pt\/wp-content\/uploads\/2023\/07\/moldura-foto-forro.webp\" alt=\"\" class=\"uag-image-2684\" width=\"900\" height=\"506\" title=\"\" loading=\"lazy\"\/><\/figure><\/div>\n\n\n\n<div style=\"height:25px\" aria-hidden=\"true\" class=\"wp-block-spacer\"><\/div>\n\n\n\n<ul class=\"wp-block-social-links is-content-justification-right is-layout-flex wp-container-core-social-links-is-layout-d445cf74 wp-block-social-links-is-layout-flex\"><li class=\"wp-social-link wp-social-link-facebook  wp-block-social-link\"><a rel=\"noopener nofollow\" target=\"_blank\" href=\"https:\/\/www.facebook.com\/people\/Grupo-Forr%C3%B3-Giro\/100088053972948\/\" class=\"wp-block-social-link-anchor\"><svg width=\"24\" height=\"24\" viewBox=\"0 0 24 24\" version=\"1.1\" xmlns=\"http:\/\/www.w3.org\/2000\/svg\" aria-hidden=\"true\" focusable=\"false\"><path d=\"M12 2C6.5 2 2 6.5 2 12c0 5 3.7 9.1 8.4 9.9v-7H7.9V12h2.5V9.8c0-2.5 1.5-3.9 3.8-3.9 1.1 0 2.2.2 2.2.2v2.5h-1.3c-1.2 0-1.6.8-1.6 1.6V12h2.8l-.4 2.9h-2.3v7C18.3 21.1 22 17 22 12c0-5.5-4.5-10-10-10z\"><\/path><\/svg><span class=\"wp-block-social-link-label screen-reader-text\">Facebook<\/span><\/a><\/li><\/ul>\n<\/div>\n<\/div>\n\n\n\n<div style=\"height:100px\" aria-hidden=\"true\" class=\"wp-block-spacer\"><\/div>\n<\/div>\n\n\n\n<div data-aos= \"slide-right\" data-aos-duration=\"400\" data-aos-delay=\"0\" data-aos-easing=\"ease\" data-aos-once=\"true\" class=\"wp-block-uagb-container uag-hide-desktop uag-hide-tab uagb-block-3c316adb\">\n<div class=\"wp-block-uagb-container uagb-block-edb97be1\">\n<div class=\"wp-block-uagb-advanced-heading uagb-block-6379802f\"><h2 class=\"uagb-heading-text\"><strong><strong><strong><strong><strong><strong><strong><strong><strong><strong><strong><strong><strong><strong><strong>Forr\u00f3 Giro<\/strong><\/strong><\/strong><\/strong><\/strong><\/strong><\/strong><\/strong><\/strong><\/strong><\/strong><\/strong><\/strong><\/strong><\/strong><\/h2><\/div>\n\n\n\n<div class=\"wp-block-uagb-container uagb-block-97510f74\">\n<div class=\"wp-block-uagb-image uagb-block-57404e32 wp-block-uagb-image--layout-default wp-block-uagb-image--effect-zoomin wp-block-uagb-image--align-none\"><figure class=\"wp-block-uagb-image__figure\"><img decoding=\"async\" srcset=\"https:\/\/tradidancas.pt\/wp-content\/uploads\/2023\/07\/moldura-foto-forro.webp \" sizes=\"auto, (max-width: 480px) 150px\" src=\"https:\/\/tradidancas.pt\/wp-content\/uploads\/2023\/07\/moldura-foto-forro.webp\" alt=\"\" class=\"uag-image-2684\" width=\"900\" height=\"506\" title=\"\" loading=\"lazy\"\/><\/figure><\/div>\n\n\n\n<div style=\"height:25px\" aria-hidden=\"true\" class=\"wp-block-spacer\"><\/div>\n<\/div>\n\n\n\n<div class=\"wp-block-uagb-container uagb-block-f2ba7bb7\">\n<p>FORR\u00d3 GiRO nasceu em Aveiro, Portugal, mas tem as suas ra\u00edzes na m\u00fasica nordestina brasileira. Fazem amigos por onde passam, e espalham a m\u00fasica de Dominguinhos, Luis Gonzaga, Sivuca, Acioly Neto, Alceu Valen\u00e7a e tantos outros mestres que fundaram o forr\u00f3, o bai\u00e3o e o xote. Mas n\u00e3o \u00e9 s\u00f3 com brasileiros que se faz m\u00fasica brasileira. O FORR\u00d3 GiRO \u00e9 uma mistura de Brasil (de norte a sul) e Portugal. Um encontro bonito entre m\u00fasicos desses dois pa\u00edses que se encontraram para levar o nordeste brasileiro para o outro lado do Atl\u00e2ntico. No fim das contas, s\u00e3o portugueses e brasileiros fazendo m\u00fasica para dan\u00e7ar, cantar e se divertir.<\/p>\n\n\n\n<ul class=\"wp-block-social-links is-content-justification-center is-layout-flex wp-container-core-social-links-is-layout-5c862ccd wp-block-social-links-is-layout-flex\" style=\"margin-top:35px\"><li class=\"wp-social-link wp-social-link-facebook  wp-block-social-link\"><a rel=\"noopener nofollow\" target=\"_blank\" href=\"https:\/\/www.facebook.com\/people\/Grupo-Forr%C3%B3-Giro\/100088053972948\/\" class=\"wp-block-social-link-anchor\"><svg width=\"24\" height=\"24\" viewBox=\"0 0 24 24\" version=\"1.1\" xmlns=\"http:\/\/www.w3.org\/2000\/svg\" aria-hidden=\"true\" focusable=\"false\"><path d=\"M12 2C6.5 2 2 6.5 2 12c0 5 3.7 9.1 8.4 9.9v-7H7.9V12h2.5V9.8c0-2.5 1.5-3.9 3.8-3.9 1.1 0 2.2.2 2.2.2v2.5h-1.3c-1.2 0-1.6.8-1.6 1.6V12h2.8l-.4 2.9h-2.3v7C18.3 21.1 22 17 22 12c0-5.5-4.5-10-10-10z\"><\/path><\/svg><span class=\"wp-block-social-link-label screen-reader-text\">Facebook<\/span><\/a><\/li><\/ul>\n<\/div>\n<\/div>\n\n\n\n<div style=\"height:100px\" aria-hidden=\"true\" class=\"wp-block-spacer\"><\/div>\n<\/div>\n<\/div><\/div>\n\n\n\n<div id=\"constanca-morais\" class=\"wp-block-uagb-container uagb-block-c297c3c6 alignfull uagb-is-root-container\"><div class=\"uagb-container-inner-blocks-wrap\">\n<div data-aos= \"slide-right\" data-aos-duration=\"400\" data-aos-delay=\"0\" data-aos-easing=\"ease\" data-aos-once=\"true\" class=\"wp-block-uagb-container uag-hide-mob uagb-block-c2e72d3a\">\n<div class=\"wp-block-uagb-container uagb-block-5a00e657\">\n<div class=\"wp-block-uagb-container uagb-block-9455086d\">\n<div class=\"wp-block-uagb-advanced-heading uagb-block-e7c58cd8\"><h2 class=\"uagb-heading-text\"><strong>Constan\u00e7a Morais<\/strong><\/h2><\/div>\n\n\n\n<p>Dedica-se a uma pesquisa intensa sobre a din\u00e2mica energ\u00e9tica da vida e como ela se revela nos nossos corpos. Estudou pr\u00e1ticas de medita\u00e7\u00e3o em movimento com v\u00e1rios professores por toda a&nbsp;Europa, Movement-based Expressive Arts Therapy com o Instituto Tamalpa e Experi\u00eancia Som\u00e1tica com a Associa\u00e7\u00e3o Brasileira de Trauma. Paralelamente apaixonou-se pelas dan\u00e7as a pares e pelo contacto improvisa\u00e7\u00e3o, que pratica e facilita regularmente. Fundou os projetos&nbsp;<a href=\"https:\/\/pt.releaseembodiedarts.org\/\" target=\"_blank\" rel=\"noopener\">Release &#8211; Embodied Arts Portugal<\/a>&nbsp;e&nbsp;<a href=\"https:\/\/www.forroemsintra.com\/pt\/about\" target=\"_blank\" rel=\"noopener\">Forr\u00f3 em Sintra<\/a>, atrav\u00e9s dos quais tem promovido nos \u00faltimos 4 anos a dan\u00e7a comunit\u00e1ria, livre e terap\u00eautica, em Sintra e em Lisboa.<\/p>\n<\/div>\n\n\n\n<div class=\"wp-block-uagb-container uagb-block-0cc7c83d\">\n<div class=\"wp-block-uagb-image uagb-block-145a1804 wp-block-uagb-image--layout-default wp-block-uagb-image--effect-zoomin wp-block-uagb-image--align-none\"><figure class=\"wp-block-uagb-image__figure\"><img decoding=\"async\" srcset=\"https:\/\/tradidancas.pt\/wp-content\/uploads\/2023\/07\/moldura-constanca.webp \" sizes=\"auto, (max-width: 480px) 150px\" src=\"https:\/\/tradidancas.pt\/wp-content\/uploads\/2023\/07\/moldura-constanca.webp\" alt=\"\" class=\"uag-image-2699\" width=\"900\" height=\"506\" title=\"\" loading=\"lazy\"\/><\/figure><\/div>\n\n\n\n<div style=\"height:25px\" aria-hidden=\"true\" class=\"wp-block-spacer\"><\/div>\n\n\n\n<ul class=\"wp-block-social-links is-content-justification-right is-layout-flex wp-container-core-social-links-is-layout-d445cf74 wp-block-social-links-is-layout-flex\"><li class=\"wp-social-link wp-social-link-chain  wp-block-social-link\"><a rel=\"noopener nofollow\" target=\"_blank\" href=\"https:\/\/pt.releaseembodiedarts.org\/\" class=\"wp-block-social-link-anchor\"><svg width=\"24\" height=\"24\" viewBox=\"0 0 24 24\" version=\"1.1\" xmlns=\"http:\/\/www.w3.org\/2000\/svg\" aria-hidden=\"true\" focusable=\"false\"><path d=\"M15.6,7.2H14v1.5h1.6c2,0,3.7,1.7,3.7,3.7s-1.7,3.7-3.7,3.7H14v1.5h1.6c2.8,0,5.2-2.3,5.2-5.2,0-2.9-2.3-5.2-5.2-5.2zM4.7,12.4c0-2,1.7-3.7,3.7-3.7H10V7.2H8.4c-2.9,0-5.2,2.3-5.2,5.2,0,2.9,2.3,5.2,5.2,5.2H10v-1.5H8.4c-2,0-3.7-1.7-3.7-3.7zm4.6.9h5.3v-1.5H9.3v1.5z\"><\/path><\/svg><span class=\"wp-block-social-link-label screen-reader-text\">Link<\/span><\/a><\/li>\n\n<li class=\"wp-social-link wp-social-link-instagram  wp-block-social-link\"><a rel=\"noopener nofollow\" target=\"_blank\" href=\"https:\/\/www.instagram.com\/movincoco\/\" class=\"wp-block-social-link-anchor\"><svg width=\"24\" height=\"24\" viewBox=\"0 0 24 24\" version=\"1.1\" xmlns=\"http:\/\/www.w3.org\/2000\/svg\" aria-hidden=\"true\" focusable=\"false\"><path d=\"M12,4.622c2.403,0,2.688,0.009,3.637,0.052c0.877,0.04,1.354,0.187,1.671,0.31c0.42,0.163,0.72,0.358,1.035,0.673 c0.315,0.315,0.51,0.615,0.673,1.035c0.123,0.317,0.27,0.794,0.31,1.671c0.043,0.949,0.052,1.234,0.052,3.637 s-0.009,2.688-0.052,3.637c-0.04,0.877-0.187,1.354-0.31,1.671c-0.163,0.42-0.358,0.72-0.673,1.035 c-0.315,0.315-0.615,0.51-1.035,0.673c-0.317,0.123-0.794,0.27-1.671,0.31c-0.949,0.043-1.233,0.052-3.637,0.052 s-2.688-0.009-3.637-0.052c-0.877-0.04-1.354-0.187-1.671-0.31c-0.42-0.163-0.72-0.358-1.035-0.673 c-0.315-0.315-0.51-0.615-0.673-1.035c-0.123-0.317-0.27-0.794-0.31-1.671C4.631,14.688,4.622,14.403,4.622,12 s0.009-2.688,0.052-3.637c0.04-0.877,0.187-1.354,0.31-1.671c0.163-0.42,0.358-0.72,0.673-1.035 c0.315-0.315,0.615-0.51,1.035-0.673c0.317-0.123,0.794-0.27,1.671-0.31C9.312,4.631,9.597,4.622,12,4.622 M12,3 C9.556,3,9.249,3.01,8.289,3.054C7.331,3.098,6.677,3.25,6.105,3.472C5.513,3.702,5.011,4.01,4.511,4.511 c-0.5,0.5-0.808,1.002-1.038,1.594C3.25,6.677,3.098,7.331,3.054,8.289C3.01,9.249,3,9.556,3,12c0,2.444,0.01,2.751,0.054,3.711 c0.044,0.958,0.196,1.612,0.418,2.185c0.23,0.592,0.538,1.094,1.038,1.594c0.5,0.5,1.002,0.808,1.594,1.038 c0.572,0.222,1.227,0.375,2.185,0.418C9.249,20.99,9.556,21,12,21s2.751-0.01,3.711-0.054c0.958-0.044,1.612-0.196,2.185-0.418 c0.592-0.23,1.094-0.538,1.594-1.038c0.5-0.5,0.808-1.002,1.038-1.594c0.222-0.572,0.375-1.227,0.418-2.185 C20.99,14.751,21,14.444,21,12s-0.01-2.751-0.054-3.711c-0.044-0.958-0.196-1.612-0.418-2.185c-0.23-0.592-0.538-1.094-1.038-1.594 c-0.5-0.5-1.002-0.808-1.594-1.038c-0.572-0.222-1.227-0.375-2.185-0.418C14.751,3.01,14.444,3,12,3L12,3z M12,7.378 c-2.552,0-4.622,2.069-4.622,4.622S9.448,16.622,12,16.622s4.622-2.069,4.622-4.622S14.552,7.378,12,7.378z M12,15 c-1.657,0-3-1.343-3-3s1.343-3,3-3s3,1.343,3,3S13.657,15,12,15z M16.804,6.116c-0.596,0-1.08,0.484-1.08,1.08 s0.484,1.08,1.08,1.08c0.596,0,1.08-0.484,1.08-1.08S17.401,6.116,16.804,6.116z\"><\/path><\/svg><span class=\"wp-block-social-link-label screen-reader-text\">Instagram<\/span><\/a><\/li><\/ul>\n<\/div>\n<\/div>\n\n\n\n<div style=\"height:100px\" aria-hidden=\"true\" class=\"wp-block-spacer\"><\/div>\n<\/div>\n\n\n\n<div data-aos= \"slide-right\" data-aos-duration=\"400\" data-aos-delay=\"0\" data-aos-easing=\"ease\" data-aos-once=\"true\" class=\"wp-block-uagb-container uag-hide-desktop uag-hide-tab uagb-block-2b4446ed\">\n<div class=\"wp-block-uagb-container uagb-block-e8581c49\">\n<div class=\"wp-block-uagb-advanced-heading uagb-block-33be1564\"><h2 class=\"uagb-heading-text\"><strong><strong><strong><strong><strong><strong><strong><strong><strong><strong><strong><strong><strong><strong><strong><strong>Constan\u00e7a Morais<\/strong><\/strong><\/strong><\/strong><\/strong><\/strong><\/strong><\/strong><\/strong><\/strong><\/strong><\/strong><\/strong><\/strong><\/strong><\/strong><\/h2><\/div>\n\n\n\n<div class=\"wp-block-uagb-container uagb-block-5c57320c\">\n<div class=\"wp-block-uagb-image uagb-block-a27d0764 wp-block-uagb-image--layout-default wp-block-uagb-image--effect-zoomin wp-block-uagb-image--align-none\"><figure class=\"wp-block-uagb-image__figure\"><img decoding=\"async\" srcset=\"https:\/\/tradidancas.pt\/wp-content\/uploads\/2023\/07\/moldura-constanca.webp \" sizes=\"auto, (max-width: 480px) 150px\" src=\"https:\/\/tradidancas.pt\/wp-content\/uploads\/2023\/07\/moldura-constanca.webp\" alt=\"\" class=\"uag-image-2699\" width=\"900\" height=\"506\" title=\"\" loading=\"lazy\"\/><\/figure><\/div>\n\n\n\n<div style=\"height:25px\" aria-hidden=\"true\" class=\"wp-block-spacer\"><\/div>\n<\/div>\n\n\n\n<div class=\"wp-block-uagb-container uagb-block-e7e6130a\">\n<p>Dedica-se a uma pesquisa intensa sobre a din\u00e2mica energ\u00e9tica da vida e como ela se revela nos nossos corpos. Estudou pr\u00e1ticas de medita\u00e7\u00e3o em movimento com v\u00e1rios professores por toda a&nbsp;Europa, Movement-based Expressive Arts Therapy com o Instituto Tamalpa e Experi\u00eancia Som\u00e1tica com a Associa\u00e7\u00e3o Brasileira de Trauma. Paralelamente apaixonou-se pelas dan\u00e7as a pares e pelo contacto improvisa\u00e7\u00e3o, que pratica e facilita regularmente. Fundou os projetos&nbsp;<a href=\"https:\/\/pt.releaseembodiedarts.org\/\" target=\"_blank\" rel=\"noopener\">Release &#8211; Embodied Arts Portugal<\/a>&nbsp;e&nbsp;<a href=\"https:\/\/www.forroemsintra.com\/pt\/about\" target=\"_blank\" rel=\"noopener\">Forr\u00f3 em Sintra<\/a>, atrav\u00e9s dos quais tem promovido nos \u00faltimos 4 anos a dan\u00e7a comunit\u00e1ria, livre e terap\u00eautica, em Sintra e em Lisboa.<\/p>\n\n\n\n<ul class=\"wp-block-social-links is-content-justification-center is-layout-flex wp-container-core-social-links-is-layout-5c862ccd wp-block-social-links-is-layout-flex\" style=\"margin-top:35px\"><li class=\"wp-social-link wp-social-link-chain  wp-block-social-link\"><a rel=\"noopener nofollow\" target=\"_blank\" href=\"https:\/\/pt.releaseembodiedarts.org\/\" class=\"wp-block-social-link-anchor\"><svg width=\"24\" height=\"24\" viewBox=\"0 0 24 24\" version=\"1.1\" xmlns=\"http:\/\/www.w3.org\/2000\/svg\" aria-hidden=\"true\" focusable=\"false\"><path d=\"M15.6,7.2H14v1.5h1.6c2,0,3.7,1.7,3.7,3.7s-1.7,3.7-3.7,3.7H14v1.5h1.6c2.8,0,5.2-2.3,5.2-5.2,0-2.9-2.3-5.2-5.2-5.2zM4.7,12.4c0-2,1.7-3.7,3.7-3.7H10V7.2H8.4c-2.9,0-5.2,2.3-5.2,5.2,0,2.9,2.3,5.2,5.2,5.2H10v-1.5H8.4c-2,0-3.7-1.7-3.7-3.7zm4.6.9h5.3v-1.5H9.3v1.5z\"><\/path><\/svg><span class=\"wp-block-social-link-label screen-reader-text\">Link<\/span><\/a><\/li>\n\n<li class=\"wp-social-link wp-social-link-instagram  wp-block-social-link\"><a rel=\"noopener nofollow\" target=\"_blank\" href=\"https:\/\/www.instagram.com\/movincoco\/\" class=\"wp-block-social-link-anchor\"><svg width=\"24\" height=\"24\" viewBox=\"0 0 24 24\" version=\"1.1\" xmlns=\"http:\/\/www.w3.org\/2000\/svg\" aria-hidden=\"true\" focusable=\"false\"><path d=\"M12,4.622c2.403,0,2.688,0.009,3.637,0.052c0.877,0.04,1.354,0.187,1.671,0.31c0.42,0.163,0.72,0.358,1.035,0.673 c0.315,0.315,0.51,0.615,0.673,1.035c0.123,0.317,0.27,0.794,0.31,1.671c0.043,0.949,0.052,1.234,0.052,3.637 s-0.009,2.688-0.052,3.637c-0.04,0.877-0.187,1.354-0.31,1.671c-0.163,0.42-0.358,0.72-0.673,1.035 c-0.315,0.315-0.615,0.51-1.035,0.673c-0.317,0.123-0.794,0.27-1.671,0.31c-0.949,0.043-1.233,0.052-3.637,0.052 s-2.688-0.009-3.637-0.052c-0.877-0.04-1.354-0.187-1.671-0.31c-0.42-0.163-0.72-0.358-1.035-0.673 c-0.315-0.315-0.51-0.615-0.673-1.035c-0.123-0.317-0.27-0.794-0.31-1.671C4.631,14.688,4.622,14.403,4.622,12 s0.009-2.688,0.052-3.637c0.04-0.877,0.187-1.354,0.31-1.671c0.163-0.42,0.358-0.72,0.673-1.035 c0.315-0.315,0.615-0.51,1.035-0.673c0.317-0.123,0.794-0.27,1.671-0.31C9.312,4.631,9.597,4.622,12,4.622 M12,3 C9.556,3,9.249,3.01,8.289,3.054C7.331,3.098,6.677,3.25,6.105,3.472C5.513,3.702,5.011,4.01,4.511,4.511 c-0.5,0.5-0.808,1.002-1.038,1.594C3.25,6.677,3.098,7.331,3.054,8.289C3.01,9.249,3,9.556,3,12c0,2.444,0.01,2.751,0.054,3.711 c0.044,0.958,0.196,1.612,0.418,2.185c0.23,0.592,0.538,1.094,1.038,1.594c0.5,0.5,1.002,0.808,1.594,1.038 c0.572,0.222,1.227,0.375,2.185,0.418C9.249,20.99,9.556,21,12,21s2.751-0.01,3.711-0.054c0.958-0.044,1.612-0.196,2.185-0.418 c0.592-0.23,1.094-0.538,1.594-1.038c0.5-0.5,0.808-1.002,1.038-1.594c0.222-0.572,0.375-1.227,0.418-2.185 C20.99,14.751,21,14.444,21,12s-0.01-2.751-0.054-3.711c-0.044-0.958-0.196-1.612-0.418-2.185c-0.23-0.592-0.538-1.094-1.038-1.594 c-0.5-0.5-1.002-0.808-1.594-1.038c-0.572-0.222-1.227-0.375-2.185-0.418C14.751,3.01,14.444,3,12,3L12,3z M12,7.378 c-2.552,0-4.622,2.069-4.622,4.622S9.448,16.622,12,16.622s4.622-2.069,4.622-4.622S14.552,7.378,12,7.378z M12,15 c-1.657,0-3-1.343-3-3s1.343-3,3-3s3,1.343,3,3S13.657,15,12,15z M16.804,6.116c-0.596,0-1.08,0.484-1.08,1.08 s0.484,1.08,1.08,1.08c0.596,0,1.08-0.484,1.08-1.08S17.401,6.116,16.804,6.116z\"><\/path><\/svg><span class=\"wp-block-social-link-label screen-reader-text\">Instagram<\/span><\/a><\/li><\/ul>\n<\/div>\n<\/div>\n\n\n\n<div style=\"height:100px\" aria-hidden=\"true\" class=\"wp-block-spacer\"><\/div>\n<\/div>\n<\/div><\/div>\n\n\n\n<div id=\"Ines-Pinto-Cardoso\" class=\"wp-block-uagb-container uagb-block-2a4bd2b5 alignfull uagb-is-root-container\"><div class=\"uagb-container-inner-blocks-wrap\">\n<div data-aos= \"slide-right\" data-aos-duration=\"400\" data-aos-delay=\"0\" data-aos-easing=\"ease\" data-aos-once=\"true\" class=\"wp-block-uagb-container uag-hide-mob uagb-block-f6d9c6ff\">\n<div class=\"wp-block-uagb-container uagb-block-c697eba5\">\n<div class=\"wp-block-uagb-container uagb-block-65d42027\">\n<div class=\"wp-block-uagb-advanced-heading uagb-block-cc19f17c\"><h2 class=\"uagb-heading-text\"><strong><strong>In\u00eas Pinto Cardoso<\/strong><\/strong><\/h2><\/div>\n\n\n\n<p>O (m)eu movimento! Dan\u00e7ar \u00e9 conex\u00e3o nesta oficina venho empoderar Me como ser que se movimenta, movimenta emo\u00e7\u00f5es, cria\u00e7\u00f5es, sensa\u00e7\u00f5es e entra em conex\u00e3o profunda consigo e com os outros com quem partilho espa\u00e7o, tempo e movimento! Vem dan\u00e7ar sozinho em par e em grupo honrando o (m)eu movimento!<\/p>\n<\/div>\n\n\n\n<div class=\"wp-block-uagb-container uagb-block-a55434c9\">\n<div class=\"wp-block-uagb-image uagb-block-72996fba wp-block-uagb-image--layout-default wp-block-uagb-image--effect-zoomin wp-block-uagb-image--align-none\"><figure class=\"wp-block-uagb-image__figure\"><img decoding=\"async\" srcset=\"https:\/\/tradidancas.pt\/wp-content\/uploads\/2023\/07\/moldura-foto-Ines-Pinto-Cardoso.webp \" sizes=\"auto, (max-width: 480px) 150px\" src=\"https:\/\/tradidancas.pt\/wp-content\/uploads\/2023\/07\/moldura-foto-Ines-Pinto-Cardoso.webp\" alt=\"\" class=\"uag-image-2707\" width=\"900\" height=\"506\" title=\"\" loading=\"lazy\"\/><\/figure><\/div>\n\n\n\n<div style=\"height:25px\" aria-hidden=\"true\" class=\"wp-block-spacer\"><\/div>\n\n\n\n<ul class=\"wp-block-social-links is-content-justification-right is-layout-flex wp-container-core-social-links-is-layout-d445cf74 wp-block-social-links-is-layout-flex\"><\/ul>\n<\/div>\n<\/div>\n\n\n\n<div style=\"height:100px\" aria-hidden=\"true\" class=\"wp-block-spacer\"><\/div>\n<\/div>\n\n\n\n<div data-aos= \"slide-right\" data-aos-duration=\"400\" data-aos-delay=\"0\" data-aos-easing=\"ease\" data-aos-once=\"true\" class=\"wp-block-uagb-container uag-hide-desktop uag-hide-tab uagb-block-27cd5092\">\n<div class=\"wp-block-uagb-container uagb-block-944891a7\">\n<div class=\"wp-block-uagb-advanced-heading uagb-block-f98898ca\"><h2 class=\"uagb-heading-text\"><strong><strong><strong><strong><strong><strong><strong><strong><strong><strong><strong><strong><strong><strong><strong><strong><strong>In\u00eas Pinto Cardoso<\/strong><\/strong><\/strong><\/strong><\/strong><\/strong><\/strong><\/strong><\/strong><\/strong><\/strong><\/strong><\/strong><\/strong><\/strong><\/strong><\/strong><\/h2><\/div>\n\n\n\n<div class=\"wp-block-uagb-container uagb-block-41c17a3d\">\n<div class=\"wp-block-uagb-image uagb-block-09f29d0d wp-block-uagb-image--layout-default wp-block-uagb-image--effect-zoomin wp-block-uagb-image--align-none\"><figure class=\"wp-block-uagb-image__figure\"><img decoding=\"async\" srcset=\"https:\/\/tradidancas.pt\/wp-content\/uploads\/2023\/07\/moldura-foto-Ines-Pinto-Cardoso.webp \" sizes=\"auto, (max-width: 480px) 150px\" src=\"https:\/\/tradidancas.pt\/wp-content\/uploads\/2023\/07\/moldura-foto-Ines-Pinto-Cardoso.webp\" alt=\"\" class=\"uag-image-2707\" width=\"900\" height=\"506\" title=\"\" loading=\"lazy\"\/><\/figure><\/div>\n\n\n\n<div style=\"height:25px\" aria-hidden=\"true\" class=\"wp-block-spacer\"><\/div>\n<\/div>\n\n\n\n<div class=\"wp-block-uagb-container uagb-block-bcf9168d\">\n<p>O (m)eu movimento! Dan\u00e7ar \u00e9 conex\u00e3o nesta oficina venho empoderar Me como ser que se movimenta, movimenta emo\u00e7\u00f5es, cria\u00e7\u00f5es, sensa\u00e7\u00f5es e entra em conex\u00e3o profunda consigo e com os outros com quem partilho espa\u00e7o, tempo e movimento! Vem dan\u00e7ar sozinho em par e em grupo honrando o (m)eu movimento!<\/p>\n\n\n\n<ul class=\"wp-block-social-links is-layout-flex wp-block-social-links-is-layout-flex\" style=\"margin-top:35px\"><\/ul>\n<\/div>\n<\/div>\n\n\n\n<div style=\"height:100px\" aria-hidden=\"true\" class=\"wp-block-spacer\"><\/div>\n<\/div>\n<\/div><\/div>\n\n\n\n<div id=\"Bota-Swing\" class=\"wp-block-uagb-container uagb-block-bb35cc11 alignfull uagb-is-root-container\"><div class=\"uagb-container-inner-blocks-wrap\">\n<div data-aos= \"slide-right\" data-aos-duration=\"400\" data-aos-delay=\"0\" data-aos-easing=\"ease\" data-aos-once=\"true\" class=\"wp-block-uagb-container uag-hide-mob uagb-block-66d34687\">\n<div class=\"wp-block-uagb-container uagb-block-23de03fe\">\n<div class=\"wp-block-uagb-container uagb-block-d93c06a5\">\n<div class=\"wp-block-uagb-advanced-heading uagb-block-8fc69457\"><h2 class=\"uagb-heading-text\"><strong><strong><strong>Bota Swing<\/strong><\/strong><\/strong><\/h2><\/div>\n\n\n\n<p>O Bota Swing partilha no Tradidan\u00e7as um \u201cpack\u201d de 3 oficinas sobre as dan\u00e7as vintages afro-americanas. A m\u00fasica vintage afro-americana tem um legado muito diverso, onde se encontra uma grande amplitude de ritmos e texturas para interpretar, indo do swing e jazz ao blues, rythm blues, rock n\u2019 roll e at\u00e9 algum funk.<\/p>\n\n\n\n<p>&#8211; Iniciamos a viagem no universo \u201c<strong>Blues &amp; Slow Swing<\/strong>\u201d da primeira Oficina, explorando os ritmos mais lentos e m\u00e9dios na dan\u00e7a a pares do Blues e do Lindy Hop.<\/p>\n\n\n\n<p>Palavras-chave: \u201cgroove\u201d; balan\u00e7o; suavidade; contra-peso; ondulat\u00f3rio; slow motion vs explos\u00e3o; centros de movimento; textura de corpo; criatividade r\u00edtmica;<\/p>\n\n\n\n<p>&#8211; Seguimos para a Oficina II \u201c<strong>Lindy Hop @ Swing &amp; Rhythm Blues<\/strong>\u201d, onde abordaremos as din\u00e2micas-base destas dan\u00e7as a pares nos ritmos m\u00e9dios e r\u00e1pidos, t\u00edpicos do universo do Lindy Hop.<\/p>\n\n\n\n<p>Palavras-chave: \u201cbounce\u201d; movimento el\u00e1stico; contra-peso; criatividade r\u00edtmica; sapateado; fluidez; expansivo; energ\u00e9tico; \u201cgoofiness\u201d;<\/p>\n\n\n\n<p>&#8211; Terminamos na Oficina III \u201c<strong>Swing &amp; Blues &#8211; Nivel 2<\/strong>\u201d e vamos acimentar e apimentar! Vamos jogar com as ferramentas das Oficinas anteriores e adicionar op\u00e7\u00f5es de expressividade e musicalidade na nossa dan\u00e7a a 2. Para tirares melhor proveito desta oficina, seria relevante participares de pelo menos uma das anteriores. Desafiamos-te a participar nas tr\u00eas!<\/p>\n\n\n\n<p>Bota Swing nasce em 2017 e \u00e9 um projeto social de dan\u00e7as vintage afro-americanas Swing &amp; Blues, com objectivo de fomentar a dan\u00e7a atrav\u00e9s da partilha, conv\u00edvio e organiza\u00e7\u00e3o de eventos.<\/p>\n\n\n\n<p>O nosso ensino \u00e9 focado na explora\u00e7\u00e3o da conex\u00e3o, improvisa\u00e7\u00e3o e comunica\u00e7\u00e3o na dan\u00e7a a pares, bem como na evolu\u00e7\u00e3o individual. Criatividade, agilidade, express\u00e3o, compreens\u00e3o musical e movimenta\u00e7\u00e3o emocional s\u00e3o aspectos fundamentais do indiv\u00edduo, que o levam a usufruir melhor da dan\u00e7a a pares.<\/p>\n<\/div>\n\n\n\n<div class=\"wp-block-uagb-container uagb-block-6c159875\">\n<div class=\"wp-block-uagb-image uagb-block-14f8587f wp-block-uagb-image--layout-default wp-block-uagb-image--effect-zoomin wp-block-uagb-image--align-none\"><figure class=\"wp-block-uagb-image__figure\"><img decoding=\"async\" srcset=\"https:\/\/tradidancas.pt\/wp-content\/uploads\/2023\/07\/moldura-foto-Bota-Swing.webp , https:\/\/tradidancas.pt\/wp-content\/uploads\/2023\/07\/moldura-foto-Bota-Swing.webp 360w\" sizes=\"auto, (max-width: 480px) 150px\" src=\"https:\/\/tradidancas.pt\/wp-content\/uploads\/2023\/07\/moldura-foto-Bota-Swing.webp\" alt=\"\" class=\"uag-image-2710\" width=\"900\" height=\"506\" title=\"\" loading=\"lazy\"\/><\/figure><\/div>\n\n\n\n<div style=\"height:25px\" aria-hidden=\"true\" class=\"wp-block-spacer\"><\/div>\n\n\n\n<ul class=\"wp-block-social-links is-content-justification-right is-layout-flex wp-container-core-social-links-is-layout-d445cf74 wp-block-social-links-is-layout-flex\"><li class=\"wp-social-link wp-social-link-facebook  wp-block-social-link\"><a rel=\"noopener nofollow\" target=\"_blank\" href=\"https:\/\/www.facebook.com\/BotaSwing\/?locale=pt_PT\" class=\"wp-block-social-link-anchor\"><svg width=\"24\" height=\"24\" viewBox=\"0 0 24 24\" version=\"1.1\" xmlns=\"http:\/\/www.w3.org\/2000\/svg\" aria-hidden=\"true\" focusable=\"false\"><path d=\"M12 2C6.5 2 2 6.5 2 12c0 5 3.7 9.1 8.4 9.9v-7H7.9V12h2.5V9.8c0-2.5 1.5-3.9 3.8-3.9 1.1 0 2.2.2 2.2.2v2.5h-1.3c-1.2 0-1.6.8-1.6 1.6V12h2.8l-.4 2.9h-2.3v7C18.3 21.1 22 17 22 12c0-5.5-4.5-10-10-10z\"><\/path><\/svg><span class=\"wp-block-social-link-label screen-reader-text\">Facebook<\/span><\/a><\/li>\n\n<li class=\"wp-social-link wp-social-link-instagram  wp-block-social-link\"><a rel=\"noopener nofollow\" target=\"_blank\" href=\"https:\/\/www.instagram.com\/botaswing\/\" class=\"wp-block-social-link-anchor\"><svg width=\"24\" height=\"24\" viewBox=\"0 0 24 24\" version=\"1.1\" xmlns=\"http:\/\/www.w3.org\/2000\/svg\" aria-hidden=\"true\" focusable=\"false\"><path d=\"M12,4.622c2.403,0,2.688,0.009,3.637,0.052c0.877,0.04,1.354,0.187,1.671,0.31c0.42,0.163,0.72,0.358,1.035,0.673 c0.315,0.315,0.51,0.615,0.673,1.035c0.123,0.317,0.27,0.794,0.31,1.671c0.043,0.949,0.052,1.234,0.052,3.637 s-0.009,2.688-0.052,3.637c-0.04,0.877-0.187,1.354-0.31,1.671c-0.163,0.42-0.358,0.72-0.673,1.035 c-0.315,0.315-0.615,0.51-1.035,0.673c-0.317,0.123-0.794,0.27-1.671,0.31c-0.949,0.043-1.233,0.052-3.637,0.052 s-2.688-0.009-3.637-0.052c-0.877-0.04-1.354-0.187-1.671-0.31c-0.42-0.163-0.72-0.358-1.035-0.673 c-0.315-0.315-0.51-0.615-0.673-1.035c-0.123-0.317-0.27-0.794-0.31-1.671C4.631,14.688,4.622,14.403,4.622,12 s0.009-2.688,0.052-3.637c0.04-0.877,0.187-1.354,0.31-1.671c0.163-0.42,0.358-0.72,0.673-1.035 c0.315-0.315,0.615-0.51,1.035-0.673c0.317-0.123,0.794-0.27,1.671-0.31C9.312,4.631,9.597,4.622,12,4.622 M12,3 C9.556,3,9.249,3.01,8.289,3.054C7.331,3.098,6.677,3.25,6.105,3.472C5.513,3.702,5.011,4.01,4.511,4.511 c-0.5,0.5-0.808,1.002-1.038,1.594C3.25,6.677,3.098,7.331,3.054,8.289C3.01,9.249,3,9.556,3,12c0,2.444,0.01,2.751,0.054,3.711 c0.044,0.958,0.196,1.612,0.418,2.185c0.23,0.592,0.538,1.094,1.038,1.594c0.5,0.5,1.002,0.808,1.594,1.038 c0.572,0.222,1.227,0.375,2.185,0.418C9.249,20.99,9.556,21,12,21s2.751-0.01,3.711-0.054c0.958-0.044,1.612-0.196,2.185-0.418 c0.592-0.23,1.094-0.538,1.594-1.038c0.5-0.5,0.808-1.002,1.038-1.594c0.222-0.572,0.375-1.227,0.418-2.185 C20.99,14.751,21,14.444,21,12s-0.01-2.751-0.054-3.711c-0.044-0.958-0.196-1.612-0.418-2.185c-0.23-0.592-0.538-1.094-1.038-1.594 c-0.5-0.5-1.002-0.808-1.594-1.038c-0.572-0.222-1.227-0.375-2.185-0.418C14.751,3.01,14.444,3,12,3L12,3z M12,7.378 c-2.552,0-4.622,2.069-4.622,4.622S9.448,16.622,12,16.622s4.622-2.069,4.622-4.622S14.552,7.378,12,7.378z M12,15 c-1.657,0-3-1.343-3-3s1.343-3,3-3s3,1.343,3,3S13.657,15,12,15z M16.804,6.116c-0.596,0-1.08,0.484-1.08,1.08 s0.484,1.08,1.08,1.08c0.596,0,1.08-0.484,1.08-1.08S17.401,6.116,16.804,6.116z\"><\/path><\/svg><span class=\"wp-block-social-link-label screen-reader-text\">Instagram<\/span><\/a><\/li><\/ul>\n<\/div>\n<\/div>\n\n\n\n<div style=\"height:100px\" aria-hidden=\"true\" class=\"wp-block-spacer\"><\/div>\n<\/div>\n\n\n\n<div data-aos= \"slide-right\" data-aos-duration=\"400\" data-aos-delay=\"0\" data-aos-easing=\"ease\" data-aos-once=\"true\" class=\"wp-block-uagb-container uag-hide-desktop uag-hide-tab uagb-block-143c9679\">\n<div class=\"wp-block-uagb-container uagb-block-9df8cd15\">\n<div class=\"wp-block-uagb-advanced-heading uagb-block-769f9620\"><h2 class=\"uagb-heading-text\"><strong><strong><strong><strong><strong><strong><strong><strong><strong><strong><strong><strong><strong><strong><strong><strong><strong><strong>Bota Swing<\/strong><\/strong><\/strong><\/strong><\/strong><\/strong><\/strong><\/strong><\/strong><\/strong><\/strong><\/strong><\/strong><\/strong><\/strong><\/strong><\/strong><\/strong><\/h2><\/div>\n\n\n\n<div class=\"wp-block-uagb-container uagb-block-8eb5230b\">\n<div class=\"wp-block-uagb-image uagb-block-bc6784c3 wp-block-uagb-image--layout-default wp-block-uagb-image--effect-zoomin wp-block-uagb-image--align-none\"><figure class=\"wp-block-uagb-image__figure\"><img decoding=\"async\" srcset=\"https:\/\/tradidancas.pt\/wp-content\/uploads\/2023\/07\/moldura-foto-Bota-Swing.webp \" sizes=\"auto, (max-width: 480px) 150px\" src=\"https:\/\/tradidancas.pt\/wp-content\/uploads\/2023\/07\/moldura-foto-Bota-Swing.webp\" alt=\"\" class=\"uag-image-2710\" width=\"900\" height=\"506\" title=\"\" loading=\"lazy\"\/><\/figure><\/div>\n\n\n\n<div style=\"height:25px\" aria-hidden=\"true\" class=\"wp-block-spacer\"><\/div>\n<\/div>\n\n\n\n<div class=\"wp-block-uagb-container uagb-block-1eecfb81\">\n<p>O Bota Swing partilha no Tradidan\u00e7as um \u201cpack\u201d de 3 oficinas sobre as dan\u00e7as vintages afro-americanas. A m\u00fasica vintage afro-americana tem um legado muito diverso, onde se encontra uma grande amplitude de ritmos e texturas para interpretar, indo do swing e jazz ao blues, rythm blues, rock n\u2019 roll e at\u00e9 algum funk.<\/p>\n\n\n\n<p>&#8211; Iniciamos a viagem no universo \u201c<strong>Blues &amp; Slow Swing<\/strong>\u201d da primeira Oficina, explorando os ritmos mais lentos e m\u00e9dios na dan\u00e7a a pares do Blues e do Lindy Hop.<\/p>\n\n\n\n<p>Palavras-chave: \u201cgroove\u201d; balan\u00e7o; suavidade; contra-peso; ondulat\u00f3rio; slow motion vs explos\u00e3o; centros de movimento; textura de corpo; criatividade r\u00edtmica;<\/p>\n\n\n\n<p>&#8211; Seguimos para a Oficina II \u201c<strong>Lindy Hop @ Swing &amp; Rhythm Blues<\/strong>\u201d, onde abordaremos as din\u00e2micas-base destas dan\u00e7as a pares nos ritmos m\u00e9dios e r\u00e1pidos, t\u00edpicos do universo do Lindy Hop.<\/p>\n\n\n\n<p>Palavras-chave: \u201cbounce\u201d; movimento el\u00e1stico; contra-peso; criatividade r\u00edtmica; sapateado; fluidez; expansivo; energ\u00e9tico; \u201cgoofiness\u201d;<\/p>\n\n\n\n<p>&#8211; Terminamos na Oficina III \u201c<strong>Swing &amp; Blues &#8211; Nivel 2<\/strong>\u201d e vamos acimentar e apimentar! Vamos jogar com as ferramentas das Oficinas anteriores e adicionar op\u00e7\u00f5es de expressividade e musicalidade na nossa dan\u00e7a a 2. Para tirares melhor proveito desta oficina, seria relevante participares de pelo menos uma das anteriores. Desafiamos-te a participar nas tr\u00eas!<\/p>\n\n\n\n<p>Bota Swing nasce em 2017 e \u00e9 um projeto social de dan\u00e7as vintage afro-americanas Swing &amp; Blues, com objectivo de fomentar a dan\u00e7a atrav\u00e9s da partilha, conv\u00edvio e organiza\u00e7\u00e3o de eventos.<\/p>\n\n\n\n<p>O nosso ensino \u00e9 focado na explora\u00e7\u00e3o da conex\u00e3o, improvisa\u00e7\u00e3o e comunica\u00e7\u00e3o na dan\u00e7a a pares, bem como na evolu\u00e7\u00e3o individual. Criatividade, agilidade, express\u00e3o, compreens\u00e3o musical e movimenta\u00e7\u00e3o emocional s\u00e3o aspectos fundamentais do indiv\u00edduo, que o levam a usufruir melhor da dan\u00e7a a pares.<\/p>\n\n\n\n<ul class=\"wp-block-social-links is-content-justification-center is-layout-flex wp-container-core-social-links-is-layout-5c862ccd wp-block-social-links-is-layout-flex\" style=\"margin-top:35px\"><li class=\"wp-social-link wp-social-link-facebook  wp-block-social-link\"><a rel=\"noopener nofollow\" target=\"_blank\" href=\"https:\/\/www.facebook.com\/BotaSwing\/?locale=pt_PT\" class=\"wp-block-social-link-anchor\"><svg width=\"24\" height=\"24\" viewBox=\"0 0 24 24\" version=\"1.1\" xmlns=\"http:\/\/www.w3.org\/2000\/svg\" aria-hidden=\"true\" focusable=\"false\"><path d=\"M12 2C6.5 2 2 6.5 2 12c0 5 3.7 9.1 8.4 9.9v-7H7.9V12h2.5V9.8c0-2.5 1.5-3.9 3.8-3.9 1.1 0 2.2.2 2.2.2v2.5h-1.3c-1.2 0-1.6.8-1.6 1.6V12h2.8l-.4 2.9h-2.3v7C18.3 21.1 22 17 22 12c0-5.5-4.5-10-10-10z\"><\/path><\/svg><span class=\"wp-block-social-link-label screen-reader-text\">Facebook<\/span><\/a><\/li>\n\n<li class=\"wp-social-link wp-social-link-instagram  wp-block-social-link\"><a rel=\"noopener nofollow\" target=\"_blank\" href=\"https:\/\/www.instagram.com\/botaswing\/\" class=\"wp-block-social-link-anchor\"><svg width=\"24\" height=\"24\" viewBox=\"0 0 24 24\" version=\"1.1\" xmlns=\"http:\/\/www.w3.org\/2000\/svg\" aria-hidden=\"true\" focusable=\"false\"><path d=\"M12,4.622c2.403,0,2.688,0.009,3.637,0.052c0.877,0.04,1.354,0.187,1.671,0.31c0.42,0.163,0.72,0.358,1.035,0.673 c0.315,0.315,0.51,0.615,0.673,1.035c0.123,0.317,0.27,0.794,0.31,1.671c0.043,0.949,0.052,1.234,0.052,3.637 s-0.009,2.688-0.052,3.637c-0.04,0.877-0.187,1.354-0.31,1.671c-0.163,0.42-0.358,0.72-0.673,1.035 c-0.315,0.315-0.615,0.51-1.035,0.673c-0.317,0.123-0.794,0.27-1.671,0.31c-0.949,0.043-1.233,0.052-3.637,0.052 s-2.688-0.009-3.637-0.052c-0.877-0.04-1.354-0.187-1.671-0.31c-0.42-0.163-0.72-0.358-1.035-0.673 c-0.315-0.315-0.51-0.615-0.673-1.035c-0.123-0.317-0.27-0.794-0.31-1.671C4.631,14.688,4.622,14.403,4.622,12 s0.009-2.688,0.052-3.637c0.04-0.877,0.187-1.354,0.31-1.671c0.163-0.42,0.358-0.72,0.673-1.035 c0.315-0.315,0.615-0.51,1.035-0.673c0.317-0.123,0.794-0.27,1.671-0.31C9.312,4.631,9.597,4.622,12,4.622 M12,3 C9.556,3,9.249,3.01,8.289,3.054C7.331,3.098,6.677,3.25,6.105,3.472C5.513,3.702,5.011,4.01,4.511,4.511 c-0.5,0.5-0.808,1.002-1.038,1.594C3.25,6.677,3.098,7.331,3.054,8.289C3.01,9.249,3,9.556,3,12c0,2.444,0.01,2.751,0.054,3.711 c0.044,0.958,0.196,1.612,0.418,2.185c0.23,0.592,0.538,1.094,1.038,1.594c0.5,0.5,1.002,0.808,1.594,1.038 c0.572,0.222,1.227,0.375,2.185,0.418C9.249,20.99,9.556,21,12,21s2.751-0.01,3.711-0.054c0.958-0.044,1.612-0.196,2.185-0.418 c0.592-0.23,1.094-0.538,1.594-1.038c0.5-0.5,0.808-1.002,1.038-1.594c0.222-0.572,0.375-1.227,0.418-2.185 C20.99,14.751,21,14.444,21,12s-0.01-2.751-0.054-3.711c-0.044-0.958-0.196-1.612-0.418-2.185c-0.23-0.592-0.538-1.094-1.038-1.594 c-0.5-0.5-1.002-0.808-1.594-1.038c-0.572-0.222-1.227-0.375-2.185-0.418C14.751,3.01,14.444,3,12,3L12,3z M12,7.378 c-2.552,0-4.622,2.069-4.622,4.622S9.448,16.622,12,16.622s4.622-2.069,4.622-4.622S14.552,7.378,12,7.378z M12,15 c-1.657,0-3-1.343-3-3s1.343-3,3-3s3,1.343,3,3S13.657,15,12,15z M16.804,6.116c-0.596,0-1.08,0.484-1.08,1.08 s0.484,1.08,1.08,1.08c0.596,0,1.08-0.484,1.08-1.08S17.401,6.116,16.804,6.116z\"><\/path><\/svg><span class=\"wp-block-social-link-label screen-reader-text\">Instagram<\/span><\/a><\/li><\/ul>\n<\/div>\n<\/div>\n\n\n\n<div style=\"height:100px\" aria-hidden=\"true\" class=\"wp-block-spacer\"><\/div>\n<\/div>\n<\/div><\/div>\n\n\n\n<div id=\"Espaco-Baiao\" class=\"wp-block-uagb-container uagb-block-41fdfd31 alignfull uagb-is-root-container\"><div class=\"uagb-container-inner-blocks-wrap\">\n<div data-aos= \"slide-right\" data-aos-duration=\"400\" data-aos-delay=\"0\" data-aos-easing=\"ease\" data-aos-once=\"true\" class=\"wp-block-uagb-container uag-hide-mob uagb-block-21e3cf9a\">\n<div class=\"wp-block-uagb-container uagb-block-dcb6eecd\">\n<div class=\"wp-block-uagb-container uagb-block-0bd79553\">\n<div class=\"wp-block-uagb-advanced-heading uagb-block-571c6ddf\"><h2 class=\"uagb-heading-text\">Espa\u00e7o Bai\u00e3o<\/h2><\/div>\n\n\n\n<p>Para animar duas das noites do Tradidan\u00e7as, o Espa\u00e7o Bai\u00e3o prop\u00f5e um trio de Forr\u00f3 tradicional zabumba tri\u00e2ngulo e acordeon com um vocal feminina a cantar os grandes sucessos do Forr\u00f3 p\u00e9 de serra. Energ\u00e9tico e cheio de magia, os bailes do Forr\u00f3 prometem n\u00e3o deixar ningu\u00e9m parado.<\/p>\n\n\n\n<p>Experimenta os ritmos do Forr\u00f3 com os nossos workshops e deixa-te contagiar pela energia da equipa do Espa\u00e7o Bai\u00e3o. Conhece mais ou descobre este ritmo proveniente do norte do Brasil bem como a forma simples e cativante de abra\u00e7ar em todos os sentidos.<\/p>\n<\/div>\n\n\n\n<div class=\"wp-block-uagb-container uagb-block-47ccc915\">\n<div class=\"wp-block-uagb-image uagb-block-4bb8d8d9 wp-block-uagb-image--layout-default wp-block-uagb-image--effect-zoomin wp-block-uagb-image--align-none\"><figure class=\"wp-block-uagb-image__figure\"><img decoding=\"async\" srcset=\"https:\/\/tradidancas.pt\/wp-content\/uploads\/2023\/07\/ESPACO-BAIAO.webp \" sizes=\"auto, (max-width: 480px) 150px\" src=\"https:\/\/tradidancas.pt\/wp-content\/uploads\/2023\/07\/ESPACO-BAIAO.webp\" alt=\"\" class=\"uag-image-2746\" width=\"900\" height=\"506\" title=\"\" loading=\"lazy\"\/><\/figure><\/div>\n\n\n\n<div style=\"height:25px\" aria-hidden=\"true\" class=\"wp-block-spacer\"><\/div>\n\n\n\n<ul class=\"wp-block-social-links is-content-justification-right is-layout-flex wp-container-core-social-links-is-layout-d445cf74 wp-block-social-links-is-layout-flex\"><li class=\"wp-social-link wp-social-link-chain  wp-block-social-link\"><a rel=\"noopener nofollow\" target=\"_blank\" href=\"https:\/\/www.espacobaiao.com\/\" class=\"wp-block-social-link-anchor\"><svg width=\"24\" height=\"24\" viewBox=\"0 0 24 24\" version=\"1.1\" xmlns=\"http:\/\/www.w3.org\/2000\/svg\" aria-hidden=\"true\" focusable=\"false\"><path d=\"M15.6,7.2H14v1.5h1.6c2,0,3.7,1.7,3.7,3.7s-1.7,3.7-3.7,3.7H14v1.5h1.6c2.8,0,5.2-2.3,5.2-5.2,0-2.9-2.3-5.2-5.2-5.2zM4.7,12.4c0-2,1.7-3.7,3.7-3.7H10V7.2H8.4c-2.9,0-5.2,2.3-5.2,5.2,0,2.9,2.3,5.2,5.2,5.2H10v-1.5H8.4c-2,0-3.7-1.7-3.7-3.7zm4.6.9h5.3v-1.5H9.3v1.5z\"><\/path><\/svg><span class=\"wp-block-social-link-label screen-reader-text\">Link<\/span><\/a><\/li>\n\n<li class=\"wp-social-link wp-social-link-instagram  wp-block-social-link\"><a rel=\"noopener nofollow\" target=\"_blank\" href=\"https:\/\/www.instagram.com\/espacobaiao\/\" class=\"wp-block-social-link-anchor\"><svg width=\"24\" height=\"24\" viewBox=\"0 0 24 24\" version=\"1.1\" xmlns=\"http:\/\/www.w3.org\/2000\/svg\" aria-hidden=\"true\" focusable=\"false\"><path d=\"M12,4.622c2.403,0,2.688,0.009,3.637,0.052c0.877,0.04,1.354,0.187,1.671,0.31c0.42,0.163,0.72,0.358,1.035,0.673 c0.315,0.315,0.51,0.615,0.673,1.035c0.123,0.317,0.27,0.794,0.31,1.671c0.043,0.949,0.052,1.234,0.052,3.637 s-0.009,2.688-0.052,3.637c-0.04,0.877-0.187,1.354-0.31,1.671c-0.163,0.42-0.358,0.72-0.673,1.035 c-0.315,0.315-0.615,0.51-1.035,0.673c-0.317,0.123-0.794,0.27-1.671,0.31c-0.949,0.043-1.233,0.052-3.637,0.052 s-2.688-0.009-3.637-0.052c-0.877-0.04-1.354-0.187-1.671-0.31c-0.42-0.163-0.72-0.358-1.035-0.673 c-0.315-0.315-0.51-0.615-0.673-1.035c-0.123-0.317-0.27-0.794-0.31-1.671C4.631,14.688,4.622,14.403,4.622,12 s0.009-2.688,0.052-3.637c0.04-0.877,0.187-1.354,0.31-1.671c0.163-0.42,0.358-0.72,0.673-1.035 c0.315-0.315,0.615-0.51,1.035-0.673c0.317-0.123,0.794-0.27,1.671-0.31C9.312,4.631,9.597,4.622,12,4.622 M12,3 C9.556,3,9.249,3.01,8.289,3.054C7.331,3.098,6.677,3.25,6.105,3.472C5.513,3.702,5.011,4.01,4.511,4.511 c-0.5,0.5-0.808,1.002-1.038,1.594C3.25,6.677,3.098,7.331,3.054,8.289C3.01,9.249,3,9.556,3,12c0,2.444,0.01,2.751,0.054,3.711 c0.044,0.958,0.196,1.612,0.418,2.185c0.23,0.592,0.538,1.094,1.038,1.594c0.5,0.5,1.002,0.808,1.594,1.038 c0.572,0.222,1.227,0.375,2.185,0.418C9.249,20.99,9.556,21,12,21s2.751-0.01,3.711-0.054c0.958-0.044,1.612-0.196,2.185-0.418 c0.592-0.23,1.094-0.538,1.594-1.038c0.5-0.5,0.808-1.002,1.038-1.594c0.222-0.572,0.375-1.227,0.418-2.185 C20.99,14.751,21,14.444,21,12s-0.01-2.751-0.054-3.711c-0.044-0.958-0.196-1.612-0.418-2.185c-0.23-0.592-0.538-1.094-1.038-1.594 c-0.5-0.5-1.002-0.808-1.594-1.038c-0.572-0.222-1.227-0.375-2.185-0.418C14.751,3.01,14.444,3,12,3L12,3z M12,7.378 c-2.552,0-4.622,2.069-4.622,4.622S9.448,16.622,12,16.622s4.622-2.069,4.622-4.622S14.552,7.378,12,7.378z M12,15 c-1.657,0-3-1.343-3-3s1.343-3,3-3s3,1.343,3,3S13.657,15,12,15z M16.804,6.116c-0.596,0-1.08,0.484-1.08,1.08 s0.484,1.08,1.08,1.08c0.596,0,1.08-0.484,1.08-1.08S17.401,6.116,16.804,6.116z\"><\/path><\/svg><span class=\"wp-block-social-link-label screen-reader-text\">Instagram<\/span><\/a><\/li><\/ul>\n<\/div>\n<\/div>\n\n\n\n<div style=\"height:100px\" aria-hidden=\"true\" class=\"wp-block-spacer\"><\/div>\n<\/div>\n\n\n\n<div data-aos= \"slide-right\" data-aos-duration=\"400\" data-aos-delay=\"0\" data-aos-easing=\"ease\" data-aos-once=\"true\" class=\"wp-block-uagb-container uag-hide-desktop uag-hide-tab uagb-block-6644765f\">\n<div class=\"wp-block-uagb-container uagb-block-1eb6f946\">\n<div class=\"wp-block-uagb-advanced-heading uagb-block-64902441\"><h2 class=\"uagb-heading-text\"><strong><strong><strong><strong><strong><strong><strong><strong><strong><strong><strong><strong><strong><strong><strong><strong><strong><strong><strong>Espa\u00e7o Bai\u00e3o<\/strong><\/strong><\/strong><\/strong><\/strong><\/strong><\/strong><\/strong><\/strong><\/strong><\/strong><\/strong><\/strong><\/strong><\/strong><\/strong><\/strong><\/strong><\/strong><\/h2><\/div>\n\n\n\n<div class=\"wp-block-uagb-container uagb-block-c537689b\">\n<div class=\"wp-block-uagb-image uagb-block-fbc5682e wp-block-uagb-image--layout-default wp-block-uagb-image--effect-zoomin wp-block-uagb-image--align-none\"><figure class=\"wp-block-uagb-image__figure\"><img decoding=\"async\" srcset=\"https:\/\/tradidancas.pt\/wp-content\/uploads\/2023\/07\/ESPACO-BAIAO.webp \" sizes=\"auto, (max-width: 480px) 150px\" src=\"https:\/\/tradidancas.pt\/wp-content\/uploads\/2023\/07\/ESPACO-BAIAO.webp\" alt=\"\" class=\"uag-image-2746\" width=\"900\" height=\"506\" title=\"\" loading=\"lazy\"\/><\/figure><\/div>\n\n\n\n<div style=\"height:25px\" aria-hidden=\"true\" class=\"wp-block-spacer\"><\/div>\n<\/div>\n\n\n\n<div class=\"wp-block-uagb-container uagb-block-336a3c36\">\n<p>Para animar duas das noites do Tradidan\u00e7as, o Espa\u00e7o Bai\u00e3o prop\u00f5e um trio de Forr\u00f3 tradicional zabumba tri\u00e2ngulo e acordeon com um vocal feminina a cantar os grandes sucessos do Forr\u00f3 p\u00e9 de serra. Energ\u00e9tico e cheio de magia, os bailes do Forr\u00f3 prometem n\u00e3o deixar ningu\u00e9m parado.<\/p>\n\n\n\n<p>Experimenta os ritmos do Forr\u00f3 com os nossos workshops e deixa-te contagiar pela energia da equipa do Espa\u00e7o Bai\u00e3o. Conhece mais ou descobre este ritmo proveniente do norte do Brasil bem como a forma simples e cativante de abra\u00e7ar em todos os sentidos.<\/p>\n\n\n\n<ul class=\"wp-block-social-links is-content-justification-center is-layout-flex wp-container-core-social-links-is-layout-5c862ccd wp-block-social-links-is-layout-flex\" style=\"margin-top:35px\"><li class=\"wp-social-link wp-social-link-chain  wp-block-social-link\"><a rel=\"noopener nofollow\" target=\"_blank\" href=\"https:\/\/www.espacobaiao.com\/\" class=\"wp-block-social-link-anchor\"><svg width=\"24\" height=\"24\" viewBox=\"0 0 24 24\" version=\"1.1\" xmlns=\"http:\/\/www.w3.org\/2000\/svg\" aria-hidden=\"true\" focusable=\"false\"><path d=\"M15.6,7.2H14v1.5h1.6c2,0,3.7,1.7,3.7,3.7s-1.7,3.7-3.7,3.7H14v1.5h1.6c2.8,0,5.2-2.3,5.2-5.2,0-2.9-2.3-5.2-5.2-5.2zM4.7,12.4c0-2,1.7-3.7,3.7-3.7H10V7.2H8.4c-2.9,0-5.2,2.3-5.2,5.2,0,2.9,2.3,5.2,5.2,5.2H10v-1.5H8.4c-2,0-3.7-1.7-3.7-3.7zm4.6.9h5.3v-1.5H9.3v1.5z\"><\/path><\/svg><span class=\"wp-block-social-link-label screen-reader-text\">Link<\/span><\/a><\/li>\n\n<li class=\"wp-social-link wp-social-link-instagram  wp-block-social-link\"><a rel=\"noopener nofollow\" target=\"_blank\" href=\"https:\/\/www.instagram.com\/espacobaiao\/\" class=\"wp-block-social-link-anchor\"><svg width=\"24\" height=\"24\" viewBox=\"0 0 24 24\" version=\"1.1\" xmlns=\"http:\/\/www.w3.org\/2000\/svg\" aria-hidden=\"true\" focusable=\"false\"><path d=\"M12,4.622c2.403,0,2.688,0.009,3.637,0.052c0.877,0.04,1.354,0.187,1.671,0.31c0.42,0.163,0.72,0.358,1.035,0.673 c0.315,0.315,0.51,0.615,0.673,1.035c0.123,0.317,0.27,0.794,0.31,1.671c0.043,0.949,0.052,1.234,0.052,3.637 s-0.009,2.688-0.052,3.637c-0.04,0.877-0.187,1.354-0.31,1.671c-0.163,0.42-0.358,0.72-0.673,1.035 c-0.315,0.315-0.615,0.51-1.035,0.673c-0.317,0.123-0.794,0.27-1.671,0.31c-0.949,0.043-1.233,0.052-3.637,0.052 s-2.688-0.009-3.637-0.052c-0.877-0.04-1.354-0.187-1.671-0.31c-0.42-0.163-0.72-0.358-1.035-0.673 c-0.315-0.315-0.51-0.615-0.673-1.035c-0.123-0.317-0.27-0.794-0.31-1.671C4.631,14.688,4.622,14.403,4.622,12 s0.009-2.688,0.052-3.637c0.04-0.877,0.187-1.354,0.31-1.671c0.163-0.42,0.358-0.72,0.673-1.035 c0.315-0.315,0.615-0.51,1.035-0.673c0.317-0.123,0.794-0.27,1.671-0.31C9.312,4.631,9.597,4.622,12,4.622 M12,3 C9.556,3,9.249,3.01,8.289,3.054C7.331,3.098,6.677,3.25,6.105,3.472C5.513,3.702,5.011,4.01,4.511,4.511 c-0.5,0.5-0.808,1.002-1.038,1.594C3.25,6.677,3.098,7.331,3.054,8.289C3.01,9.249,3,9.556,3,12c0,2.444,0.01,2.751,0.054,3.711 c0.044,0.958,0.196,1.612,0.418,2.185c0.23,0.592,0.538,1.094,1.038,1.594c0.5,0.5,1.002,0.808,1.594,1.038 c0.572,0.222,1.227,0.375,2.185,0.418C9.249,20.99,9.556,21,12,21s2.751-0.01,3.711-0.054c0.958-0.044,1.612-0.196,2.185-0.418 c0.592-0.23,1.094-0.538,1.594-1.038c0.5-0.5,0.808-1.002,1.038-1.594c0.222-0.572,0.375-1.227,0.418-2.185 C20.99,14.751,21,14.444,21,12s-0.01-2.751-0.054-3.711c-0.044-0.958-0.196-1.612-0.418-2.185c-0.23-0.592-0.538-1.094-1.038-1.594 c-0.5-0.5-1.002-0.808-1.594-1.038c-0.572-0.222-1.227-0.375-2.185-0.418C14.751,3.01,14.444,3,12,3L12,3z M12,7.378 c-2.552,0-4.622,2.069-4.622,4.622S9.448,16.622,12,16.622s4.622-2.069,4.622-4.622S14.552,7.378,12,7.378z M12,15 c-1.657,0-3-1.343-3-3s1.343-3,3-3s3,1.343,3,3S13.657,15,12,15z M16.804,6.116c-0.596,0-1.08,0.484-1.08,1.08 s0.484,1.08,1.08,1.08c0.596,0,1.08-0.484,1.08-1.08S17.401,6.116,16.804,6.116z\"><\/path><\/svg><span class=\"wp-block-social-link-label screen-reader-text\">Instagram<\/span><\/a><\/li><\/ul>\n<\/div>\n<\/div>\n\n\n\n<div style=\"height:100px\" aria-hidden=\"true\" class=\"wp-block-spacer\"><\/div>\n<\/div>\n<\/div><\/div>\n\n\n\n<div id=\"andre-madeira\" class=\"wp-block-uagb-container uagb-block-4f54f5d0 alignfull uagb-is-root-container\"><div class=\"uagb-container-inner-blocks-wrap\">\n<div data-aos= \"slide-right\" data-aos-duration=\"400\" data-aos-delay=\"0\" data-aos-easing=\"ease\" data-aos-once=\"true\" class=\"wp-block-uagb-container uag-hide-mob uagb-block-8f55d66d\">\n<div class=\"wp-block-uagb-container uagb-block-64e6d325\">\n<div class=\"wp-block-uagb-container uagb-block-501feffe\">\n<div class=\"wp-block-uagb-advanced-heading uagb-block-3f2ae326\"><h2 class=\"uagb-heading-text\"><strong>Andr\u00e9 Madeira<\/strong><\/h2><\/div>\n\n\n\n<p>Professor de dan\u00e7a certificado pela Federa\u00e7\u00e3o Portuguesa de Dan\u00e7a Desportiva e Instituto Portugu\u00eas do Desporto e da Juventude.<\/p>\n\n\n\n<p>Atleta de competi\u00e7\u00e3o a n\u00edvel nacional e internacional que conta com v\u00e1rios t\u00edtulos.&nbsp;Dan\u00e7arino e core\u00f3grafo finalista do programa de televis\u00e3o&nbsp;<a href=\"https:\/\/tviplayer.iol.pt\/programa\/danca-com-as-estrelas\/543fd7f230044fa679e3c2dc\" target=\"_blank\" rel=\"noopener\">Dan\u00e7a com as Estrelas<\/a>&nbsp;e&nbsp;<a href=\"https:\/\/www.rtp.pt\/programa\/tv\/p43538\" target=\"_blank\" rel=\"noopener\">Dan\u00e7a Comigo<\/a>. Participou ainda nos programas&nbsp;<a href=\"https:\/\/tviplayer.iol.pt\/programa\/a-tua-cara-nao-me-e-estranha\/53c6b39c3004dc006243d407\" target=\"_blank\" rel=\"noopener\">A Tua Cara N\u00e3o Me \u00e9 Estranha<\/a>,&nbsp;<a href=\"https:\/\/media.rtp.pt\/thevoiceportugal\/\" target=\"_blank\" rel=\"noopener\">The Voice Portugal<\/a>,&nbsp;<a href=\"https:\/\/sic.pt\/programas\/a-mascara\/\" target=\"_blank\" rel=\"noopener\">A M\u00e1scara<\/a>.<\/p>\n\n\n\n<p>Atuou em musicais, an\u00fancios comerciais, diversos eventos p\u00fablicos como da Liga dos Campe\u00f5es, o Baile Vienense organizado pela embaixada da \u00c1ustria, o Festival da Eurovis\u00e3o e eventos para empresas como Porsche, Coca Cola, Chanel, Marriott, Santander, Doutor Finan\u00e7as.<\/p>\n<\/div>\n\n\n\n<div class=\"wp-block-uagb-container uagb-block-9c966ef3\">\n<div class=\"wp-block-uagb-image uagb-block-e1ecdbd0 wp-block-uagb-image--layout-default wp-block-uagb-image--effect-zoomin wp-block-uagb-image--align-none\"><figure class=\"wp-block-uagb-image__figure\"><img decoding=\"async\" srcset=\"https:\/\/tradidancas.pt\/wp-content\/uploads\/2023\/07\/ANDRE-MADEIRA.webp \" sizes=\"auto, (max-width: 480px) 150px\" src=\"https:\/\/tradidancas.pt\/wp-content\/uploads\/2023\/07\/ANDRE-MADEIRA.webp\" alt=\"\" class=\"uag-image-2750\" width=\"900\" height=\"506\" title=\"\" loading=\"lazy\"\/><\/figure><\/div>\n\n\n\n<div style=\"height:25px\" aria-hidden=\"true\" class=\"wp-block-spacer\"><\/div>\n\n\n\n<ul class=\"wp-block-social-links is-content-justification-right is-layout-flex wp-container-core-social-links-is-layout-d445cf74 wp-block-social-links-is-layout-flex\"><li class=\"wp-social-link wp-social-link-chain  wp-block-social-link\"><a rel=\"noopener nofollow\" target=\"_blank\" href=\"https:\/\/andremadeira.pt\/\" class=\"wp-block-social-link-anchor\"><svg width=\"24\" height=\"24\" viewBox=\"0 0 24 24\" version=\"1.1\" xmlns=\"http:\/\/www.w3.org\/2000\/svg\" aria-hidden=\"true\" focusable=\"false\"><path d=\"M15.6,7.2H14v1.5h1.6c2,0,3.7,1.7,3.7,3.7s-1.7,3.7-3.7,3.7H14v1.5h1.6c2.8,0,5.2-2.3,5.2-5.2,0-2.9-2.3-5.2-5.2-5.2zM4.7,12.4c0-2,1.7-3.7,3.7-3.7H10V7.2H8.4c-2.9,0-5.2,2.3-5.2,5.2,0,2.9,2.3,5.2,5.2,5.2H10v-1.5H8.4c-2,0-3.7-1.7-3.7-3.7zm4.6.9h5.3v-1.5H9.3v1.5z\"><\/path><\/svg><span class=\"wp-block-social-link-label screen-reader-text\">Link<\/span><\/a><\/li>\n\n<li class=\"wp-social-link wp-social-link-facebook  wp-block-social-link\"><a rel=\"noopener nofollow\" target=\"_blank\" href=\"https:\/\/www.facebook.com\/people\/Andr%C3%A9-Madeira\/100039481728954\/\" class=\"wp-block-social-link-anchor\"><svg width=\"24\" height=\"24\" viewBox=\"0 0 24 24\" version=\"1.1\" xmlns=\"http:\/\/www.w3.org\/2000\/svg\" aria-hidden=\"true\" focusable=\"false\"><path d=\"M12 2C6.5 2 2 6.5 2 12c0 5 3.7 9.1 8.4 9.9v-7H7.9V12h2.5V9.8c0-2.5 1.5-3.9 3.8-3.9 1.1 0 2.2.2 2.2.2v2.5h-1.3c-1.2 0-1.6.8-1.6 1.6V12h2.8l-.4 2.9h-2.3v7C18.3 21.1 22 17 22 12c0-5.5-4.5-10-10-10z\"><\/path><\/svg><span class=\"wp-block-social-link-label screen-reader-text\">Facebook<\/span><\/a><\/li>\n\n<li class=\"wp-social-link wp-social-link-instagram  wp-block-social-link\"><a rel=\"noopener nofollow\" target=\"_blank\" href=\"https:\/\/www.instagram.com\/andre_madeiraa\/\" class=\"wp-block-social-link-anchor\"><svg width=\"24\" height=\"24\" viewBox=\"0 0 24 24\" version=\"1.1\" xmlns=\"http:\/\/www.w3.org\/2000\/svg\" aria-hidden=\"true\" focusable=\"false\"><path d=\"M12,4.622c2.403,0,2.688,0.009,3.637,0.052c0.877,0.04,1.354,0.187,1.671,0.31c0.42,0.163,0.72,0.358,1.035,0.673 c0.315,0.315,0.51,0.615,0.673,1.035c0.123,0.317,0.27,0.794,0.31,1.671c0.043,0.949,0.052,1.234,0.052,3.637 s-0.009,2.688-0.052,3.637c-0.04,0.877-0.187,1.354-0.31,1.671c-0.163,0.42-0.358,0.72-0.673,1.035 c-0.315,0.315-0.615,0.51-1.035,0.673c-0.317,0.123-0.794,0.27-1.671,0.31c-0.949,0.043-1.233,0.052-3.637,0.052 s-2.688-0.009-3.637-0.052c-0.877-0.04-1.354-0.187-1.671-0.31c-0.42-0.163-0.72-0.358-1.035-0.673 c-0.315-0.315-0.51-0.615-0.673-1.035c-0.123-0.317-0.27-0.794-0.31-1.671C4.631,14.688,4.622,14.403,4.622,12 s0.009-2.688,0.052-3.637c0.04-0.877,0.187-1.354,0.31-1.671c0.163-0.42,0.358-0.72,0.673-1.035 c0.315-0.315,0.615-0.51,1.035-0.673c0.317-0.123,0.794-0.27,1.671-0.31C9.312,4.631,9.597,4.622,12,4.622 M12,3 C9.556,3,9.249,3.01,8.289,3.054C7.331,3.098,6.677,3.25,6.105,3.472C5.513,3.702,5.011,4.01,4.511,4.511 c-0.5,0.5-0.808,1.002-1.038,1.594C3.25,6.677,3.098,7.331,3.054,8.289C3.01,9.249,3,9.556,3,12c0,2.444,0.01,2.751,0.054,3.711 c0.044,0.958,0.196,1.612,0.418,2.185c0.23,0.592,0.538,1.094,1.038,1.594c0.5,0.5,1.002,0.808,1.594,1.038 c0.572,0.222,1.227,0.375,2.185,0.418C9.249,20.99,9.556,21,12,21s2.751-0.01,3.711-0.054c0.958-0.044,1.612-0.196,2.185-0.418 c0.592-0.23,1.094-0.538,1.594-1.038c0.5-0.5,0.808-1.002,1.038-1.594c0.222-0.572,0.375-1.227,0.418-2.185 C20.99,14.751,21,14.444,21,12s-0.01-2.751-0.054-3.711c-0.044-0.958-0.196-1.612-0.418-2.185c-0.23-0.592-0.538-1.094-1.038-1.594 c-0.5-0.5-1.002-0.808-1.594-1.038c-0.572-0.222-1.227-0.375-2.185-0.418C14.751,3.01,14.444,3,12,3L12,3z M12,7.378 c-2.552,0-4.622,2.069-4.622,4.622S9.448,16.622,12,16.622s4.622-2.069,4.622-4.622S14.552,7.378,12,7.378z M12,15 c-1.657,0-3-1.343-3-3s1.343-3,3-3s3,1.343,3,3S13.657,15,12,15z M16.804,6.116c-0.596,0-1.08,0.484-1.08,1.08 s0.484,1.08,1.08,1.08c0.596,0,1.08-0.484,1.08-1.08S17.401,6.116,16.804,6.116z\"><\/path><\/svg><span class=\"wp-block-social-link-label screen-reader-text\">Instagram<\/span><\/a><\/li><\/ul>\n<\/div>\n<\/div>\n\n\n\n<div style=\"height:100px\" aria-hidden=\"true\" class=\"wp-block-spacer\"><\/div>\n<\/div>\n\n\n\n<div data-aos= \"slide-right\" data-aos-duration=\"400\" data-aos-delay=\"0\" data-aos-easing=\"ease\" data-aos-once=\"true\" class=\"wp-block-uagb-container uag-hide-desktop uag-hide-tab uagb-block-19e4b278\">\n<div class=\"wp-block-uagb-container uagb-block-0507629e\">\n<div class=\"wp-block-uagb-advanced-heading uagb-block-a0b739f6\"><h2 class=\"uagb-heading-text\"><strong><strong><strong><strong><strong><strong><strong><strong><strong><strong><strong><strong><strong><strong><strong><strong><strong><strong><strong><strong>Andr\u00e9 Madeira<\/strong><\/strong><\/strong><\/strong><\/strong><\/strong><\/strong><\/strong><\/strong><\/strong><\/strong><\/strong><\/strong><\/strong><\/strong><\/strong><\/strong><\/strong><\/strong><\/strong><\/h2><\/div>\n\n\n\n<div class=\"wp-block-uagb-container uagb-block-8bd81a36\">\n<div class=\"wp-block-uagb-image uagb-block-85cb8092 wp-block-uagb-image--layout-default wp-block-uagb-image--effect-zoomin wp-block-uagb-image--align-none\"><figure class=\"wp-block-uagb-image__figure\"><img decoding=\"async\" srcset=\"https:\/\/tradidancas.pt\/wp-content\/uploads\/2023\/07\/ANDRE-MADEIRA.webp \" sizes=\"auto, (max-width: 480px) 150px\" src=\"https:\/\/tradidancas.pt\/wp-content\/uploads\/2023\/07\/ANDRE-MADEIRA.webp\" alt=\"\" class=\"uag-image-2750\" width=\"900\" height=\"506\" title=\"\" loading=\"lazy\"\/><\/figure><\/div>\n\n\n\n<div style=\"height:25px\" aria-hidden=\"true\" class=\"wp-block-spacer\"><\/div>\n<\/div>\n\n\n\n<div class=\"wp-block-uagb-container uagb-block-241d8b50\">\n<p>Professor de dan\u00e7a certificado pela Federa\u00e7\u00e3o Portuguesa de Dan\u00e7a Desportiva e Instituto Portugu\u00eas do Desporto e da Juventude.<\/p>\n\n\n\n<p>Atleta de competi\u00e7\u00e3o a n\u00edvel nacional e internacional que conta com v\u00e1rios t\u00edtulos.&nbsp;Dan\u00e7arino e core\u00f3grafo finalista do programa de televis\u00e3o&nbsp;<a href=\"https:\/\/tviplayer.iol.pt\/programa\/danca-com-as-estrelas\/543fd7f230044fa679e3c2dc\" target=\"_blank\" rel=\"noopener\">Dan\u00e7a com as Estrelas<\/a>&nbsp;e&nbsp;<a href=\"https:\/\/www.rtp.pt\/programa\/tv\/p43538\" target=\"_blank\" rel=\"noopener\">Dan\u00e7a Comigo<\/a>. Participou ainda nos programas&nbsp;<a href=\"https:\/\/tviplayer.iol.pt\/programa\/a-tua-cara-nao-me-e-estranha\/53c6b39c3004dc006243d407\" target=\"_blank\" rel=\"noopener\">A Tua Cara N\u00e3o Me \u00e9 Estranha<\/a>,&nbsp;<a href=\"https:\/\/media.rtp.pt\/thevoiceportugal\/\" target=\"_blank\" rel=\"noopener\">The Voice Portugal<\/a>,&nbsp;<a href=\"https:\/\/sic.pt\/programas\/a-mascara\/\" target=\"_blank\" rel=\"noopener\">A M\u00e1scara<\/a>.<\/p>\n\n\n\n<p>Atuou em musicais, an\u00fancios comerciais, diversos eventos p\u00fablicos como da Liga dos Campe\u00f5es, o Baile Vienense organizado pela embaixada da \u00c1ustria, o Festival da Eurovis\u00e3o e eventos para empresas como Porsche, Coca Cola, Chanel, Marriott, Santander, Doutor Finan\u00e7as.<\/p>\n\n\n\n<ul class=\"wp-block-social-links is-content-justification-center is-layout-flex wp-container-core-social-links-is-layout-5c862ccd wp-block-social-links-is-layout-flex\" style=\"margin-top:35px\"><li class=\"wp-social-link wp-social-link-chain  wp-block-social-link\"><a rel=\"noopener nofollow\" target=\"_blank\" href=\"https:\/\/andremadeira.pt\/\" class=\"wp-block-social-link-anchor\"><svg width=\"24\" height=\"24\" viewBox=\"0 0 24 24\" version=\"1.1\" xmlns=\"http:\/\/www.w3.org\/2000\/svg\" aria-hidden=\"true\" focusable=\"false\"><path d=\"M15.6,7.2H14v1.5h1.6c2,0,3.7,1.7,3.7,3.7s-1.7,3.7-3.7,3.7H14v1.5h1.6c2.8,0,5.2-2.3,5.2-5.2,0-2.9-2.3-5.2-5.2-5.2zM4.7,12.4c0-2,1.7-3.7,3.7-3.7H10V7.2H8.4c-2.9,0-5.2,2.3-5.2,5.2,0,2.9,2.3,5.2,5.2,5.2H10v-1.5H8.4c-2,0-3.7-1.7-3.7-3.7zm4.6.9h5.3v-1.5H9.3v1.5z\"><\/path><\/svg><span class=\"wp-block-social-link-label screen-reader-text\">Link<\/span><\/a><\/li>\n\n<li class=\"wp-social-link wp-social-link-facebook  wp-block-social-link\"><a rel=\"noopener nofollow\" target=\"_blank\" href=\"https:\/\/www.facebook.com\/people\/Andr%C3%A9-Madeira\/100039481728954\/\" class=\"wp-block-social-link-anchor\"><svg width=\"24\" height=\"24\" viewBox=\"0 0 24 24\" version=\"1.1\" xmlns=\"http:\/\/www.w3.org\/2000\/svg\" aria-hidden=\"true\" focusable=\"false\"><path d=\"M12 2C6.5 2 2 6.5 2 12c0 5 3.7 9.1 8.4 9.9v-7H7.9V12h2.5V9.8c0-2.5 1.5-3.9 3.8-3.9 1.1 0 2.2.2 2.2.2v2.5h-1.3c-1.2 0-1.6.8-1.6 1.6V12h2.8l-.4 2.9h-2.3v7C18.3 21.1 22 17 22 12c0-5.5-4.5-10-10-10z\"><\/path><\/svg><span class=\"wp-block-social-link-label screen-reader-text\">Facebook<\/span><\/a><\/li>\n\n<li class=\"wp-social-link wp-social-link-instagram  wp-block-social-link\"><a rel=\"noopener nofollow\" target=\"_blank\" href=\"https:\/\/www.instagram.com\/andre_madeiraa\/\" class=\"wp-block-social-link-anchor\"><svg width=\"24\" height=\"24\" viewBox=\"0 0 24 24\" version=\"1.1\" xmlns=\"http:\/\/www.w3.org\/2000\/svg\" aria-hidden=\"true\" focusable=\"false\"><path d=\"M12,4.622c2.403,0,2.688,0.009,3.637,0.052c0.877,0.04,1.354,0.187,1.671,0.31c0.42,0.163,0.72,0.358,1.035,0.673 c0.315,0.315,0.51,0.615,0.673,1.035c0.123,0.317,0.27,0.794,0.31,1.671c0.043,0.949,0.052,1.234,0.052,3.637 s-0.009,2.688-0.052,3.637c-0.04,0.877-0.187,1.354-0.31,1.671c-0.163,0.42-0.358,0.72-0.673,1.035 c-0.315,0.315-0.615,0.51-1.035,0.673c-0.317,0.123-0.794,0.27-1.671,0.31c-0.949,0.043-1.233,0.052-3.637,0.052 s-2.688-0.009-3.637-0.052c-0.877-0.04-1.354-0.187-1.671-0.31c-0.42-0.163-0.72-0.358-1.035-0.673 c-0.315-0.315-0.51-0.615-0.673-1.035c-0.123-0.317-0.27-0.794-0.31-1.671C4.631,14.688,4.622,14.403,4.622,12 s0.009-2.688,0.052-3.637c0.04-0.877,0.187-1.354,0.31-1.671c0.163-0.42,0.358-0.72,0.673-1.035 c0.315-0.315,0.615-0.51,1.035-0.673c0.317-0.123,0.794-0.27,1.671-0.31C9.312,4.631,9.597,4.622,12,4.622 M12,3 C9.556,3,9.249,3.01,8.289,3.054C7.331,3.098,6.677,3.25,6.105,3.472C5.513,3.702,5.011,4.01,4.511,4.511 c-0.5,0.5-0.808,1.002-1.038,1.594C3.25,6.677,3.098,7.331,3.054,8.289C3.01,9.249,3,9.556,3,12c0,2.444,0.01,2.751,0.054,3.711 c0.044,0.958,0.196,1.612,0.418,2.185c0.23,0.592,0.538,1.094,1.038,1.594c0.5,0.5,1.002,0.808,1.594,1.038 c0.572,0.222,1.227,0.375,2.185,0.418C9.249,20.99,9.556,21,12,21s2.751-0.01,3.711-0.054c0.958-0.044,1.612-0.196,2.185-0.418 c0.592-0.23,1.094-0.538,1.594-1.038c0.5-0.5,0.808-1.002,1.038-1.594c0.222-0.572,0.375-1.227,0.418-2.185 C20.99,14.751,21,14.444,21,12s-0.01-2.751-0.054-3.711c-0.044-0.958-0.196-1.612-0.418-2.185c-0.23-0.592-0.538-1.094-1.038-1.594 c-0.5-0.5-1.002-0.808-1.594-1.038c-0.572-0.222-1.227-0.375-2.185-0.418C14.751,3.01,14.444,3,12,3L12,3z M12,7.378 c-2.552,0-4.622,2.069-4.622,4.622S9.448,16.622,12,16.622s4.622-2.069,4.622-4.622S14.552,7.378,12,7.378z M12,15 c-1.657,0-3-1.343-3-3s1.343-3,3-3s3,1.343,3,3S13.657,15,12,15z M16.804,6.116c-0.596,0-1.08,0.484-1.08,1.08 s0.484,1.08,1.08,1.08c0.596,0,1.08-0.484,1.08-1.08S17.401,6.116,16.804,6.116z\"><\/path><\/svg><span class=\"wp-block-social-link-label screen-reader-text\">Instagram<\/span><\/a><\/li><\/ul>\n<\/div>\n<\/div>\n\n\n\n<div style=\"height:100px\" aria-hidden=\"true\" class=\"wp-block-spacer\"><\/div>\n<\/div>\n<\/div><\/div>\n\n\n\n<div id=\"vouguinhas\" class=\"wp-block-uagb-container uagb-block-201aa63e alignfull uagb-is-root-container\"><div class=\"uagb-container-inner-blocks-wrap\">\n<div data-aos= \"slide-right\" data-aos-duration=\"400\" data-aos-delay=\"0\" data-aos-easing=\"ease\" data-aos-once=\"true\" class=\"wp-block-uagb-container uag-hide-mob uagb-block-e5254e5c\">\n<div class=\"wp-block-uagb-container uagb-block-46560e40\">\n<div class=\"wp-block-uagb-container uagb-block-34d0afd5\">\n<div class=\"wp-block-uagb-advanced-heading uagb-block-088a2610\"><h2 class=\"uagb-heading-text\">Os Vouguinhas<\/h2><\/div>\n\n\n\n<p>Os Vouguinhas s\u00e3o um grupo de jovens nas idades compreendidas entre os 16 e 54 anos que t\u00eam um gosto pela m\u00fasica&nbsp;popular e pelas tradi\u00e7\u00f5es do seu pa\u00eds. Este grupo partilha este gosto entre eles, mas principalmente tamb\u00e9m&nbsp;com aqueles que os acompanham nas suas atua\u00e7\u00f5es. Vivem as m\u00fasicas, alegram os arraiais, promovem as tradi\u00e7\u00f5es mas, principalmente, t\u00eam amor naquilo que fazem. Este grupo percorre de norte a sul todo pa\u00eds e as esta\u00e7\u00f5es televisivas. Os Vouguinhas foram finalistas no Programa da Pra\u00e7a da Alegria no concurso Temos Artista- RTP1 e representam a m\u00fasica portuguesa numa edi\u00e7\u00e3o dos programas mais premiados, o THE VOICE GERA\u00c7\u00d5ES. Os Vouguinhas s\u00e3o um grupo para todas as idades e com eles podem contar com boa disposi\u00e7\u00e3o, boa m\u00fasica e, principalmente, boa festa.<\/p>\n<\/div>\n\n\n\n<div class=\"wp-block-uagb-container uagb-block-afa344bc\">\n<div class=\"wp-block-uagb-image uagb-block-793c8113 wp-block-uagb-image--layout-default wp-block-uagb-image--effect-zoomin wp-block-uagb-image--align-none\"><figure class=\"wp-block-uagb-image__figure\"><img decoding=\"async\" srcset=\"https:\/\/tradidancas.pt\/wp-content\/uploads\/2023\/07\/OS-VOUGUINHAS-1.webp \" sizes=\"auto, (max-width: 480px) 150px\" src=\"https:\/\/tradidancas.pt\/wp-content\/uploads\/2023\/07\/OS-VOUGUINHAS-1.webp\" alt=\"\" class=\"uag-image-2754\" width=\"900\" height=\"506\" title=\"\" loading=\"lazy\"\/><\/figure><\/div>\n\n\n\n<div style=\"height:25px\" aria-hidden=\"true\" class=\"wp-block-spacer\"><\/div>\n\n\n\n<ul class=\"wp-block-social-links is-content-justification-right is-layout-flex wp-container-core-social-links-is-layout-d445cf74 wp-block-social-links-is-layout-flex\"><li class=\"wp-social-link wp-social-link-facebook  wp-block-social-link\"><a rel=\"noopener nofollow\" target=\"_blank\" href=\"https:\/\/www.facebook.com\/people\/Os-Vouguinhas\/100063365851357\/\" class=\"wp-block-social-link-anchor\"><svg width=\"24\" height=\"24\" viewBox=\"0 0 24 24\" version=\"1.1\" xmlns=\"http:\/\/www.w3.org\/2000\/svg\" aria-hidden=\"true\" focusable=\"false\"><path d=\"M12 2C6.5 2 2 6.5 2 12c0 5 3.7 9.1 8.4 9.9v-7H7.9V12h2.5V9.8c0-2.5 1.5-3.9 3.8-3.9 1.1 0 2.2.2 2.2.2v2.5h-1.3c-1.2 0-1.6.8-1.6 1.6V12h2.8l-.4 2.9h-2.3v7C18.3 21.1 22 17 22 12c0-5.5-4.5-10-10-10z\"><\/path><\/svg><span class=\"wp-block-social-link-label screen-reader-text\">Facebook<\/span><\/a><\/li>\n\n<li class=\"wp-social-link wp-social-link-instagram  wp-block-social-link\"><a rel=\"noopener nofollow\" target=\"_blank\" href=\"https:\/\/www.instagram.com\/os_vouguinhas_\/\" class=\"wp-block-social-link-anchor\"><svg width=\"24\" height=\"24\" viewBox=\"0 0 24 24\" version=\"1.1\" xmlns=\"http:\/\/www.w3.org\/2000\/svg\" aria-hidden=\"true\" focusable=\"false\"><path d=\"M12,4.622c2.403,0,2.688,0.009,3.637,0.052c0.877,0.04,1.354,0.187,1.671,0.31c0.42,0.163,0.72,0.358,1.035,0.673 c0.315,0.315,0.51,0.615,0.673,1.035c0.123,0.317,0.27,0.794,0.31,1.671c0.043,0.949,0.052,1.234,0.052,3.637 s-0.009,2.688-0.052,3.637c-0.04,0.877-0.187,1.354-0.31,1.671c-0.163,0.42-0.358,0.72-0.673,1.035 c-0.315,0.315-0.615,0.51-1.035,0.673c-0.317,0.123-0.794,0.27-1.671,0.31c-0.949,0.043-1.233,0.052-3.637,0.052 s-2.688-0.009-3.637-0.052c-0.877-0.04-1.354-0.187-1.671-0.31c-0.42-0.163-0.72-0.358-1.035-0.673 c-0.315-0.315-0.51-0.615-0.673-1.035c-0.123-0.317-0.27-0.794-0.31-1.671C4.631,14.688,4.622,14.403,4.622,12 s0.009-2.688,0.052-3.637c0.04-0.877,0.187-1.354,0.31-1.671c0.163-0.42,0.358-0.72,0.673-1.035 c0.315-0.315,0.615-0.51,1.035-0.673c0.317-0.123,0.794-0.27,1.671-0.31C9.312,4.631,9.597,4.622,12,4.622 M12,3 C9.556,3,9.249,3.01,8.289,3.054C7.331,3.098,6.677,3.25,6.105,3.472C5.513,3.702,5.011,4.01,4.511,4.511 c-0.5,0.5-0.808,1.002-1.038,1.594C3.25,6.677,3.098,7.331,3.054,8.289C3.01,9.249,3,9.556,3,12c0,2.444,0.01,2.751,0.054,3.711 c0.044,0.958,0.196,1.612,0.418,2.185c0.23,0.592,0.538,1.094,1.038,1.594c0.5,0.5,1.002,0.808,1.594,1.038 c0.572,0.222,1.227,0.375,2.185,0.418C9.249,20.99,9.556,21,12,21s2.751-0.01,3.711-0.054c0.958-0.044,1.612-0.196,2.185-0.418 c0.592-0.23,1.094-0.538,1.594-1.038c0.5-0.5,0.808-1.002,1.038-1.594c0.222-0.572,0.375-1.227,0.418-2.185 C20.99,14.751,21,14.444,21,12s-0.01-2.751-0.054-3.711c-0.044-0.958-0.196-1.612-0.418-2.185c-0.23-0.592-0.538-1.094-1.038-1.594 c-0.5-0.5-1.002-0.808-1.594-1.038c-0.572-0.222-1.227-0.375-2.185-0.418C14.751,3.01,14.444,3,12,3L12,3z M12,7.378 c-2.552,0-4.622,2.069-4.622,4.622S9.448,16.622,12,16.622s4.622-2.069,4.622-4.622S14.552,7.378,12,7.378z M12,15 c-1.657,0-3-1.343-3-3s1.343-3,3-3s3,1.343,3,3S13.657,15,12,15z M16.804,6.116c-0.596,0-1.08,0.484-1.08,1.08 s0.484,1.08,1.08,1.08c0.596,0,1.08-0.484,1.08-1.08S17.401,6.116,16.804,6.116z\"><\/path><\/svg><span class=\"wp-block-social-link-label screen-reader-text\">Instagram<\/span><\/a><\/li><\/ul>\n<\/div>\n<\/div>\n\n\n\n<div style=\"height:100px\" aria-hidden=\"true\" class=\"wp-block-spacer\"><\/div>\n<\/div>\n\n\n\n<div data-aos= \"slide-right\" data-aos-duration=\"400\" data-aos-delay=\"0\" data-aos-easing=\"ease\" data-aos-once=\"true\" class=\"wp-block-uagb-container uag-hide-desktop uag-hide-tab uagb-block-437e6b6c\">\n<div class=\"wp-block-uagb-container uagb-block-9e8b19a4\">\n<div class=\"wp-block-uagb-advanced-heading uagb-block-b834a1ea\"><h2 class=\"uagb-heading-text\"><strong><strong><strong><strong><strong><strong><strong><strong><strong><strong><strong><strong><strong><strong><strong><strong><strong><strong><strong><strong><strong><strong>Os Vouguinhas<\/strong><\/strong><\/strong><\/strong><\/strong><\/strong><\/strong><\/strong><\/strong><\/strong><\/strong><\/strong><\/strong><\/strong><\/strong><\/strong><\/strong><\/strong><\/strong><\/strong><\/strong><\/strong><\/h2><\/div>\n\n\n\n<div class=\"wp-block-uagb-container uagb-block-11da3d2d\">\n<div class=\"wp-block-uagb-image uagb-block-d3573028 wp-block-uagb-image--layout-default wp-block-uagb-image--effect-zoomin wp-block-uagb-image--align-none\"><figure class=\"wp-block-uagb-image__figure\"><img decoding=\"async\" srcset=\"https:\/\/tradidancas.pt\/wp-content\/uploads\/2023\/07\/OS-VOUGUINHAS-1.webp \" sizes=\"auto, (max-width: 480px) 150px\" src=\"https:\/\/tradidancas.pt\/wp-content\/uploads\/2023\/07\/OS-VOUGUINHAS-1.webp\" alt=\"\" class=\"uag-image-2754\" width=\"900\" height=\"506\" title=\"\" loading=\"lazy\"\/><\/figure><\/div>\n\n\n\n<div style=\"height:25px\" aria-hidden=\"true\" class=\"wp-block-spacer\"><\/div>\n<\/div>\n\n\n\n<div class=\"wp-block-uagb-container uagb-block-49ae3470\">\n<p>Os Vouguinhas s\u00e3o um grupo de jovens nas idades compreendidas entre os 16 e 54 anos que t\u00eam um gosto pela m\u00fasica&nbsp;popular e pelas tradi\u00e7\u00f5es do seu pa\u00eds. Este grupo partilha este gosto entre eles, mas principalmente tamb\u00e9m&nbsp;com aqueles que os acompanham nas suas atua\u00e7\u00f5es. Vivem as m\u00fasicas, alegram os arraiais, promovem as tradi\u00e7\u00f5es mas, principalmente, t\u00eam amor naquilo que fazem. Este grupo percorre de norte a sul todo pa\u00eds e as esta\u00e7\u00f5es televisivas. Os Vouguinhas foram finalistas no Programa da Pra\u00e7a da Alegria no concurso Temos Artista- RTP1 e representam a m\u00fasica portuguesa numa edi\u00e7\u00e3o dos programas mais premiados, o THE VOICE GERA\u00c7\u00d5ES. Os Vouguinhas s\u00e3o um grupo para todas as idades e com eles podem contar com boa disposi\u00e7\u00e3o, boa m\u00fasica e, principalmente, boa festa.<\/p>\n\n\n\n<ul class=\"wp-block-social-links is-content-justification-center is-layout-flex wp-container-core-social-links-is-layout-5c862ccd wp-block-social-links-is-layout-flex\" style=\"margin-top:35px\"><li class=\"wp-social-link wp-social-link-facebook  wp-block-social-link\"><a rel=\"noopener nofollow\" target=\"_blank\" href=\"https:\/\/www.facebook.com\/people\/Os-Vouguinhas\/100063365851357\/\" class=\"wp-block-social-link-anchor\"><svg width=\"24\" height=\"24\" viewBox=\"0 0 24 24\" version=\"1.1\" xmlns=\"http:\/\/www.w3.org\/2000\/svg\" aria-hidden=\"true\" focusable=\"false\"><path d=\"M12 2C6.5 2 2 6.5 2 12c0 5 3.7 9.1 8.4 9.9v-7H7.9V12h2.5V9.8c0-2.5 1.5-3.9 3.8-3.9 1.1 0 2.2.2 2.2.2v2.5h-1.3c-1.2 0-1.6.8-1.6 1.6V12h2.8l-.4 2.9h-2.3v7C18.3 21.1 22 17 22 12c0-5.5-4.5-10-10-10z\"><\/path><\/svg><span class=\"wp-block-social-link-label screen-reader-text\">Facebook<\/span><\/a><\/li>\n\n<li class=\"wp-social-link wp-social-link-instagram  wp-block-social-link\"><a rel=\"noopener nofollow\" target=\"_blank\" href=\"https:\/\/www.instagram.com\/os_vouguinhas_\/\" class=\"wp-block-social-link-anchor\"><svg width=\"24\" height=\"24\" viewBox=\"0 0 24 24\" version=\"1.1\" xmlns=\"http:\/\/www.w3.org\/2000\/svg\" aria-hidden=\"true\" focusable=\"false\"><path d=\"M12,4.622c2.403,0,2.688,0.009,3.637,0.052c0.877,0.04,1.354,0.187,1.671,0.31c0.42,0.163,0.72,0.358,1.035,0.673 c0.315,0.315,0.51,0.615,0.673,1.035c0.123,0.317,0.27,0.794,0.31,1.671c0.043,0.949,0.052,1.234,0.052,3.637 s-0.009,2.688-0.052,3.637c-0.04,0.877-0.187,1.354-0.31,1.671c-0.163,0.42-0.358,0.72-0.673,1.035 c-0.315,0.315-0.615,0.51-1.035,0.673c-0.317,0.123-0.794,0.27-1.671,0.31c-0.949,0.043-1.233,0.052-3.637,0.052 s-2.688-0.009-3.637-0.052c-0.877-0.04-1.354-0.187-1.671-0.31c-0.42-0.163-0.72-0.358-1.035-0.673 c-0.315-0.315-0.51-0.615-0.673-1.035c-0.123-0.317-0.27-0.794-0.31-1.671C4.631,14.688,4.622,14.403,4.622,12 s0.009-2.688,0.052-3.637c0.04-0.877,0.187-1.354,0.31-1.671c0.163-0.42,0.358-0.72,0.673-1.035 c0.315-0.315,0.615-0.51,1.035-0.673c0.317-0.123,0.794-0.27,1.671-0.31C9.312,4.631,9.597,4.622,12,4.622 M12,3 C9.556,3,9.249,3.01,8.289,3.054C7.331,3.098,6.677,3.25,6.105,3.472C5.513,3.702,5.011,4.01,4.511,4.511 c-0.5,0.5-0.808,1.002-1.038,1.594C3.25,6.677,3.098,7.331,3.054,8.289C3.01,9.249,3,9.556,3,12c0,2.444,0.01,2.751,0.054,3.711 c0.044,0.958,0.196,1.612,0.418,2.185c0.23,0.592,0.538,1.094,1.038,1.594c0.5,0.5,1.002,0.808,1.594,1.038 c0.572,0.222,1.227,0.375,2.185,0.418C9.249,20.99,9.556,21,12,21s2.751-0.01,3.711-0.054c0.958-0.044,1.612-0.196,2.185-0.418 c0.592-0.23,1.094-0.538,1.594-1.038c0.5-0.5,0.808-1.002,1.038-1.594c0.222-0.572,0.375-1.227,0.418-2.185 C20.99,14.751,21,14.444,21,12s-0.01-2.751-0.054-3.711c-0.044-0.958-0.196-1.612-0.418-2.185c-0.23-0.592-0.538-1.094-1.038-1.594 c-0.5-0.5-1.002-0.808-1.594-1.038c-0.572-0.222-1.227-0.375-2.185-0.418C14.751,3.01,14.444,3,12,3L12,3z M12,7.378 c-2.552,0-4.622,2.069-4.622,4.622S9.448,16.622,12,16.622s4.622-2.069,4.622-4.622S14.552,7.378,12,7.378z M12,15 c-1.657,0-3-1.343-3-3s1.343-3,3-3s3,1.343,3,3S13.657,15,12,15z M16.804,6.116c-0.596,0-1.08,0.484-1.08,1.08 s0.484,1.08,1.08,1.08c0.596,0,1.08-0.484,1.08-1.08S17.401,6.116,16.804,6.116z\"><\/path><\/svg><span class=\"wp-block-social-link-label screen-reader-text\">Instagram<\/span><\/a><\/li><\/ul>\n<\/div>\n<\/div>\n\n\n\n<div style=\"height:100px\" aria-hidden=\"true\" class=\"wp-block-spacer\"><\/div>\n<\/div>\n<\/div><\/div>\n\n\n\n<div id=\"DJ-Plame\" class=\"wp-block-uagb-container uagb-block-aea7beb2 alignfull uagb-is-root-container\"><div class=\"uagb-container-inner-blocks-wrap\">\n<div data-aos= \"slide-right\" data-aos-duration=\"400\" data-aos-delay=\"0\" data-aos-easing=\"ease\" data-aos-once=\"true\" class=\"wp-block-uagb-container uag-hide-mob uagb-block-55327fa1\">\n<div class=\"wp-block-uagb-container uagb-block-0bdcf64f\">\n<div class=\"wp-block-uagb-container uagb-block-08c1f8bf\">\n<div class=\"wp-block-uagb-advanced-heading uagb-block-f96a2ce2\"><h2 class=\"uagb-heading-text\"><strong>DJ Plame<\/strong><\/h2><\/div>\n\n\n\n<p>DJ plame \u00e9 pla|neta me|sti\u00e7o, um projeto de Tiago Sami Pereira que convida o p\u00fablico a embarcar numa viagem de m\u00fasica portuguesa, folk e m\u00fasicas do mundo. Um alinhamento de fus\u00e3o que apela \u00e0 ess\u00eancia e \u00e0 liberdade.<\/p>\n<\/div>\n\n\n\n<div class=\"wp-block-uagb-container uagb-block-c1665917\">\n<div class=\"wp-block-uagb-image uagb-block-ea49dd16 wp-block-uagb-image--layout-default wp-block-uagb-image--effect-zoomin wp-block-uagb-image--align-none\"><figure class=\"wp-block-uagb-image__figure\"><img decoding=\"async\" srcset=\"https:\/\/tradidancas.pt\/wp-content\/uploads\/2023\/07\/DJ-PLAME.webp \" sizes=\"auto, (max-width: 480px) 150px\" src=\"https:\/\/tradidancas.pt\/wp-content\/uploads\/2023\/07\/DJ-PLAME.webp\" alt=\"\" class=\"uag-image-2786\" width=\"900\" height=\"506\" title=\"\" loading=\"lazy\"\/><\/figure><\/div>\n\n\n\n<div style=\"height:25px\" aria-hidden=\"true\" class=\"wp-block-spacer\"><\/div>\n\n\n\n<ul class=\"wp-block-social-links is-content-justification-right is-layout-flex wp-container-core-social-links-is-layout-d445cf74 wp-block-social-links-is-layout-flex\"><li class=\"wp-social-link wp-social-link-facebook  wp-block-social-link\"><a rel=\"noopener nofollow\" target=\"_blank\" href=\"https:\/\/www.facebook.com\/plame.dj\" class=\"wp-block-social-link-anchor\"><svg width=\"24\" height=\"24\" viewBox=\"0 0 24 24\" version=\"1.1\" xmlns=\"http:\/\/www.w3.org\/2000\/svg\" aria-hidden=\"true\" focusable=\"false\"><path d=\"M12 2C6.5 2 2 6.5 2 12c0 5 3.7 9.1 8.4 9.9v-7H7.9V12h2.5V9.8c0-2.5 1.5-3.9 3.8-3.9 1.1 0 2.2.2 2.2.2v2.5h-1.3c-1.2 0-1.6.8-1.6 1.6V12h2.8l-.4 2.9h-2.3v7C18.3 21.1 22 17 22 12c0-5.5-4.5-10-10-10z\"><\/path><\/svg><span class=\"wp-block-social-link-label screen-reader-text\">Facebook<\/span><\/a><\/li><\/ul>\n<\/div>\n<\/div>\n\n\n\n<div style=\"height:100px\" aria-hidden=\"true\" class=\"wp-block-spacer\"><\/div>\n<\/div>\n\n\n\n<div data-aos= \"slide-right\" data-aos-duration=\"400\" data-aos-delay=\"0\" data-aos-easing=\"ease\" data-aos-once=\"true\" class=\"wp-block-uagb-container uag-hide-desktop uag-hide-tab uagb-block-9e6736f0\">\n<div class=\"wp-block-uagb-container uagb-block-0014cc49\">\n<div class=\"wp-block-uagb-advanced-heading uagb-block-94986dc0\"><h2 class=\"uagb-heading-text\"><strong><strong><strong><strong><strong><strong><strong><strong><strong><strong><strong><strong><strong><strong><strong><strong><strong><strong><strong><strong><strong><strong><strong>DJ Plame<\/strong><\/strong><\/strong><\/strong><\/strong><\/strong><\/strong><\/strong><\/strong><\/strong><\/strong><\/strong><\/strong><\/strong><\/strong><\/strong><\/strong><\/strong><\/strong><\/strong><\/strong><\/strong><\/strong><\/h2><\/div>\n\n\n\n<div class=\"wp-block-uagb-container uagb-block-277976d2\">\n<div class=\"wp-block-uagb-image uagb-block-6cf7efd6 wp-block-uagb-image--layout-default wp-block-uagb-image--effect-zoomin wp-block-uagb-image--align-none\"><figure class=\"wp-block-uagb-image__figure\"><img decoding=\"async\" srcset=\"https:\/\/tradidancas.pt\/wp-content\/uploads\/2023\/07\/DJ-PLAME.webp \" sizes=\"auto, (max-width: 480px) 150px\" src=\"https:\/\/tradidancas.pt\/wp-content\/uploads\/2023\/07\/DJ-PLAME.webp\" alt=\"\" class=\"uag-image-2786\" width=\"900\" height=\"506\" title=\"\" loading=\"lazy\"\/><\/figure><\/div>\n\n\n\n<div style=\"height:25px\" aria-hidden=\"true\" class=\"wp-block-spacer\"><\/div>\n<\/div>\n\n\n\n<div class=\"wp-block-uagb-container uagb-block-d7c1ff40\">\n<p>DJ plame \u00e9 pla|neta me|sti\u00e7o, um projeto de Tiago Sami Pereira que convida o p\u00fablico a embarcar numa viagem de m\u00fasica portuguesa, folk e m\u00fasicas do mundo. Um alinhamento de fus\u00e3o que apela \u00e0 ess\u00eancia e \u00e0 liberdade.&nbsp;<\/p>\n\n\n\n<ul class=\"wp-block-social-links is-content-justification-center is-layout-flex wp-container-core-social-links-is-layout-5c862ccd wp-block-social-links-is-layout-flex\" style=\"margin-top:35px\"><li class=\"wp-social-link wp-social-link-facebook  wp-block-social-link\"><a rel=\"noopener nofollow\" target=\"_blank\" href=\"https:\/\/www.facebook.com\/plame.dj\" class=\"wp-block-social-link-anchor\"><svg width=\"24\" height=\"24\" viewBox=\"0 0 24 24\" version=\"1.1\" xmlns=\"http:\/\/www.w3.org\/2000\/svg\" aria-hidden=\"true\" focusable=\"false\"><path d=\"M12 2C6.5 2 2 6.5 2 12c0 5 3.7 9.1 8.4 9.9v-7H7.9V12h2.5V9.8c0-2.5 1.5-3.9 3.8-3.9 1.1 0 2.2.2 2.2.2v2.5h-1.3c-1.2 0-1.6.8-1.6 1.6V12h2.8l-.4 2.9h-2.3v7C18.3 21.1 22 17 22 12c0-5.5-4.5-10-10-10z\"><\/path><\/svg><span class=\"wp-block-social-link-label screen-reader-text\">Facebook<\/span><\/a><\/li><\/ul>\n<\/div>\n<\/div>\n\n\n\n<div style=\"height:100px\" aria-hidden=\"true\" class=\"wp-block-spacer\"><\/div>\n<\/div>\n<\/div><\/div>\n\n\n\n<div id=\"telmo-santos\" class=\"wp-block-uagb-container uagb-block-9e4ef09b alignfull uagb-is-root-container\"><div class=\"uagb-container-inner-blocks-wrap\">\n<div data-aos= \"slide-right\" data-aos-duration=\"400\" data-aos-delay=\"0\" data-aos-easing=\"ease\" data-aos-once=\"true\" class=\"wp-block-uagb-container uag-hide-mob uagb-block-2525501e\">\n<div class=\"wp-block-uagb-container uagb-block-989b0c23\">\n<div class=\"wp-block-uagb-container uagb-block-388acf6f\">\n<div class=\"wp-block-uagb-advanced-heading uagb-block-3359fb04\"><h2 class=\"uagb-heading-text\"><strong><strong>Telmo Santos<\/strong><\/strong><\/h2><\/div>\n\n\n\n<p>Desde pequeno que ficava fascinado com os videoclips do Michael Jackson e passava horas a tentar replicar os seus passos de dan\u00e7a. Na adolesc\u00eancia entrei numa companhia de dan\u00e7a amadora os B.C.M. e ai desenvolvi compet\u00eancias em v\u00e1rios estilos mas principalmente no Hip-Hop Dance. Em 2005 fiz o curso Hip-Hop College, melhor aluno com 18 valores. Fui bailarino MTV Music Awards em 2005. Em 2007 venci o campeonato ib\u00e9rico de Hip-Hop com a crew B.C.M.. Bailarino no Programa de TV &#8220;Achas Que Sabes Dan\u00e7ar&#8221;. Bailarino e coreografo Festival da Can\u00e7\u00e3o J\u00fanior. Coreografo da artista April IVI.<\/p>\n\n\n\n<p>Professor h\u00e1 mais de 20 anos em v\u00e1rias escolas, Jazzy Dance Studios, Escola de Dan\u00e7a de Sintra, Est\u00fadio3 e outras.<\/p>\n<\/div>\n\n\n\n<div class=\"wp-block-uagb-container uagb-block-f096b729\">\n<div class=\"wp-block-uagb-image uagb-block-323b9f89 wp-block-uagb-image--layout-default wp-block-uagb-image--effect-zoomin wp-block-uagb-image--align-none\"><figure class=\"wp-block-uagb-image__figure\"><img decoding=\"async\" srcset=\"https:\/\/tradidancas.pt\/wp-content\/uploads\/2023\/07\/TELMO-SANTOS.webp \" sizes=\"auto, (max-width: 480px) 150px\" src=\"https:\/\/tradidancas.pt\/wp-content\/uploads\/2023\/07\/TELMO-SANTOS.webp\" alt=\"\" class=\"uag-image-2791\" width=\"900\" height=\"506\" title=\"\" loading=\"lazy\"\/><\/figure><\/div>\n\n\n\n<div style=\"height:25px\" aria-hidden=\"true\" class=\"wp-block-spacer\"><\/div>\n\n\n\n<ul class=\"wp-block-social-links is-content-justification-right is-layout-flex wp-container-core-social-links-is-layout-d445cf74 wp-block-social-links-is-layout-flex\"><li class=\"wp-social-link wp-social-link-facebook  wp-block-social-link\"><a rel=\"noopener nofollow\" target=\"_blank\" href=\"https:\/\/www.facebook.com\/telmofalcaosantos\/?locale=pt_PT\" class=\"wp-block-social-link-anchor\"><svg width=\"24\" height=\"24\" viewBox=\"0 0 24 24\" version=\"1.1\" xmlns=\"http:\/\/www.w3.org\/2000\/svg\" aria-hidden=\"true\" focusable=\"false\"><path d=\"M12 2C6.5 2 2 6.5 2 12c0 5 3.7 9.1 8.4 9.9v-7H7.9V12h2.5V9.8c0-2.5 1.5-3.9 3.8-3.9 1.1 0 2.2.2 2.2.2v2.5h-1.3c-1.2 0-1.6.8-1.6 1.6V12h2.8l-.4 2.9h-2.3v7C18.3 21.1 22 17 22 12c0-5.5-4.5-10-10-10z\"><\/path><\/svg><span class=\"wp-block-social-link-label screen-reader-text\">Facebook<\/span><\/a><\/li>\n\n<li class=\"wp-social-link wp-social-link-instagram  wp-block-social-link\"><a rel=\"noopener nofollow\" target=\"_blank\" href=\"https:\/\/www.instagram.com\/telmo_hiphop\/\" class=\"wp-block-social-link-anchor\"><svg width=\"24\" height=\"24\" viewBox=\"0 0 24 24\" version=\"1.1\" xmlns=\"http:\/\/www.w3.org\/2000\/svg\" aria-hidden=\"true\" focusable=\"false\"><path d=\"M12,4.622c2.403,0,2.688,0.009,3.637,0.052c0.877,0.04,1.354,0.187,1.671,0.31c0.42,0.163,0.72,0.358,1.035,0.673 c0.315,0.315,0.51,0.615,0.673,1.035c0.123,0.317,0.27,0.794,0.31,1.671c0.043,0.949,0.052,1.234,0.052,3.637 s-0.009,2.688-0.052,3.637c-0.04,0.877-0.187,1.354-0.31,1.671c-0.163,0.42-0.358,0.72-0.673,1.035 c-0.315,0.315-0.615,0.51-1.035,0.673c-0.317,0.123-0.794,0.27-1.671,0.31c-0.949,0.043-1.233,0.052-3.637,0.052 s-2.688-0.009-3.637-0.052c-0.877-0.04-1.354-0.187-1.671-0.31c-0.42-0.163-0.72-0.358-1.035-0.673 c-0.315-0.315-0.51-0.615-0.673-1.035c-0.123-0.317-0.27-0.794-0.31-1.671C4.631,14.688,4.622,14.403,4.622,12 s0.009-2.688,0.052-3.637c0.04-0.877,0.187-1.354,0.31-1.671c0.163-0.42,0.358-0.72,0.673-1.035 c0.315-0.315,0.615-0.51,1.035-0.673c0.317-0.123,0.794-0.27,1.671-0.31C9.312,4.631,9.597,4.622,12,4.622 M12,3 C9.556,3,9.249,3.01,8.289,3.054C7.331,3.098,6.677,3.25,6.105,3.472C5.513,3.702,5.011,4.01,4.511,4.511 c-0.5,0.5-0.808,1.002-1.038,1.594C3.25,6.677,3.098,7.331,3.054,8.289C3.01,9.249,3,9.556,3,12c0,2.444,0.01,2.751,0.054,3.711 c0.044,0.958,0.196,1.612,0.418,2.185c0.23,0.592,0.538,1.094,1.038,1.594c0.5,0.5,1.002,0.808,1.594,1.038 c0.572,0.222,1.227,0.375,2.185,0.418C9.249,20.99,9.556,21,12,21s2.751-0.01,3.711-0.054c0.958-0.044,1.612-0.196,2.185-0.418 c0.592-0.23,1.094-0.538,1.594-1.038c0.5-0.5,0.808-1.002,1.038-1.594c0.222-0.572,0.375-1.227,0.418-2.185 C20.99,14.751,21,14.444,21,12s-0.01-2.751-0.054-3.711c-0.044-0.958-0.196-1.612-0.418-2.185c-0.23-0.592-0.538-1.094-1.038-1.594 c-0.5-0.5-1.002-0.808-1.594-1.038c-0.572-0.222-1.227-0.375-2.185-0.418C14.751,3.01,14.444,3,12,3L12,3z M12,7.378 c-2.552,0-4.622,2.069-4.622,4.622S9.448,16.622,12,16.622s4.622-2.069,4.622-4.622S14.552,7.378,12,7.378z M12,15 c-1.657,0-3-1.343-3-3s1.343-3,3-3s3,1.343,3,3S13.657,15,12,15z M16.804,6.116c-0.596,0-1.08,0.484-1.08,1.08 s0.484,1.08,1.08,1.08c0.596,0,1.08-0.484,1.08-1.08S17.401,6.116,16.804,6.116z\"><\/path><\/svg><span class=\"wp-block-social-link-label screen-reader-text\">Instagram<\/span><\/a><\/li><\/ul>\n<\/div>\n<\/div>\n\n\n\n<div style=\"height:100px\" aria-hidden=\"true\" class=\"wp-block-spacer\"><\/div>\n<\/div>\n\n\n\n<div data-aos= \"slide-right\" data-aos-duration=\"400\" data-aos-delay=\"0\" data-aos-easing=\"ease\" data-aos-once=\"true\" class=\"wp-block-uagb-container uag-hide-desktop uag-hide-tab uagb-block-8888b336\">\n<div class=\"wp-block-uagb-container uagb-block-76dfb5fb\">\n<div class=\"wp-block-uagb-advanced-heading uagb-block-2244fd42\"><h2 class=\"uagb-heading-text\"><strong><strong><strong><strong><strong><strong><strong><strong><strong><strong><strong><strong><strong><strong><strong><strong><strong><strong><strong><strong><strong><strong><strong><strong>Telmo Santos<\/strong><\/strong><\/strong><\/strong><\/strong><\/strong><\/strong><\/strong><\/strong><\/strong><\/strong><\/strong><\/strong><\/strong><\/strong><\/strong><\/strong><\/strong><\/strong><\/strong><\/strong><\/strong><\/strong><\/strong><\/h2><\/div>\n\n\n\n<div class=\"wp-block-uagb-container uagb-block-7150037a\">\n<div class=\"wp-block-uagb-image uagb-block-e7eb2342 wp-block-uagb-image--layout-default wp-block-uagb-image--effect-zoomin wp-block-uagb-image--align-none\"><figure class=\"wp-block-uagb-image__figure\"><img decoding=\"async\" srcset=\"https:\/\/tradidancas.pt\/wp-content\/uploads\/2023\/07\/TELMO-SANTOS.webp \" sizes=\"auto, (max-width: 480px) 150px\" src=\"https:\/\/tradidancas.pt\/wp-content\/uploads\/2023\/07\/TELMO-SANTOS.webp\" alt=\"\" class=\"uag-image-2791\" width=\"900\" height=\"506\" title=\"\" loading=\"lazy\"\/><\/figure><\/div>\n\n\n\n<div style=\"height:25px\" aria-hidden=\"true\" class=\"wp-block-spacer\"><\/div>\n<\/div>\n\n\n\n<div class=\"wp-block-uagb-container uagb-block-2d5d2c99\">\n<p>Desde pequeno que ficava fascinado com os videoclips do Michael Jackson e passava horas a tentar replicar os seus passos de dan\u00e7a. Na adolesc\u00eancia entrei numa companhia de dan\u00e7a amadora os B.C.M. e ai desenvolvi compet\u00eancias em v\u00e1rios estilos mas principalmente no Hip-Hop Dance. Em 2005 fiz o curso Hip-Hop College, melhor aluno com 18 valores. Fui bailarino MTV Music Awards em 2005. Em 2007 venci o campeonato ib\u00e9rico de Hip-Hop com a crew B.C.M.. Bailarino no Programa de TV &#8220;Achas Que Sabes Dan\u00e7ar&#8221;. Bailarino e coreografo Festival da Can\u00e7\u00e3o J\u00fanior. Coreografo da artista April IVI.<\/p>\n\n\n\n<p>Professor h\u00e1 mais de 20 anos em v\u00e1rias escolas, Jazzy Dance Studios, Escola de Dan\u00e7a de Sintra, Est\u00fadio3 e outras.<\/p>\n\n\n\n<ul class=\"wp-block-social-links is-content-justification-center is-layout-flex wp-container-core-social-links-is-layout-5c862ccd wp-block-social-links-is-layout-flex\" style=\"margin-top:35px\"><li class=\"wp-social-link wp-social-link-facebook  wp-block-social-link\"><a rel=\"noopener nofollow\" target=\"_blank\" href=\"https:\/\/www.facebook.com\/telmofalcaosantos\/?locale=pt_PT\" class=\"wp-block-social-link-anchor\"><svg width=\"24\" height=\"24\" viewBox=\"0 0 24 24\" version=\"1.1\" xmlns=\"http:\/\/www.w3.org\/2000\/svg\" aria-hidden=\"true\" focusable=\"false\"><path d=\"M12 2C6.5 2 2 6.5 2 12c0 5 3.7 9.1 8.4 9.9v-7H7.9V12h2.5V9.8c0-2.5 1.5-3.9 3.8-3.9 1.1 0 2.2.2 2.2.2v2.5h-1.3c-1.2 0-1.6.8-1.6 1.6V12h2.8l-.4 2.9h-2.3v7C18.3 21.1 22 17 22 12c0-5.5-4.5-10-10-10z\"><\/path><\/svg><span class=\"wp-block-social-link-label screen-reader-text\">Facebook<\/span><\/a><\/li>\n\n<li class=\"wp-social-link wp-social-link-instagram  wp-block-social-link\"><a rel=\"noopener nofollow\" target=\"_blank\" href=\"https:\/\/www.instagram.com\/telmo_hiphop\/\" class=\"wp-block-social-link-anchor\"><svg width=\"24\" height=\"24\" viewBox=\"0 0 24 24\" version=\"1.1\" xmlns=\"http:\/\/www.w3.org\/2000\/svg\" aria-hidden=\"true\" focusable=\"false\"><path d=\"M12,4.622c2.403,0,2.688,0.009,3.637,0.052c0.877,0.04,1.354,0.187,1.671,0.31c0.42,0.163,0.72,0.358,1.035,0.673 c0.315,0.315,0.51,0.615,0.673,1.035c0.123,0.317,0.27,0.794,0.31,1.671c0.043,0.949,0.052,1.234,0.052,3.637 s-0.009,2.688-0.052,3.637c-0.04,0.877-0.187,1.354-0.31,1.671c-0.163,0.42-0.358,0.72-0.673,1.035 c-0.315,0.315-0.615,0.51-1.035,0.673c-0.317,0.123-0.794,0.27-1.671,0.31c-0.949,0.043-1.233,0.052-3.637,0.052 s-2.688-0.009-3.637-0.052c-0.877-0.04-1.354-0.187-1.671-0.31c-0.42-0.163-0.72-0.358-1.035-0.673 c-0.315-0.315-0.51-0.615-0.673-1.035c-0.123-0.317-0.27-0.794-0.31-1.671C4.631,14.688,4.622,14.403,4.622,12 s0.009-2.688,0.052-3.637c0.04-0.877,0.187-1.354,0.31-1.671c0.163-0.42,0.358-0.72,0.673-1.035 c0.315-0.315,0.615-0.51,1.035-0.673c0.317-0.123,0.794-0.27,1.671-0.31C9.312,4.631,9.597,4.622,12,4.622 M12,3 C9.556,3,9.249,3.01,8.289,3.054C7.331,3.098,6.677,3.25,6.105,3.472C5.513,3.702,5.011,4.01,4.511,4.511 c-0.5,0.5-0.808,1.002-1.038,1.594C3.25,6.677,3.098,7.331,3.054,8.289C3.01,9.249,3,9.556,3,12c0,2.444,0.01,2.751,0.054,3.711 c0.044,0.958,0.196,1.612,0.418,2.185c0.23,0.592,0.538,1.094,1.038,1.594c0.5,0.5,1.002,0.808,1.594,1.038 c0.572,0.222,1.227,0.375,2.185,0.418C9.249,20.99,9.556,21,12,21s2.751-0.01,3.711-0.054c0.958-0.044,1.612-0.196,2.185-0.418 c0.592-0.23,1.094-0.538,1.594-1.038c0.5-0.5,0.808-1.002,1.038-1.594c0.222-0.572,0.375-1.227,0.418-2.185 C20.99,14.751,21,14.444,21,12s-0.01-2.751-0.054-3.711c-0.044-0.958-0.196-1.612-0.418-2.185c-0.23-0.592-0.538-1.094-1.038-1.594 c-0.5-0.5-1.002-0.808-1.594-1.038c-0.572-0.222-1.227-0.375-2.185-0.418C14.751,3.01,14.444,3,12,3L12,3z M12,7.378 c-2.552,0-4.622,2.069-4.622,4.622S9.448,16.622,12,16.622s4.622-2.069,4.622-4.622S14.552,7.378,12,7.378z M12,15 c-1.657,0-3-1.343-3-3s1.343-3,3-3s3,1.343,3,3S13.657,15,12,15z M16.804,6.116c-0.596,0-1.08,0.484-1.08,1.08 s0.484,1.08,1.08,1.08c0.596,0,1.08-0.484,1.08-1.08S17.401,6.116,16.804,6.116z\"><\/path><\/svg><span class=\"wp-block-social-link-label screen-reader-text\">Instagram<\/span><\/a><\/li><\/ul>\n<\/div>\n<\/div>\n\n\n\n<div style=\"height:100px\" aria-hidden=\"true\" class=\"wp-block-spacer\"><\/div>\n<\/div>\n<\/div><\/div>\n\n\n\n<div id=\"No-Mazurka-Band\" class=\"wp-block-uagb-container uagb-block-7ebfe5ea alignfull uagb-is-root-container\"><div class=\"uagb-container-inner-blocks-wrap\">\n<div data-aos= \"slide-right\" data-aos-duration=\"400\" data-aos-delay=\"0\" data-aos-easing=\"ease\" data-aos-once=\"true\" class=\"wp-block-uagb-container uag-hide-mob uagb-block-855b89d5\">\n<div class=\"wp-block-uagb-container uagb-block-0ef3c7b8\">\n<div class=\"wp-block-uagb-container uagb-block-821a3e91\">\n<div class=\"wp-block-uagb-advanced-heading uagb-block-8b772b1c\"><h2 class=\"uagb-heading-text\"><strong>No Mazurka Band<\/strong><\/h2><\/div>\n\n\n\n<p>No Mazurka Band [NMB] t\u00eam como aposta dar for\u00e7a ao baile portugu\u00eas e \u00e0 flauta de tamborileiro, n\u00e3o necessariamente por esta ordem. Come\u00e7ando nos Viras (Minho) e Corridinhos (Algarve), passando pelas valsas (do Oeste a Tr\u00e1s-os-Montes), Jotas, Repasseados, passo dobles ou Rumbas e terminando em composi\u00e7\u00f5es fresquinhas, os NMB &#8220;arranjam&#8221; as m\u00fasicas com instrumentos mel\u00f3dicos, originando surpreendentes harmonias de cada vez que o passo de dan\u00e7a recome\u00e7a. Campani\u00e7a, Gaitas, Rauchpfeifen, vozes e Flautas de tr\u00eas buracos alternam com tamboril, pandeiro e caixa para dar din\u00e2mica ao baile, fazendo do ac\u00fastico o material de constru\u00e7\u00e3o e reinven\u00e7\u00e3o da m\u00fasica portuguesa.<\/p>\n\n\n\n<p>NMB apresentam-se no Tradidan\u00e7as com forma\u00e7\u00e3o e energia renovadas, algumas surpresas e uma vontade inabal\u00e1vel de fazer a festa com bailadores e foli\u00f5es.<\/p>\n\n\n\n<p>Joana Negr\u00e3o: Voz, Gaita e percuss\u00f5es portuguesas<\/p>\n\n\n\n<p>Ant\u00f3nio Bexiga [T\u00f3-Z\u00e9 Bexiga]: Viola Campani\u00e7a e coros<\/p>\n\n\n\n<p>Paulo Pereira: Flautas, Rauchpfeifen e coros<\/p>\n\n\n\n<p>Ricardo Falc\u00e3o: Percuss\u00f5es e voz<\/p>\n<\/div>\n\n\n\n<div class=\"wp-block-uagb-container uagb-block-709868a6\">\n<div class=\"wp-block-uagb-image uagb-block-f864385a wp-block-uagb-image--layout-default wp-block-uagb-image--effect-zoomin wp-block-uagb-image--align-none\"><figure class=\"wp-block-uagb-image__figure\"><img decoding=\"async\" srcset=\"https:\/\/tradidancas.pt\/wp-content\/uploads\/2023\/07\/moldura-foto-nmb.webp \" sizes=\"auto, (max-width: 480px) 150px\" src=\"https:\/\/tradidancas.pt\/wp-content\/uploads\/2023\/07\/moldura-foto-nmb.webp\" alt=\"\" class=\"uag-image-2798\" width=\"900\" height=\"506\" title=\"\" loading=\"lazy\"\/><\/figure><\/div>\n\n\n\n<div style=\"height:25px\" aria-hidden=\"true\" class=\"wp-block-spacer\"><\/div>\n\n\n\n<ul class=\"wp-block-social-links is-content-justification-right is-layout-flex wp-container-core-social-links-is-layout-d445cf74 wp-block-social-links-is-layout-flex\"><li class=\"wp-social-link wp-social-link-chain  wp-block-social-link\"><a rel=\"noopener nofollow\" target=\"_blank\" href=\"https:\/\/www.myspace.com\/nomazurkaband\" class=\"wp-block-social-link-anchor\"><svg width=\"24\" height=\"24\" viewBox=\"0 0 24 24\" version=\"1.1\" xmlns=\"http:\/\/www.w3.org\/2000\/svg\" aria-hidden=\"true\" focusable=\"false\"><path d=\"M15.6,7.2H14v1.5h1.6c2,0,3.7,1.7,3.7,3.7s-1.7,3.7-3.7,3.7H14v1.5h1.6c2.8,0,5.2-2.3,5.2-5.2,0-2.9-2.3-5.2-5.2-5.2zM4.7,12.4c0-2,1.7-3.7,3.7-3.7H10V7.2H8.4c-2.9,0-5.2,2.3-5.2,5.2,0,2.9,2.3,5.2,5.2,5.2H10v-1.5H8.4c-2,0-3.7-1.7-3.7-3.7zm4.6.9h5.3v-1.5H9.3v1.5z\"><\/path><\/svg><span class=\"wp-block-social-link-label screen-reader-text\">Link<\/span><\/a><\/li>\n\n<li class=\"wp-social-link wp-social-link-facebook  wp-block-social-link\"><a rel=\"noopener nofollow\" target=\"_blank\" href=\"https:\/\/pt-br.facebook.com\/NoMazurkaBand\/\" class=\"wp-block-social-link-anchor\"><svg width=\"24\" height=\"24\" viewBox=\"0 0 24 24\" version=\"1.1\" xmlns=\"http:\/\/www.w3.org\/2000\/svg\" aria-hidden=\"true\" focusable=\"false\"><path d=\"M12 2C6.5 2 2 6.5 2 12c0 5 3.7 9.1 8.4 9.9v-7H7.9V12h2.5V9.8c0-2.5 1.5-3.9 3.8-3.9 1.1 0 2.2.2 2.2.2v2.5h-1.3c-1.2 0-1.6.8-1.6 1.6V12h2.8l-.4 2.9h-2.3v7C18.3 21.1 22 17 22 12c0-5.5-4.5-10-10-10z\"><\/path><\/svg><span class=\"wp-block-social-link-label screen-reader-text\">Facebook<\/span><\/a><\/li><\/ul>\n<\/div>\n<\/div>\n\n\n\n<div style=\"height:100px\" aria-hidden=\"true\" class=\"wp-block-spacer\"><\/div>\n<\/div>\n\n\n\n<div data-aos= \"slide-right\" data-aos-duration=\"400\" data-aos-delay=\"0\" data-aos-easing=\"ease\" data-aos-once=\"true\" class=\"wp-block-uagb-container uag-hide-desktop uag-hide-tab uagb-block-c1e291ee\">\n<div class=\"wp-block-uagb-container uagb-block-c46e46fe\">\n<div class=\"wp-block-uagb-advanced-heading uagb-block-1f68e6df\"><h2 class=\"uagb-heading-text\"><strong><strong><strong><strong><strong><strong><strong><strong><strong><strong><strong><strong><strong><strong><strong><strong><strong><strong><strong><strong><strong><strong><strong><strong><strong>No Mazurka Band<\/strong><\/strong><\/strong><\/strong><\/strong><\/strong><\/strong><\/strong><\/strong><\/strong><\/strong><\/strong><\/strong><\/strong><\/strong><\/strong><\/strong><\/strong><\/strong><\/strong><\/strong><\/strong><\/strong><\/strong><\/strong><\/h2><\/div>\n\n\n\n<div class=\"wp-block-uagb-container uagb-block-d3425219\">\n<div class=\"wp-block-uagb-image uagb-block-6f1ac6f8 wp-block-uagb-image--layout-default wp-block-uagb-image--effect-zoomin wp-block-uagb-image--align-none\"><figure class=\"wp-block-uagb-image__figure\"><img decoding=\"async\" srcset=\"https:\/\/tradidancas.pt\/wp-content\/uploads\/2023\/07\/moldura-foto-nmb.webp \" sizes=\"auto, (max-width: 480px) 150px\" src=\"https:\/\/tradidancas.pt\/wp-content\/uploads\/2023\/07\/moldura-foto-nmb.webp\" alt=\"\" class=\"uag-image-2798\" width=\"900\" height=\"506\" title=\"\" loading=\"lazy\"\/><\/figure><\/div>\n\n\n\n<div style=\"height:25px\" aria-hidden=\"true\" class=\"wp-block-spacer\"><\/div>\n<\/div>\n\n\n\n<div class=\"wp-block-uagb-container uagb-block-cb12a407\">\n<p>No Mazurka Band [NMB] t\u00eam como aposta dar for\u00e7a ao baile portugu\u00eas e \u00e0 flauta de tamborileiro, n\u00e3o necessariamente por esta ordem. Come\u00e7ando nos Viras (Minho) e Corridinhos (Algarve), passando pelas valsas (do Oeste a Tr\u00e1s-os-Montes), Jotas, Repasseados, passo dobles ou Rumbas e terminando em composi\u00e7\u00f5es fresquinhas, os NMB &#8220;arranjam&#8221; as m\u00fasicas com instrumentos mel\u00f3dicos, originando surpreendentes harmonias de cada vez que o passo de dan\u00e7a recome\u00e7a. Campani\u00e7a, Gaitas, Rauchpfeifen, vozes e Flautas de tr\u00eas buracos alternam com tamboril, pandeiro e caixa para dar din\u00e2mica ao baile, fazendo do ac\u00fastico o material de constru\u00e7\u00e3o e reinven\u00e7\u00e3o da m\u00fasica portuguesa.<\/p>\n\n\n\n<p>NMB apresentam-se no Tradidan\u00e7as com forma\u00e7\u00e3o e energia renovadas, algumas surpresas e uma vontade inabal\u00e1vel de fazer a festa com bailadores e foli\u00f5es.<\/p>\n\n\n\n<p>Joana Negr\u00e3o: Voz, Gaita e percuss\u00f5es portuguesas<\/p>\n\n\n\n<p>Ant\u00f3nio Bexiga [T\u00f3-Z\u00e9 Bexiga]: Viola Campani\u00e7a e coros<\/p>\n\n\n\n<p>Paulo Pereira: Flautas, Rauchpfeifen e coros<\/p>\n\n\n\n<p>Ricardo Falc\u00e3o: Percuss\u00f5es e voz<\/p>\n\n\n\n<ul class=\"wp-block-social-links is-content-justification-center is-layout-flex wp-container-core-social-links-is-layout-5c862ccd wp-block-social-links-is-layout-flex\" style=\"margin-top:35px\"><li class=\"wp-social-link wp-social-link-chain  wp-block-social-link\"><a rel=\"noopener nofollow\" target=\"_blank\" href=\"https:\/\/www.myspace.com\/nomazurkaband\" class=\"wp-block-social-link-anchor\"><svg width=\"24\" height=\"24\" viewBox=\"0 0 24 24\" version=\"1.1\" xmlns=\"http:\/\/www.w3.org\/2000\/svg\" aria-hidden=\"true\" focusable=\"false\"><path d=\"M15.6,7.2H14v1.5h1.6c2,0,3.7,1.7,3.7,3.7s-1.7,3.7-3.7,3.7H14v1.5h1.6c2.8,0,5.2-2.3,5.2-5.2,0-2.9-2.3-5.2-5.2-5.2zM4.7,12.4c0-2,1.7-3.7,3.7-3.7H10V7.2H8.4c-2.9,0-5.2,2.3-5.2,5.2,0,2.9,2.3,5.2,5.2,5.2H10v-1.5H8.4c-2,0-3.7-1.7-3.7-3.7zm4.6.9h5.3v-1.5H9.3v1.5z\"><\/path><\/svg><span class=\"wp-block-social-link-label screen-reader-text\">Link<\/span><\/a><\/li>\n\n<li class=\"wp-social-link wp-social-link-facebook  wp-block-social-link\"><a rel=\"noopener nofollow\" target=\"_blank\" href=\"https:\/\/pt-br.facebook.com\/NoMazurkaBand\/\" class=\"wp-block-social-link-anchor\"><svg width=\"24\" height=\"24\" viewBox=\"0 0 24 24\" version=\"1.1\" xmlns=\"http:\/\/www.w3.org\/2000\/svg\" aria-hidden=\"true\" focusable=\"false\"><path d=\"M12 2C6.5 2 2 6.5 2 12c0 5 3.7 9.1 8.4 9.9v-7H7.9V12h2.5V9.8c0-2.5 1.5-3.9 3.8-3.9 1.1 0 2.2.2 2.2.2v2.5h-1.3c-1.2 0-1.6.8-1.6 1.6V12h2.8l-.4 2.9h-2.3v7C18.3 21.1 22 17 22 12c0-5.5-4.5-10-10-10z\"><\/path><\/svg><span class=\"wp-block-social-link-label screen-reader-text\">Facebook<\/span><\/a><\/li><\/ul>\n<\/div>\n<\/div>\n\n\n\n<div style=\"height:100px\" aria-hidden=\"true\" class=\"wp-block-spacer\"><\/div>\n<\/div>\n<\/div><\/div>\n\n\n\n<div id=\"Recanto\" class=\"wp-block-uagb-container uagb-block-d425140a alignfull uagb-is-root-container\"><div class=\"uagb-container-inner-blocks-wrap\">\n<div data-aos= \"slide-right\" data-aos-duration=\"400\" data-aos-delay=\"0\" data-aos-easing=\"ease\" data-aos-once=\"true\" class=\"wp-block-uagb-container uag-hide-mob uagb-block-b0ec4cbf\">\n<div class=\"wp-block-uagb-container uagb-block-c5c6619f\">\n<div class=\"wp-block-uagb-container uagb-block-97b38e63\">\n<div class=\"wp-block-uagb-advanced-heading uagb-block-c2280406\"><h2 class=\"uagb-heading-text\"><strong>Recanto<\/strong><\/h2><\/div>\n\n\n\n<p>Os Recanto contam j\u00e1 com mais de 200 espect\u00e1culos de norte a sul de Portugal, dos quais destacamos a digress\u00e3o no Brasil onde estivemos em tr\u00eas estados (P\u00edaui, Maranh\u00e3o e Cear\u00e1), bem como o Festival Urkult na Su\u00e9cia, a nossa passagem pelos A\u00e7ores e todo o Norte, Centro e Sul do pa\u00eds.<\/p>\n\n\n\n<p>No formato de Baile Tradicional, destacamos a nossa presen\u00e7a no Festival Andan\u00e7as, Festiball, Festival H\u00e1 Festa na Aldeia, e tantos mais encontros de Dan\u00e7as Tradicionais por todo o pa\u00eds.<\/p>\n\n\n\n<p>J\u00e1 com um disco em carteira a m\u00fasica dos Recanto \u00e9 uma festa e um convite a uma viagem na maquina do tempo.<\/p>\n<\/div>\n\n\n\n<div class=\"wp-block-uagb-container uagb-block-b62772f6\">\n<div class=\"wp-block-uagb-image uagb-block-22e3f440 wp-block-uagb-image--layout-default wp-block-uagb-image--effect-zoomin wp-block-uagb-image--align-none\"><figure class=\"wp-block-uagb-image__figure\"><img decoding=\"async\" srcset=\"https:\/\/tradidancas.pt\/wp-content\/uploads\/2023\/07\/RECANTO.webp \" sizes=\"auto, (max-width: 480px) 150px\" src=\"https:\/\/tradidancas.pt\/wp-content\/uploads\/2023\/07\/RECANTO.webp\" alt=\"\" class=\"uag-image-2844\" width=\"900\" height=\"506\" title=\"\" loading=\"lazy\"\/><\/figure><\/div>\n\n\n\n<div style=\"height:25px\" aria-hidden=\"true\" class=\"wp-block-spacer\"><\/div>\n\n\n\n<ul class=\"wp-block-social-links is-content-justification-right is-layout-flex wp-container-core-social-links-is-layout-d445cf74 wp-block-social-links-is-layout-flex\"><li class=\"wp-social-link wp-social-link-chain  wp-block-social-link\"><a rel=\"noopener nofollow\" target=\"_blank\" href=\"https:\/\/recantofolk.wixsite.com\/recanto\" class=\"wp-block-social-link-anchor\"><svg width=\"24\" height=\"24\" viewBox=\"0 0 24 24\" version=\"1.1\" xmlns=\"http:\/\/www.w3.org\/2000\/svg\" aria-hidden=\"true\" focusable=\"false\"><path d=\"M15.6,7.2H14v1.5h1.6c2,0,3.7,1.7,3.7,3.7s-1.7,3.7-3.7,3.7H14v1.5h1.6c2.8,0,5.2-2.3,5.2-5.2,0-2.9-2.3-5.2-5.2-5.2zM4.7,12.4c0-2,1.7-3.7,3.7-3.7H10V7.2H8.4c-2.9,0-5.2,2.3-5.2,5.2,0,2.9,2.3,5.2,5.2,5.2H10v-1.5H8.4c-2,0-3.7-1.7-3.7-3.7zm4.6.9h5.3v-1.5H9.3v1.5z\"><\/path><\/svg><span class=\"wp-block-social-link-label screen-reader-text\">Link<\/span><\/a><\/li><\/ul>\n<\/div>\n<\/div>\n\n\n\n<div style=\"height:100px\" aria-hidden=\"true\" class=\"wp-block-spacer\"><\/div>\n<\/div>\n\n\n\n<div data-aos= \"slide-right\" data-aos-duration=\"400\" data-aos-delay=\"0\" data-aos-easing=\"ease\" data-aos-once=\"true\" class=\"wp-block-uagb-container uag-hide-desktop uag-hide-tab uagb-block-039cb4d8\">\n<div class=\"wp-block-uagb-container uagb-block-ec325491\">\n<div class=\"wp-block-uagb-advanced-heading uagb-block-b1012ba4\"><h2 class=\"uagb-heading-text\"><strong><strong><strong><strong><strong><strong><strong><strong><strong><strong><strong><strong><strong><strong><strong><strong><strong><strong><strong><strong><strong><strong><strong><strong><strong><strong>Recanto<\/strong><\/strong><\/strong><\/strong><\/strong><\/strong><\/strong><\/strong><\/strong><\/strong><\/strong><\/strong><\/strong><\/strong><\/strong><\/strong><\/strong><\/strong><\/strong><\/strong><\/strong><\/strong><\/strong><\/strong><\/strong><\/strong><\/h2><\/div>\n\n\n\n<div class=\"wp-block-uagb-container uagb-block-f85230d7\">\n<div class=\"wp-block-uagb-image uagb-block-d23ae3c5 wp-block-uagb-image--layout-default wp-block-uagb-image--effect-zoomin wp-block-uagb-image--align-none\"><figure class=\"wp-block-uagb-image__figure\"><img decoding=\"async\" srcset=\"https:\/\/tradidancas.pt\/wp-content\/uploads\/2023\/07\/RECANTO.webp \" sizes=\"auto, (max-width: 480px) 150px\" src=\"https:\/\/tradidancas.pt\/wp-content\/uploads\/2023\/07\/RECANTO.webp\" alt=\"\" class=\"uag-image-2844\" width=\"900\" height=\"506\" title=\"\" loading=\"lazy\"\/><\/figure><\/div>\n\n\n\n<div style=\"height:25px\" aria-hidden=\"true\" class=\"wp-block-spacer\"><\/div>\n<\/div>\n\n\n\n<div class=\"wp-block-uagb-container uagb-block-5facd38e\">\n<p>Os Recanto contam j\u00e1 com mais de 200 espect\u00e1culos de norte a sul de Portugal, dos quais destacamos a digress\u00e3o no Brasil onde estivemos em tr\u00eas estados (P\u00edaui, Maranh\u00e3o e Cear\u00e1), bem como o Festival Urkult na Su\u00e9cia, a nossa passagem pelos A\u00e7ores e todo o Norte, Centro e Sul do pa\u00eds.<\/p>\n\n\n\n<p>No formato de Baile Tradicional, destacamos a nossa presen\u00e7a no Festival Andan\u00e7as, Festiball, Festival H\u00e1 Festa na Aldeia, e tantos mais encontros de Dan\u00e7as Tradicionais por todo o pa\u00eds.<\/p>\n\n\n\n<p>J\u00e1 com um disco em carteira a m\u00fasica dos Recanto \u00e9 uma festa e um convite a uma viagem na maquina do tempo.<\/p>\n\n\n\n<ul class=\"wp-block-social-links is-content-justification-center is-layout-flex wp-container-core-social-links-is-layout-5c862ccd wp-block-social-links-is-layout-flex\" style=\"margin-top:35px\"><li class=\"wp-social-link wp-social-link-chain  wp-block-social-link\"><a rel=\"noopener nofollow\" target=\"_blank\" href=\"https:\/\/recantofolk.wixsite.com\/recanto\" class=\"wp-block-social-link-anchor\"><svg width=\"24\" height=\"24\" viewBox=\"0 0 24 24\" version=\"1.1\" xmlns=\"http:\/\/www.w3.org\/2000\/svg\" aria-hidden=\"true\" focusable=\"false\"><path d=\"M15.6,7.2H14v1.5h1.6c2,0,3.7,1.7,3.7,3.7s-1.7,3.7-3.7,3.7H14v1.5h1.6c2.8,0,5.2-2.3,5.2-5.2,0-2.9-2.3-5.2-5.2-5.2zM4.7,12.4c0-2,1.7-3.7,3.7-3.7H10V7.2H8.4c-2.9,0-5.2,2.3-5.2,5.2,0,2.9,2.3,5.2,5.2,5.2H10v-1.5H8.4c-2,0-3.7-1.7-3.7-3.7zm4.6.9h5.3v-1.5H9.3v1.5z\"><\/path><\/svg><span class=\"wp-block-social-link-label screen-reader-text\">Link<\/span><\/a><\/li><\/ul>\n<\/div>\n<\/div>\n\n\n\n<div style=\"height:100px\" aria-hidden=\"true\" class=\"wp-block-spacer\"><\/div>\n<\/div>\n<\/div><\/div>\n\n\n\n<div id=\"Roger-Picken\" class=\"wp-block-uagb-container uagb-block-4a7e31e4 alignfull uagb-is-root-container\"><div class=\"uagb-container-inner-blocks-wrap\">\n<div data-aos= \"slide-right\" data-aos-duration=\"400\" data-aos-delay=\"0\" data-aos-easing=\"ease\" data-aos-once=\"true\" class=\"wp-block-uagb-container uag-hide-mob uagb-block-562e2712\">\n<div class=\"wp-block-uagb-container uagb-block-931d9001\">\n<div class=\"wp-block-uagb-container uagb-block-72fe9d29\">\n<div class=\"wp-block-uagb-advanced-heading uagb-block-4250ce4a\"><h2 class=\"uagb-heading-text\"><strong>Roger Picken e Sue Willdig<\/strong><\/h2><\/div>\n\n\n\n<p>A contradan\u00e7a escocesa (Scottish Country Dancing, SCD) \u00e9 uma modalidade de dan\u00e7a com adeptos espalhados por todo o mundo. S\u00e3o dan\u00e7as tipicamente feitas em conjuntos de seis ou oito pessoas, sendo os objectivos principais o divertimento e o conv\u00edvio com os outros participantes, ao mesmo tempo que se aprende a executar com eleg\u00e2ncia os passos e as figuras. A m\u00fasica \u00e9 fant\u00e1stica com ritmos r\u00e1pidos, &#8220;reels&#8221; e &#8220;jigs&#8221; e um ritmo mais lento, &#8220;strathspey&#8221;, \u00fanico da tradi\u00e7\u00e3o escocesa. As dan\u00e7as e a m\u00fasica t\u00eam ra\u00edzes antigas, que remontam pelo menos ao s\u00e9culo XVIII, mas a cultura mant\u00e9m-se viva, e actualmente continuam a ser criadas muitas dan\u00e7as e m\u00fasicas novas.<\/p>\n\n\n\n<p><br>O Roger e a Sue come\u00e7aram a aprender a dan\u00e7a escocesa em Portugal h\u00e1 mais de 30 anos, e fundaram o seu pr\u00f3prio grupo em Lisboa em 2004. Dois anos depois, em St Andrews na Esc\u00f3cia, o Roger completou o processo de se tornar professor acreditado da modalidade pela Royal Scottish Country Dance Society.<\/p>\n<\/div>\n\n\n\n<div class=\"wp-block-uagb-container uagb-block-124d2e93\">\n<div class=\"wp-block-uagb-image uagb-block-f83882d6 wp-block-uagb-image--layout-default wp-block-uagb-image--effect-zoomin wp-block-uagb-image--align-none\"><figure class=\"wp-block-uagb-image__figure\"><img decoding=\"async\" srcset=\"https:\/\/tradidancas.pt\/wp-content\/uploads\/2023\/07\/ROGER-PICKEN-E-SUE-WILLDIG.webp \" sizes=\"auto, (max-width: 480px) 150px\" src=\"https:\/\/tradidancas.pt\/wp-content\/uploads\/2023\/07\/ROGER-PICKEN-E-SUE-WILLDIG.webp\" alt=\"\" class=\"uag-image-2847\" width=\"900\" height=\"506\" title=\"\" loading=\"lazy\"\/><\/figure><\/div>\n\n\n\n<div style=\"height:25px\" aria-hidden=\"true\" class=\"wp-block-spacer\"><\/div>\n\n\n\n<ul class=\"wp-block-social-links is-content-justification-right is-layout-flex wp-container-core-social-links-is-layout-d445cf74 wp-block-social-links-is-layout-flex\"><li class=\"wp-social-link wp-social-link-chain  wp-block-social-link\"><a rel=\"noopener nofollow\" target=\"_blank\" href=\"https:\/\/sites.google.com\/site\/telheirasscd\/\" class=\"wp-block-social-link-anchor\"><svg width=\"24\" height=\"24\" viewBox=\"0 0 24 24\" version=\"1.1\" xmlns=\"http:\/\/www.w3.org\/2000\/svg\" aria-hidden=\"true\" focusable=\"false\"><path d=\"M15.6,7.2H14v1.5h1.6c2,0,3.7,1.7,3.7,3.7s-1.7,3.7-3.7,3.7H14v1.5h1.6c2.8,0,5.2-2.3,5.2-5.2,0-2.9-2.3-5.2-5.2-5.2zM4.7,12.4c0-2,1.7-3.7,3.7-3.7H10V7.2H8.4c-2.9,0-5.2,2.3-5.2,5.2,0,2.9,2.3,5.2,5.2,5.2H10v-1.5H8.4c-2,0-3.7-1.7-3.7-3.7zm4.6.9h5.3v-1.5H9.3v1.5z\"><\/path><\/svg><span class=\"wp-block-social-link-label screen-reader-text\">Link<\/span><\/a><\/li><\/ul>\n<\/div>\n<\/div>\n\n\n\n<div style=\"height:100px\" aria-hidden=\"true\" class=\"wp-block-spacer\"><\/div>\n<\/div>\n\n\n\n<div data-aos= \"slide-right\" data-aos-duration=\"400\" data-aos-delay=\"0\" data-aos-easing=\"ease\" data-aos-once=\"true\" class=\"wp-block-uagb-container uag-hide-desktop uag-hide-tab uagb-block-ecd289fd\">\n<div class=\"wp-block-uagb-container uagb-block-4ad44b5c\">\n<div class=\"wp-block-uagb-advanced-heading uagb-block-a75477ae\"><h2 class=\"uagb-heading-text\"><strong>Roger Picken e Sue Willdig<\/strong><\/h2><\/div>\n\n\n\n<div class=\"wp-block-uagb-container uagb-block-338565e4\">\n<div class=\"wp-block-uagb-image uagb-block-6a470219 wp-block-uagb-image--layout-default wp-block-uagb-image--effect-zoomin wp-block-uagb-image--align-none\"><figure class=\"wp-block-uagb-image__figure\"><img decoding=\"async\" srcset=\"https:\/\/tradidancas.pt\/wp-content\/uploads\/2023\/07\/ROGER-PICKEN-E-SUE-WILLDIG.webp \" sizes=\"auto, (max-width: 480px) 150px\" src=\"https:\/\/tradidancas.pt\/wp-content\/uploads\/2023\/07\/ROGER-PICKEN-E-SUE-WILLDIG.webp\" alt=\"\" class=\"uag-image-2847\" width=\"900\" height=\"506\" title=\"\" loading=\"lazy\"\/><\/figure><\/div>\n\n\n\n<div style=\"height:25px\" aria-hidden=\"true\" class=\"wp-block-spacer\"><\/div>\n<\/div>\n\n\n\n<div class=\"wp-block-uagb-container uagb-block-6d0372b4\">\n<p>A contradan\u00e7a escocesa (Scottish Country Dancing, SCD) \u00e9 uma modalidade de dan\u00e7a com adeptos espalhados por todo o mundo. S\u00e3o dan\u00e7as tipicamente feitas em conjuntos de seis ou oito pessoas, sendo os objectivos principais o divertimento e o conv\u00edvio com os outros participantes, ao mesmo tempo que se aprende a executar com eleg\u00e2ncia os passos e as figuras. A m\u00fasica \u00e9 fant\u00e1stica com ritmos r\u00e1pidos, &#8220;reels&#8221; e &#8220;jigs&#8221; e um ritmo mais lento, &#8220;strathspey&#8221;, \u00fanico da tradi\u00e7\u00e3o escocesa. As dan\u00e7as e a m\u00fasica t\u00eam ra\u00edzes antigas, que remontam pelo menos ao s\u00e9culo XVIII, mas a cultura mant\u00e9m-se viva, e actualmente continuam a ser criadas muitas dan\u00e7as e m\u00fasicas novas.<\/p>\n\n\n\n<p><br>O Roger e a Sue come\u00e7aram a aprender a dan\u00e7a escocesa em Portugal h\u00e1 mais de 30 anos, e fundaram o seu pr\u00f3prio grupo em Lisboa em 2004. Dois anos depois, em St Andrews na Esc\u00f3cia, o Roger completou o processo de se tornar professor acreditado da modalidade pela Royal Scottish Country Dance Society.<\/p>\n\n\n\n<ul class=\"wp-block-social-links is-content-justification-center is-layout-flex wp-container-core-social-links-is-layout-5c862ccd wp-block-social-links-is-layout-flex\" style=\"margin-top:35px\"><li class=\"wp-social-link wp-social-link-chain  wp-block-social-link\"><a rel=\"noopener nofollow\" target=\"_blank\" href=\"https:\/\/sites.google.com\/site\/telheirasscd\/\" class=\"wp-block-social-link-anchor\"><svg width=\"24\" height=\"24\" viewBox=\"0 0 24 24\" version=\"1.1\" xmlns=\"http:\/\/www.w3.org\/2000\/svg\" aria-hidden=\"true\" focusable=\"false\"><path d=\"M15.6,7.2H14v1.5h1.6c2,0,3.7,1.7,3.7,3.7s-1.7,3.7-3.7,3.7H14v1.5h1.6c2.8,0,5.2-2.3,5.2-5.2,0-2.9-2.3-5.2-5.2-5.2zM4.7,12.4c0-2,1.7-3.7,3.7-3.7H10V7.2H8.4c-2.9,0-5.2,2.3-5.2,5.2,0,2.9,2.3,5.2,5.2,5.2H10v-1.5H8.4c-2,0-3.7-1.7-3.7-3.7zm4.6.9h5.3v-1.5H9.3v1.5z\"><\/path><\/svg><span class=\"wp-block-social-link-label screen-reader-text\">Link<\/span><\/a><\/li><\/ul>\n<\/div>\n<\/div>\n\n\n\n<div style=\"height:100px\" aria-hidden=\"true\" class=\"wp-block-spacer\"><\/div>\n<\/div>\n<\/div><\/div>\n\n\n\n<div id=\"Rancho-Folcl\u00f3rico-de-Carvalhais\" class=\"wp-block-uagb-container uagb-block-f83fbec0 alignfull uagb-is-root-container\"><div class=\"uagb-container-inner-blocks-wrap\">\n<div data-aos= \"slide-right\" data-aos-duration=\"400\" data-aos-delay=\"0\" data-aos-easing=\"ease\" data-aos-once=\"true\" class=\"wp-block-uagb-container uag-hide-mob uagb-block-1b8f9ea2\">\n<div class=\"wp-block-uagb-container uagb-block-de9f1651\">\n<div class=\"wp-block-uagb-container uagb-block-d8f4113a\">\n<div class=\"wp-block-uagb-advanced-heading uagb-block-f3984995\"><h2 class=\"uagb-heading-text\"><strong>Rancho Folcl\u00f3rico de Carvalhais<\/strong><\/h2><\/div>\n\n\n\n<p>Carvalhais sempre foi uma terra ligada \u00e0s dan\u00e7as, andan\u00e7as e contradan\u00e7as\u2026 As m\u00fasicas e as dan\u00e7as tradicionais passavam de gera\u00e7\u00e3o em gera\u00e7\u00e3o. Por\u00e9m, nada formalizado, nem constitu\u00eddo. A 25\/07\/2017, um grupo de pessoas, motivado pelas fortes ra\u00edzes que t\u00eam \u00e0 sua terra e incentivado pela vasta cultura local, decidiu criar um rancho folcl\u00f3rico e constituir uma identidade. Uma marca da cultural tradicional de Carvalhais, que pretende dignificar esta terra da dan\u00e7a.<\/p>\n<\/div>\n\n\n\n<div class=\"wp-block-uagb-container uagb-block-49b2a3a0\">\n<div class=\"wp-block-uagb-image uagb-block-8511e796 wp-block-uagb-image--layout-default wp-block-uagb-image--effect-zoomin wp-block-uagb-image--align-none\"><figure class=\"wp-block-uagb-image__figure\"><img decoding=\"async\" srcset=\"https:\/\/tradidancas.pt\/wp-content\/uploads\/2023\/07\/RANCHO-CARVALHAIS.webp \" sizes=\"auto, (max-width: 480px) 150px\" src=\"https:\/\/tradidancas.pt\/wp-content\/uploads\/2023\/07\/RANCHO-CARVALHAIS.webp\" alt=\"\" class=\"uag-image-2850\" width=\"900\" height=\"506\" title=\"\" loading=\"lazy\"\/><\/figure><\/div>\n\n\n\n<div style=\"height:25px\" aria-hidden=\"true\" class=\"wp-block-spacer\"><\/div>\n\n\n\n<ul class=\"wp-block-social-links is-content-justification-right is-layout-flex wp-container-core-social-links-is-layout-d445cf74 wp-block-social-links-is-layout-flex\"><li class=\"wp-social-link wp-social-link-facebook  wp-block-social-link\"><a rel=\"noopener nofollow\" target=\"_blank\" href=\"https:\/\/www.facebook.com\/ranchofolclorico.decarvalhais.5\/?locale=pt_PT\" class=\"wp-block-social-link-anchor\"><svg width=\"24\" height=\"24\" viewBox=\"0 0 24 24\" version=\"1.1\" xmlns=\"http:\/\/www.w3.org\/2000\/svg\" aria-hidden=\"true\" focusable=\"false\"><path d=\"M12 2C6.5 2 2 6.5 2 12c0 5 3.7 9.1 8.4 9.9v-7H7.9V12h2.5V9.8c0-2.5 1.5-3.9 3.8-3.9 1.1 0 2.2.2 2.2.2v2.5h-1.3c-1.2 0-1.6.8-1.6 1.6V12h2.8l-.4 2.9h-2.3v7C18.3 21.1 22 17 22 12c0-5.5-4.5-10-10-10z\"><\/path><\/svg><span class=\"wp-block-social-link-label screen-reader-text\">Facebook<\/span><\/a><\/li><\/ul>\n<\/div>\n<\/div>\n\n\n\n<div style=\"height:100px\" aria-hidden=\"true\" class=\"wp-block-spacer\"><\/div>\n<\/div>\n\n\n\n<div data-aos= \"slide-right\" data-aos-duration=\"400\" data-aos-delay=\"0\" data-aos-easing=\"ease\" data-aos-once=\"true\" class=\"wp-block-uagb-container uag-hide-desktop uag-hide-tab uagb-block-201f6c3b\">\n<div class=\"wp-block-uagb-container uagb-block-ac7180a1\">\n<div class=\"wp-block-uagb-advanced-heading uagb-block-b65f06f4\"><h2 class=\"uagb-heading-text\"><strong><strong>Rancho Folcl\u00f3rico de Carvalhais<\/strong><\/strong><\/h2><\/div>\n\n\n\n<div class=\"wp-block-uagb-container uagb-block-ea92a35c\">\n<div class=\"wp-block-uagb-image uagb-block-019f7117 wp-block-uagb-image--layout-default wp-block-uagb-image--effect-zoomin wp-block-uagb-image--align-none\"><figure class=\"wp-block-uagb-image__figure\"><img decoding=\"async\" srcset=\"https:\/\/tradidancas.pt\/wp-content\/uploads\/2023\/07\/RANCHO-CARVALHAIS.webp \" sizes=\"auto, (max-width: 480px) 150px\" src=\"https:\/\/tradidancas.pt\/wp-content\/uploads\/2023\/07\/RANCHO-CARVALHAIS.webp\" alt=\"\" class=\"uag-image-2850\" width=\"900\" height=\"506\" title=\"\" loading=\"lazy\"\/><\/figure><\/div>\n\n\n\n<div style=\"height:25px\" aria-hidden=\"true\" class=\"wp-block-spacer\"><\/div>\n<\/div>\n\n\n\n<div class=\"wp-block-uagb-container uagb-block-610d648d\">\n<p>Carvalhais sempre foi uma terra ligada \u00e0s dan\u00e7as, andan\u00e7as e contradan\u00e7as\u2026 As m\u00fasicas e as dan\u00e7as tradicionais passavam de gera\u00e7\u00e3o em gera\u00e7\u00e3o. Por\u00e9m, nada formalizado, nem constitu\u00eddo. A 25\/07\/2017, um grupo de pessoas, motivado pelas fortes ra\u00edzes que t\u00eam \u00e0 sua terra e incentivado pela vasta cultura local, decidiu criar um rancho folcl\u00f3rico e constituir uma identidade. Uma marca da cultural tradicional de Carvalhais, que pretende dignificar esta terra da dan\u00e7a.<\/p>\n\n\n\n<ul class=\"wp-block-social-links is-content-justification-center is-layout-flex wp-container-core-social-links-is-layout-5c862ccd wp-block-social-links-is-layout-flex\" style=\"margin-top:35px\"><li class=\"wp-social-link wp-social-link-facebook  wp-block-social-link\"><a rel=\"noopener nofollow\" target=\"_blank\" href=\"https:\/\/www.facebook.com\/ranchofolclorico.decarvalhais.5\/?locale=pt_PT\" class=\"wp-block-social-link-anchor\"><svg width=\"24\" height=\"24\" viewBox=\"0 0 24 24\" version=\"1.1\" xmlns=\"http:\/\/www.w3.org\/2000\/svg\" aria-hidden=\"true\" focusable=\"false\"><path d=\"M12 2C6.5 2 2 6.5 2 12c0 5 3.7 9.1 8.4 9.9v-7H7.9V12h2.5V9.8c0-2.5 1.5-3.9 3.8-3.9 1.1 0 2.2.2 2.2.2v2.5h-1.3c-1.2 0-1.6.8-1.6 1.6V12h2.8l-.4 2.9h-2.3v7C18.3 21.1 22 17 22 12c0-5.5-4.5-10-10-10z\"><\/path><\/svg><span class=\"wp-block-social-link-label screen-reader-text\">Facebook<\/span><\/a><\/li><\/ul>\n<\/div>\n<\/div>\n\n\n\n<div style=\"height:100px\" aria-hidden=\"true\" class=\"wp-block-spacer\"><\/div>\n<\/div>\n<\/div><\/div>\n\n\n\n<div id=\"patricia-struben\" class=\"wp-block-uagb-container uagb-block-d2fb9bdc alignfull uagb-is-root-container\"><div class=\"uagb-container-inner-blocks-wrap\">\n<div data-aos= \"slide-right\" data-aos-duration=\"400\" data-aos-delay=\"0\" data-aos-easing=\"ease\" data-aos-once=\"true\" class=\"wp-block-uagb-container uag-hide-mob uagb-block-c3bb4a99\">\n<div class=\"wp-block-uagb-container uagb-block-f116dc70\">\n<div class=\"wp-block-uagb-container uagb-block-8337db7f\">\n<div class=\"wp-block-uagb-advanced-heading uagb-block-dbafe307\"><h2 class=\"uagb-heading-text\"><strong>Patricia Struben e Paul Raudner<\/strong><\/h2><\/div>\n\n\n\n<p>A m\u00fasica e a dan\u00e7a bret\u00e3s s\u00e3o um fen\u00f3meno cultural na Bretanha, no noroeste da Fran\u00e7a. Tradicionalmente tem sido uma atividade comunit\u00e1ria presente nos casamentos, na prepara\u00e7\u00e3o do terreno para uma nova casa ou eira, ou em eventos ligados \u00e0 agricultura, como a celebra\u00e7\u00e3o das colheitas.<\/p>\n\n\n\n<p>No s\u00e9culo XX a m\u00fasica e dan\u00e7a bret\u00e3s passaram por um renascimento, e hoje em dia est\u00e3o na vanguarda da identidade cultural bret\u00e3. Existe a Fest-Noz, uma festa noturna, ou a Fest-Deiz, uma festa diurna que geralmente acontece num domingo. \u00c9 um evento intergeracional &#8211; todas as idades participam. Na Bretanha, muitos concelhos organizam uma Fest-Noz gratuitamente durante julho e agosto.<\/p>\n\n\n\n<p>Paul e Patricia come\u00e7aram a aprender dan\u00e7as bret\u00e3s na Inglaterra e, quando foram trabalhar na Bretanha em 2014, ingressaram nas aulas semanais de dan\u00e7a bret\u00e3 e foram a tantos Fest-Noz quanto puderam. Agora aposentados felizes, voltam para a Bretanha todos os anos no ver\u00e3o para disfrutar da cultura e dan\u00e7a bret\u00e3s.<\/p>\n<\/div>\n\n\n\n<div class=\"wp-block-uagb-container uagb-block-28d896cb\">\n<div class=\"wp-block-uagb-image uagb-block-159c96f9 wp-block-uagb-image--layout-default wp-block-uagb-image--effect-zoomin wp-block-uagb-image--align-none\"><figure class=\"wp-block-uagb-image__figure\"><img decoding=\"async\" srcset=\"https:\/\/tradidancas.pt\/wp-content\/uploads\/2023\/08\/patricia-e-paul-1.webp \" sizes=\"auto, (max-width: 480px) 150px\" src=\"https:\/\/tradidancas.pt\/wp-content\/uploads\/2023\/08\/patricia-e-paul-1.webp\" alt=\"\" class=\"uag-image-2871\" width=\"900\" height=\"506\" title=\"\" loading=\"lazy\"\/><\/figure><\/div>\n\n\n\n<div style=\"height:25px\" aria-hidden=\"true\" class=\"wp-block-spacer\"><\/div>\n\n\n\n<ul class=\"wp-block-social-links is-content-justification-right is-layout-flex wp-container-core-social-links-is-layout-d445cf74 wp-block-social-links-is-layout-flex\"><\/ul>\n<\/div>\n<\/div>\n\n\n\n<div style=\"height:100px\" aria-hidden=\"true\" class=\"wp-block-spacer\"><\/div>\n<\/div>\n\n\n\n<div data-aos= \"slide-right\" data-aos-duration=\"400\" data-aos-delay=\"0\" data-aos-easing=\"ease\" data-aos-once=\"true\" class=\"wp-block-uagb-container uag-hide-desktop uag-hide-tab uagb-block-dc8fa3be\">\n<div class=\"wp-block-uagb-container uagb-block-d673160c\">\n<div class=\"wp-block-uagb-advanced-heading uagb-block-513cf805\"><h2 class=\"uagb-heading-text\"><strong>Patricia Struben e Paul Raudner<\/strong><\/h2><\/div>\n\n\n\n<div class=\"wp-block-uagb-container uagb-block-b77aba1d\">\n<div class=\"wp-block-uagb-image uagb-block-eadabcc9 wp-block-uagb-image--layout-default wp-block-uagb-image--effect-zoomin wp-block-uagb-image--align-none\"><figure class=\"wp-block-uagb-image__figure\"><img decoding=\"async\" srcset=\"https:\/\/tradidancas.pt\/wp-content\/uploads\/2023\/08\/patricia-e-paul-1.webp \" sizes=\"auto, (max-width: 480px) 150px\" src=\"https:\/\/tradidancas.pt\/wp-content\/uploads\/2023\/08\/patricia-e-paul-1.webp\" alt=\"\" class=\"uag-image-2871\" width=\"900\" height=\"506\" title=\"\" loading=\"lazy\"\/><\/figure><\/div>\n\n\n\n<div style=\"height:25px\" aria-hidden=\"true\" class=\"wp-block-spacer\"><\/div>\n<\/div>\n\n\n\n<div class=\"wp-block-uagb-container uagb-block-816158ca\">\n<p>A m\u00fasica e a dan\u00e7a bret\u00e3s s\u00e3o um fen\u00f3meno cultural na Bretanha, no noroeste da Fran\u00e7a. Tradicionalmente tem sido uma atividade comunit\u00e1ria presente nos casamentos, na prepara\u00e7\u00e3o do terreno para uma nova casa ou eira, ou em eventos ligados \u00e0 agricultura, como a celebra\u00e7\u00e3o das colheitas.<\/p>\n\n\n\n<p>No s\u00e9culo XX a m\u00fasica e dan\u00e7a bret\u00e3s passaram por um renascimento, e hoje em dia est\u00e3o na vanguarda da identidade cultural bret\u00e3. Existe a Fest-Noz, uma festa noturna, ou a Fest-Deiz, uma festa diurna que geralmente acontece num domingo. \u00c9 um evento intergeracional &#8211; todas as idades participam. Na Bretanha, muitos concelhos organizam uma Fest-Noz gratuitamente durante julho e agosto.<\/p>\n\n\n\n<p>Paul e Patricia come\u00e7aram a aprender dan\u00e7as bret\u00e3s na Inglaterra e, quando foram trabalhar na Bretanha em 2014, ingressaram nas aulas semanais de dan\u00e7a bret\u00e3 e foram a tantos Fest-Noz quanto puderam. Agora aposentados felizes, voltam para a Bretanha todos os anos no ver\u00e3o para disfrutar da cultura e dan\u00e7a bret\u00e3s.<\/p>\n\n\n\n<ul class=\"wp-block-social-links is-content-justification-center is-layout-flex wp-container-core-social-links-is-layout-5c862ccd wp-block-social-links-is-layout-flex\" style=\"margin-top:35px\"><\/ul>\n<\/div>\n<\/div>\n\n\n\n<div style=\"height:100px\" aria-hidden=\"true\" class=\"wp-block-spacer\"><\/div>\n<\/div>\n<\/div><\/div>\n","protected":false},"excerpt":{"rendered":"<p>OFICINA DE DAN\u00c7A E BAILES 2023 Quarteto Nuno Carpinteiro Nuno Carpinteiro apresenta em 2022 o seu segundo \u00e1lbum \u201cViagem\u201d que conta com Jo\u00e3o Novais no contrabaixo, David Rodrigues na viola ac\u00fastica, Diogo Sousa na bateria e a participa\u00e7\u00e3o especial d\u2019O Gajo\u2019 na viola campani\u00e7a e S\u00e9rgio Miendes guitarra el\u00e9ctrica e teclados. A simplicidade, o sil\u00eancio [&hellip;]<\/p>\n","protected":false},"author":1,"featured_media":0,"parent":2995,"menu_order":0,"comment_status":"closed","ping_status":"closed","template":"","meta":{"_uag_custom_page_level_css":"","site-sidebar-layout":"default","site-content-layout":"","ast-site-content-layout":"default","site-content-style":"default","site-sidebar-style":"default","ast-global-header-display":"","ast-banner-title-visibility":"","ast-main-header-display":"","ast-hfb-above-header-display":"","ast-hfb-below-header-display":"","ast-hfb-mobile-header-display":"","site-post-title":"disabled","ast-breadcrumbs-content":"","ast-featured-img":"","footer-sml-layout":"","ast-disable-related-posts":"","theme-transparent-header-meta":"","adv-header-id-meta":"","stick-header-meta":"","header-above-stick-meta":"","header-main-stick-meta":"","header-below-stick-meta":"","astra-migrate-meta-layouts":"set","ast-page-background-enabled":"default","ast-page-background-meta":{"desktop":{"background-color":"var(--ast-global-color-4)","background-image":"","background-repeat":"repeat","background-position":"center center","background-size":"auto","background-attachment":"scroll","background-type":"","background-media":"","overlay-type":"","overlay-color":"","overlay-opacity":"","overlay-gradient":""},"tablet":{"background-color":"","background-image":"","background-repeat":"repeat","background-position":"center center","background-size":"auto","background-attachment":"scroll","background-type":"","background-media":"","overlay-type":"","overlay-color":"","overlay-opacity":"","overlay-gradient":""},"mobile":{"background-color":"","background-image":"","background-repeat":"repeat","background-position":"center center","background-size":"auto","background-attachment":"scroll","background-type":"","background-media":"","overlay-type":"","overlay-color":"","overlay-opacity":"","overlay-gradient":""}},"ast-content-background-meta":{"desktop":{"background-color":"var(--ast-global-color-5)","background-image":"","background-repeat":"repeat","background-position":"center center","background-size":"auto","background-attachment":"scroll","background-type":"","background-media":"","overlay-type":"","overlay-color":"","overlay-opacity":"","overlay-gradient":""},"tablet":{"background-color":"var(--ast-global-color-5)","background-image":"","background-repeat":"repeat","background-position":"center center","background-size":"auto","background-attachment":"scroll","background-type":"","background-media":"","overlay-type":"","overlay-color":"","overlay-opacity":"","overlay-gradient":""},"mobile":{"background-color":"var(--ast-global-color-5)","background-image":"","background-repeat":"repeat","background-position":"center center","background-size":"auto","background-attachment":"scroll","background-type":"","background-media":"","overlay-type":"","overlay-color":"","overlay-opacity":"","overlay-gradient":""}},"footnotes":""},"class_list":["post-3028","page","type-page","status-publish","hentry"],"uagb_featured_image_src":{"full":false,"thumbnail":false,"medium":false,"medium_large":false,"large":false,"1536x1536":false,"2048x2048":false,"trp-custom-language-flag":false,"woocommerce_thumbnail":false,"woocommerce_single":false,"woocommerce_gallery_thumbnail":false},"uagb_author_info":{"display_name":"atsa_fest-dancas-","author_link":"https:\/\/tradidancas.pt\/en\/author\/atsa_fest-dancas\/"},"uagb_comment_info":0,"uagb_excerpt":"OFICINA DE DAN\u00c7A E BAILES 2023 Quarteto Nuno Carpinteiro Nuno Carpinteiro apresenta em 2022 o seu segundo \u00e1lbum \u201cViagem\u201d que conta com Jo\u00e3o Novais no contrabaixo, David Rodrigues na viola ac\u00fastica, Diogo Sousa na bateria e a participa\u00e7\u00e3o especial d\u2019O Gajo\u2019 na viola campani\u00e7a e S\u00e9rgio Miendes guitarra el\u00e9ctrica e teclados. A simplicidade, o sil\u00eancio&hellip;","_links":{"self":[{"href":"https:\/\/tradidancas.pt\/en\/wp-json\/wp\/v2\/pages\/3028","targetHints":{"allow":["GET"]}}],"collection":[{"href":"https:\/\/tradidancas.pt\/en\/wp-json\/wp\/v2\/pages"}],"about":[{"href":"https:\/\/tradidancas.pt\/en\/wp-json\/wp\/v2\/types\/page"}],"author":[{"embeddable":true,"href":"https:\/\/tradidancas.pt\/en\/wp-json\/wp\/v2\/users\/1"}],"replies":[{"embeddable":true,"href":"https:\/\/tradidancas.pt\/en\/wp-json\/wp\/v2\/comments?post=3028"}],"version-history":[{"count":1,"href":"https:\/\/tradidancas.pt\/en\/wp-json\/wp\/v2\/pages\/3028\/revisions"}],"predecessor-version":[{"id":3029,"href":"https:\/\/tradidancas.pt\/en\/wp-json\/wp\/v2\/pages\/3028\/revisions\/3029"}],"up":[{"embeddable":true,"href":"https:\/\/tradidancas.pt\/en\/wp-json\/wp\/v2\/pages\/2995"}],"wp:attachment":[{"href":"https:\/\/tradidancas.pt\/en\/wp-json\/wp\/v2\/media?parent=3028"}],"curies":[{"name":"wp","href":"https:\/\/api.w.org\/{rel}","templated":true}]}}